{"id":14643,"date":"2025-03-26T13:47:55","date_gmt":"2025-03-26T12:47:55","guid":{"rendered":"https:\/\/artapartamento.com\/?page_id=14643"},"modified":"2025-04-08T13:36:12","modified_gmt":"2025-04-08T11:36:12","slug":"arcomadrid-2025","status":"publish","type":"page","link":"https:\/\/artapartamento.com\/zh\/ferias\/arcomadrid-2025\/","title":{"rendered":"\u9a6c\u5fb7\u91cc ARCO\uff0c2025 \u5e74"},"content":{"rendered":"\t\t<div data-elementor-type=\"wp-page\" data-elementor-id=\"14643\" class=\"elementor elementor-14643\" data-elementor-post-type=\"page\">\n\t\t\t\t<div class=\"elementor-element elementor-element-7cac555c e-con-full e-flex e-con e-parent\" data-id=\"7cac555c\" data-element_type=\"container\" data-e-type=\"container\" data-settings=\"{&quot;background_background&quot;:&quot;classic&quot;}\">\n\t\t<div class=\"elementor-element elementor-element-4c867dfe e-con-full e-flex e-con e-child\" data-id=\"4c867dfe\" data-element_type=\"container\" data-e-type=\"container\">\n\t\t\t\t<div class=\"elementor-element elementor-element-66eb6dbd elementor-invisible elementor-widget elementor-widget-heading\" data-id=\"66eb6dbd\" data-element_type=\"widget\" data-e-type=\"widget\" data-settings=\"{&quot;_animation&quot;:&quot;fadeInUp&quot;}\" data-widget_type=\"heading.default\">\n\t\t\t\t<div class=\"elementor-widget-container\">\n\t\t\t\t\t<h2 class=\"elementor-heading-title elementor-size-default\">ARCOmadrid, 2025<\/h2>\t\t\t\t<\/div>\n\t\t\t\t<\/div>\n\t\t\t\t<div class=\"elementor-element elementor-element-65970f67 elementor-invisible elementor-widget elementor-widget-heading\" data-id=\"65970f67\" data-element_type=\"widget\" data-e-type=\"widget\" data-settings=\"{&quot;_animation&quot;:&quot;fadeInUp&quot;}\" data-widget_type=\"heading.default\">\n\t\t\t\t<div class=\"elementor-widget-container\">\n\t\t\t\t\t<h2 class=\"elementor-heading-title elementor-size-default\">Jos\u00e9 Bedia - Los Brav\u00fa - Ariamna Contino - Roberto Diago - Leandro Feal - Diana Fonseca - Alex Hern\u00e1ndez y Ariamna Contino - Miki Leal - Eduardo Ponju\u00e1n - Reynier Leyva Novo\n\n<\/h2>\t\t\t\t<\/div>\n\t\t\t\t<\/div>\n\t\t\t\t<div class=\"elementor-element elementor-element-38d9ce4 elementor-invisible elementor-widget elementor-widget-text-editor\" data-id=\"38d9ce4\" data-element_type=\"widget\" data-e-type=\"widget\" data-settings=\"{&quot;_animation&quot;:&quot;fadeInUp&quot;}\" data-widget_type=\"text-editor.default\">\n\t\t\t\t<div class=\"elementor-widget-container\">\n\t\t\t\t\t\t\t\t\t<p style=\"font-weight: 400;\">6 &#8211; 10 de marzo, 2025<\/p><p class=\"title-place\">IFEMA, Booth 9A10, Madrid, Espa\u00f1a<\/p>\t\t\t\t\t\t\t\t<\/div>\n\t\t\t\t<\/div>\n\t\t\t\t<\/div>\n\t\t\t\t<\/div>\n\t\t<div class=\"elementor-element elementor-element-255c6e99 e-con-full e-flex e-con e-parent\" data-id=\"255c6e99\" data-element_type=\"container\" data-e-type=\"container\" data-settings=\"{&quot;background_background&quot;:&quot;classic&quot;}\">\n\t\t\t\t<div class=\"elementor-element elementor-element-4bcbf30b animated-slow elementor-invisible elementor-widget elementor-widget-image-carousel\" data-id=\"4bcbf30b\" data-element_type=\"widget\" data-e-type=\"widget\" data-settings=\"{&quot;slides_to_show&quot;:&quot;1&quot;,&quot;navigation&quot;:&quot;none&quot;,&quot;_animation&quot;:&quot;fadeInUp&quot;,&quot;pause_on_hover&quot;:&quot;no&quot;,&quot;pause_on_interaction&quot;:&quot;no&quot;,&quot;autoplay_speed&quot;:4000,&quot;effect&quot;:&quot;fade&quot;,&quot;autoplay&quot;:&quot;yes&quot;,&quot;infinite&quot;:&quot;yes&quot;,&quot;speed&quot;:500}\" data-widget_type=\"image-carousel.default\">\n\t\t\t\t<div class=\"elementor-widget-container\">\n\t\t\t\t\t\t\t<div class=\"elementor-image-carousel-wrapper swiper\" role=\"region\" aria-roledescription=\"carousel\" aria-label=\"Carrusel de im\u00e1genes\" dir=\"ltr\">\n\t\t\t<div class=\"elementor-image-carousel swiper-wrapper\" aria-live=\"off\">\n\t\t\t\t\t\t\t\t<div class=\"swiper-slide\" role=\"group\" aria-roledescription=\"slide\" aria-label=\"15 \u7684 1\"><a data-elementor-open-lightbox=\"yes\" data-elementor-lightbox-slideshow=\"4bcbf30b\" data-e-action-hash=\"#elementor-action%3Aaction%3Dlightbox%26settings%3DeyJpZCI6MTQ2NTQsInVybCI6Imh0dHBzOlwvXC9hcnRhcGFydGFtZW50by5jb21cL3dwLWNvbnRlbnRcL3VwbG9hZHNcLzIwMjVcLzAzXC9EU0M3MDMzLXNjYWxlZC5qcGcud2VicCIsInNsaWRlc2hvdyI6IjRiY2JmMzBiIn0%3D\" href=\"https:\/\/artapartamento.com\/wp-content\/uploads\/2025\/03\/DSC7033-scaled.jpg.webp\"><figure class=\"swiper-slide-inner\"><img decoding=\"async\" class=\"swiper-slide-image\" src=\"https:\/\/artapartamento.com\/wp-content\/uploads\/2025\/03\/DSC7033-scaled.jpg.webp\" alt=\"ARCOmadrid 2025\" \/><\/figure><\/a><\/div><div class=\"swiper-slide\" role=\"group\" aria-roledescription=\"slide\" aria-label=\"15 \u7684 2\"><a data-elementor-open-lightbox=\"yes\" data-elementor-lightbox-slideshow=\"4bcbf30b\" data-e-action-hash=\"#elementor-action%3Aaction%3Dlightbox%26settings%3DeyJpZCI6MTQ2NTUsInVybCI6Imh0dHBzOlwvXC9hcnRhcGFydGFtZW50by5jb21cL3dwLWNvbnRlbnRcL3VwbG9hZHNcLzIwMjVcLzAzXC9EU0M3MDM4LXNjYWxlZC5qcGcud2VicCIsInNsaWRlc2hvdyI6IjRiY2JmMzBiIn0%3D\" href=\"https:\/\/artapartamento.com\/wp-content\/uploads\/2025\/03\/DSC7038-scaled.jpg.webp\"><figure class=\"swiper-slide-inner\"><img decoding=\"async\" class=\"swiper-slide-image\" src=\"https:\/\/artapartamento.com\/wp-content\/uploads\/2025\/03\/DSC7038-scaled.jpg.webp\" alt=\"ARCOmadrid 2025\" \/><\/figure><\/a><\/div><div class=\"swiper-slide\" role=\"group\" aria-roledescription=\"slide\" aria-label=\"15 \u7684 3\"><a data-elementor-open-lightbox=\"yes\" data-elementor-lightbox-slideshow=\"4bcbf30b\" data-e-action-hash=\"#elementor-action%3Aaction%3Dlightbox%26settings%3DeyJpZCI6MTQ2NTYsInVybCI6Imh0dHBzOlwvXC9hcnRhcGFydGFtZW50by5jb21cL3dwLWNvbnRlbnRcL3VwbG9hZHNcLzIwMjVcLzAzXC9EU0M3MDQ2LXNjYWxlZC5qcGcud2VicCIsInNsaWRlc2hvdyI6IjRiY2JmMzBiIn0%3D\" href=\"https:\/\/artapartamento.com\/wp-content\/uploads\/2025\/03\/DSC7046-scaled.jpg.webp\"><figure class=\"swiper-slide-inner\"><img decoding=\"async\" class=\"swiper-slide-image\" src=\"https:\/\/artapartamento.com\/wp-content\/uploads\/2025\/03\/DSC7046-scaled.jpg.webp\" alt=\"ARCOmadrid 2025\" \/><\/figure><\/a><\/div><div class=\"swiper-slide\" role=\"group\" aria-roledescription=\"slide\" aria-label=\"15 \u7684 4\"><a data-elementor-open-lightbox=\"yes\" data-elementor-lightbox-slideshow=\"4bcbf30b\" data-e-action-hash=\"#elementor-action%3Aaction%3Dlightbox%26settings%3DeyJpZCI6MTQ2NjcsInVybCI6Imh0dHBzOlwvXC9hcnRhcGFydGFtZW50by5jb21cL3dwLWNvbnRlbnRcL3VwbG9hZHNcLzIwMjVcLzAzXC9EU0M2OTk0LXNjYWxlZC5qcGcud2VicCIsInNsaWRlc2hvdyI6IjRiY2JmMzBiIn0%3D\" href=\"https:\/\/artapartamento.com\/wp-content\/uploads\/2025\/03\/DSC6994-scaled.jpg.webp\"><figure class=\"swiper-slide-inner\"><img decoding=\"async\" class=\"swiper-slide-image\" src=\"https:\/\/artapartamento.com\/wp-content\/uploads\/2025\/03\/DSC6994-scaled.jpg.webp\" alt=\"ARCOmadrid 2025\" \/><\/figure><\/a><\/div><div class=\"swiper-slide\" role=\"group\" aria-roledescription=\"slide\" aria-label=\"15 \u7684 5\"><a data-elementor-open-lightbox=\"yes\" data-elementor-lightbox-slideshow=\"4bcbf30b\" data-e-action-hash=\"#elementor-action%3Aaction%3Dlightbox%26settings%3DeyJpZCI6MTQ2NDgsInVybCI6Imh0dHBzOlwvXC9hcnRhcGFydGFtZW50by5jb21cL3dwLWNvbnRlbnRcL3VwbG9hZHNcLzIwMjVcLzAzXC9EU0M2OTQ1LXNjYWxlZC5qcGcud2VicCIsInNsaWRlc2hvdyI6IjRiY2JmMzBiIn0%3D\" href=\"https:\/\/artapartamento.com\/wp-content\/uploads\/2025\/03\/DSC6945-scaled.jpg.webp\"><figure class=\"swiper-slide-inner\"><img decoding=\"async\" class=\"swiper-slide-image\" src=\"https:\/\/artapartamento.com\/wp-content\/uploads\/2025\/03\/DSC6945-scaled.jpg.webp\" alt=\"ARCOmadrid 2025\" \/><\/figure><\/a><\/div><div class=\"swiper-slide\" role=\"group\" aria-roledescription=\"slide\" aria-label=\"15 \u7684 6\"><a data-elementor-open-lightbox=\"yes\" data-elementor-lightbox-slideshow=\"4bcbf30b\" data-e-action-hash=\"#elementor-action%3Aaction%3Dlightbox%26settings%3DeyJpZCI6MTQ2NTEsInVybCI6Imh0dHBzOlwvXC9hcnRhcGFydGFtZW50by5jb21cL3dwLWNvbnRlbnRcL3VwbG9hZHNcLzIwMjVcLzAzXC9EU0M2OTU3LXNjYWxlZC5qcGcud2VicCIsInNsaWRlc2hvdyI6IjRiY2JmMzBiIn0%3D\" href=\"https:\/\/artapartamento.com\/wp-content\/uploads\/2025\/03\/DSC6957-scaled.jpg.webp\"><figure class=\"swiper-slide-inner\"><img decoding=\"async\" class=\"swiper-slide-image\" src=\"https:\/\/artapartamento.com\/wp-content\/uploads\/2025\/03\/DSC6957-scaled.jpg.webp\" alt=\"ARCOmadrid 2025\" \/><\/figure><\/a><\/div><div class=\"swiper-slide\" role=\"group\" aria-roledescription=\"slide\" aria-label=\"15 \u7684 7\"><a data-elementor-open-lightbox=\"yes\" data-elementor-lightbox-slideshow=\"4bcbf30b\" data-e-action-hash=\"#elementor-action%3Aaction%3Dlightbox%26settings%3DeyJpZCI6MTQ2NTMsInVybCI6Imh0dHBzOlwvXC9hcnRhcGFydGFtZW50by5jb21cL3dwLWNvbnRlbnRcL3VwbG9hZHNcLzIwMjVcLzAzXC9EU0M3MDI3LXNjYWxlZC5qcGcud2VicCIsInNsaWRlc2hvdyI6IjRiY2JmMzBiIn0%3D\" href=\"https:\/\/artapartamento.com\/wp-content\/uploads\/2025\/03\/DSC7027-scaled.jpg.webp\"><figure class=\"swiper-slide-inner\"><img decoding=\"async\" class=\"swiper-slide-image\" src=\"https:\/\/artapartamento.com\/wp-content\/uploads\/2025\/03\/DSC7027-scaled.jpg.webp\" alt=\"ARCOmadrid 2025\" \/><\/figure><\/a><\/div><div class=\"swiper-slide\" role=\"group\" aria-roledescription=\"slide\" aria-label=\"15 \u7684 8\"><a data-elementor-open-lightbox=\"yes\" data-elementor-lightbox-slideshow=\"4bcbf30b\" data-e-action-hash=\"#elementor-action%3Aaction%3Dlightbox%26settings%3DeyJpZCI6MTQ2NTgsInVybCI6Imh0dHBzOlwvXC9hcnRhcGFydGFtZW50by5jb21cL3dwLWNvbnRlbnRcL3VwbG9hZHNcLzIwMjVcLzAzXC9EU0M3MDU3LXNjYWxlZC5qcGcud2VicCIsInNsaWRlc2hvdyI6IjRiY2JmMzBiIn0%3D\" href=\"https:\/\/artapartamento.com\/wp-content\/uploads\/2025\/03\/DSC7057-scaled.jpg.webp\"><figure class=\"swiper-slide-inner\"><img decoding=\"async\" class=\"swiper-slide-image\" src=\"https:\/\/artapartamento.com\/wp-content\/uploads\/2025\/03\/DSC7057-scaled.jpg.webp\" alt=\"ARCOmadrid 2025\" \/><\/figure><\/a><\/div><div class=\"swiper-slide\" role=\"group\" aria-roledescription=\"slide\" aria-label=\"15 \u7684 9\"><a data-elementor-open-lightbox=\"yes\" data-elementor-lightbox-slideshow=\"4bcbf30b\" data-e-action-hash=\"#elementor-action%3Aaction%3Dlightbox%26settings%3DeyJpZCI6MTQ2NjIsInVybCI6Imh0dHBzOlwvXC9hcnRhcGFydGFtZW50by5jb21cL3dwLWNvbnRlbnRcL3VwbG9hZHNcLzIwMjVcLzAzXC9EU0M3MDE2LXNjYWxlZC5qcGcud2VicCIsInNsaWRlc2hvdyI6IjRiY2JmMzBiIn0%3D\" href=\"https:\/\/artapartamento.com\/wp-content\/uploads\/2025\/03\/DSC7016-scaled.jpg.webp\"><figure class=\"swiper-slide-inner\"><img decoding=\"async\" class=\"swiper-slide-image\" src=\"https:\/\/artapartamento.com\/wp-content\/uploads\/2025\/03\/DSC7016-scaled.jpg.webp\" alt=\"ARCOmadrid 2025\" \/><\/figure><\/a><\/div><div class=\"swiper-slide\" role=\"group\" aria-roledescription=\"slide\" aria-label=\"15 \u7684 10\"><a data-elementor-open-lightbox=\"yes\" data-elementor-lightbox-slideshow=\"4bcbf30b\" data-e-action-hash=\"#elementor-action%3Aaction%3Dlightbox%26settings%3DeyJpZCI6MTQ2NjMsInVybCI6Imh0dHBzOlwvXC9hcnRhcGFydGFtZW50by5jb21cL3dwLWNvbnRlbnRcL3VwbG9hZHNcLzIwMjVcLzAzXC9EU0M3MDIwLXNjYWxlZC5qcGcud2VicCIsInNsaWRlc2hvdyI6IjRiY2JmMzBiIn0%3D\" href=\"https:\/\/artapartamento.com\/wp-content\/uploads\/2025\/03\/DSC7020-scaled.jpg.webp\"><figure class=\"swiper-slide-inner\"><img decoding=\"async\" class=\"swiper-slide-image\" src=\"https:\/\/artapartamento.com\/wp-content\/uploads\/2025\/03\/DSC7020-scaled.jpg.webp\" alt=\"ARCOmadrid 2025\" \/><\/figure><\/a><\/div><div class=\"swiper-slide\" role=\"group\" aria-roledescription=\"slide\" aria-label=\"15 \u7684 11\"><a data-elementor-open-lightbox=\"yes\" data-elementor-lightbox-slideshow=\"4bcbf30b\" data-e-action-hash=\"#elementor-action%3Aaction%3Dlightbox%26settings%3DeyJpZCI6MTQ2NjQsInVybCI6Imh0dHBzOlwvXC9hcnRhcGFydGFtZW50by5jb21cL3dwLWNvbnRlbnRcL3VwbG9hZHNcLzIwMjVcLzAzXC9EU0M3MDI0LXNjYWxlZC5qcGcud2VicCIsInNsaWRlc2hvdyI6IjRiY2JmMzBiIn0%3D\" href=\"https:\/\/artapartamento.com\/wp-content\/uploads\/2025\/03\/DSC7024-scaled.jpg.webp\"><figure class=\"swiper-slide-inner\"><img decoding=\"async\" class=\"swiper-slide-image\" src=\"https:\/\/artapartamento.com\/wp-content\/uploads\/2025\/03\/DSC7024-scaled.jpg.webp\" alt=\"ARCOmadrid 2025\" \/><\/figure><\/a><\/div><div class=\"swiper-slide\" role=\"group\" aria-roledescription=\"slide\" aria-label=\"15 \u7684 12\"><a data-elementor-open-lightbox=\"yes\" data-elementor-lightbox-slideshow=\"4bcbf30b\" data-e-action-hash=\"#elementor-action%3Aaction%3Dlightbox%26settings%3DeyJpZCI6MTQ2NjUsInVybCI6Imh0dHBzOlwvXC9hcnRhcGFydGFtZW50by5jb21cL3dwLWNvbnRlbnRcL3VwbG9hZHNcLzIwMjVcLzAzXC9EU0M2OTg1LXNjYWxlZC5qcGcud2VicCIsInNsaWRlc2hvdyI6IjRiY2JmMzBiIn0%3D\" href=\"https:\/\/artapartamento.com\/wp-content\/uploads\/2025\/03\/DSC6985-scaled.jpg.webp\"><figure class=\"swiper-slide-inner\"><img decoding=\"async\" class=\"swiper-slide-image\" src=\"https:\/\/artapartamento.com\/wp-content\/uploads\/2025\/03\/DSC6985-scaled.jpg.webp\" alt=\"ARCOmadrid 2025\" \/><\/figure><\/a><\/div><div class=\"swiper-slide\" role=\"group\" aria-roledescription=\"slide\" aria-label=\"15 \u7684 13\"><a data-elementor-open-lightbox=\"yes\" data-elementor-lightbox-slideshow=\"4bcbf30b\" data-e-action-hash=\"#elementor-action%3Aaction%3Dlightbox%26settings%3DeyJpZCI6MTQ2NjgsInVybCI6Imh0dHBzOlwvXC9hcnRhcGFydGFtZW50by5jb21cL3dwLWNvbnRlbnRcL3VwbG9hZHNcLzIwMjVcLzAzXC9EU0M2OTk3LXNjYWxlZC5qcGcud2VicCIsInNsaWRlc2hvdyI6IjRiY2JmMzBiIn0%3D\" href=\"https:\/\/artapartamento.com\/wp-content\/uploads\/2025\/03\/DSC6997-scaled.jpg.webp\"><figure class=\"swiper-slide-inner\"><img decoding=\"async\" class=\"swiper-slide-image\" src=\"https:\/\/artapartamento.com\/wp-content\/uploads\/2025\/03\/DSC6997-scaled.jpg.webp\" alt=\"ARCOmadrid 2025\" \/><\/figure><\/a><\/div><div class=\"swiper-slide\" role=\"group\" aria-roledescription=\"slide\" aria-label=\"15 \u7684 14\"><a data-elementor-open-lightbox=\"yes\" data-elementor-lightbox-slideshow=\"4bcbf30b\" data-e-action-hash=\"#elementor-action%3Aaction%3Dlightbox%26settings%3DeyJpZCI6MTQ2NTksInVybCI6Imh0dHBzOlwvXC9hcnRhcGFydGFtZW50by5jb21cL3dwLWNvbnRlbnRcL3VwbG9hZHNcLzIwMjVcLzAzXC9EU0M3MDA1LXNjYWxlZC5qcGcud2VicCIsInNsaWRlc2hvdyI6IjRiY2JmMzBiIn0%3D\" href=\"https:\/\/artapartamento.com\/wp-content\/uploads\/2025\/03\/DSC7005-scaled.jpg.webp\"><figure class=\"swiper-slide-inner\"><img decoding=\"async\" class=\"swiper-slide-image\" src=\"https:\/\/artapartamento.com\/wp-content\/uploads\/2025\/03\/DSC7005-scaled.jpg.webp\" alt=\"ARCOmadrid 2025\" \/><\/figure><\/a><\/div><div class=\"swiper-slide\" role=\"group\" aria-roledescription=\"slide\" aria-label=\"15 \u7684 15\"><a data-elementor-open-lightbox=\"yes\" data-elementor-lightbox-slideshow=\"4bcbf30b\" data-e-action-hash=\"#elementor-action%3Aaction%3Dlightbox%26settings%3DeyJpZCI6MTQ2NDcsInVybCI6Imh0dHBzOlwvXC9hcnRhcGFydGFtZW50by5jb21cL3dwLWNvbnRlbnRcL3VwbG9hZHNcLzIwMjVcLzAzXC9EU0M2OTQ0LXNjYWxlZC5qcGcud2VicCIsInNsaWRlc2hvdyI6IjRiY2JmMzBiIn0%3D\" href=\"https:\/\/artapartamento.com\/wp-content\/uploads\/2025\/03\/DSC6944-scaled.jpg.webp\"><figure class=\"swiper-slide-inner\"><img decoding=\"async\" class=\"swiper-slide-image\" src=\"https:\/\/artapartamento.com\/wp-content\/uploads\/2025\/03\/DSC6944-scaled.jpg.webp\" alt=\"ARCOmadrid 2025\" \/><\/figure><\/a><\/div>\t\t\t<\/div>\n\t\t\t\t\t\t\t\n\t\t\t\t\t\t\t\t\t<\/div>\n\t\t\t\t\t\t<\/div>\n\t\t\t\t<\/div>\n\t\t\t\t<\/div>\n\t\t<div class=\"elementor-element elementor-element-cb986fc e-con-full e-flex e-con e-parent\" data-id=\"cb986fc\" data-element_type=\"container\" data-e-type=\"container\" data-settings=\"{&quot;background_background&quot;:&quot;classic&quot;}\">\n\t\t<div class=\"elementor-element elementor-element-2700b27 elementor-hidden-mobile e-flex e-con-boxed e-con e-child\" data-id=\"2700b27\" data-element_type=\"container\" data-e-type=\"container\">\n\t\t\t\t\t<div class=\"e-con-inner\">\n\t\t\t\t<div class=\"elementor-element elementor-element-6838110 elementor-widget elementor-widget-image\" data-id=\"6838110\" data-element_type=\"widget\" data-e-type=\"widget\" data-settings=\"{&quot;motion_fx_motion_fx_scrolling&quot;:&quot;yes&quot;,&quot;motion_fx_translateX_effect&quot;:&quot;yes&quot;,&quot;motion_fx_translateX_direction&quot;:&quot;negative&quot;,&quot;motion_fx_translateX_speed&quot;:{&quot;unit&quot;:&quot;px&quot;,&quot;size&quot;:1.5,&quot;sizes&quot;:[]},&quot;motion_fx_translateX_affectedRange&quot;:{&quot;unit&quot;:&quot;%&quot;,&quot;size&quot;:&quot;&quot;,&quot;sizes&quot;:{&quot;start&quot;:0,&quot;end&quot;:50}},&quot;motion_fx_devices&quot;:[&quot;desktop&quot;],&quot;sticky&quot;:&quot;top&quot;,&quot;sticky_on&quot;:[&quot;desktop&quot;],&quot;sticky_parent&quot;:&quot;yes&quot;,&quot;sticky_offset&quot;:100,&quot;sticky_offset_tablet&quot;:70,&quot;sticky_effects_offset&quot;:0,&quot;sticky_anchor_link_offset&quot;:0}\" data-widget_type=\"image.default\">\n\t\t\t\t<div class=\"elementor-widget-container\">\n\t\t\t\t\t\t\t\t\t\t\t\t\t\t\t<img fetchpriority=\"high\" decoding=\"async\" width=\"683\" height=\"1024\" src=\"https:\/\/artapartamento.com\/wp-content\/uploads\/2025\/03\/NovoR-143_MR-Photo-by-Anthony-Rathbun_2-683x1024.jpg.webp\" class=\"attachment-large size-large wp-image-14674\" alt=\"Novo_Arcomadrid 2025\" srcset=\"https:\/\/artapartamento.com\/wp-content\/uploads\/2025\/03\/NovoR-143_MR-Photo-by-Anthony-Rathbun_2-683x1024.jpg.webp 683w, https:\/\/artapartamento.com\/wp-content\/uploads\/2025\/03\/NovoR-143_MR-Photo-by-Anthony-Rathbun_2-200x300.jpg.webp 200w, https:\/\/artapartamento.com\/wp-content\/uploads\/2025\/03\/NovoR-143_MR-Photo-by-Anthony-Rathbun_2-768x1152.jpg.webp 768w, https:\/\/artapartamento.com\/wp-content\/uploads\/2025\/03\/NovoR-143_MR-Photo-by-Anthony-Rathbun_2-1024x1536.jpg.webp 1024w, https:\/\/artapartamento.com\/wp-content\/uploads\/2025\/03\/NovoR-143_MR-Photo-by-Anthony-Rathbun_2-1365x2048.jpg.webp 1365w, https:\/\/artapartamento.com\/wp-content\/uploads\/2025\/03\/NovoR-143_MR-Photo-by-Anthony-Rathbun_2-8x12.jpg.webp 8w, https:\/\/artapartamento.com\/wp-content\/uploads\/2025\/03\/NovoR-143_MR-Photo-by-Anthony-Rathbun_2-scaled.jpg.webp 1707w\" sizes=\"(max-width: 683px) 100vw, 683px\" \/>\t\t\t\t\t\t\t\t\t\t\t\t\t\t\t<\/div>\n\t\t\t\t<\/div>\n\t\t\t\t\t<\/div>\n\t\t\t\t<\/div>\n\t\t<div class=\"elementor-element elementor-element-21f56cd e-flex e-con-boxed e-con e-child\" data-id=\"21f56cd\" data-element_type=\"container\" data-e-type=\"container\">\n\t\t\t\t\t<div class=\"e-con-inner\">\n\t\t\t\t<div class=\"elementor-element elementor-element-34ad104 elementor-invisible elementor-widget elementor-widget-text-editor\" data-id=\"34ad104\" data-element_type=\"widget\" data-e-type=\"widget\" data-settings=\"{&quot;_animation&quot;:&quot;fadeIn&quot;}\" data-widget_type=\"text-editor.default\">\n\t\t\t\t<div class=\"elementor-widget-container\">\n\t\t\t\t\t\t\t\t\t<p>En esta edici\u00f3n de ARCOmadrid hemos querido explorar, a trav\u00e9s de una selecci\u00f3n de obras de artistas Hispanoamericanos, la ductilidad de un concepto como el de identidad. Imaginarios de un lado y del otro del Atl\u00e1ntico confluyen para oxigenar los \u00e1mbitos de reflexi\u00f3n colectiva de las sociedades contempor\u00e1neas entretejidas hoy en esa conexi\u00f3n cada vez m\u00e1s intensa existente entre el Arte Latinoamericano, el arte hecho por artistas Latinoamericanos en la di\u00e1spora y el Arte Espa\u00f1ol.<\/p>\t\t\t\t\t\t\t\t<\/div>\n\t\t\t\t<\/div>\n\t\t\t\t<div class=\"elementor-element elementor-element-a30d634 elementor-hidden-desktop elementor-hidden-tablet elementor-widget elementor-widget-image\" data-id=\"a30d634\" data-element_type=\"widget\" data-e-type=\"widget\" data-widget_type=\"image.default\">\n\t\t\t\t<div class=\"elementor-widget-container\">\n\t\t\t\t\t\t\t\t\t\t\t\t\t\t\t<img fetchpriority=\"high\" decoding=\"async\" width=\"683\" height=\"1024\" src=\"https:\/\/artapartamento.com\/wp-content\/uploads\/2025\/03\/NovoR-143_MR-Photo-by-Anthony-Rathbun_2-683x1024.jpg.webp\" class=\"attachment-large size-large wp-image-14674\" alt=\"Novo_Arcomadrid 2025\" srcset=\"https:\/\/artapartamento.com\/wp-content\/uploads\/2025\/03\/NovoR-143_MR-Photo-by-Anthony-Rathbun_2-683x1024.jpg.webp 683w, https:\/\/artapartamento.com\/wp-content\/uploads\/2025\/03\/NovoR-143_MR-Photo-by-Anthony-Rathbun_2-200x300.jpg.webp 200w, https:\/\/artapartamento.com\/wp-content\/uploads\/2025\/03\/NovoR-143_MR-Photo-by-Anthony-Rathbun_2-768x1152.jpg.webp 768w, https:\/\/artapartamento.com\/wp-content\/uploads\/2025\/03\/NovoR-143_MR-Photo-by-Anthony-Rathbun_2-1024x1536.jpg.webp 1024w, https:\/\/artapartamento.com\/wp-content\/uploads\/2025\/03\/NovoR-143_MR-Photo-by-Anthony-Rathbun_2-1365x2048.jpg.webp 1365w, https:\/\/artapartamento.com\/wp-content\/uploads\/2025\/03\/NovoR-143_MR-Photo-by-Anthony-Rathbun_2-8x12.jpg.webp 8w, https:\/\/artapartamento.com\/wp-content\/uploads\/2025\/03\/NovoR-143_MR-Photo-by-Anthony-Rathbun_2-scaled.jpg.webp 1707w\" sizes=\"(max-width: 683px) 100vw, 683px\" \/>\t\t\t\t\t\t\t\t\t\t\t\t\t\t\t<\/div>\n\t\t\t\t<\/div>\n\t\t\t\t\t<\/div>\n\t\t\t\t<\/div>\n\t\t\t\t<\/div>\n\t\t<div class=\"elementor-element elementor-element-ffa321b e-con-full e-flex e-con e-parent\" data-id=\"ffa321b\" data-element_type=\"container\" data-e-type=\"container\" data-settings=\"{&quot;background_background&quot;:&quot;classic&quot;}\">\n\t\t\t\t<div class=\"elementor-element elementor-element-73d5123 animated-slow elementor-invisible elementor-widget elementor-widget-image\" data-id=\"73d5123\" data-element_type=\"widget\" data-e-type=\"widget\" data-settings=\"{&quot;_animation&quot;:&quot;fadeInUp&quot;}\" data-widget_type=\"image.default\">\n\t\t\t\t<div class=\"elementor-widget-container\">\n\t\t\t\t\t\t\t\t\t\t\t\t\t\t\t<img decoding=\"async\" width=\"2560\" height=\"1168\" src=\"https:\/\/artapartamento.com\/wp-content\/uploads\/2025\/03\/Wayom-scaled.jpeg\" class=\"attachment-full size-full wp-image-14677\" alt=\"Bedia_ARCOMAdrid 2025\" srcset=\"https:\/\/artapartamento.com\/wp-content\/uploads\/2025\/03\/Wayom-scaled.jpeg 2560w, https:\/\/artapartamento.com\/wp-content\/uploads\/2025\/03\/Wayom-300x137.jpeg 300w, https:\/\/artapartamento.com\/wp-content\/uploads\/2025\/03\/Wayom-1024x467.jpeg 1024w, https:\/\/artapartamento.com\/wp-content\/uploads\/2025\/03\/Wayom-768x350.jpeg 768w, https:\/\/artapartamento.com\/wp-content\/uploads\/2025\/03\/Wayom-1536x701.jpeg 1536w, https:\/\/artapartamento.com\/wp-content\/uploads\/2025\/03\/Wayom-2048x934.jpeg 2048w, https:\/\/artapartamento.com\/wp-content\/uploads\/2025\/03\/Wayom-18x8.jpeg 18w\" sizes=\"(max-width: 2560px) 100vw, 2560px\" \/>\t\t\t\t\t\t\t\t\t\t\t\t\t\t\t<\/div>\n\t\t\t\t<\/div>\n\t\t\t\t<\/div>\n\t\t<div class=\"elementor-element elementor-element-5ae29d0 e-con-full e-flex e-con e-parent\" data-id=\"5ae29d0\" data-element_type=\"container\" data-e-type=\"container\" data-settings=\"{&quot;background_background&quot;:&quot;classic&quot;}\">\n\t\t<div class=\"elementor-element elementor-element-0b60a70 e-con-full e-flex e-con e-child\" data-id=\"0b60a70\" data-element_type=\"container\" data-e-type=\"container\">\n\t\t\t\t<div class=\"elementor-element elementor-element-6d2be67 elementor-widget elementor-widget-image-carousel\" data-id=\"6d2be67\" data-element_type=\"widget\" data-e-type=\"widget\" data-settings=\"{&quot;slides_to_show&quot;:&quot;1&quot;,&quot;navigation&quot;:&quot;none&quot;,&quot;autoplay&quot;:&quot;yes&quot;,&quot;pause_on_hover&quot;:&quot;yes&quot;,&quot;pause_on_interaction&quot;:&quot;yes&quot;,&quot;autoplay_speed&quot;:5000,&quot;infinite&quot;:&quot;yes&quot;,&quot;effect&quot;:&quot;slide&quot;,&quot;speed&quot;:500}\" data-widget_type=\"image-carousel.default\">\n\t\t\t\t<div class=\"elementor-widget-container\">\n\t\t\t\t\t\t\t<div class=\"elementor-image-carousel-wrapper swiper\" role=\"region\" aria-roledescription=\"carousel\" aria-label=\"Carrusel de im\u00e1genes\" dir=\"ltr\">\n\t\t\t<div class=\"elementor-image-carousel swiper-wrapper swiper-image-stretch\" aria-live=\"off\">\n\t\t\t\t\t\t\t\t<div class=\"swiper-slide\" role=\"group\" aria-roledescription=\"slide\" aria-label=\"2 \u7684 1\"><a data-elementor-open-lightbox=\"yes\" data-elementor-lightbox-slideshow=\"6d2be67\" data-e-action-hash=\"#elementor-action%3Aaction%3Dlightbox%26settings%3DeyJpZCI6MTQ2NzgsInVybCI6Imh0dHBzOlwvXC9hcnRhcGFydGFtZW50by5jb21cL3dwLWNvbnRlbnRcL3VwbG9hZHNcLzIwMjVcLzAzXC9XYXlvbS4tRGV0YWxsZS0yLmpwZWcud2VicCIsInNsaWRlc2hvdyI6IjZkMmJlNjcifQ%3D%3D\" href=\"https:\/\/artapartamento.com\/wp-content\/uploads\/2025\/03\/Wayom.-Detalle-2.jpeg.webp\"><figure class=\"swiper-slide-inner\"><img decoding=\"async\" class=\"swiper-slide-image\" src=\"https:\/\/artapartamento.com\/wp-content\/uploads\/2025\/03\/Wayom.-Detalle-2.jpeg.webp\" alt=\"Bedia_ARCOMAdrid 2025\" \/><\/figure><\/a><\/div><div class=\"swiper-slide\" role=\"group\" aria-roledescription=\"slide\" aria-label=\"2 \u7684 2\"><a data-elementor-open-lightbox=\"yes\" data-elementor-lightbox-slideshow=\"6d2be67\" data-e-action-hash=\"#elementor-action%3Aaction%3Dlightbox%26settings%3DeyJpZCI6MTQ2NzksInVybCI6Imh0dHBzOlwvXC9hcnRhcGFydGFtZW50by5jb21cL3dwLWNvbnRlbnRcL3VwbG9hZHNcLzIwMjVcLzAzXC9XYXlvbS4tRGV0YWxsZS0xLmpwZWcud2VicCIsInNsaWRlc2hvdyI6IjZkMmJlNjcifQ%3D%3D\" href=\"https:\/\/artapartamento.com\/wp-content\/uploads\/2025\/03\/Wayom.-Detalle-1.jpeg.webp\"><figure class=\"swiper-slide-inner\"><img decoding=\"async\" class=\"swiper-slide-image\" src=\"https:\/\/artapartamento.com\/wp-content\/uploads\/2025\/03\/Wayom.-Detalle-1.jpeg.webp\" alt=\"Bedia_ARCOMAdrid 2025\" \/><\/figure><\/a><\/div>\t\t\t<\/div>\n\t\t\t\t\t\t\t\n\t\t\t\t\t\t\t\t\t<\/div>\n\t\t\t\t\t\t<\/div>\n\t\t\t\t<\/div>\n\t\t\t\t<\/div>\n\t\t<div class=\"elementor-element elementor-element-0005f4c e-con-full e-flex e-con e-child\" data-id=\"0005f4c\" data-element_type=\"container\" data-e-type=\"container\">\n\t\t\t\t<div class=\"elementor-element elementor-element-77e7203 elementor-widget elementor-widget-heading\" data-id=\"77e7203\" data-element_type=\"widget\" data-e-type=\"widget\" data-widget_type=\"heading.default\">\n\t\t\t\t<div class=\"elementor-widget-container\">\n\t\t\t\t\t<h2 class=\"elementor-heading-title elementor-size-default\"><a href=\"https:\/\/artapartamento.com\/artistas\/orestes-hernandez\/\">JOS\u00c9 BEDIA<\/a><\/h2>\t\t\t\t<\/div>\n\t\t\t\t<\/div>\n\t\t\t\t<div class=\"elementor-element elementor-element-00170ce elementor-widget elementor-widget-text-editor\" data-id=\"00170ce\" data-element_type=\"widget\" data-e-type=\"widget\" data-widget_type=\"text-editor.default\">\n\t\t\t\t<div class=\"elementor-widget-container\">\n\t\t\t\t\t\t\t\t\t<p class=\"p1\"><i>Wayom Lemond, <\/i>2024<br \/>Mixta sobre papel amate<br \/>236 x 120 cm (92.9 x 47.2 in) (Sin marco)<\/p>\t\t\t\t\t\t\t\t<\/div>\n\t\t\t\t<\/div>\n\t\t\t\t<div class=\"elementor-element elementor-element-905459c elementor-widget elementor-widget-text-editor\" data-id=\"905459c\" data-element_type=\"widget\" data-e-type=\"widget\" data-widget_type=\"text-editor.default\">\n\t\t\t\t<div class=\"elementor-widget-container\">\n\t\t\t\t\t\t\t\t\t<p class=\"p1\">Durante los \u00faltimos a\u00f1os, he participado en un proyecto sobre la Revoluci\u00f3n Haitiana. Mi trabajo se basa principalmente en el contenido y todo lo relacionado con la historia y la mitolog\u00eda, as\u00ed como las religiones del Caribe, Am\u00e9rica y \u00c1frica, que me interesan profundamente de una manera muy particular. Como artista caribe\u00f1a, interesada en nuestra herencia e historias comunes, mi primera aproximaci\u00f3n fue recrear la historia personal de Jos\u00e9 Aponte. Aponte era un carpintero negro de Cuba de principios del siglo XIX, que concibi\u00f3 un proyecto revolucionario de independencia (que fracas\u00f3) contra el gobierno colonial espa\u00f1ol (como resultado fue ejecutado). Despu\u00e9s me centr\u00e9 en el m\u00edtico h\u00e9roe nacional de Hait\u00ed, Mackandal, que tambi\u00e9n fue ejecutado, en este caso por el gobierno colonial franc\u00e9s. Mackandal fue el iniciador del movimiento independentista haitiano, que como ahora sabemos, fue el primer movimiento independentista negro no s\u00f3lo del Caribe, sino del mundo. En este caso, me propuse ilustrar de m\u00faltiples formas las sugerentes im\u00e1genes de la novela \u00abEl Reino de este Mundo\u00bb escrita por el autor cubano-franc\u00e9s &#8211; Alejo Carpentier. La historia es tan fascinante y tan rica en detalles y momentos concretos, que me ha permitido hacer toda una serie relacionada con la vida, rebeli\u00f3n y ejecuci\u00f3n de este h\u00e9roe hist\u00f3rico haitiano. Como pueden ver, los dibujos intentan ser lo m\u00e1s sucintos y sencillos en cuanto al color (ilustran siluetas negras) realizados sobre papel hecho a mano de gran escala. Tambi\u00e9n incorporo m\u00faltiples elementos religiosos de las pr\u00e1cticas religiosas haitianas, as\u00ed como muchos textos (incorporados como caligraf\u00eda) de nuevo relacionados con las diversas pr\u00e1cticas religiosas haitianas (Vud\u00fa, Petwo y Bisango), as\u00ed como el uso de la lengua criolla. Mi objetivo final no es s\u00f3lo recrear un momento hist\u00f3rico, sino tambi\u00e9n llamar la atenci\u00f3n sobre la injusta situaci\u00f3n pol\u00edtica y social que existe hoy en Hait\u00ed, teniendo en cuenta su glorioso pasado. En cierto modo, siento empat\u00eda y un deber con el pueblo haitiano y mis m\u00faltiples amigos haitianos que me cuentan sus penurias en su situaci\u00f3n actual. Tambi\u00e9n es mi deber como compatriota caribe\u00f1o sacar a la luz no s\u00f3lo mi pa\u00eds, sino or\u00edgenes similares\u00bb.<\/p>\t\t\t\t\t\t\t\t<\/div>\n\t\t\t\t<\/div>\n\t\t\t\t<div class=\"elementor-element elementor-element-b29af24 elementor-align-left elementor-widget elementor-widget-button\" data-id=\"b29af24\" data-element_type=\"widget\" data-e-type=\"widget\" data-widget_type=\"button.default\">\n\t\t\t\t<div class=\"elementor-widget-container\">\n\t\t\t\t\t\t\t\t\t<div class=\"elementor-button-wrapper\">\n\t\t\t\t\t<a class=\"elementor-button elementor-size-sm\" role=\"button\">\n\t\t\t\t\t\t<span class=\"elementor-button-content-wrapper\">\n\t\t\t\t\t\t\t\t\t<span class=\"elementor-button-text\">Inquiry<\/span>\n\t\t\t\t\t<\/span>\n\t\t\t\t\t<\/a>\n\t\t\t\t<\/div>\n\t\t\t\t\t\t\t\t<\/div>\n\t\t\t\t<\/div>\n\t\t\t\t<\/div>\n\t\t\t\t<\/div>\n\t\t<div class=\"elementor-element elementor-element-924a18b e-con-full e-flex e-con e-parent\" data-id=\"924a18b\" data-element_type=\"container\" data-e-type=\"container\" data-settings=\"{&quot;background_background&quot;:&quot;classic&quot;}\">\n\t\t\t\t<div class=\"elementor-element elementor-element-c96d43a animated-slow elementor-invisible elementor-widget elementor-widget-image\" data-id=\"c96d43a\" data-element_type=\"widget\" data-e-type=\"widget\" data-settings=\"{&quot;_animation&quot;:&quot;fadeInUp&quot;}\" data-widget_type=\"image.default\">\n\t\t\t\t<div class=\"elementor-widget-container\">\n\t\t\t\t\t\t\t\t\t\t\t\t\t\t\t<img decoding=\"async\" width=\"1920\" height=\"1290\" src=\"https:\/\/artapartamento.com\/wp-content\/uploads\/2025\/03\/20250226_125006-scaled.jpg-e1743073304979.webp\" class=\"attachment-full size-full wp-image-14683\" alt=\"Ariamna Contino-ARCOMADRID 2025\" srcset=\"https:\/\/artapartamento.com\/wp-content\/uploads\/2025\/03\/20250226_125006-scaled.jpg-e1743073304979.webp 1920w, https:\/\/artapartamento.com\/wp-content\/uploads\/2025\/03\/20250226_125006-scaled.jpg-e1743073304979-300x202.webp 300w, https:\/\/artapartamento.com\/wp-content\/uploads\/2025\/03\/20250226_125006-scaled.jpg-e1743073304979-1024x688.webp 1024w, https:\/\/artapartamento.com\/wp-content\/uploads\/2025\/03\/20250226_125006-scaled.jpg-e1743073304979-768x516.webp 768w, https:\/\/artapartamento.com\/wp-content\/uploads\/2025\/03\/20250226_125006-scaled.jpg-e1743073304979-1536x1032.webp 1536w, https:\/\/artapartamento.com\/wp-content\/uploads\/2025\/03\/20250226_125006-scaled.jpg-e1743073304979-18x12.webp 18w, https:\/\/artapartamento.com\/wp-content\/uploads\/2025\/03\/20250226_125006-scaled.jpg-e1743073304979-272x182.webp 272w\" sizes=\"(max-width: 1920px) 100vw, 1920px\" \/>\t\t\t\t\t\t\t\t\t\t\t\t\t\t\t<\/div>\n\t\t\t\t<\/div>\n\t\t\t\t<\/div>\n\t\t<div class=\"elementor-element elementor-element-16c91c0 e-con-full e-flex e-con e-parent\" data-id=\"16c91c0\" data-element_type=\"container\" data-e-type=\"container\" data-settings=\"{&quot;background_background&quot;:&quot;classic&quot;}\">\n\t\t<div class=\"elementor-element elementor-element-5155b71 e-con-full e-flex e-con e-child\" data-id=\"5155b71\" data-element_type=\"container\" data-e-type=\"container\">\n\t\t\t\t<div class=\"elementor-element elementor-element-93eeb9a elementor-widget elementor-widget-image-carousel\" data-id=\"93eeb9a\" data-element_type=\"widget\" data-e-type=\"widget\" data-settings=\"{&quot;slides_to_show&quot;:&quot;1&quot;,&quot;navigation&quot;:&quot;none&quot;,&quot;autoplay&quot;:&quot;yes&quot;,&quot;pause_on_hover&quot;:&quot;yes&quot;,&quot;pause_on_interaction&quot;:&quot;yes&quot;,&quot;autoplay_speed&quot;:5000,&quot;infinite&quot;:&quot;yes&quot;,&quot;effect&quot;:&quot;slide&quot;,&quot;speed&quot;:500}\" data-widget_type=\"image-carousel.default\">\n\t\t\t\t<div class=\"elementor-widget-container\">\n\t\t\t\t\t\t\t<div class=\"elementor-image-carousel-wrapper swiper\" role=\"region\" aria-roledescription=\"carousel\" aria-label=\"Carrusel de im\u00e1genes\" dir=\"ltr\">\n\t\t\t<div class=\"elementor-image-carousel swiper-wrapper swiper-image-stretch\" aria-live=\"off\">\n\t\t\t\t\t\t\t\t<div class=\"swiper-slide\" role=\"group\" aria-roledescription=\"slide\" aria-label=\"1 \u7684 1\"><a data-elementor-open-lightbox=\"yes\" data-elementor-lightbox-slideshow=\"93eeb9a\" data-e-action-hash=\"#elementor-action%3Aaction%3Dlightbox%26settings%3DeyJpZCI6MTQ2ODUsInVybCI6Imh0dHBzOlwvXC9hcnRhcGFydGFtZW50by5jb21cL3dwLWNvbnRlbnRcL3VwbG9hZHNcLzIwMjVcLzAzXC9EU0M2NDE1LXNjYWxlZC5qcGVnIiwic2xpZGVzaG93IjoiOTNlZWI5YSJ9\" href=\"https:\/\/artapartamento.com\/wp-content\/uploads\/2025\/03\/DSC6415-scaled.jpeg\"><figure class=\"swiper-slide-inner\"><img decoding=\"async\" class=\"swiper-slide-image\" src=\"https:\/\/artapartamento.com\/wp-content\/uploads\/2025\/03\/DSC6415-scaled.jpeg\" alt=\"Ariamna Contino-ARCOMADRID 2025\" \/><\/figure><\/a><\/div>\t\t\t<\/div>\n\t\t\t\t\t<\/div>\n\t\t\t\t\t\t<\/div>\n\t\t\t\t<\/div>\n\t\t\t\t<\/div>\n\t\t<div class=\"elementor-element elementor-element-b0e7e09 e-con-full e-flex e-con e-child\" data-id=\"b0e7e09\" data-element_type=\"container\" data-e-type=\"container\">\n\t\t\t\t<div class=\"elementor-element elementor-element-d92e212 elementor-widget elementor-widget-heading\" data-id=\"d92e212\" data-element_type=\"widget\" data-e-type=\"widget\" data-widget_type=\"heading.default\">\n\t\t\t\t<div class=\"elementor-widget-container\">\n\t\t\t\t\t<h2 class=\"elementor-heading-title elementor-size-default\"><a href=\"https:\/\/artapartamento.com\/artistas\/nacho-martin-silva\/\">Ariamna Contino<\/a><\/h2>\t\t\t\t<\/div>\n\t\t\t\t<\/div>\n\t\t\t\t<div class=\"elementor-element elementor-element-c09aa75 elementor-widget elementor-widget-text-editor\" data-id=\"c09aa75\" data-element_type=\"widget\" data-e-type=\"widget\" data-widget_type=\"text-editor.default\">\n\t\t\t\t<div class=\"elementor-widget-container\">\n\t\t\t\t\t\t\t\t\t<p class=\"p1\">Atrapando la brisa, bosque de con\u00edferas<span class=\"s1\">, 2025<br><\/span>Papel calado a mano Cartulina Fabriano 300 g, libre de \u00e1cido<br>153 x 158 cm (60.2 x 62.2 in)<\/p>\t\t\t\t\t\t\t\t<\/div>\n\t\t\t\t<\/div>\n\t\t\t\t<div class=\"elementor-element elementor-element-a7faa6d elementor-widget elementor-widget-text-editor\" data-id=\"a7faa6d\" data-element_type=\"widget\" data-e-type=\"widget\" data-widget_type=\"text-editor.default\">\n\t\t\t\t<div class=\"elementor-widget-container\">\n\t\t\t\t\t\t\t\t\t<p class=\"p1\">Ariamna Contino construye sus obras bas\u00e1ndose en la t\u00e9cnica ritualista y extremadamente meticulosa del \u201cpapel calado\u201d. Tal procedimiento contrasta con los temas que trata, casi siempre anclados en fen\u00f3menos controvertidos y de gran actualidad. Ariamna desarrolla un inter\u00e9s especial por las cuestiones hist\u00f3ricas, medioambientales y socioculturales, de ah\u00ed que adopte una mirada indagadora sobre conflictos y fen\u00f3menos en curso que exigen revisiones constantes. A partir de los datos que recoge en sus investigaciones, compone sus propias narrativas visuales sobre temas como el narcotr\u00e1fico en Am\u00e9rica Latina, la narcoest\u00e9tica, la econom\u00eda sumergida en Cuba, el comercio de informaci\u00f3n clasificada, etc. Recientemente, el trabajo de Contino ha comenzado a centrarse en las zonas intersticiales entre el mundo natural y el cultural. Desde ah\u00ed, aventura nuevas aproximaciones a la identidad nacional y construye otras fisonom\u00edas para la insularidad.<\/p>\t\t\t\t\t\t\t\t<\/div>\n\t\t\t\t<\/div>\n\t\t\t\t<div class=\"elementor-element elementor-element-da8519e elementor-align-left elementor-widget elementor-widget-button\" data-id=\"da8519e\" data-element_type=\"widget\" data-e-type=\"widget\" data-widget_type=\"button.default\">\n\t\t\t\t<div class=\"elementor-widget-container\">\n\t\t\t\t\t\t\t\t\t<div class=\"elementor-button-wrapper\">\n\t\t\t\t\t<a class=\"elementor-button elementor-button-link elementor-size-sm\" href=\"mailto:info@artapartamento.com?subject=Inquiry%3A%20Roberto%20Diago%20(RD-202316)\">\n\t\t\t\t\t\t<span class=\"elementor-button-content-wrapper\">\n\t\t\t\t\t\t\t\t\t<span class=\"elementor-button-text\">Inquiry<\/span>\n\t\t\t\t\t<\/span>\n\t\t\t\t\t<\/a>\n\t\t\t\t<\/div>\n\t\t\t\t\t\t\t\t<\/div>\n\t\t\t\t<\/div>\n\t\t\t\t<\/div>\n\t\t\t\t<\/div>\n\t\t<div class=\"elementor-element elementor-element-a12b5d7 e-con-full e-flex e-con e-parent\" data-id=\"a12b5d7\" data-element_type=\"container\" data-e-type=\"container\" data-settings=\"{&quot;background_background&quot;:&quot;classic&quot;}\">\n\t\t\t\t<div class=\"elementor-element elementor-element-94eb1cc animated-slow elementor-invisible elementor-widget elementor-widget-image\" data-id=\"94eb1cc\" data-element_type=\"widget\" data-e-type=\"widget\" data-settings=\"{&quot;_animation&quot;:&quot;fadeInUp&quot;}\" data-widget_type=\"image.default\">\n\t\t\t\t<div class=\"elementor-widget-container\">\n\t\t\t\t\t\t\t\t\t\t\t\t\t\t\t<img loading=\"lazy\" decoding=\"async\" width=\"2560\" height=\"1709\" src=\"https:\/\/artapartamento.com\/wp-content\/uploads\/2025\/03\/3.Detalle-3-scaled.jpeg.webp\" class=\"attachment-full size-full wp-image-14689\" alt=\"Los Brav\u00fa_ARcoMadrid 2025\" srcset=\"https:\/\/artapartamento.com\/wp-content\/uploads\/2025\/03\/3.Detalle-3-scaled.jpeg.webp 2560w, https:\/\/artapartamento.com\/wp-content\/uploads\/2025\/03\/3.Detalle-3-300x200.jpeg.webp 300w, https:\/\/artapartamento.com\/wp-content\/uploads\/2025\/03\/3.Detalle-3-1024x684.jpeg.webp 1024w, https:\/\/artapartamento.com\/wp-content\/uploads\/2025\/03\/3.Detalle-3-768x513.jpeg.webp 768w, https:\/\/artapartamento.com\/wp-content\/uploads\/2025\/03\/3.Detalle-3-1536x1025.jpeg.webp 1536w, https:\/\/artapartamento.com\/wp-content\/uploads\/2025\/03\/3.Detalle-3-2048x1367.jpeg.webp 2048w, https:\/\/artapartamento.com\/wp-content\/uploads\/2025\/03\/3.Detalle-3-18x12.jpeg.webp 18w, https:\/\/artapartamento.com\/wp-content\/uploads\/2025\/03\/3.Detalle-3-272x182.jpeg.webp 272w\" sizes=\"(max-width: 2560px) 100vw, 2560px\" \/>\t\t\t\t\t\t\t\t\t\t\t\t\t\t\t<\/div>\n\t\t\t\t<\/div>\n\t\t\t\t<\/div>\n\t\t<div class=\"elementor-element elementor-element-b758a7a e-con-full e-flex e-con e-parent\" data-id=\"b758a7a\" data-element_type=\"container\" data-e-type=\"container\" data-settings=\"{&quot;background_background&quot;:&quot;classic&quot;}\">\n\t\t<div class=\"elementor-element elementor-element-ec61084 e-con-full e-flex e-con e-child\" data-id=\"ec61084\" data-element_type=\"container\" data-e-type=\"container\">\n\t\t\t\t<div class=\"elementor-element elementor-element-daf7085 elementor-widget elementor-widget-image-carousel\" data-id=\"daf7085\" data-element_type=\"widget\" data-e-type=\"widget\" data-settings=\"{&quot;slides_to_show&quot;:&quot;1&quot;,&quot;navigation&quot;:&quot;none&quot;,&quot;autoplay&quot;:&quot;yes&quot;,&quot;pause_on_hover&quot;:&quot;yes&quot;,&quot;pause_on_interaction&quot;:&quot;yes&quot;,&quot;autoplay_speed&quot;:5000,&quot;infinite&quot;:&quot;yes&quot;,&quot;effect&quot;:&quot;slide&quot;,&quot;speed&quot;:500}\" data-widget_type=\"image-carousel.default\">\n\t\t\t\t<div class=\"elementor-widget-container\">\n\t\t\t\t\t\t\t<div class=\"elementor-image-carousel-wrapper swiper\" role=\"region\" aria-roledescription=\"carousel\" aria-label=\"Carrusel de im\u00e1genes\" dir=\"ltr\">\n\t\t\t<div class=\"elementor-image-carousel swiper-wrapper swiper-image-stretch\" aria-live=\"off\">\n\t\t\t\t\t\t\t\t<div class=\"swiper-slide\" role=\"group\" aria-roledescription=\"slide\" aria-label=\"1 \u7684 1\"><a data-elementor-open-lightbox=\"yes\" data-elementor-lightbox-slideshow=\"daf7085\" data-e-action-hash=\"#elementor-action%3Aaction%3Dlightbox%26settings%3DeyJpZCI6MTQ2OTAsInVybCI6Imh0dHBzOlwvXC9hcnRhcGFydGFtZW50by5jb21cL3dwLWNvbnRlbnRcL3VwbG9hZHNcLzIwMjVcLzAzXC8zLjFHZW5lcmFsLXNjYWxlZC5qcGVnIiwic2xpZGVzaG93IjoiZGFmNzA4NSJ9\" href=\"https:\/\/artapartamento.com\/wp-content\/uploads\/2025\/03\/3.1General-scaled.jpeg\"><figure class=\"swiper-slide-inner\"><img decoding=\"async\" class=\"swiper-slide-image\" src=\"https:\/\/artapartamento.com\/wp-content\/uploads\/2025\/03\/3.1General-scaled.jpeg\" alt=\"Los Brav\u00fa_ARcoMadrid 2025\" \/><\/figure><\/a><\/div>\t\t\t<\/div>\n\t\t\t\t\t<\/div>\n\t\t\t\t\t\t<\/div>\n\t\t\t\t<\/div>\n\t\t\t\t<\/div>\n\t\t<div class=\"elementor-element elementor-element-d341094 e-con-full e-flex e-con e-child\" data-id=\"d341094\" data-element_type=\"container\" data-e-type=\"container\">\n\t\t\t\t<div class=\"elementor-element elementor-element-b453264 elementor-widget elementor-widget-heading\" data-id=\"b453264\" data-element_type=\"widget\" data-e-type=\"widget\" data-widget_type=\"heading.default\">\n\t\t\t\t<div class=\"elementor-widget-container\">\n\t\t\t\t\t<h2 class=\"elementor-heading-title elementor-size-default\"><a href=\"https:\/\/artapartamento.com\/artistas\/nacho-martin-silva\/\">Los Brav\u00fa<\/a><\/h2>\t\t\t\t<\/div>\n\t\t\t\t<\/div>\n\t\t\t\t<div class=\"elementor-element elementor-element-97c5d77 elementor-widget elementor-widget-text-editor\" data-id=\"97c5d77\" data-element_type=\"widget\" data-e-type=\"widget\" data-widget_type=\"text-editor.default\">\n\t\t\t\t<div class=\"elementor-widget-container\">\n\t\t\t\t\t\t\t\t\t<p class=\"p1\"><i>Soma e cinza do teu mar<\/i><span class=\"s1\">, 2025<\/span><br>Acolchado de sat\u00e9n y gouache sobre lienzo<br>100 x 80 cm (39.4 x 31.5 in)<\/p>\t\t\t\t\t\t\t\t<\/div>\n\t\t\t\t<\/div>\n\t\t\t\t<div class=\"elementor-element elementor-element-984b38c elementor-widget elementor-widget-text-editor\" data-id=\"984b38c\" data-element_type=\"widget\" data-e-type=\"widget\" data-widget_type=\"text-editor.default\">\n\t\t\t\t<div class=\"elementor-widget-container\">\n\t\t\t\t\t\t\t\t\t<p class=\"p1\">Dea G\u00f3mez y Diego Omil trabajan en conjunto desde el a\u00f1o 2012 bajo el nombre de \u201cLos Brav\u00fa\u201d, t\u00e9rmino gallego utilizado para hacer referencia al olor de los animales. Han incursionado en distintos medios: el comic, el dibujo, la cer\u00e1mica, la pintura, la escultura y la instalaci\u00f3n. Su peculiar lenguaje pict\u00f3rico de corte figurativo, aromatizado con fantas\u00edas levemente surrealistas y un virtuosismo neomanierista, destaca por el uso met\u00f3dico del collage y la fusi\u00f3n. El d\u00fao incorpora elementos del dise\u00f1o contempor\u00e1neo, los fanzines, los mass media y una est\u00e9tica de corte academicista que recuerda a los maestros del Renacimiento italiano (siglos xv y xvi) y del realismo m\u00e1gico (primera mitad del siglo xx). Mezclan, adem\u00e1s, distintas maneras de pintar en un mismo cuadro, logrando que cada elemento en sus piezas posea una identidad intransferible atravesada por la cultura urbana y la vern\u00e1cula, por la fascinaci\u00f3n y la iron\u00eda.<\/p><p>Este cuerpo de obra reciente surge a partir del encuentro de los artistas con una colecci\u00f3n de seis poemas escritos por Lorca en gallego, una suerte de rara avis literaria. Cada obra est\u00e1 conectada con una imagen l\u00edrica extra\u00edda de estos poemas. A nivel t\u00e9cnico, el trabajo realizado en acolchado sobre sat\u00e9n ha sido fruto de la colaboraci\u00f3n de los artistas con un grupo de artesanas costureras del norte de Espa\u00f1a.<\/p>\t\t\t\t\t\t\t\t<\/div>\n\t\t\t\t<\/div>\n\t\t\t\t<div class=\"elementor-element elementor-element-43ea076 elementor-align-left elementor-widget elementor-widget-button\" data-id=\"43ea076\" data-element_type=\"widget\" data-e-type=\"widget\" data-widget_type=\"button.default\">\n\t\t\t\t<div class=\"elementor-widget-container\">\n\t\t\t\t\t\t\t\t\t<div class=\"elementor-button-wrapper\">\n\t\t\t\t\t<a class=\"elementor-button elementor-button-link elementor-size-sm\" href=\"mailto:info@artapartamento.com?subject=Inquiry%3A%20Roberto%20Diago%20(RD-202316)\">\n\t\t\t\t\t\t<span class=\"elementor-button-content-wrapper\">\n\t\t\t\t\t\t\t\t\t<span class=\"elementor-button-text\">Inquiry<\/span>\n\t\t\t\t\t<\/span>\n\t\t\t\t\t<\/a>\n\t\t\t\t<\/div>\n\t\t\t\t\t\t\t\t<\/div>\n\t\t\t\t<\/div>\n\t\t\t\t<\/div>\n\t\t\t\t<\/div>\n\t\t<div class=\"elementor-element elementor-element-fad6c07 e-con-full e-flex e-con e-parent\" data-id=\"fad6c07\" data-element_type=\"container\" data-e-type=\"container\" data-settings=\"{&quot;background_background&quot;:&quot;classic&quot;}\">\n\t\t\t\t<div class=\"elementor-element elementor-element-0c2546a animated-slow elementor-invisible elementor-widget elementor-widget-image\" data-id=\"0c2546a\" data-element_type=\"widget\" data-e-type=\"widget\" data-settings=\"{&quot;_animation&quot;:&quot;fadeInUp&quot;}\" data-widget_type=\"image.default\">\n\t\t\t\t<div class=\"elementor-widget-container\">\n\t\t\t\t\t\t\t\t\t\t\t\t\t\t\t<img loading=\"lazy\" decoding=\"async\" width=\"1395\" height=\"875\" src=\"https:\/\/artapartamento.com\/wp-content\/uploads\/2025\/03\/De-la-serie-\u00a8Yo-vivo-en-ti\u00a8-1-2024-Bronce-tela-y-madera-58-x-46-x-27-scaled-e1743074017437.jpg\" class=\"attachment-full size-full wp-image-14694\" alt=\"Diago_Arcomadrid 2025\" srcset=\"https:\/\/artapartamento.com\/wp-content\/uploads\/2025\/03\/De-la-serie-\u00a8Yo-vivo-en-ti\u00a8-1-2024-Bronce-tela-y-madera-58-x-46-x-27-scaled-e1743074017437.jpg 1395w, https:\/\/artapartamento.com\/wp-content\/uploads\/2025\/03\/De-la-serie-\u00a8Yo-vivo-en-ti\u00a8-1-2024-Bronce-tela-y-madera-58-x-46-x-27-scaled-e1743074017437-300x188.jpg 300w, https:\/\/artapartamento.com\/wp-content\/uploads\/2025\/03\/De-la-serie-\u00a8Yo-vivo-en-ti\u00a8-1-2024-Bronce-tela-y-madera-58-x-46-x-27-scaled-e1743074017437-1024x642.jpg 1024w, https:\/\/artapartamento.com\/wp-content\/uploads\/2025\/03\/De-la-serie-\u00a8Yo-vivo-en-ti\u00a8-1-2024-Bronce-tela-y-madera-58-x-46-x-27-scaled-e1743074017437-768x482.jpg 768w, https:\/\/artapartamento.com\/wp-content\/uploads\/2025\/03\/De-la-serie-\u00a8Yo-vivo-en-ti\u00a8-1-2024-Bronce-tela-y-madera-58-x-46-x-27-scaled-e1743074017437-18x12.jpg 18w, https:\/\/artapartamento.com\/wp-content\/uploads\/2025\/03\/De-la-serie-\u00a8Yo-vivo-en-ti\u00a8-1-2024-Bronce-tela-y-madera-58-x-46-x-27-scaled-e1743074017437-436x272.jpg 436w\" sizes=\"(max-width: 1395px) 100vw, 1395px\" \/>\t\t\t\t\t\t\t\t\t\t\t\t\t\t\t<\/div>\n\t\t\t\t<\/div>\n\t\t\t\t<\/div>\n\t\t<div class=\"elementor-element elementor-element-6cf8ba1 e-con-full e-flex e-con e-parent\" data-id=\"6cf8ba1\" data-element_type=\"container\" data-e-type=\"container\" data-settings=\"{&quot;background_background&quot;:&quot;classic&quot;}\">\n\t\t<div class=\"elementor-element elementor-element-f9b8603 e-con-full e-flex e-con e-child\" data-id=\"f9b8603\" data-element_type=\"container\" data-e-type=\"container\">\n\t\t\t\t<div class=\"elementor-element elementor-element-599e508 elementor-widget elementor-widget-image-carousel\" data-id=\"599e508\" data-element_type=\"widget\" data-e-type=\"widget\" data-settings=\"{&quot;slides_to_show&quot;:&quot;1&quot;,&quot;navigation&quot;:&quot;none&quot;,&quot;autoplay&quot;:&quot;yes&quot;,&quot;pause_on_hover&quot;:&quot;yes&quot;,&quot;pause_on_interaction&quot;:&quot;yes&quot;,&quot;autoplay_speed&quot;:5000,&quot;infinite&quot;:&quot;yes&quot;,&quot;effect&quot;:&quot;slide&quot;,&quot;speed&quot;:500}\" data-widget_type=\"image-carousel.default\">\n\t\t\t\t<div class=\"elementor-widget-container\">\n\t\t\t\t\t\t\t<div class=\"elementor-image-carousel-wrapper swiper\" role=\"region\" aria-roledescription=\"carousel\" aria-label=\"Carrusel de im\u00e1genes\" dir=\"ltr\">\n\t\t\t<div class=\"elementor-image-carousel swiper-wrapper swiper-image-stretch\" aria-live=\"off\">\n\t\t\t\t\t\t\t\t<div class=\"swiper-slide\" role=\"group\" aria-roledescription=\"slide\" aria-label=\"1 \u7684 1\"><a data-elementor-open-lightbox=\"yes\" data-elementor-lightbox-slideshow=\"599e508\" data-e-action-hash=\"#elementor-action%3Aaction%3Dlightbox%26settings%3DeyJpZCI6MTQ2NzMsInVybCI6Imh0dHBzOlwvXC9hcnRhcGFydGFtZW50by5jb21cL3dwLWNvbnRlbnRcL3VwbG9hZHNcLzIwMjVcLzAzXC9EZS1sYS1zZXJpZS1cdTAwYThZby12aXZvLWVuLXRpXHUwMGE4LTEtMjAyNC1Ccm9uY2UtdGVsYS15LW1hZGVyYS01OC14LTQ2LXgtMjctc2NhbGVkLmpwZy53ZWJwIiwic2xpZGVzaG93IjoiNTk5ZTUwOCJ9\" href=\"https:\/\/artapartamento.com\/wp-content\/uploads\/2025\/03\/De-la-serie-\u00a8Yo-vivo-en-ti\u00a8-1-2024-Bronce-tela-y-madera-58-x-46-x-27-scaled.jpg.webp\"><figure class=\"swiper-slide-inner\"><img decoding=\"async\" class=\"swiper-slide-image\" src=\"https:\/\/artapartamento.com\/wp-content\/uploads\/2025\/03\/De-la-serie-\u00a8Yo-vivo-en-ti\u00a8-1-2024-Bronce-tela-y-madera-58-x-46-x-27-scaled.jpg.webp\" alt=\"Diago_Arcomadrid 2025\" \/><\/figure><\/a><\/div>\t\t\t<\/div>\n\t\t\t\t\t<\/div>\n\t\t\t\t\t\t<\/div>\n\t\t\t\t<\/div>\n\t\t\t\t<\/div>\n\t\t<div class=\"elementor-element elementor-element-7706a0e e-con-full e-flex e-con e-child\" data-id=\"7706a0e\" data-element_type=\"container\" data-e-type=\"container\">\n\t\t\t\t<div class=\"elementor-element elementor-element-e6b8ad9 elementor-widget elementor-widget-heading\" data-id=\"e6b8ad9\" data-element_type=\"widget\" data-e-type=\"widget\" data-widget_type=\"heading.default\">\n\t\t\t\t<div class=\"elementor-widget-container\">\n\t\t\t\t\t<h2 class=\"elementor-heading-title elementor-size-default\"><a href=\"https:\/\/artapartamento.com\/artistas\/nacho-martin-silva\/\">Roberto Diago<\/a><\/h2>\t\t\t\t<\/div>\n\t\t\t\t<\/div>\n\t\t\t\t<div class=\"elementor-element elementor-element-eea734e elementor-widget elementor-widget-text-editor\" data-id=\"eea734e\" data-element_type=\"widget\" data-e-type=\"widget\" data-widget_type=\"text-editor.default\">\n\t\t\t\t<div class=\"elementor-widget-container\">\n\t\t\t\t\t\t\t\t\t<p class=\"p1\">De la serie <span class=\"s1\"><i>Yo vivo en ti <\/i><\/span>(1), 2024<br>Bronce, tela y madera<br>58 x 46 x 27 cm (22.8 x 18.1 x 10.6 in)<\/p>\t\t\t\t\t\t\t\t<\/div>\n\t\t\t\t<\/div>\n\t\t\t\t<div class=\"elementor-element elementor-element-b3cef39 elementor-widget elementor-widget-text-editor\" data-id=\"b3cef39\" data-element_type=\"widget\" data-e-type=\"widget\" data-widget_type=\"text-editor.default\">\n\t\t\t\t<div class=\"elementor-widget-container\">\n\t\t\t\t\t\t\t\t\t<p class=\"p1\">Roberto Diago examina la condici\u00f3n del afrodescendiente cubano en el territorio social de la Revoluci\u00f3n. Su visi\u00f3n cultural y sociol\u00f3gica comprende plenamente los efectos de los procesos coloniales en las naciones que los sufrieron. Estas huellas son visibles tanto en los niveles de marginaci\u00f3n y segregaci\u00f3n como en los niveles epist\u00e9micos y ling\u00fc\u00edsticos.<\/p><p class=\"p1\">Diago denuncia, expone y desarrolla ejercicios de resistencia cultural que le permiten hablar desde una otredad autoconsciente y cimarrona, reivindicando otras pertenencias religiosas, otros c\u00e1nones de belleza y otras miradas sobre el mundo blanco que habita en Occidente.<\/p>\t\t\t\t\t\t\t\t<\/div>\n\t\t\t\t<\/div>\n\t\t\t\t<div class=\"elementor-element elementor-element-4a4da7e elementor-align-left elementor-widget elementor-widget-button\" data-id=\"4a4da7e\" data-element_type=\"widget\" data-e-type=\"widget\" data-widget_type=\"button.default\">\n\t\t\t\t<div class=\"elementor-widget-container\">\n\t\t\t\t\t\t\t\t\t<div class=\"elementor-button-wrapper\">\n\t\t\t\t\t<a class=\"elementor-button elementor-button-link elementor-size-sm\" href=\"mailto:info@artapartamento.com?subject=Inquiry%3A%20Roberto%20Diago%20(RD-202316)\">\n\t\t\t\t\t\t<span class=\"elementor-button-content-wrapper\">\n\t\t\t\t\t\t\t\t\t<span class=\"elementor-button-text\">Inquiry<\/span>\n\t\t\t\t\t<\/span>\n\t\t\t\t\t<\/a>\n\t\t\t\t<\/div>\n\t\t\t\t\t\t\t\t<\/div>\n\t\t\t\t<\/div>\n\t\t\t\t<\/div>\n\t\t\t\t<\/div>\n\t\t<div class=\"elementor-element elementor-element-ae0e1b4 e-con-full e-flex e-con e-parent\" data-id=\"ae0e1b4\" data-element_type=\"container\" data-e-type=\"container\" data-settings=\"{&quot;background_background&quot;:&quot;classic&quot;}\">\n\t\t\t\t<div class=\"elementor-element elementor-element-dc61bfc animated-slow elementor-invisible elementor-widget elementor-widget-image\" data-id=\"dc61bfc\" data-element_type=\"widget\" data-e-type=\"widget\" data-settings=\"{&quot;_animation&quot;:&quot;fadeInUp&quot;}\" data-widget_type=\"image.default\">\n\t\t\t\t<div class=\"elementor-widget-container\">\n\t\t\t\t\t\t\t\t\t\t\t\t\t\t\t<img loading=\"lazy\" decoding=\"async\" width=\"2018\" height=\"973\" src=\"https:\/\/artapartamento.com\/wp-content\/uploads\/2025\/03\/MG_5644-Editar-1-scaled.jpg-e1743074428398.webp\" class=\"attachment-full size-full wp-image-14699\" alt=\"Leandro Feal_Arcomadrid 2025\" srcset=\"https:\/\/artapartamento.com\/wp-content\/uploads\/2025\/03\/MG_5644-Editar-1-scaled.jpg-e1743074428398.webp 2018w, https:\/\/artapartamento.com\/wp-content\/uploads\/2025\/03\/MG_5644-Editar-1-scaled.jpg-e1743074428398-300x145.webp 300w, https:\/\/artapartamento.com\/wp-content\/uploads\/2025\/03\/MG_5644-Editar-1-scaled.jpg-e1743074428398-1024x494.webp 1024w, https:\/\/artapartamento.com\/wp-content\/uploads\/2025\/03\/MG_5644-Editar-1-scaled.jpg-e1743074428398-768x370.webp 768w, https:\/\/artapartamento.com\/wp-content\/uploads\/2025\/03\/MG_5644-Editar-1-scaled.jpg-e1743074428398-1536x741.webp 1536w, https:\/\/artapartamento.com\/wp-content\/uploads\/2025\/03\/MG_5644-Editar-1-scaled.jpg-e1743074428398-18x9.webp 18w\" sizes=\"(max-width: 2018px) 100vw, 2018px\" \/>\t\t\t\t\t\t\t\t\t\t\t\t\t\t\t<\/div>\n\t\t\t\t<\/div>\n\t\t\t\t<\/div>\n\t\t<div class=\"elementor-element elementor-element-57b698a e-con-full e-flex e-con e-parent\" data-id=\"57b698a\" data-element_type=\"container\" data-e-type=\"container\" data-settings=\"{&quot;background_background&quot;:&quot;classic&quot;}\">\n\t\t<div class=\"elementor-element elementor-element-5479d71 e-con-full e-flex e-con e-child\" data-id=\"5479d71\" data-element_type=\"container\" data-e-type=\"container\">\n\t\t\t\t<div class=\"elementor-element elementor-element-590045e elementor-widget elementor-widget-image-carousel\" data-id=\"590045e\" data-element_type=\"widget\" data-e-type=\"widget\" data-settings=\"{&quot;slides_to_show&quot;:&quot;1&quot;,&quot;navigation&quot;:&quot;none&quot;,&quot;autoplay&quot;:&quot;yes&quot;,&quot;pause_on_hover&quot;:&quot;yes&quot;,&quot;pause_on_interaction&quot;:&quot;yes&quot;,&quot;autoplay_speed&quot;:5000,&quot;infinite&quot;:&quot;yes&quot;,&quot;effect&quot;:&quot;slide&quot;,&quot;speed&quot;:500}\" data-widget_type=\"image-carousel.default\">\n\t\t\t\t<div class=\"elementor-widget-container\">\n\t\t\t\t\t\t\t<div class=\"elementor-image-carousel-wrapper swiper\" role=\"region\" aria-roledescription=\"carousel\" aria-label=\"Carrusel de im\u00e1genes\" dir=\"ltr\">\n\t\t\t<div class=\"elementor-image-carousel swiper-wrapper swiper-image-stretch\" aria-live=\"off\">\n\t\t\t\t\t\t\t\t<div class=\"swiper-slide\" role=\"group\" aria-roledescription=\"slide\" aria-label=\"1 \u7684 1\"><a data-elementor-open-lightbox=\"yes\" data-elementor-lightbox-slideshow=\"590045e\" data-e-action-hash=\"#elementor-action%3Aaction%3Dlightbox%26settings%3DeyJpZCI6MTQ3MDAsInVybCI6Imh0dHBzOlwvXC9hcnRhcGFydGFtZW50by5jb21cL3dwLWNvbnRlbnRcL3VwbG9hZHNcLzIwMjVcLzAzXC9NR181NjQ0LUVkaXRhci0xLXNjYWxlZC5qcGciLCJzbGlkZXNob3ciOiI1OTAwNDVlIn0%3D\" href=\"https:\/\/artapartamento.com\/wp-content\/uploads\/2025\/03\/MG_5644-Editar-1-scaled.jpg\"><figure class=\"swiper-slide-inner\"><img decoding=\"async\" class=\"swiper-slide-image\" src=\"https:\/\/artapartamento.com\/wp-content\/uploads\/2025\/03\/MG_5644-Editar-1-scaled.jpg\" alt=\"Leandro Feal_Arcomadrid 2025\" \/><\/figure><\/a><\/div>\t\t\t<\/div>\n\t\t\t\t\t<\/div>\n\t\t\t\t\t\t<\/div>\n\t\t\t\t<\/div>\n\t\t\t\t<\/div>\n\t\t<div class=\"elementor-element elementor-element-6cb0370 e-con-full e-flex e-con e-child\" data-id=\"6cb0370\" data-element_type=\"container\" data-e-type=\"container\">\n\t\t\t\t<div class=\"elementor-element elementor-element-4a35b53 elementor-widget elementor-widget-heading\" data-id=\"4a35b53\" data-element_type=\"widget\" data-e-type=\"widget\" data-widget_type=\"heading.default\">\n\t\t\t\t<div class=\"elementor-widget-container\">\n\t\t\t\t\t<h2 class=\"elementor-heading-title elementor-size-default\"><a href=\"https:\/\/artapartamento.com\/artistas\/nacho-martin-silva\/\">Leandro Feal<\/a><\/h2>\t\t\t\t<\/div>\n\t\t\t\t<\/div>\n\t\t\t\t<div class=\"elementor-element elementor-element-a966463 elementor-widget elementor-widget-text-editor\" data-id=\"a966463\" data-element_type=\"widget\" data-e-type=\"widget\" data-widget_type=\"text-editor.default\">\n\t\t\t\t<div class=\"elementor-widget-container\">\n\t\t\t\t\t\t\t\t\t<p class=\"p1\">Caribe, de la serie <span class=\"s1\"><i>Green Havana<\/i><\/span>, 2020-2022<br>Impresi\u00f3n digital sobre Photo Rag Ultrasmooth, 310 g \/Fotograf\u00eda B\/N en negativo virada al verde<br>150 x 150 cm (59 x 59 in)<\/p>\t\t\t\t\t\t\t\t<\/div>\n\t\t\t\t<\/div>\n\t\t\t\t<div class=\"elementor-element elementor-element-c341cb8 elementor-widget elementor-widget-text-editor\" data-id=\"c341cb8\" data-element_type=\"widget\" data-e-type=\"widget\" data-widget_type=\"text-editor.default\">\n\t\t\t\t<div class=\"elementor-widget-container\">\n\t\t\t\t\t\t\t\t\t<p class=\"p1\"><span class=\"s1\"><i>Green Havana<\/i><\/span> es una serie fotogr\u00e1fica que nace en el periodo del encierro colectivo 2020-2021, un momento en que el estancamiento f\u00edsico nos llev\u00f3 a mirar hacia adentro y activ\u00f3 nuestra imaginaci\u00f3n. La serie habla de la posibilidad de una Habana vintage y contempor\u00e1nea; surrealista y on\u00edrica, que recrea el pasado para construir el futuro. Este verde sugiere la gama de los televisores en blanco y negro de la marca Caribe, producidos en la Uni\u00f3n Sovi\u00e9tica y ensamblados en Cuba, que formaron parte del aprendizaje y referencia audiovisual de todo cubano nacido en la segunda mitad del siglo xx. Las im\u00e1genes de Green Havana son fotograf\u00edas que se resisten a ser monocrom\u00e1ticas, como los televisores Caribe, cuyas pantallas algunas familias cubanas pintaban de color para trucar esa visi\u00f3n en b\/n y crear alg\u00fan efecto crom\u00e1tico. La Habana de Feal es tambi\u00e9n es as\u00ed. Una Habana donde el pasado siempre est\u00e1 presente, una ciudad que se qued\u00f3 estancada en el tiempo y a la que necesita invertir sus colores para verla de otro modo o que encuentra continuamente en otras ciudades del mundo como Berl\u00edn, Barcelona o Los \u00c1ngeles. Al final, todo depende del color del cristal con que se mire.<\/p>\t\t\t\t\t\t\t\t<\/div>\n\t\t\t\t<\/div>\n\t\t\t\t<div class=\"elementor-element elementor-element-fb3d5a6 elementor-align-left elementor-widget elementor-widget-button\" data-id=\"fb3d5a6\" data-element_type=\"widget\" data-e-type=\"widget\" data-widget_type=\"button.default\">\n\t\t\t\t<div class=\"elementor-widget-container\">\n\t\t\t\t\t\t\t\t\t<div class=\"elementor-button-wrapper\">\n\t\t\t\t\t<a class=\"elementor-button elementor-button-link elementor-size-sm\" href=\"mailto:info@artapartamento.com?subject=Inquiry%3A%20Roberto%20Diago%20(RD-202316)\">\n\t\t\t\t\t\t<span class=\"elementor-button-content-wrapper\">\n\t\t\t\t\t\t\t\t\t<span class=\"elementor-button-text\">Inquiry<\/span>\n\t\t\t\t\t<\/span>\n\t\t\t\t\t<\/a>\n\t\t\t\t<\/div>\n\t\t\t\t\t\t\t\t<\/div>\n\t\t\t\t<\/div>\n\t\t\t\t<\/div>\n\t\t\t\t<\/div>\n\t\t<div class=\"elementor-element elementor-element-ceccdf5 e-con-full e-flex e-con e-parent\" data-id=\"ceccdf5\" data-element_type=\"container\" data-e-type=\"container\" data-settings=\"{&quot;background_background&quot;:&quot;classic&quot;}\">\n\t\t\t\t<div class=\"elementor-element elementor-element-a9dcbe5 animated-slow elementor-invisible elementor-widget elementor-widget-image\" data-id=\"a9dcbe5\" data-element_type=\"widget\" data-e-type=\"widget\" data-settings=\"{&quot;_animation&quot;:&quot;fadeInUp&quot;}\" data-widget_type=\"image.default\">\n\t\t\t\t<div class=\"elementor-widget-container\">\n\t\t\t\t\t\t\t\t\t\t\t\t\t\t\t<img loading=\"lazy\" decoding=\"async\" width=\"1965\" height=\"1126\" src=\"https:\/\/artapartamento.com\/wp-content\/uploads\/2025\/03\/Roberto-Diago_Selected-Works_El-Apartamento_13SEPTIEMBRE-scaled.jpg-e1743074784523.webp\" class=\"attachment-full size-full wp-image-14704\" alt=\"DIANA FONSECA_Arcomadrid 2025\" srcset=\"https:\/\/artapartamento.com\/wp-content\/uploads\/2025\/03\/Roberto-Diago_Selected-Works_El-Apartamento_13SEPTIEMBRE-scaled.jpg-e1743074784523.webp 1965w, https:\/\/artapartamento.com\/wp-content\/uploads\/2025\/03\/Roberto-Diago_Selected-Works_El-Apartamento_13SEPTIEMBRE-scaled.jpg-e1743074784523-300x172.webp 300w, https:\/\/artapartamento.com\/wp-content\/uploads\/2025\/03\/Roberto-Diago_Selected-Works_El-Apartamento_13SEPTIEMBRE-scaled.jpg-e1743074784523-1024x587.webp 1024w, https:\/\/artapartamento.com\/wp-content\/uploads\/2025\/03\/Roberto-Diago_Selected-Works_El-Apartamento_13SEPTIEMBRE-scaled.jpg-e1743074784523-768x440.webp 768w, https:\/\/artapartamento.com\/wp-content\/uploads\/2025\/03\/Roberto-Diago_Selected-Works_El-Apartamento_13SEPTIEMBRE-scaled.jpg-e1743074784523-1536x880.webp 1536w, https:\/\/artapartamento.com\/wp-content\/uploads\/2025\/03\/Roberto-Diago_Selected-Works_El-Apartamento_13SEPTIEMBRE-scaled.jpg-e1743074784523-18x10.webp 18w\" sizes=\"(max-width: 1965px) 100vw, 1965px\" \/>\t\t\t\t\t\t\t\t\t\t\t\t\t\t\t<\/div>\n\t\t\t\t<\/div>\n\t\t\t\t<\/div>\n\t\t<div class=\"elementor-element elementor-element-ea95f20 e-con-full e-flex e-con e-parent\" data-id=\"ea95f20\" data-element_type=\"container\" data-e-type=\"container\" data-settings=\"{&quot;background_background&quot;:&quot;classic&quot;}\">\n\t\t<div class=\"elementor-element elementor-element-593e5f1 e-con-full e-flex e-con e-child\" data-id=\"593e5f1\" data-element_type=\"container\" data-e-type=\"container\">\n\t\t\t\t<div class=\"elementor-element elementor-element-1795ddb elementor-widget elementor-widget-image-carousel\" data-id=\"1795ddb\" data-element_type=\"widget\" data-e-type=\"widget\" data-settings=\"{&quot;slides_to_show&quot;:&quot;1&quot;,&quot;navigation&quot;:&quot;none&quot;,&quot;autoplay&quot;:&quot;yes&quot;,&quot;pause_on_hover&quot;:&quot;yes&quot;,&quot;pause_on_interaction&quot;:&quot;yes&quot;,&quot;autoplay_speed&quot;:5000,&quot;infinite&quot;:&quot;yes&quot;,&quot;effect&quot;:&quot;slide&quot;,&quot;speed&quot;:500}\" data-widget_type=\"image-carousel.default\">\n\t\t\t\t<div class=\"elementor-widget-container\">\n\t\t\t\t\t\t\t<div class=\"elementor-image-carousel-wrapper swiper\" role=\"region\" aria-roledescription=\"carousel\" aria-label=\"Carrusel de im\u00e1genes\" dir=\"ltr\">\n\t\t\t<div class=\"elementor-image-carousel swiper-wrapper swiper-image-stretch\" aria-live=\"off\">\n\t\t\t\t\t\t\t\t<div class=\"swiper-slide\" role=\"group\" aria-roledescription=\"slide\" aria-label=\"2 \u7684 1\"><a data-elementor-open-lightbox=\"yes\" data-elementor-lightbox-slideshow=\"1795ddb\" data-e-action-hash=\"#elementor-action%3Aaction%3Dlightbox%26settings%3DeyJpZCI6MTQ3MDUsInVybCI6Imh0dHBzOlwvXC9hcnRhcGFydGFtZW50by5jb21cL3dwLWNvbnRlbnRcL3VwbG9hZHNcLzIwMjVcLzAzXC9ESUFOQV9GT1NGT1JPX05VRVZPX0dFTkVSQUwtc2NhbGVkLmpwZWctZTE3NDMwNzQ5MTY1NDYud2VicCIsInNsaWRlc2hvdyI6IjE3OTVkZGIifQ%3D%3D\" href=\"https:\/\/artapartamento.com\/wp-content\/uploads\/2025\/03\/DIANA_FOSFORO_NUEVO_GENERAL-scaled.jpeg-e1743074916546.webp\"><figure class=\"swiper-slide-inner\"><img decoding=\"async\" class=\"swiper-slide-image\" src=\"https:\/\/artapartamento.com\/wp-content\/uploads\/2025\/03\/DIANA_FOSFORO_NUEVO_GENERAL-scaled.jpeg-e1743074916546.webp\" alt=\"DIANA FONSECA_Arcomadrid 2025\" \/><\/figure><\/a><\/div><div class=\"swiper-slide\" role=\"group\" aria-roledescription=\"slide\" aria-label=\"2 \u7684 2\"><a data-elementor-open-lightbox=\"yes\" data-elementor-lightbox-slideshow=\"1795ddb\" data-e-action-hash=\"#elementor-action%3Aaction%3Dlightbox%26settings%3DeyJpZCI6MTQ3MDcsInVybCI6Imh0dHBzOlwvXC9hcnRhcGFydGFtZW50by5jb21cL3dwLWNvbnRlbnRcL3VwbG9hZHNcLzIwMjVcLzAzXC9ESUFOQV9GT1NGT1JPX1FVRU1BRE9fR0VORVJBTC1zY2FsZWQuanBlZy1lMTc0MzA3NTAwOTMxMS53ZWJwIiwic2xpZGVzaG93IjoiMTc5NWRkYiJ9\" href=\"https:\/\/artapartamento.com\/wp-content\/uploads\/2025\/03\/DIANA_FOSFORO_QUEMADO_GENERAL-scaled.jpeg-e1743075009311.webp\"><figure class=\"swiper-slide-inner\"><img decoding=\"async\" class=\"swiper-slide-image\" src=\"https:\/\/artapartamento.com\/wp-content\/uploads\/2025\/03\/DIANA_FOSFORO_QUEMADO_GENERAL-scaled.jpeg-e1743075009311.webp\" alt=\"DIANA FONSECA_Arcomadrid 2025\" \/><\/figure><\/a><\/div>\t\t\t<\/div>\n\t\t\t\t\t\t\t\n\t\t\t\t\t\t\t\t\t<\/div>\n\t\t\t\t\t\t<\/div>\n\t\t\t\t<\/div>\n\t\t\t\t<\/div>\n\t\t<div class=\"elementor-element elementor-element-3a675db e-con-full e-flex e-con e-child\" data-id=\"3a675db\" data-element_type=\"container\" data-e-type=\"container\">\n\t\t\t\t<div class=\"elementor-element elementor-element-05197cf elementor-widget elementor-widget-heading\" data-id=\"05197cf\" data-element_type=\"widget\" data-e-type=\"widget\" data-widget_type=\"heading.default\">\n\t\t\t\t<div class=\"elementor-widget-container\">\n\t\t\t\t\t<h2 class=\"elementor-heading-title elementor-size-default\"><a href=\"https:\/\/artapartamento.com\/artistas\/nacho-martin-silva\/\">DIANA FONSECA<\/a><\/h2>\t\t\t\t<\/div>\n\t\t\t\t<\/div>\n\t\t\t\t<div class=\"elementor-element elementor-element-adc400b elementor-widget elementor-widget-text-editor\" data-id=\"adc400b\" data-element_type=\"widget\" data-e-type=\"widget\" data-widget_type=\"text-editor.default\">\n\t\t\t\t<div class=\"elementor-widget-container\">\n\t\t\t\t\t\t\t\t\t<p class=\"p1\"><span class=\"s1\">De la serie <\/span><i>Tentaci\u00f3n Consumaci\u00f3n<\/i><span class=\"s1\">, 2025<\/span><br>D\u00edptico \/ Cerillas sobre madera<br>155 x 155 cm (61 x 61 in) c\/u<\/p>\t\t\t\t\t\t\t\t<\/div>\n\t\t\t\t<\/div>\n\t\t\t\t<div class=\"elementor-element elementor-element-2d9372b elementor-widget elementor-widget-text-editor\" data-id=\"2d9372b\" data-element_type=\"widget\" data-e-type=\"widget\" data-widget_type=\"text-editor.default\">\n\t\t\t\t<div class=\"elementor-widget-container\">\n\t\t\t\t\t\t\t\t\t<p class=\"p1\">Diana Fonseca es una artista avocada al desmontaje, casi obsesivo, de las cosas simples y los sucesos cotidianos que le rodean. Quiz\u00e1 por ello, o debido a la propensi\u00f3n l\u00edrica de su obra, atrapa im\u00e1genes variadas de la realidad y las interconecta a partir de discursos que hablan de la vida contempor\u00e1nea y su saturaci\u00f3n visual, del vac\u00edo y la banalidad, de lo liviano y lo entra\u00f1able. Desde un posicionamiento cercano al del editor cinematogr\u00e1fico, el trabajo de Fonseca opera a modo de collage, especie de mosaico palimps\u00e9stico en donde realidad y ficci\u00f3n van de la mano. Para ella, resulta fundamental poner en crisis nuestros mecanismos perceptivos (por qu\u00e9 vemos lo que vemos) y el modo en que se elaboran los discursos en torno a lo real (por qu\u00e9 decimos lo que decimos). Basada en estos principios, Diana se aproxima, sin miedos, a las est\u00e9ticas minimalistas, a la noci\u00f3n de lo inacabado, a la manufactura y a la simpleza de las visualidades que ponen \u00e9nfasis en la gestualidad frente a la contundencia de los relatos totalizantes.<\/p>\t\t\t\t\t\t\t\t<\/div>\n\t\t\t\t<\/div>\n\t\t\t\t<div class=\"elementor-element elementor-element-22da659 elementor-align-left elementor-widget elementor-widget-button\" data-id=\"22da659\" data-element_type=\"widget\" data-e-type=\"widget\" data-widget_type=\"button.default\">\n\t\t\t\t<div class=\"elementor-widget-container\">\n\t\t\t\t\t\t\t\t\t<div class=\"elementor-button-wrapper\">\n\t\t\t\t\t<a class=\"elementor-button elementor-button-link elementor-size-sm\" href=\"mailto:info@artapartamento.com?subject=Inquiry%3A%20Roberto%20Diago%20(RD-202316)\">\n\t\t\t\t\t\t<span class=\"elementor-button-content-wrapper\">\n\t\t\t\t\t\t\t\t\t<span class=\"elementor-button-text\">Inquiry<\/span>\n\t\t\t\t\t<\/span>\n\t\t\t\t\t<\/a>\n\t\t\t\t<\/div>\n\t\t\t\t\t\t\t\t<\/div>\n\t\t\t\t<\/div>\n\t\t\t\t<\/div>\n\t\t\t\t<\/div>\n\t\t<div class=\"elementor-element elementor-element-e43ca2f e-con-full e-flex e-con e-parent\" data-id=\"e43ca2f\" data-element_type=\"container\" data-e-type=\"container\" data-settings=\"{&quot;background_background&quot;:&quot;classic&quot;}\">\n\t\t\t\t<div class=\"elementor-element elementor-element-e35e769 animated-slow elementor-invisible elementor-widget elementor-widget-image\" data-id=\"e35e769\" data-element_type=\"widget\" data-e-type=\"widget\" data-settings=\"{&quot;_animation&quot;:&quot;fadeInUp&quot;}\" data-widget_type=\"image.default\">\n\t\t\t\t<div class=\"elementor-widget-container\">\n\t\t\t\t\t\t\t\t\t\t\t\t\t\t\t<img loading=\"lazy\" decoding=\"async\" width=\"2176\" height=\"1400\" src=\"https:\/\/artapartamento.com\/wp-content\/uploads\/2025\/03\/ALEX-Y-ARIAMNA-scaled.jpg-e1743076831630.webp\" class=\"attachment-full size-full wp-image-14711\" alt=\"ALEX HERN\u00c1NDEZ y\" srcset=\"https:\/\/artapartamento.com\/wp-content\/uploads\/2025\/03\/ALEX-Y-ARIAMNA-scaled.jpg-e1743076831630.webp 2176w, https:\/\/artapartamento.com\/wp-content\/uploads\/2025\/03\/ALEX-Y-ARIAMNA-scaled.jpg-e1743076831630-300x193.webp 300w, https:\/\/artapartamento.com\/wp-content\/uploads\/2025\/03\/ALEX-Y-ARIAMNA-scaled.jpg-e1743076831630-1024x659.webp 1024w, https:\/\/artapartamento.com\/wp-content\/uploads\/2025\/03\/ALEX-Y-ARIAMNA-scaled.jpg-e1743076831630-768x494.webp 768w, https:\/\/artapartamento.com\/wp-content\/uploads\/2025\/03\/ALEX-Y-ARIAMNA-scaled.jpg-e1743076831630-1536x988.webp 1536w, https:\/\/artapartamento.com\/wp-content\/uploads\/2025\/03\/ALEX-Y-ARIAMNA-scaled.jpg-e1743076831630-2048x1318.webp 2048w, https:\/\/artapartamento.com\/wp-content\/uploads\/2025\/03\/ALEX-Y-ARIAMNA-scaled.jpg-e1743076831630-18x12.webp 18w\" sizes=\"(max-width: 2176px) 100vw, 2176px\" \/>\t\t\t\t\t\t\t\t\t\t\t\t\t\t\t<\/div>\n\t\t\t\t<\/div>\n\t\t\t\t<\/div>\n\t\t<div class=\"elementor-element elementor-element-0a32d64 e-con-full e-flex e-con e-parent\" data-id=\"0a32d64\" data-element_type=\"container\" data-e-type=\"container\" data-settings=\"{&quot;background_background&quot;:&quot;classic&quot;}\">\n\t\t<div class=\"elementor-element elementor-element-240849c e-con-full e-flex e-con e-child\" data-id=\"240849c\" data-element_type=\"container\" data-e-type=\"container\">\n\t\t\t\t<div class=\"elementor-element elementor-element-f6fbad3 elementor-widget elementor-widget-image-carousel\" data-id=\"f6fbad3\" data-element_type=\"widget\" data-e-type=\"widget\" data-settings=\"{&quot;slides_to_show&quot;:&quot;1&quot;,&quot;navigation&quot;:&quot;none&quot;,&quot;autoplay&quot;:&quot;yes&quot;,&quot;pause_on_hover&quot;:&quot;yes&quot;,&quot;pause_on_interaction&quot;:&quot;yes&quot;,&quot;autoplay_speed&quot;:5000,&quot;infinite&quot;:&quot;yes&quot;,&quot;effect&quot;:&quot;slide&quot;,&quot;speed&quot;:500}\" data-widget_type=\"image-carousel.default\">\n\t\t\t\t<div class=\"elementor-widget-container\">\n\t\t\t\t\t\t\t<div class=\"elementor-image-carousel-wrapper swiper\" role=\"region\" aria-roledescription=\"carousel\" aria-label=\"Carrusel de im\u00e1genes\" dir=\"ltr\">\n\t\t\t<div class=\"elementor-image-carousel swiper-wrapper swiper-image-stretch\" aria-live=\"off\">\n\t\t\t\t\t\t\t\t<div class=\"swiper-slide\" role=\"group\" aria-roledescription=\"slide\" aria-label=\"1 \u7684 1\"><a data-elementor-open-lightbox=\"yes\" data-elementor-lightbox-slideshow=\"f6fbad3\" data-e-action-hash=\"#elementor-action%3Aaction%3Dlightbox%26settings%3DeyJpZCI6MTUwMzYsInVybCI6Imh0dHBzOlwvXC9hcnRhcGFydGFtZW50by5jb21cL3dwLWNvbnRlbnRcL3VwbG9hZHNcLzIwMjVcLzAzXC9EU0M2NTU5LXNjYWxlZC5qcGVnLndlYnAiLCJzbGlkZXNob3ciOiJmNmZiYWQzIn0%3D\" href=\"https:\/\/artapartamento.com\/wp-content\/uploads\/2025\/03\/DSC6559-scaled.jpeg.webp\"><figure class=\"swiper-slide-inner\"><img decoding=\"async\" class=\"swiper-slide-image\" src=\"https:\/\/artapartamento.com\/wp-content\/uploads\/2025\/03\/DSC6559-scaled.jpeg.webp\" alt=\"Alex y Ariamna\" \/><\/figure><\/a><\/div>\t\t\t<\/div>\n\t\t\t\t\t<\/div>\n\t\t\t\t\t\t<\/div>\n\t\t\t\t<\/div>\n\t\t\t\t<\/div>\n\t\t<div class=\"elementor-element elementor-element-b8a254f e-con-full e-flex e-con e-child\" data-id=\"b8a254f\" data-element_type=\"container\" data-e-type=\"container\">\n\t\t\t\t<div class=\"elementor-element elementor-element-6d2ff16 elementor-widget elementor-widget-heading\" data-id=\"6d2ff16\" data-element_type=\"widget\" data-e-type=\"widget\" data-widget_type=\"heading.default\">\n\t\t\t\t<div class=\"elementor-widget-container\">\n\t\t\t\t\t<h2 class=\"elementor-heading-title elementor-size-default\"><a href=\"https:\/\/artapartamento.com\/artistas\/nacho-martin-silva\/\">ALEX HERN\u00c1NDEZ &amp; Ariamna Contino<\/a><\/h2>\t\t\t\t<\/div>\n\t\t\t\t<\/div>\n\t\t\t\t<div class=\"elementor-element elementor-element-42adfec elementor-widget elementor-widget-text-editor\" data-id=\"42adfec\" data-element_type=\"widget\" data-e-type=\"widget\" data-widget_type=\"text-editor.default\">\n\t\t\t\t<div class=\"elementor-widget-container\">\n\t\t\t\t\t\t\t\t\t<p class=\"p1\"><i>Cartograf\u00eda total, Evoluci\u00f3n anual <\/i><i>de los incendios forestales Espa\u00f1a<\/i><span class=\"s1\">, 2025<\/span><br>Papel calado a mano \/ Cartulinas CansonMontval 300 g y Fabriano, libre de \u00e1cido<br> 153 x 203 cm (60.2 x 79.9 in)<\/p>\n\n<br>Evoluci\u00f3n anual de los incendios forestales en\nEspa\u00f1a desde 2012 a 2022.\nTipos de paisajes agrarios por zona\ngeogr\u00e1fica. Valores de precipitaciones\nmedios en 2024 por comunidades.\t\t\t\t\t\t\t\t<\/div>\n\t\t\t\t<\/div>\n\t\t\t\t<div class=\"elementor-element elementor-element-62b1aef elementor-widget elementor-widget-text-editor\" data-id=\"62b1aef\" data-element_type=\"widget\" data-e-type=\"widget\" data-widget_type=\"text-editor.default\">\n\t\t\t\t<div class=\"elementor-widget-container\">\n\t\t\t\t\t\t\t\t\t<p class=\"p1\">La metodolog\u00eda de trabajo que aplicamos en nuestras obras m\u00e1s recientes se deriva de transpolar al campo del arte elementos de la ciencia. Nos obsesionan cuestiones fundamentales para el desarrollo de las sociedades contempor\u00e1neas: la salud ambiental del planeta, el equilibrio de las formaciones sociales, el movimiento y las dis\u00edmiles din\u00e1micas del ser humano, entre otras. La estad\u00edstica juega un rol decisivo en nuestras investigaciones. En muchas osaciones nuestro punto de partida es una determinada fuente estad\u00edstica; pero en las \u00faltimas experiencias art\u00edsticas hemos desarrollado trabajo de campo y generado nuestras propias estad\u00edsticas, fruto de nuestra propia observaci\u00f3n. Luego esas estad\u00edsticas moldean las obras y las determinan formal y conceptualmente. Una visi\u00f3n global de nuestras obras puede reflejar la peculiar manera en la que las concebimos: como un paisaje (nos referimos aqu\u00ed exactamente al concepto esbozado por la te\u00f3rica Rosalind Krauss al hablar sobre la escultura expandida). Para nosotros nuestros paisajes son, en realidad, un ejercicio de cartograf\u00eda total, en la cual priman la documentaci\u00f3n y\/o registro f\u00edsico y simb\u00f3lico de determinados acontecimientos biopsicosociales.<\/p>\t\t\t\t\t\t\t\t<\/div>\n\t\t\t\t<\/div>\n\t\t\t\t<div class=\"elementor-element elementor-element-fad94ad elementor-align-left elementor-widget elementor-widget-button\" data-id=\"fad94ad\" data-element_type=\"widget\" data-e-type=\"widget\" data-widget_type=\"button.default\">\n\t\t\t\t<div class=\"elementor-widget-container\">\n\t\t\t\t\t\t\t\t\t<div class=\"elementor-button-wrapper\">\n\t\t\t\t\t<a class=\"elementor-button elementor-button-link elementor-size-sm\" href=\"mailto:info@artapartamento.com?subject=Inquiry%3A%20Roberto%20Diago%20(RD-202316)\">\n\t\t\t\t\t\t<span class=\"elementor-button-content-wrapper\">\n\t\t\t\t\t\t\t\t\t<span class=\"elementor-button-text\">Inquiry<\/span>\n\t\t\t\t\t<\/span>\n\t\t\t\t\t<\/a>\n\t\t\t\t<\/div>\n\t\t\t\t\t\t\t\t<\/div>\n\t\t\t\t<\/div>\n\t\t\t\t<\/div>\n\t\t\t\t<\/div>\n\t\t\t\t<\/div>\n\t\t","protected":false},"excerpt":{"rendered":"<p>Jos\u00e9 Bedia &#8211; Los Brav\u00fa &#8211; Ariamna Contino &#8211; Roberto Diago &#8211; Leandro Feal &#8211; Diana Fonseca &#8211; Alex Hern\u00e1ndez y Ariamna Contino &#8211; Miki Leal &#8211; Eduardo Ponju\u00e1n &#8211; Reynier Leyva Novo <\/p>\n<p>2025 \u5e74 3 \u6708 6-10 \u65e5<\/p>","protected":false},"author":1,"featured_media":14644,"parent":27,"menu_order":0,"comment_status":"closed","ping_status":"closed","template":"","meta":{"_acf_changed":false,"footnotes":"","_links_to":"","_links_to_target":""},"categories":[21],"tags":[91],"class_list":["post-14643","page","type-page","status-publish","has-post-thumbnail","hentry","category-ferias","tag-feria-2025","post","post-with-thumbnail","post-with-thumbnail-large"],"acf":[],"aioseo_notices":[],"_links":{"self":[{"href":"https:\/\/artapartamento.com\/zh\/wp-json\/wp\/v2\/pages\/14643","targetHints":{"allow":["GET"]}}],"collection":[{"href":"https:\/\/artapartamento.com\/zh\/wp-json\/wp\/v2\/pages"}],"about":[{"href":"https:\/\/artapartamento.com\/zh\/wp-json\/wp\/v2\/types\/page"}],"author":[{"embeddable":true,"href":"https:\/\/artapartamento.com\/zh\/wp-json\/wp\/v2\/users\/1"}],"replies":[{"embeddable":true,"href":"https:\/\/artapartamento.com\/zh\/wp-json\/wp\/v2\/comments?post=14643"}],"version-history":[{"count":0,"href":"https:\/\/artapartamento.com\/zh\/wp-json\/wp\/v2\/pages\/14643\/revisions"}],"up":[{"embeddable":true,"href":"https:\/\/artapartamento.com\/zh\/wp-json\/wp\/v2\/pages\/27"}],"wp:featuredmedia":[{"embeddable":true,"href":"https:\/\/artapartamento.com\/zh\/wp-json\/wp\/v2\/media\/14644"}],"wp:attachment":[{"href":"https:\/\/artapartamento.com\/zh\/wp-json\/wp\/v2\/media?parent=14643"}],"wp:term":[{"taxonomy":"category","embeddable":true,"href":"https:\/\/artapartamento.com\/zh\/wp-json\/wp\/v2\/categories?post=14643"},{"taxonomy":"post_tag","embeddable":true,"href":"https:\/\/artapartamento.com\/zh\/wp-json\/wp\/v2\/tags?post=14643"}],"curies":[{"name":"wp","href":"https:\/\/api.w.org\/{rel}","templated":true}]}}