{"id":4212,"date":"2016-02-25T14:52:00","date_gmt":"2016-02-25T13:52:00","guid":{"rendered":"https:\/\/artapartamento.com\/?page_id=4212"},"modified":"2023-10-25T15:14:51","modified_gmt":"2023-10-25T13:14:51","slug":"preocupacoes","status":"publish","type":"page","link":"https:\/\/artapartamento.com\/pt\/exposiciones\/las-preocupaciones\/","title":{"rendered":"Las preocupaciones"},"content":{"rendered":"\t\t<div data-elementor-type=\"wp-page\" data-elementor-id=\"4212\" class=\"elementor elementor-4212\" data-elementor-post-type=\"page\">\n\t\t\t\t<div class=\"elementor-element elementor-element-6d4a4492 e-con-full e-flex e-con e-parent\" data-id=\"6d4a4492\" data-element_type=\"container\" data-e-type=\"container\" data-settings=\"{&quot;background_background&quot;:&quot;classic&quot;}\">\n\t\t<div class=\"elementor-element elementor-element-2072bf92 e-con-full e-flex e-con e-child\" data-id=\"2072bf92\" data-element_type=\"container\" data-e-type=\"container\">\n\t\t\t\t<div class=\"elementor-element elementor-element-67db5ed1 elementor-invisible elementor-widget elementor-widget-heading\" data-id=\"67db5ed1\" data-element_type=\"widget\" data-e-type=\"widget\" data-settings=\"{&quot;_animation&quot;:&quot;fadeInUp&quot;}\" data-widget_type=\"heading.default\">\n\t\t\t\t<div class=\"elementor-widget-container\">\n\t\t\t\t\t<h2 class=\"elementor-heading-title elementor-size-default\">las preocupaciones<\/h2>\t\t\t\t<\/div>\n\t\t\t\t<\/div>\n\t\t\t\t<div class=\"elementor-element elementor-element-6064b1ec elementor-invisible elementor-widget elementor-widget-heading\" data-id=\"6064b1ec\" data-element_type=\"widget\" data-e-type=\"widget\" data-settings=\"{&quot;_animation&quot;:&quot;fadeInUp&quot;}\" data-widget_type=\"heading.default\">\n\t\t\t\t<div class=\"elementor-widget-container\">\n\t\t\t\t\t<h2 class=\"elementor-heading-title elementor-size-default\">Ezequiel Su\u00e1rez\n<\/h2>\t\t\t\t<\/div>\n\t\t\t\t<\/div>\n\t\t\t\t<div class=\"elementor-element elementor-element-20c840f3 elementor-invisible elementor-widget elementor-widget-text-editor\" data-id=\"20c840f3\" data-element_type=\"widget\" data-e-type=\"widget\" data-settings=\"{&quot;_animation&quot;:&quot;fadeInUp&quot;}\" data-widget_type=\"text-editor.default\">\n\t\t\t\t<div class=\"elementor-widget-container\">\n\t\t\t\t\t\t\t\t\t<p>Febrero &#8211; Abril 2016<\/p><p class=\"title-place\">El Apartamento, La Habana<\/p>\t\t\t\t\t\t\t\t<\/div>\n\t\t\t\t<\/div>\n\t\t\t\t<\/div>\n\t\t\t\t<\/div>\n\t\t<div class=\"elementor-element elementor-element-1c06345c e-con-full e-flex e-con e-parent\" data-id=\"1c06345c\" data-element_type=\"container\" data-e-type=\"container\" data-settings=\"{&quot;background_background&quot;:&quot;classic&quot;}\">\n\t\t\t\t<div class=\"elementor-element elementor-element-60058d7e animated-slow elementor-invisible elementor-widget elementor-widget-image\" data-id=\"60058d7e\" data-element_type=\"widget\" data-e-type=\"widget\" data-settings=\"{&quot;_animation&quot;:&quot;fadeInUp&quot;}\" data-widget_type=\"image.default\">\n\t\t\t\t<div class=\"elementor-widget-container\">\n\t\t\t\t\t\t\t\t\t\t\t\t\t\t\t<img fetchpriority=\"high\" decoding=\"async\" width=\"880\" height=\"578\" src=\"https:\/\/artapartamento.com\/wp-content\/uploads\/2023\/10\/Las-preocupaciones-espacio-3.png\" class=\"attachment-full size-full wp-image-4221\" alt=\"Las preocupaciones\" srcset=\"https:\/\/artapartamento.com\/wp-content\/uploads\/2023\/10\/Las-preocupaciones-espacio-3.png 880w, https:\/\/artapartamento.com\/wp-content\/uploads\/2023\/10\/Las-preocupaciones-espacio-3-300x197.png 300w, https:\/\/artapartamento.com\/wp-content\/uploads\/2023\/10\/Las-preocupaciones-espacio-3-768x504.png 768w, https:\/\/artapartamento.com\/wp-content\/uploads\/2023\/10\/Las-preocupaciones-espacio-3-18x12.png 18w\" sizes=\"(max-width: 880px) 100vw, 880px\" \/>\t\t\t\t\t\t\t\t\t\t\t\t\t\t\t<\/div>\n\t\t\t\t<\/div>\n\t\t\t\t<\/div>\n\t\t<div class=\"elementor-element elementor-element-2a3e1426 e-con-full e-flex e-con e-parent\" data-id=\"2a3e1426\" data-element_type=\"container\" data-e-type=\"container\" data-settings=\"{&quot;background_background&quot;:&quot;classic&quot;}\">\n\t\t<div class=\"elementor-element elementor-element-33d746dd elementor-hidden-mobile e-flex e-con-boxed e-con e-child\" data-id=\"33d746dd\" data-element_type=\"container\" data-e-type=\"container\">\n\t\t\t\t\t<div class=\"e-con-inner\">\n\t\t\t\t<div class=\"elementor-element elementor-element-1cb18fc7 elementor-widget elementor-widget-image\" data-id=\"1cb18fc7\" data-element_type=\"widget\" data-e-type=\"widget\" data-settings=\"{&quot;motion_fx_motion_fx_scrolling&quot;:&quot;yes&quot;,&quot;motion_fx_translateX_effect&quot;:&quot;yes&quot;,&quot;motion_fx_translateX_direction&quot;:&quot;negative&quot;,&quot;motion_fx_translateX_speed&quot;:{&quot;unit&quot;:&quot;px&quot;,&quot;size&quot;:1.5,&quot;sizes&quot;:[]},&quot;motion_fx_translateX_affectedRange&quot;:{&quot;unit&quot;:&quot;%&quot;,&quot;size&quot;:&quot;&quot;,&quot;sizes&quot;:{&quot;start&quot;:0,&quot;end&quot;:50}},&quot;sticky&quot;:&quot;top&quot;,&quot;sticky_on&quot;:[&quot;desktop&quot;,&quot;tablet&quot;],&quot;sticky_offset_tablet&quot;:70,&quot;sticky_parent&quot;:&quot;yes&quot;,&quot;motion_fx_devices&quot;:[&quot;desktop&quot;,&quot;tablet&quot;,&quot;mobile&quot;],&quot;sticky_offset&quot;:0,&quot;sticky_effects_offset&quot;:0,&quot;sticky_anchor_link_offset&quot;:0}\" data-widget_type=\"image.default\">\n\t\t\t\t<div class=\"elementor-widget-container\">\n\t\t\t\t\t\t\t\t\t\t\t\t\t\t\t<img decoding=\"async\" width=\"1141\" height=\"749\" src=\"https:\/\/artapartamento.com\/wp-content\/uploads\/2023\/10\/Las-preocupaciones-espacio-1.png\" class=\"attachment-full size-full wp-image-4219\" alt=\"Las preocupaciones\" srcset=\"https:\/\/artapartamento.com\/wp-content\/uploads\/2023\/10\/Las-preocupaciones-espacio-1.png 1141w, https:\/\/artapartamento.com\/wp-content\/uploads\/2023\/10\/Las-preocupaciones-espacio-1-300x197.png 300w, https:\/\/artapartamento.com\/wp-content\/uploads\/2023\/10\/Las-preocupaciones-espacio-1-1024x672.png 1024w, https:\/\/artapartamento.com\/wp-content\/uploads\/2023\/10\/Las-preocupaciones-espacio-1-768x504.png 768w, https:\/\/artapartamento.com\/wp-content\/uploads\/2023\/10\/Las-preocupaciones-espacio-1-18x12.png 18w\" sizes=\"(max-width: 1141px) 100vw, 1141px\" \/>\t\t\t\t\t\t\t\t\t\t\t\t\t\t\t<\/div>\n\t\t\t\t<\/div>\n\t\t\t\t\t<\/div>\n\t\t\t\t<\/div>\n\t\t<div class=\"elementor-element elementor-element-554a8c0b e-flex e-con-boxed e-con e-child\" data-id=\"554a8c0b\" data-element_type=\"container\" data-e-type=\"container\">\n\t\t\t\t\t<div class=\"e-con-inner\">\n\t\t\t\t<div class=\"elementor-element elementor-element-31928a0c elementor-widget elementor-widget-text-editor\" data-id=\"31928a0c\" data-element_type=\"widget\" data-e-type=\"widget\" data-settings=\"{&quot;sticky&quot;:&quot;top&quot;,&quot;sticky_on&quot;:[&quot;desktop&quot;],&quot;sticky_parent&quot;:&quot;yes&quot;,&quot;sticky_offset&quot;:70,&quot;sticky_effects_offset&quot;:0,&quot;sticky_anchor_link_offset&quot;:0}\" data-widget_type=\"text-editor.default\">\n\t\t\t\t<div class=\"elementor-widget-container\">\n\t\t\t\t\t\t\t\t\tEl breve lapso de 11 a\u00f1os, dos p\u00fablicos y una mirada<br>\nP\u00fablico local (El que prefiere mirar)\nTe puede gustar o lo puedes odiar, pero Ezequiel Su\u00e1rez es una instituci\u00f3n en el arte cubano. \u00c9l en s\u00ed mismo primero, y a un mismo nivel, su obra. No s\u00e9 si llegar\u00e1 al MOMA, o al Pompidou, y tampoco importa. No se puede obviar, no se puede desechar, no se puede silenciar.<br><br>\n\nEs como una caja negra que registra todo, y puede estar perdido (o en Jag\u00fcey), pero siempre se\/lo encuentra. Como dijo recientemente Mundo \u201c(\u2026) si te interesa me llamas y te explico q tiene dentro nadamas te digo q lo tiras para la autopista y sales de la habana asta matansas sin quitarle la mano 50klom por ora y no se calienta y muy economico. (\u2026)(1)\u201d<br><br>\n\nY luego est\u00e1n sus textos, adoquines de poes\u00eda a la cara de los ignorantes. Queda claro que nos sentimos identificados. Como dir\u00eda el poeta, es una cuesti\u00f3n de actitud.<br><br>\n\nLillebit Fadraga<br>\n\nLa Habana, 2016\t\t\t\t\t\t\t\t<\/div>\n\t\t\t\t<\/div>\n\t\t\t\t<div class=\"elementor-element elementor-element-4ddff896 elementor-hidden-desktop elementor-hidden-tablet elementor-widget elementor-widget-image\" data-id=\"4ddff896\" data-element_type=\"widget\" data-e-type=\"widget\" data-widget_type=\"image.default\">\n\t\t\t\t<div class=\"elementor-widget-container\">\n\t\t\t\t\t\t\t\t\t\t\t\t\t\t\t<img decoding=\"async\" width=\"1141\" height=\"749\" src=\"https:\/\/artapartamento.com\/wp-content\/uploads\/2023\/10\/Las-preocupaciones-espacio-1.png\" class=\"attachment-full size-full wp-image-4219\" alt=\"Las preocupaciones\" srcset=\"https:\/\/artapartamento.com\/wp-content\/uploads\/2023\/10\/Las-preocupaciones-espacio-1.png 1141w, https:\/\/artapartamento.com\/wp-content\/uploads\/2023\/10\/Las-preocupaciones-espacio-1-300x197.png 300w, https:\/\/artapartamento.com\/wp-content\/uploads\/2023\/10\/Las-preocupaciones-espacio-1-1024x672.png 1024w, https:\/\/artapartamento.com\/wp-content\/uploads\/2023\/10\/Las-preocupaciones-espacio-1-768x504.png 768w, https:\/\/artapartamento.com\/wp-content\/uploads\/2023\/10\/Las-preocupaciones-espacio-1-18x12.png 18w\" sizes=\"(max-width: 1141px) 100vw, 1141px\" \/>\t\t\t\t\t\t\t\t\t\t\t\t\t\t\t<\/div>\n\t\t\t\t<\/div>\n\t\t\t\t\t<\/div>\n\t\t\t\t<\/div>\n\t\t\t\t<\/div>\n\t\t<div class=\"elementor-element elementor-element-664fba5e e-con-full e-flex e-con e-parent\" data-id=\"664fba5e\" data-element_type=\"container\" data-e-type=\"container\" data-settings=\"{&quot;background_background&quot;:&quot;classic&quot;}\">\n\t\t<div class=\"elementor-element elementor-element-365a67d1 e-con-full e-flex e-con e-child\" data-id=\"365a67d1\" data-element_type=\"container\" data-e-type=\"container\" data-settings=\"{&quot;background_background&quot;:&quot;classic&quot;}\">\n\t\t\t\t<div class=\"elementor-element elementor-element-2c042ffd elementor-invisible elementor-widget elementor-widget-heading\" data-id=\"2c042ffd\" data-element_type=\"widget\" data-e-type=\"widget\" data-settings=\"{&quot;_animation&quot;:&quot;fadeInUp&quot;}\" data-widget_type=\"heading.default\">\n\t\t\t\t<div class=\"elementor-widget-container\">\n\t\t\t\t\t<h2 class=\"elementor-heading-title elementor-size-default\">obras<\/h2>\t\t\t\t<\/div>\n\t\t\t\t<\/div>\n\t\t\t\t<\/div>\n\t\t\t\t<\/div>\n\t\t<div class=\"elementor-element elementor-element-4a838668 e-con-full e-flex e-con e-parent\" data-id=\"4a838668\" data-element_type=\"container\" data-e-type=\"container\" data-settings=\"{&quot;background_background&quot;:&quot;classic&quot;}\">\n\t\t<div class=\"elementor-element elementor-element-479d971e e-flex e-con-boxed elementor-invisible e-con e-child\" data-id=\"479d971e\" data-element_type=\"container\" data-e-type=\"container\" data-settings=\"{&quot;animation&quot;:&quot;fadeInUp&quot;}\">\n\t\t\t\t\t<div class=\"e-con-inner\">\n\t\t\t\t<div class=\"elementor-element elementor-element-40c8e2a0 elementor-widget elementor-widget-image\" data-id=\"40c8e2a0\" data-element_type=\"widget\" data-e-type=\"widget\" data-widget_type=\"image.default\">\n\t\t\t\t<div class=\"elementor-widget-container\">\n\t\t\t\t\t\t\t\t\t\t\t\t\t\t\t\t<a href=\"https:\/\/artapartamento.com\/wp-content\/uploads\/2023\/10\/Las-preocupaciones-2.png\" data-elementor-open-lightbox=\"yes\" data-e-action-hash=\"#elementor-action%3Aaction%3Dlightbox%26settings%3DeyJpZCI6NDIxNCwidXJsIjoiaHR0cHM6XC9cL2FydGFwYXJ0YW1lbnRvLmNvbVwvd3AtY29udGVudFwvdXBsb2Fkc1wvMjAyM1wvMTBcL0xhcy1wcmVvY3VwYWNpb25lcy0yLnBuZyJ9\">\n\t\t\t\t\t\t\t<img decoding=\"async\" width=\"404\" height=\"578\" src=\"https:\/\/artapartamento.com\/wp-content\/uploads\/2023\/10\/Las-preocupaciones-2.png\" class=\"attachment-full size-full wp-image-4214\" alt=\"Ezequiel Su\u00e1rez\" srcset=\"https:\/\/artapartamento.com\/wp-content\/uploads\/2023\/10\/Las-preocupaciones-2.png 404w, https:\/\/artapartamento.com\/wp-content\/uploads\/2023\/10\/Las-preocupaciones-2-210x300.png 210w, https:\/\/artapartamento.com\/wp-content\/uploads\/2023\/10\/Las-preocupaciones-2-8x12.png 8w\" sizes=\"(max-width: 404px) 100vw, 404px\" \/>\t\t\t\t\t\t\t\t<\/a>\n\t\t\t\t\t\t\t\t\t\t\t\t\t\t\t<\/div>\n\t\t\t\t<\/div>\n\t\t\t\t<div class=\"elementor-element elementor-element-707e3ba7 elementor-hidden-desktop elementor-hidden-tablet elementor-widget elementor-widget-text-editor\" data-id=\"707e3ba7\" data-element_type=\"widget\" data-e-type=\"widget\" data-widget_type=\"text-editor.default\">\n\t\t\t\t<div class=\"elementor-widget-container\">\n\t\t\t\t\t\t\t\t\tSi tu eres artista vamos a sufrir (if you\nare artist we are going to suffer), 2009-2016<br>\nacumulaci\u00f3n de objetos de colecci\u00f3n\npersonal del artista en maleta y graffiti sobre\npared<br>\nDimensiones variables\t\t\t\t\t\t\t\t<\/div>\n\t\t\t\t<\/div>\n\t\t\t\t\t<\/div>\n\t\t\t\t<\/div>\n\t\t<div class=\"elementor-element elementor-element-3d45389f e-flex e-con-boxed elementor-invisible e-con e-child\" data-id=\"3d45389f\" data-element_type=\"container\" data-e-type=\"container\" data-settings=\"{&quot;animation&quot;:&quot;fadeInUp&quot;}\">\n\t\t\t\t\t<div class=\"e-con-inner\">\n\t\t\t\t<div class=\"elementor-element elementor-element-470029fb elementor-widget elementor-widget-image\" data-id=\"470029fb\" data-element_type=\"widget\" data-e-type=\"widget\" data-widget_type=\"image.default\">\n\t\t\t\t<div class=\"elementor-widget-container\">\n\t\t\t\t\t\t\t\t\t\t\t\t\t\t\t\t<a href=\"https:\/\/artapartamento.com\/wp-content\/uploads\/2023\/10\/Las-preocupaciones-3.png\" data-elementor-open-lightbox=\"yes\" data-e-action-hash=\"#elementor-action%3Aaction%3Dlightbox%26settings%3DeyJpZCI6NDIxNSwidXJsIjoiaHR0cHM6XC9cL2FydGFwYXJ0YW1lbnRvLmNvbVwvd3AtY29udGVudFwvdXBsb2Fkc1wvMjAyM1wvMTBcL0xhcy1wcmVvY3VwYWNpb25lcy0zLnBuZyJ9\">\n\t\t\t\t\t\t\t<img loading=\"lazy\" decoding=\"async\" width=\"543\" height=\"579\" src=\"https:\/\/artapartamento.com\/wp-content\/uploads\/2023\/10\/Las-preocupaciones-3.png\" class=\"attachment-full size-full wp-image-4215\" alt=\"Ezequiel Su\u00e1rez\" srcset=\"https:\/\/artapartamento.com\/wp-content\/uploads\/2023\/10\/Las-preocupaciones-3.png 543w, https:\/\/artapartamento.com\/wp-content\/uploads\/2023\/10\/Las-preocupaciones-3-281x300.png 281w, https:\/\/artapartamento.com\/wp-content\/uploads\/2023\/10\/Las-preocupaciones-3-11x12.png 11w\" sizes=\"(max-width: 543px) 100vw, 543px\" \/>\t\t\t\t\t\t\t\t<\/a>\n\t\t\t\t\t\t\t\t\t\t\t\t\t\t\t<\/div>\n\t\t\t\t<\/div>\n\t\t\t\t<div class=\"elementor-element elementor-element-16b5505d elementor-hidden-desktop elementor-hidden-tablet elementor-widget elementor-widget-text-editor\" data-id=\"16b5505d\" data-element_type=\"widget\" data-e-type=\"widget\" data-widget_type=\"text-editor.default\">\n\t\t\t\t<div class=\"elementor-widget-container\">\n\t\t\t\t\t\t\t\t\tSi tu eres artista vamos a sufrir (if you\nare artist we are going to suffer), 2009-2016,\n(detalle)<br>\nacumulaci\u00f3n de objetos de colecci\u00f3n\npersonal del artista en maleta y grafiti sobre\npared<br>\nDimensiones variables\t\t\t\t\t\t\t\t<\/div>\n\t\t\t\t<\/div>\n\t\t\t\t\t<\/div>\n\t\t\t\t<\/div>\n\t\t<div class=\"elementor-element elementor-element-6d85d2e6 e-flex e-con-boxed elementor-invisible e-con e-child\" data-id=\"6d85d2e6\" data-element_type=\"container\" data-e-type=\"container\" data-settings=\"{&quot;animation&quot;:&quot;fadeInUp&quot;}\">\n\t\t\t\t\t<div class=\"e-con-inner\">\n\t\t\t\t<div class=\"elementor-element elementor-element-a53d770 elementor-widget elementor-widget-image\" data-id=\"a53d770\" data-element_type=\"widget\" data-e-type=\"widget\" data-widget_type=\"image.default\">\n\t\t\t\t<div class=\"elementor-widget-container\">\n\t\t\t\t\t\t\t\t\t\t\t\t\t\t\t\t<a href=\"https:\/\/artapartamento.com\/wp-content\/uploads\/2023\/10\/Las-preocupaciones-4.png\" data-elementor-open-lightbox=\"yes\" data-e-action-hash=\"#elementor-action%3Aaction%3Dlightbox%26settings%3DeyJpZCI6NDIxNiwidXJsIjoiaHR0cHM6XC9cL2FydGFwYXJ0YW1lbnRvLmNvbVwvd3AtY29udGVudFwvdXBsb2Fkc1wvMjAyM1wvMTBcL0xhcy1wcmVvY3VwYWNpb25lcy00LnBuZyJ9\">\n\t\t\t\t\t\t\t<img loading=\"lazy\" decoding=\"async\" width=\"616\" height=\"464\" src=\"https:\/\/artapartamento.com\/wp-content\/uploads\/2023\/10\/Las-preocupaciones-4.png\" class=\"attachment-full size-full wp-image-4216\" alt=\"Ezequiel Su\u00e1rez\" srcset=\"https:\/\/artapartamento.com\/wp-content\/uploads\/2023\/10\/Las-preocupaciones-4.png 616w, https:\/\/artapartamento.com\/wp-content\/uploads\/2023\/10\/Las-preocupaciones-4-300x226.png 300w, https:\/\/artapartamento.com\/wp-content\/uploads\/2023\/10\/Las-preocupaciones-4-16x12.png 16w\" sizes=\"(max-width: 616px) 100vw, 616px\" \/>\t\t\t\t\t\t\t\t<\/a>\n\t\t\t\t\t\t\t\t\t\t\t\t\t\t\t<\/div>\n\t\t\t\t<\/div>\n\t\t\t\t<div class=\"elementor-element elementor-element-25c0201 elementor-hidden-desktop elementor-hidden-tablet elementor-widget elementor-widget-text-editor\" data-id=\"25c0201\" data-element_type=\"widget\" data-e-type=\"widget\" data-widget_type=\"text-editor.default\">\n\t\t\t\t<div class=\"elementor-widget-container\">\n\t\t\t\t\t\t\t\t\tEl paseo del hombre nuevo (The New\nMan walk), 2008, \n(detalle)<br>\n140 polaroids y caja de cart\u00f3n<br>\nDimensiones variables\t\t\t\t\t\t\t\t<\/div>\n\t\t\t\t<\/div>\n\t\t\t\t\t<\/div>\n\t\t\t\t<\/div>\n\t\t\t\t<\/div>\n\t\t<div class=\"elementor-element elementor-element-70629a58 e-con-full elementor-hidden-mobile e-flex e-con e-parent\" data-id=\"70629a58\" data-element_type=\"container\" data-e-type=\"container\" data-settings=\"{&quot;background_background&quot;:&quot;classic&quot;}\">\n\t\t<div class=\"elementor-element elementor-element-cd46a5e e-flex e-con-boxed elementor-invisible e-con e-child\" data-id=\"cd46a5e\" data-element_type=\"container\" data-e-type=\"container\" data-settings=\"{&quot;animation&quot;:&quot;fadeIn&quot;}\">\n\t\t\t\t\t<div class=\"e-con-inner\">\n\t\t\t\t<div class=\"elementor-element elementor-element-4f110283 elementor-widget elementor-widget-text-editor\" data-id=\"4f110283\" data-element_type=\"widget\" data-e-type=\"widget\" data-widget_type=\"text-editor.default\">\n\t\t\t\t<div class=\"elementor-widget-container\">\n\t\t\t\t\t\t\t\t\tSi tu eres artista vamos a sufrir (if you\nare artist we are going to suffer), 2009-2016<br>\nacumulaci\u00f3n de objetos de colecci\u00f3n\npersonal del artista en maleta y graffiti sobre\npared<br>\nDimensiones variables\t\t\t\t\t\t\t\t<\/div>\n\t\t\t\t<\/div>\n\t\t\t\t\t<\/div>\n\t\t\t\t<\/div>\n\t\t<div class=\"elementor-element elementor-element-44d5e6ef e-flex e-con-boxed elementor-invisible e-con e-child\" data-id=\"44d5e6ef\" data-element_type=\"container\" data-e-type=\"container\" data-settings=\"{&quot;animation&quot;:&quot;fadeIn&quot;}\">\n\t\t\t\t\t<div class=\"e-con-inner\">\n\t\t\t\t<div class=\"elementor-element elementor-element-5a02c43f elementor-widget elementor-widget-text-editor\" data-id=\"5a02c43f\" data-element_type=\"widget\" data-e-type=\"widget\" data-widget_type=\"text-editor.default\">\n\t\t\t\t<div class=\"elementor-widget-container\">\n\t\t\t\t\t\t\t\t\tSi tu eres artista vamos a sufrir (if you\nare artist we are going to suffer), 2009-2016,\n(detalle)<br>\nacumulaci\u00f3n de objetos de colecci\u00f3n\npersonal del artista en maleta y grafiti sobre\npared<br>\nDimensiones variables\t\t\t\t\t\t\t\t<\/div>\n\t\t\t\t<\/div>\n\t\t\t\t\t<\/div>\n\t\t\t\t<\/div>\n\t\t<div class=\"elementor-element elementor-element-74ab839a e-flex e-con-boxed elementor-invisible e-con e-child\" data-id=\"74ab839a\" data-element_type=\"container\" data-e-type=\"container\" data-settings=\"{&quot;animation&quot;:&quot;fadeIn&quot;}\">\n\t\t\t\t\t<div class=\"e-con-inner\">\n\t\t\t\t<div class=\"elementor-element elementor-element-316f5ace elementor-widget elementor-widget-text-editor\" data-id=\"316f5ace\" data-element_type=\"widget\" data-e-type=\"widget\" data-widget_type=\"text-editor.default\">\n\t\t\t\t<div class=\"elementor-widget-container\">\n\t\t\t\t\t\t\t\t\tEl paseo del hombre nuevo (The New\nMan walk), 2008, \n(detalle)<br>\n140 polaroids y caja de cart\u00f3n<br>\nDimensiones variables\t\t\t\t\t\t\t\t<\/div>\n\t\t\t\t<\/div>\n\t\t\t\t\t<\/div>\n\t\t\t\t<\/div>\n\t\t\t\t<\/div>\n\t\t<div class=\"elementor-element elementor-element-7fa59ff8 e-con-full e-flex e-con e-parent\" data-id=\"7fa59ff8\" data-element_type=\"container\" data-e-type=\"container\" data-settings=\"{&quot;background_background&quot;:&quot;classic&quot;}\">\n\t\t<div class=\"elementor-element elementor-element-7481d53f e-flex e-con-boxed elementor-invisible e-con e-child\" data-id=\"7481d53f\" data-element_type=\"container\" data-e-type=\"container\" data-settings=\"{&quot;animation&quot;:&quot;fadeInUp&quot;}\">\n\t\t\t\t\t<div class=\"e-con-inner\">\n\t\t\t\t<div class=\"elementor-element elementor-element-21096b56 elementor-widget elementor-widget-image\" data-id=\"21096b56\" data-element_type=\"widget\" data-e-type=\"widget\" data-widget_type=\"image.default\">\n\t\t\t\t<div class=\"elementor-widget-container\">\n\t\t\t\t\t\t\t\t\t\t\t\t\t\t\t\t<a href=\"https:\/\/artapartamento.com\/wp-content\/uploads\/2023\/10\/Las-preocupaciones-5.png\" data-elementor-open-lightbox=\"yes\" data-e-action-hash=\"#elementor-action%3Aaction%3Dlightbox%26settings%3DeyJpZCI6NDIxNywidXJsIjoiaHR0cHM6XC9cL2FydGFwYXJ0YW1lbnRvLmNvbVwvd3AtY29udGVudFwvdXBsb2Fkc1wvMjAyM1wvMTBcL0xhcy1wcmVvY3VwYWNpb25lcy01LnBuZyJ9\">\n\t\t\t\t\t\t\t<img loading=\"lazy\" decoding=\"async\" width=\"431\" height=\"558\" src=\"https:\/\/artapartamento.com\/wp-content\/uploads\/2023\/10\/Las-preocupaciones-5.png\" class=\"attachment-full size-full wp-image-4217\" alt=\"Ezequiel Su\u00e1rez\" srcset=\"https:\/\/artapartamento.com\/wp-content\/uploads\/2023\/10\/Las-preocupaciones-5.png 431w, https:\/\/artapartamento.com\/wp-content\/uploads\/2023\/10\/Las-preocupaciones-5-232x300.png 232w, https:\/\/artapartamento.com\/wp-content\/uploads\/2023\/10\/Las-preocupaciones-5-9x12.png 9w\" sizes=\"(max-width: 431px) 100vw, 431px\" \/>\t\t\t\t\t\t\t\t<\/a>\n\t\t\t\t\t\t\t\t\t\t\t\t\t\t\t<\/div>\n\t\t\t\t<\/div>\n\t\t\t\t<div class=\"elementor-element elementor-element-599037c1 elementor-hidden-desktop elementor-hidden-tablet elementor-widget elementor-widget-text-editor\" data-id=\"599037c1\" data-element_type=\"widget\" data-e-type=\"widget\" data-widget_type=\"text-editor.default\">\n\t\t\t\t<div class=\"elementor-widget-container\">\n\t\t\t\t\t\t\t\t\tThe gallery in peace, 2015<br>\nAcr\u00edlico sobre colcha<br>\n95 x 71 cm\t\t\t\t\t\t\t\t<\/div>\n\t\t\t\t<\/div>\n\t\t\t\t\t<\/div>\n\t\t\t\t<\/div>\n\t\t<div class=\"elementor-element elementor-element-3c9e49e4 e-flex e-con-boxed elementor-invisible e-con e-child\" data-id=\"3c9e49e4\" data-element_type=\"container\" data-e-type=\"container\" data-settings=\"{&quot;animation&quot;:&quot;fadeInUp&quot;}\">\n\t\t\t\t\t<div class=\"e-con-inner\">\n\t\t\t\t<div class=\"elementor-element elementor-element-3da4d794 elementor-widget elementor-widget-image\" data-id=\"3da4d794\" data-element_type=\"widget\" data-e-type=\"widget\" data-widget_type=\"image.default\">\n\t\t\t\t<div class=\"elementor-widget-container\">\n\t\t\t\t\t\t\t\t\t\t\t\t\t\t\t\t<a href=\"https:\/\/artapartamento.com\/wp-content\/uploads\/2023\/10\/Las-preocupaciones-6.png\" data-elementor-open-lightbox=\"yes\" data-e-action-hash=\"#elementor-action%3Aaction%3Dlightbox%26settings%3DeyJpZCI6NDIxOCwidXJsIjoiaHR0cHM6XC9cL2FydGFwYXJ0YW1lbnRvLmNvbVwvd3AtY29udGVudFwvdXBsb2Fkc1wvMjAyM1wvMTBcL0xhcy1wcmVvY3VwYWNpb25lcy02LnBuZyJ9\">\n\t\t\t\t\t\t\t<img loading=\"lazy\" decoding=\"async\" width=\"871\" height=\"475\" src=\"https:\/\/artapartamento.com\/wp-content\/uploads\/2023\/10\/Las-preocupaciones-6.png\" class=\"attachment-full size-full wp-image-4218\" alt=\"Ezequiel Su\u00e1rez\" srcset=\"https:\/\/artapartamento.com\/wp-content\/uploads\/2023\/10\/Las-preocupaciones-6.png 871w, https:\/\/artapartamento.com\/wp-content\/uploads\/2023\/10\/Las-preocupaciones-6-300x164.png 300w, https:\/\/artapartamento.com\/wp-content\/uploads\/2023\/10\/Las-preocupaciones-6-768x419.png 768w, https:\/\/artapartamento.com\/wp-content\/uploads\/2023\/10\/Las-preocupaciones-6-18x10.png 18w\" sizes=\"(max-width: 871px) 100vw, 871px\" \/>\t\t\t\t\t\t\t\t<\/a>\n\t\t\t\t\t\t\t\t\t\t\t\t\t\t\t<\/div>\n\t\t\t\t<\/div>\n\t\t\t\t<div class=\"elementor-element elementor-element-3191ff95 elementor-hidden-desktop elementor-hidden-tablet elementor-widget elementor-widget-text-editor\" data-id=\"3191ff95\" data-element_type=\"widget\" data-e-type=\"widget\" data-widget_type=\"text-editor.default\">\n\t\t\t\t<div class=\"elementor-widget-container\">\n\t\t\t\t\t\t\t\t\tSin T\u00edtulo de la serie La idea injusta\n(Untitled from the series The Unfair Idea),\n2003-2016,\n(detalle)<br>\nt\u00e9cnica mixta y collage sobre papel 30 piezas\ndispuestas en l\u00ednea.<br>\nDimensiones variables\t\t\t\t\t\t\t\t<\/div>\n\t\t\t\t<\/div>\n\t\t\t\t\t<\/div>\n\t\t\t\t<\/div>\n\t\t<div class=\"elementor-element elementor-element-83a1a4d e-flex e-con-boxed elementor-invisible e-con e-child\" data-id=\"83a1a4d\" data-element_type=\"container\" data-e-type=\"container\" data-settings=\"{&quot;animation&quot;:&quot;fadeInUp&quot;}\">\n\t\t\t\t\t<div class=\"e-con-inner\">\n\t\t\t\t<div class=\"elementor-element elementor-element-e2578ca elementor-widget elementor-widget-image\" data-id=\"e2578ca\" data-element_type=\"widget\" data-e-type=\"widget\" data-widget_type=\"image.default\">\n\t\t\t\t<div class=\"elementor-widget-container\">\n\t\t\t\t\t\t\t\t\t\t\t\t\t\t\t\t<a href=\"https:\/\/artapartamento.com\/wp-content\/uploads\/2023\/10\/Las-preocupaciones-1.png\" data-elementor-open-lightbox=\"yes\" data-e-action-hash=\"#elementor-action%3Aaction%3Dlightbox%26settings%3DeyJpZCI6NDIxMywidXJsIjoiaHR0cHM6XC9cL2FydGFwYXJ0YW1lbnRvLmNvbVwvd3AtY29udGVudFwvdXBsb2Fkc1wvMjAyM1wvMTBcL0xhcy1wcmVvY3VwYWNpb25lcy0xLnBuZyJ9\">\n\t\t\t\t\t\t\t<img loading=\"lazy\" decoding=\"async\" width=\"379\" height=\"495\" src=\"https:\/\/artapartamento.com\/wp-content\/uploads\/2023\/10\/Las-preocupaciones-1.png\" class=\"attachment-full size-full wp-image-4213\" alt=\"Ezequiel Su\u00e1rez\" srcset=\"https:\/\/artapartamento.com\/wp-content\/uploads\/2023\/10\/Las-preocupaciones-1.png 379w, https:\/\/artapartamento.com\/wp-content\/uploads\/2023\/10\/Las-preocupaciones-1-230x300.png 230w, https:\/\/artapartamento.com\/wp-content\/uploads\/2023\/10\/Las-preocupaciones-1-9x12.png 9w\" sizes=\"(max-width: 379px) 100vw, 379px\" \/>\t\t\t\t\t\t\t\t<\/a>\n\t\t\t\t\t\t\t\t\t\t\t\t\t\t\t<\/div>\n\t\t\t\t<\/div>\n\t\t\t\t<div class=\"elementor-element elementor-element-2ab9b573 elementor-hidden-desktop elementor-hidden-tablet elementor-widget elementor-widget-text-editor\" data-id=\"2ab9b573\" data-element_type=\"widget\" data-e-type=\"widget\" data-widget_type=\"text-editor.default\">\n\t\t\t\t<div class=\"elementor-widget-container\">\n\t\t\t\t\t\t\t\t\tSin T\u00edtulo de la serie La idea injusta\n(Untitled from the series The Unfair Idea),\n2003-2016,\n(detalle).<br>\nT\u00e9cnica mixta y collage sobre papel 30 piezas\ndispuestas en l\u00ednea<br>\nDimensiones variables\t\t\t\t\t\t\t\t<\/div>\n\t\t\t\t<\/div>\n\t\t\t\t\t<\/div>\n\t\t\t\t<\/div>\n\t\t\t\t<\/div>\n\t\t<div class=\"elementor-element elementor-element-5d9dbf1d e-con-full elementor-hidden-mobile e-flex e-con e-parent\" data-id=\"5d9dbf1d\" data-element_type=\"container\" data-e-type=\"container\" data-settings=\"{&quot;background_background&quot;:&quot;classic&quot;}\">\n\t\t<div class=\"elementor-element elementor-element-3f0813d4 e-flex e-con-boxed elementor-invisible e-con e-child\" data-id=\"3f0813d4\" data-element_type=\"container\" data-e-type=\"container\" data-settings=\"{&quot;animation&quot;:&quot;fadeIn&quot;}\">\n\t\t\t\t\t<div class=\"e-con-inner\">\n\t\t\t\t<div class=\"elementor-element elementor-element-1049d09b elementor-widget elementor-widget-text-editor\" data-id=\"1049d09b\" data-element_type=\"widget\" data-e-type=\"widget\" data-widget_type=\"text-editor.default\">\n\t\t\t\t<div class=\"elementor-widget-container\">\n\t\t\t\t\t\t\t\t\tThe gallery in peace, 2015<br>\nAcr\u00edlico sobre colcha<br>\n95 x 71 cm\t\t\t\t\t\t\t\t<\/div>\n\t\t\t\t<\/div>\n\t\t\t\t\t<\/div>\n\t\t\t\t<\/div>\n\t\t<div class=\"elementor-element elementor-element-5abab14 e-flex e-con-boxed elementor-invisible e-con e-child\" data-id=\"5abab14\" data-element_type=\"container\" data-e-type=\"container\" data-settings=\"{&quot;animation&quot;:&quot;fadeIn&quot;}\">\n\t\t\t\t\t<div class=\"e-con-inner\">\n\t\t\t\t<div class=\"elementor-element elementor-element-7addfd59 elementor-widget elementor-widget-text-editor\" data-id=\"7addfd59\" data-element_type=\"widget\" data-e-type=\"widget\" data-widget_type=\"text-editor.default\">\n\t\t\t\t<div class=\"elementor-widget-container\">\n\t\t\t\t\t\t\t\t\tSin T\u00edtulo de la serie La idea injusta\n(Untitled from the series The Unfair Idea),\n2003-2016,\n(detalle)<br>\nt\u00e9cnica mixta y collage sobre papel 30 piezas\ndispuestas en l\u00ednea.<br>\nDimensiones variables\t\t\t\t\t\t\t\t<\/div>\n\t\t\t\t<\/div>\n\t\t\t\t\t<\/div>\n\t\t\t\t<\/div>\n\t\t<div class=\"elementor-element elementor-element-7336f66a e-flex e-con-boxed elementor-invisible e-con e-child\" data-id=\"7336f66a\" data-element_type=\"container\" data-e-type=\"container\" data-settings=\"{&quot;animation&quot;:&quot;fadeIn&quot;}\">\n\t\t\t\t\t<div class=\"e-con-inner\">\n\t\t\t\t<div class=\"elementor-element elementor-element-6d248701 elementor-widget elementor-widget-text-editor\" data-id=\"6d248701\" data-element_type=\"widget\" data-e-type=\"widget\" data-widget_type=\"text-editor.default\">\n\t\t\t\t<div class=\"elementor-widget-container\">\n\t\t\t\t\t\t\t\t\tSin T\u00edtulo de la serie La idea injusta\n(Untitled from the series The Unfair Idea),\n2003-2016,\n(detalle).<br>\nT\u00e9cnica mixta y collage sobre papel 30 piezas\ndispuestas en l\u00ednea<br>\nDimensiones variables\t\t\t\t\t\t\t\t<\/div>\n\t\t\t\t<\/div>\n\t\t\t\t\t<\/div>\n\t\t\t\t<\/div>\n\t\t\t\t<\/div>\n\t\t<div class=\"elementor-element elementor-element-69a5c24e e-con-full e-flex e-con e-parent\" data-id=\"69a5c24e\" data-element_type=\"container\" data-e-type=\"container\" data-settings=\"{&quot;background_background&quot;:&quot;classic&quot;}\">\n\t\t\t\t<div class=\"elementor-element elementor-element-21be9101 elementor-invisible elementor-widget elementor-widget-heading\" data-id=\"21be9101\" data-element_type=\"widget\" data-e-type=\"widget\" data-settings=\"{&quot;_animation&quot;:&quot;fadeInUp&quot;}\" data-widget_type=\"heading.default\">\n\t\t\t\t<div class=\"elementor-widget-container\">\n\t\t\t\t\t<h2 class=\"elementor-heading-title elementor-size-default\">vistas de la exposici\u00f3n<\/h2>\t\t\t\t<\/div>\n\t\t\t\t<\/div>\n\t\t\t\t<div class=\"elementor-element elementor-element-2ee3e795 animated-slow elementor-invisible elementor-widget elementor-widget-image-carousel\" data-id=\"2ee3e795\" data-element_type=\"widget\" data-e-type=\"widget\" data-settings=\"{&quot;slides_to_show&quot;:&quot;1&quot;,&quot;navigation&quot;:&quot;none&quot;,&quot;_animation&quot;:&quot;fadeInUp&quot;,&quot;pause_on_hover&quot;:&quot;no&quot;,&quot;pause_on_interaction&quot;:&quot;no&quot;,&quot;autoplay_speed&quot;:4000,&quot;effect&quot;:&quot;fade&quot;,&quot;autoplay&quot;:&quot;yes&quot;,&quot;infinite&quot;:&quot;yes&quot;,&quot;speed&quot;:500}\" data-widget_type=\"image-carousel.default\">\n\t\t\t\t<div class=\"elementor-widget-container\">\n\t\t\t\t\t\t\t<div class=\"elementor-image-carousel-wrapper swiper\" role=\"region\" aria-roledescription=\"carousel\" aria-label=\"Image Carousel\" dir=\"ltr\">\n\t\t\t<div class=\"elementor-image-carousel swiper-wrapper\" aria-live=\"off\">\n\t\t\t\t\t\t\t\t<div class=\"swiper-slide\" role=\"group\" aria-roledescription=\"slide\" aria-label=\"1 of 5\"><a data-elementor-open-lightbox=\"yes\" data-elementor-lightbox-slideshow=\"2ee3e795\" data-e-action-hash=\"#elementor-action%3Aaction%3Dlightbox%26settings%3DeyJpZCI6NDIyMCwidXJsIjoiaHR0cHM6XC9cL2FydGFwYXJ0YW1lbnRvLmNvbVwvd3AtY29udGVudFwvdXBsb2Fkc1wvMjAyM1wvMTBcL0xhcy1wcmVvY3VwYWNpb25lcy1lc3BhY2lvLTIucG5nIiwic2xpZGVzaG93IjoiMmVlM2U3OTUifQ%3D%3D\" href=\"https:\/\/artapartamento.com\/wp-content\/uploads\/2023\/10\/Las-preocupaciones-espacio-2.png\"><figure class=\"swiper-slide-inner\"><img decoding=\"async\" class=\"swiper-slide-image\" src=\"https:\/\/artapartamento.com\/wp-content\/uploads\/2023\/10\/Las-preocupaciones-espacio-2.png\" alt=\"Las preocupaciones\" \/><\/figure><\/a><\/div><div class=\"swiper-slide\" role=\"group\" aria-roledescription=\"slide\" aria-label=\"2 of 5\"><a data-elementor-open-lightbox=\"yes\" data-elementor-lightbox-slideshow=\"2ee3e795\" data-e-action-hash=\"#elementor-action%3Aaction%3Dlightbox%26settings%3DeyJpZCI6NDIyMSwidXJsIjoiaHR0cHM6XC9cL2FydGFwYXJ0YW1lbnRvLmNvbVwvd3AtY29udGVudFwvdXBsb2Fkc1wvMjAyM1wvMTBcL0xhcy1wcmVvY3VwYWNpb25lcy1lc3BhY2lvLTMucG5nIiwic2xpZGVzaG93IjoiMmVlM2U3OTUifQ%3D%3D\" href=\"https:\/\/artapartamento.com\/wp-content\/uploads\/2023\/10\/Las-preocupaciones-espacio-3.png\"><figure class=\"swiper-slide-inner\"><img decoding=\"async\" class=\"swiper-slide-image\" src=\"https:\/\/artapartamento.com\/wp-content\/uploads\/2023\/10\/Las-preocupaciones-espacio-3.png\" alt=\"Las preocupaciones\" \/><\/figure><\/a><\/div><div class=\"swiper-slide\" role=\"group\" aria-roledescription=\"slide\" aria-label=\"3 of 5\"><a data-elementor-open-lightbox=\"yes\" data-elementor-lightbox-slideshow=\"2ee3e795\" data-e-action-hash=\"#elementor-action%3Aaction%3Dlightbox%26settings%3DeyJpZCI6NDIyMiwidXJsIjoiaHR0cHM6XC9cL2FydGFwYXJ0YW1lbnRvLmNvbVwvd3AtY29udGVudFwvdXBsb2Fkc1wvMjAyM1wvMTBcL0xhcy1wcmVvY3VwYWNpb25lcy1lc3BhY2lvLTQucG5nIiwic2xpZGVzaG93IjoiMmVlM2U3OTUifQ%3D%3D\" href=\"https:\/\/artapartamento.com\/wp-content\/uploads\/2023\/10\/Las-preocupaciones-espacio-4.png\"><figure class=\"swiper-slide-inner\"><img decoding=\"async\" class=\"swiper-slide-image\" src=\"https:\/\/artapartamento.com\/wp-content\/uploads\/2023\/10\/Las-preocupaciones-espacio-4.png\" alt=\"Las preocupaciones\" \/><\/figure><\/a><\/div><div class=\"swiper-slide\" role=\"group\" aria-roledescription=\"slide\" aria-label=\"4 of 5\"><a data-elementor-open-lightbox=\"yes\" data-elementor-lightbox-slideshow=\"2ee3e795\" data-e-action-hash=\"#elementor-action%3Aaction%3Dlightbox%26settings%3DeyJpZCI6NDIyMywidXJsIjoiaHR0cHM6XC9cL2FydGFwYXJ0YW1lbnRvLmNvbVwvd3AtY29udGVudFwvdXBsb2Fkc1wvMjAyM1wvMTBcL0xhcy1wcmVvY3VwYWNpb25lcy1lc3BhY2lvLTUucG5nIiwic2xpZGVzaG93IjoiMmVlM2U3OTUifQ%3D%3D\" href=\"https:\/\/artapartamento.com\/wp-content\/uploads\/2023\/10\/Las-preocupaciones-espacio-5.png\"><figure class=\"swiper-slide-inner\"><img decoding=\"async\" class=\"swiper-slide-image\" src=\"https:\/\/artapartamento.com\/wp-content\/uploads\/2023\/10\/Las-preocupaciones-espacio-5.png\" alt=\"Las preocupaciones\" \/><\/figure><\/a><\/div><div class=\"swiper-slide\" role=\"group\" aria-roledescription=\"slide\" aria-label=\"5 of 5\"><a data-elementor-open-lightbox=\"yes\" data-elementor-lightbox-slideshow=\"2ee3e795\" data-e-action-hash=\"#elementor-action%3Aaction%3Dlightbox%26settings%3DeyJpZCI6NDIyNCwidXJsIjoiaHR0cHM6XC9cL2FydGFwYXJ0YW1lbnRvLmNvbVwvd3AtY29udGVudFwvdXBsb2Fkc1wvMjAyM1wvMTBcL0xhcy1wcmVvY3VwYWNpb25lcy1lc3BhY2lvLTYucG5nIiwic2xpZGVzaG93IjoiMmVlM2U3OTUifQ%3D%3D\" href=\"https:\/\/artapartamento.com\/wp-content\/uploads\/2023\/10\/Las-preocupaciones-espacio-6.png\"><figure class=\"swiper-slide-inner\"><img decoding=\"async\" class=\"swiper-slide-image\" src=\"https:\/\/artapartamento.com\/wp-content\/uploads\/2023\/10\/Las-preocupaciones-espacio-6.png\" alt=\"Las preocupaciones\" \/><\/figure><\/a><\/div>\t\t\t<\/div>\n\t\t\t\t\t\t\t\n\t\t\t\t\t\t\t\t\t<\/div>\n\t\t\t\t\t\t<\/div>\n\t\t\t\t<\/div>\n\t\t\t\t<\/div>\n\t\t\t\t<\/div>\n\t\t","protected":false},"excerpt":{"rendered":"<p>Ezequiel Suarez<\/p>\n<p>fevereiro - abril de 2016<\/p>","protected":false},"author":1,"featured_media":4219,"parent":21,"menu_order":0,"comment_status":"closed","ping_status":"closed","template":"","meta":{"_acf_changed":false,"footnotes":"","_links_to":"","_links_to_target":""},"categories":[18,11],"tags":[19],"class_list":["post-4212","page","type-page","status-publish","has-post-thumbnail","hentry","category-exposicion","category-la-habana","tag-anteriores","post","post-with-thumbnail","post-with-thumbnail-large"],"acf":[],"aioseo_notices":[],"_links":{"self":[{"href":"https:\/\/artapartamento.com\/pt\/wp-json\/wp\/v2\/pages\/4212","targetHints":{"allow":["GET"]}}],"collection":[{"href":"https:\/\/artapartamento.com\/pt\/wp-json\/wp\/v2\/pages"}],"about":[{"href":"https:\/\/artapartamento.com\/pt\/wp-json\/wp\/v2\/types\/page"}],"author":[{"embeddable":true,"href":"https:\/\/artapartamento.com\/pt\/wp-json\/wp\/v2\/users\/1"}],"replies":[{"embeddable":true,"href":"https:\/\/artapartamento.com\/pt\/wp-json\/wp\/v2\/comments?post=4212"}],"version-history":[{"count":0,"href":"https:\/\/artapartamento.com\/pt\/wp-json\/wp\/v2\/pages\/4212\/revisions"}],"up":[{"embeddable":true,"href":"https:\/\/artapartamento.com\/pt\/wp-json\/wp\/v2\/pages\/21"}],"wp:featuredmedia":[{"embeddable":true,"href":"https:\/\/artapartamento.com\/pt\/wp-json\/wp\/v2\/media\/4219"}],"wp:attachment":[{"href":"https:\/\/artapartamento.com\/pt\/wp-json\/wp\/v2\/media?parent=4212"}],"wp:term":[{"taxonomy":"category","embeddable":true,"href":"https:\/\/artapartamento.com\/pt\/wp-json\/wp\/v2\/categories?post=4212"},{"taxonomy":"post_tag","embeddable":true,"href":"https:\/\/artapartamento.com\/pt\/wp-json\/wp\/v2\/tags?post=4212"}],"curies":[{"name":"wp","href":"https:\/\/api.w.org\/{rel}","templated":true}]}}