{"id":1369,"date":"2023-02-22T18:51:00","date_gmt":"2023-02-22T17:51:00","guid":{"rendered":"https:\/\/artapartamento.com\/?page_id=1369"},"modified":"2024-03-16T17:53:58","modified_gmt":"2024-03-16T16:53:58","slug":"arc-madrid-2023","status":"publish","type":"page","link":"https:\/\/artapartamento.com\/pt\/ferias\/arco-madrid-2023\/","title":{"rendered":"ArcoMadrid, 2023"},"content":{"rendered":"<div data-elementor-type=\"wp-page\" data-elementor-id=\"1369\" class=\"elementor elementor-1369\" data-elementor-post-type=\"page\">\n\t\t\t\t<div class=\"elementor-element elementor-element-7724138d e-con-full e-flex e-con e-parent\" data-id=\"7724138d\" data-element_type=\"container\" data-e-type=\"container\" data-settings=\"{&quot;background_background&quot;:&quot;classic&quot;}\">\n\t\t<div class=\"elementor-element elementor-element-4f636fe e-con-full e-flex e-con e-child\" data-id=\"4f636fe\" data-element_type=\"container\" data-e-type=\"container\">\n\t\t\t\t<div class=\"elementor-element elementor-element-5f69339c elementor-invisible elementor-widget elementor-widget-heading\" data-id=\"5f69339c\" data-element_type=\"widget\" data-e-type=\"widget\" data-settings=\"{&quot;_animation&quot;:&quot;fadeInUp&quot;}\" data-widget_type=\"heading.default\">\n\t\t\t\t<div class=\"elementor-widget-container\">\n\t\t\t\t\t<h2 class=\"elementor-heading-title elementor-size-default\">Arco Madrid, 2023<\/h2>\t\t\t\t<\/div>\n\t\t\t\t<\/div>\n\t\t\t\t<div class=\"elementor-element elementor-element-730e0adb elementor-invisible elementor-widget elementor-widget-heading\" data-id=\"730e0adb\" data-element_type=\"widget\" data-e-type=\"widget\" data-settings=\"{&quot;_animation&quot;:&quot;fadeInUp&quot;}\" data-widget_type=\"heading.default\">\n\t\t\t\t<div class=\"elementor-widget-container\">\n\t\t\t\t\t<h2 class=\"elementor-heading-title elementor-size-default\">Ariamna Contino - Diana Fonseca - Jos\u00e9 Manuel Mes\u00edas - Juan Carlos Alom - Leandro Feal - Levi Orta - Luis Enrique L\u00f3pez-Ch\u00e1vez - Nacho Mart\u00edn-Silva - Reynier Leyva Novo - Roberto Diago - Roc\u00edo Garc\u00eda - Yornel Mart\u00ednez<\/h2>\t\t\t\t<\/div>\n\t\t\t\t<\/div>\n\t\t\t\t<div class=\"elementor-element elementor-element-7e73342d elementor-invisible elementor-widget elementor-widget-text-editor\" data-id=\"7e73342d\" data-element_type=\"widget\" data-e-type=\"widget\" data-settings=\"{&quot;_animation&quot;:&quot;fadeInUp&quot;}\" data-widget_type=\"text-editor.default\">\n\t\t\t\t<div class=\"elementor-widget-container\">\n\t\t\t\t\t\t\t\t\t<p>22 - 26 fevereiro, 2023<\/p><p class=\"title-place\">Stand: 9A10<\/p>\t\t\t\t\t\t\t\t<\/div>\n\t\t\t\t<\/div>\n\t\t\t\t<\/div>\n\t\t\t\t<\/div>\n\t\t<div class=\"elementor-element elementor-element-3ee5f81a e-con-full e-flex e-con e-parent\" data-id=\"3ee5f81a\" data-element_type=\"container\" data-e-type=\"container\" data-settings=\"{&quot;background_background&quot;:&quot;classic&quot;}\">\n\t\t\t\t<div class=\"elementor-element elementor-element-1798c98a animated-slow elementor-invisible elementor-widget elementor-widget-image\" data-id=\"1798c98a\" data-element_type=\"widget\" data-e-type=\"widget\" data-settings=\"{&quot;_animation&quot;:&quot;fadeInUp&quot;}\" data-widget_type=\"image.default\">\n\t\t\t\t<div class=\"elementor-widget-container\">\n\t\t\t\t\t\t\t\t\t\t\t\t\t\t\t<img fetchpriority=\"high\" decoding=\"async\" width=\"1200\" height=\"905\" src=\"https:\/\/artapartamento.com\/wp-content\/uploads\/2024\/01\/A_Invitacion_ARCOmadrid2023.jpg.webp\" class=\"attachment-full size-full wp-image-7367\" alt=\"ARCOMADRID 2023\" srcset=\"https:\/\/artapartamento.com\/wp-content\/uploads\/2024\/01\/A_Invitacion_ARCOmadrid2023.jpg.webp 1200w, https:\/\/artapartamento.com\/wp-content\/uploads\/2024\/01\/A_Invitacion_ARCOmadrid2023-300x226.jpg.webp 300w, https:\/\/artapartamento.com\/wp-content\/uploads\/2024\/01\/A_Invitacion_ARCOmadrid2023-1024x772.jpg.webp 1024w, https:\/\/artapartamento.com\/wp-content\/uploads\/2024\/01\/A_Invitacion_ARCOmadrid2023-768x579.jpg.webp 768w, https:\/\/artapartamento.com\/wp-content\/uploads\/2024\/01\/A_Invitacion_ARCOmadrid2023-16x12.jpg.webp 16w\" sizes=\"(max-width: 1200px) 100vw, 1200px\" \/>\t\t\t\t\t\t\t\t\t\t\t\t\t\t\t<\/div>\n\t\t\t\t<\/div>\n\t\t\t\t<\/div>\n\t\t<div class=\"elementor-element elementor-element-4aa00b26 e-con-full e-flex e-con e-parent\" data-id=\"4aa00b26\" data-element_type=\"container\" data-e-type=\"container\" data-settings=\"{&quot;background_background&quot;:&quot;classic&quot;}\">\n\t\t<div class=\"elementor-element elementor-element-5bb73334 e-con-full e-flex e-con e-child\" data-id=\"5bb73334\" data-element_type=\"container\" data-e-type=\"container\" data-settings=\"{&quot;background_background&quot;:&quot;classic&quot;}\">\n\t\t\t\t<div class=\"elementor-element elementor-element-5c761130 elementor-invisible elementor-widget elementor-widget-heading\" data-id=\"5c761130\" data-element_type=\"widget\" data-e-type=\"widget\" data-settings=\"{&quot;_animation&quot;:&quot;fadeInUp&quot;}\" data-widget_type=\"heading.default\">\n\t\t\t\t<div class=\"elementor-widget-container\">\n\t\t\t\t\t<h2 class=\"elementor-heading-title elementor-size-default\">obras<\/h2>\t\t\t\t<\/div>\n\t\t\t\t<\/div>\n\t\t\t\t<\/div>\n\t\t\t\t<\/div>\n\t\t<div class=\"elementor-element elementor-element-3d2e867e e-con-full e-flex e-con e-parent\" data-id=\"3d2e867e\" data-element_type=\"container\" data-e-type=\"container\" data-settings=\"{&quot;background_background&quot;:&quot;classic&quot;}\">\n\t\t<div class=\"elementor-element elementor-element-e9209fb e-flex e-con-boxed elementor-invisible e-con e-child\" data-id=\"e9209fb\" data-element_type=\"container\" data-e-type=\"container\" data-settings=\"{&quot;animation&quot;:&quot;fadeInUp&quot;}\">\n\t\t\t\t\t<div class=\"e-con-inner\">\n\t\t\t\t<div class=\"elementor-element elementor-element-1263ff4a elementor-widget elementor-widget-image\" data-id=\"1263ff4a\" data-element_type=\"widget\" data-e-type=\"widget\" data-widget_type=\"image.default\">\n\t\t\t\t<div class=\"elementor-widget-container\">\n\t\t\t\t\t\t\t\t\t\t\t\t\t\t\t\t<a href=\"https:\/\/artapartamento.com\/wp-content\/uploads\/2023\/11\/Arco-Madrid-2023.jpeg.webp\" data-elementor-open-lightbox=\"yes\" data-e-action-hash=\"#elementor-action%3Aaction%3Dlightbox%26settings%3DeyJpZCI6NDU4MSwidXJsIjoiaHR0cHM6XC9cL2FydGFwYXJ0YW1lbnRvLmNvbVwvd3AtY29udGVudFwvdXBsb2Fkc1wvMjAyM1wvMTFcL0FyY28tTWFkcmlkLTIwMjMuanBlZy53ZWJwIn0%3D\">\n\t\t\t\t\t\t\t<img decoding=\"async\" width=\"1600\" height=\"1600\" src=\"https:\/\/artapartamento.com\/wp-content\/uploads\/2023\/11\/Arco-Madrid-2023.jpeg.webp\" class=\"attachment-full size-full wp-image-4581\" alt=\"Jos\u00e9 Manuel Mes\u00edas\" srcset=\"https:\/\/artapartamento.com\/wp-content\/uploads\/2023\/11\/Arco-Madrid-2023.jpeg.webp 1600w, https:\/\/artapartamento.com\/wp-content\/uploads\/2023\/11\/Arco-Madrid-2023-300x300.jpeg.webp 300w, https:\/\/artapartamento.com\/wp-content\/uploads\/2023\/11\/Arco-Madrid-2023-1024x1024.jpeg.webp 1024w, https:\/\/artapartamento.com\/wp-content\/uploads\/2023\/11\/Arco-Madrid-2023-150x150.jpeg.webp 150w, https:\/\/artapartamento.com\/wp-content\/uploads\/2023\/11\/Arco-Madrid-2023-768x768.jpeg.webp 768w, https:\/\/artapartamento.com\/wp-content\/uploads\/2023\/11\/Arco-Madrid-2023-1536x1536.jpeg.webp 1536w, https:\/\/artapartamento.com\/wp-content\/uploads\/2023\/11\/Arco-Madrid-2023-12x12.jpeg.webp 12w\" sizes=\"(max-width: 1600px) 100vw, 1600px\" \/>\t\t\t\t\t\t\t\t<\/a>\n\t\t\t\t\t\t\t\t\t\t\t\t\t\t\t<\/div>\n\t\t\t\t<\/div>\n\t\t\t\t<div class=\"elementor-element elementor-element-4f4903b3 elementor-hidden-desktop elementor-hidden-tablet elementor-widget elementor-widget-text-editor\" data-id=\"4f4903b3\" data-element_type=\"widget\" data-e-type=\"widget\" data-widget_type=\"text-editor.default\">\n\t\t\t\t<div class=\"elementor-widget-container\">\n\t\t\t\t\t\t\t\t\tJos\u00e9 Manuel Mes\u00edas<br>\nSem t\u00edtulo,\n2014-2022<br>\nFragmentos de rel\u00f3gio<br>\n87 x 62 cm\t\t\t\t\t\t\t\t<\/div>\n\t\t\t\t<\/div>\n\t\t\t\t\t<\/div>\n\t\t\t\t<\/div>\n\t\t<div class=\"elementor-element elementor-element-52e764e1 e-flex e-con-boxed elementor-invisible e-con e-child\" data-id=\"52e764e1\" data-element_type=\"container\" data-e-type=\"container\" data-settings=\"{&quot;animation&quot;:&quot;fadeInUp&quot;}\">\n\t\t\t\t\t<div class=\"e-con-inner\">\n\t\t\t\t<div class=\"elementor-element elementor-element-439d06b4 elementor-widget elementor-widget-image\" data-id=\"439d06b4\" data-element_type=\"widget\" data-e-type=\"widget\" data-widget_type=\"image.default\">\n\t\t\t\t<div class=\"elementor-widget-container\">\n\t\t\t\t\t\t\t\t\t\t\t\t\t\t\t\t<a href=\"https:\/\/artapartamento.com\/wp-content\/uploads\/2023\/11\/Arco-Madrid-2023-01.jpeg.webp\" data-elementor-open-lightbox=\"yes\" data-e-action-hash=\"#elementor-action%3Aaction%3Dlightbox%26settings%3DeyJpZCI6NDU4MiwidXJsIjoiaHR0cHM6XC9cL2FydGFwYXJ0YW1lbnRvLmNvbVwvd3AtY29udGVudFwvdXBsb2Fkc1wvMjAyM1wvMTFcL0FyY28tTWFkcmlkLTIwMjMtMDEuanBlZy53ZWJwIn0%3D\">\n\t\t\t\t\t\t\t<img decoding=\"async\" width=\"1600\" height=\"1143\" src=\"https:\/\/artapartamento.com\/wp-content\/uploads\/2023\/11\/Arco-Madrid-2023-01.jpeg.webp\" class=\"attachment-full size-full wp-image-4582\" alt=\"Roberto Diago\" srcset=\"https:\/\/artapartamento.com\/wp-content\/uploads\/2023\/11\/Arco-Madrid-2023-01.jpeg.webp 1600w, https:\/\/artapartamento.com\/wp-content\/uploads\/2023\/11\/Arco-Madrid-2023-01-300x214.jpeg.webp 300w, https:\/\/artapartamento.com\/wp-content\/uploads\/2023\/11\/Arco-Madrid-2023-01-1024x732.jpeg.webp 1024w, https:\/\/artapartamento.com\/wp-content\/uploads\/2023\/11\/Arco-Madrid-2023-01-768x549.jpeg.webp 768w, https:\/\/artapartamento.com\/wp-content\/uploads\/2023\/11\/Arco-Madrid-2023-01-1536x1097.jpeg.webp 1536w, https:\/\/artapartamento.com\/wp-content\/uploads\/2023\/11\/Arco-Madrid-2023-01-18x12.jpeg.webp 18w\" sizes=\"(max-width: 1600px) 100vw, 1600px\" \/>\t\t\t\t\t\t\t\t<\/a>\n\t\t\t\t\t\t\t\t\t\t\t\t\t\t\t<\/div>\n\t\t\t\t<\/div>\n\t\t\t\t<div class=\"elementor-element elementor-element-67d7745d elementor-hidden-desktop elementor-hidden-tablet elementor-widget elementor-widget-text-editor\" data-id=\"67d7745d\" data-element_type=\"widget\" data-e-type=\"widget\" data-widget_type=\"text-editor.default\">\n\t\t\t\t<div class=\"elementor-widget-container\">\n\t\t\t\t\t\t\t\t\tRoberto Diago<br>\nSem t\u00edtulo. Da s\u00e9rie \"Liberdade\",\n2022<br>\nMadeira montada<br>\n62 x 43 x 28 cm\t\t\t\t\t\t\t\t<\/div>\n\t\t\t\t<\/div>\n\t\t\t\t\t<\/div>\n\t\t\t\t<\/div>\n\t\t<div class=\"elementor-element elementor-element-18465d0f e-flex e-con-boxed elementor-invisible e-con e-child\" data-id=\"18465d0f\" data-element_type=\"container\" data-e-type=\"container\" data-settings=\"{&quot;animation&quot;:&quot;fadeInUp&quot;}\">\n\t\t\t\t\t<div class=\"e-con-inner\">\n\t\t\t\t<div class=\"elementor-element elementor-element-34d8e6cd elementor-widget elementor-widget-image\" data-id=\"34d8e6cd\" data-element_type=\"widget\" data-e-type=\"widget\" data-widget_type=\"image.default\">\n\t\t\t\t<div class=\"elementor-widget-container\">\n\t\t\t\t\t\t\t\t\t\t\t\t\t\t\t\t<a href=\"https:\/\/artapartamento.com\/wp-content\/uploads\/2023\/11\/Arco-Madrid-2023-02.jpeg.webp\" data-elementor-open-lightbox=\"yes\" data-e-action-hash=\"#elementor-action%3Aaction%3Dlightbox%26settings%3DeyJpZCI6NDU4MywidXJsIjoiaHR0cHM6XC9cL2FydGFwYXJ0YW1lbnRvLmNvbVwvd3AtY29udGVudFwvdXBsb2Fkc1wvMjAyM1wvMTFcL0FyY28tTWFkcmlkLTIwMjMtMDIuanBlZy53ZWJwIn0%3D\">\n\t\t\t\t\t\t\t<img loading=\"lazy\" decoding=\"async\" width=\"1600\" height=\"1867\" src=\"https:\/\/artapartamento.com\/wp-content\/uploads\/2023\/11\/Arco-Madrid-2023-02.jpeg.webp\" class=\"attachment-full size-full wp-image-4583\" alt=\"Nacho Mart\u00edn-Silva\" srcset=\"https:\/\/artapartamento.com\/wp-content\/uploads\/2023\/11\/Arco-Madrid-2023-02.jpeg.webp 1600w, https:\/\/artapartamento.com\/wp-content\/uploads\/2023\/11\/Arco-Madrid-2023-02-257x300.jpeg.webp 257w, https:\/\/artapartamento.com\/wp-content\/uploads\/2023\/11\/Arco-Madrid-2023-02-878x1024.jpeg.webp 878w, https:\/\/artapartamento.com\/wp-content\/uploads\/2023\/11\/Arco-Madrid-2023-02-768x896.jpeg.webp 768w, https:\/\/artapartamento.com\/wp-content\/uploads\/2023\/11\/Arco-Madrid-2023-02-1316x1536.jpeg.webp 1316w, https:\/\/artapartamento.com\/wp-content\/uploads\/2023\/11\/Arco-Madrid-2023-02-10x12.jpeg.webp 10w\" sizes=\"(max-width: 1600px) 100vw, 1600px\" \/>\t\t\t\t\t\t\t\t<\/a>\n\t\t\t\t\t\t\t\t\t\t\t\t\t\t\t<\/div>\n\t\t\t\t<\/div>\n\t\t\t\t<div class=\"elementor-element elementor-element-14676e74 elementor-hidden-desktop elementor-hidden-tablet elementor-widget elementor-widget-text-editor\" data-id=\"14676e74\" data-element_type=\"widget\" data-e-type=\"widget\" data-widget_type=\"text-editor.default\">\n\t\t\t\t<div class=\"elementor-widget-container\">\n\t\t\t\t\t\t\t\t\tNacho Mart\u00edn-Silva<br>\nPolaroid 7,\n2023<br>\n\u00d3leo sobre tela<br>\n147 x 126 cm\t\t\t\t\t\t\t\t<\/div>\n\t\t\t\t<\/div>\n\t\t\t\t\t<\/div>\n\t\t\t\t<\/div>\n\t\t\t\t<\/div>\n\t\t<div class=\"elementor-element elementor-element-13d28ab5 e-con-full elementor-hidden-mobile e-flex e-con e-parent\" data-id=\"13d28ab5\" data-element_type=\"container\" data-e-type=\"container\" data-settings=\"{&quot;background_background&quot;:&quot;classic&quot;}\">\n\t\t<div class=\"elementor-element elementor-element-3f7a9fab e-flex e-con-boxed elementor-invisible e-con e-child\" data-id=\"3f7a9fab\" data-element_type=\"container\" data-e-type=\"container\" data-settings=\"{&quot;animation&quot;:&quot;fadeIn&quot;}\">\n\t\t\t\t\t<div class=\"e-con-inner\">\n\t\t\t\t<div class=\"elementor-element elementor-element-50796f67 elementor-widget elementor-widget-text-editor\" data-id=\"50796f67\" data-element_type=\"widget\" data-e-type=\"widget\" data-widget_type=\"text-editor.default\">\n\t\t\t\t<div class=\"elementor-widget-container\">\n\t\t\t\t\t\t\t\t\tJos\u00e9 Manuel Mes\u00edas<br>\nSem t\u00edtulo,\n2014-2022<br>\nFragmentos de rel\u00f3gio<br>\n87 x 62 cm\t\t\t\t\t\t\t\t<\/div>\n\t\t\t\t<\/div>\n\t\t\t\t\t<\/div>\n\t\t\t\t<\/div>\n\t\t<div class=\"elementor-element elementor-element-626ade5b e-flex e-con-boxed elementor-invisible e-con e-child\" data-id=\"626ade5b\" data-element_type=\"container\" data-e-type=\"container\" data-settings=\"{&quot;animation&quot;:&quot;fadeIn&quot;}\">\n\t\t\t\t\t<div class=\"e-con-inner\">\n\t\t\t\t<div class=\"elementor-element elementor-element-572bbbbe elementor-widget elementor-widget-text-editor\" data-id=\"572bbbbe\" data-element_type=\"widget\" data-e-type=\"widget\" data-widget_type=\"text-editor.default\">\n\t\t\t\t<div class=\"elementor-widget-container\">\n\t\t\t\t\t\t\t\t\tRoberto Diago<br>\nSem t\u00edtulo. Da s\u00e9rie \"Liberdade\",\n2022<br>\nMadeira montada<br>\n62 x 43 x 28 cm\t\t\t\t\t\t\t\t<\/div>\n\t\t\t\t<\/div>\n\t\t\t\t\t<\/div>\n\t\t\t\t<\/div>\n\t\t<div class=\"elementor-element elementor-element-238a9a66 e-flex e-con-boxed elementor-invisible e-con e-child\" data-id=\"238a9a66\" data-element_type=\"container\" data-e-type=\"container\" data-settings=\"{&quot;animation&quot;:&quot;fadeIn&quot;}\">\n\t\t\t\t\t<div class=\"e-con-inner\">\n\t\t\t\t<div class=\"elementor-element elementor-element-518d1abb elementor-widget elementor-widget-text-editor\" data-id=\"518d1abb\" data-element_type=\"widget\" data-e-type=\"widget\" data-widget_type=\"text-editor.default\">\n\t\t\t\t<div class=\"elementor-widget-container\">\n\t\t\t\t\t\t\t\t\tNacho Mart\u00edn-Silva<br>\nPolaroid 7,\n2023<br>\n\u00d3leo sobre tela<br>\n147 x 126 cm\t\t\t\t\t\t\t\t<\/div>\n\t\t\t\t<\/div>\n\t\t\t\t\t<\/div>\n\t\t\t\t<\/div>\n\t\t\t\t<\/div>\n\t\t<div class=\"elementor-element elementor-element-658be918 e-con-full e-flex e-con e-parent\" data-id=\"658be918\" data-element_type=\"container\" data-e-type=\"container\" data-settings=\"{&quot;background_background&quot;:&quot;classic&quot;}\">\n\t\t<div class=\"elementor-element elementor-element-456d4f60 e-flex e-con-boxed elementor-invisible e-con e-child\" data-id=\"456d4f60\" data-element_type=\"container\" data-e-type=\"container\" data-settings=\"{&quot;animation&quot;:&quot;fadeInUp&quot;}\">\n\t\t\t\t\t<div class=\"e-con-inner\">\n\t\t\t\t<div class=\"elementor-element elementor-element-1bf756e elementor-widget elementor-widget-image\" data-id=\"1bf756e\" data-element_type=\"widget\" data-e-type=\"widget\" data-widget_type=\"image.default\">\n\t\t\t\t<div class=\"elementor-widget-container\">\n\t\t\t\t\t\t\t\t\t\t\t\t\t\t\t\t<a href=\"https:\/\/artapartamento.com\/wp-content\/uploads\/2023\/11\/Arco-Madrid-2023-03.jpeg.webp\" data-elementor-open-lightbox=\"yes\" data-e-action-hash=\"#elementor-action%3Aaction%3Dlightbox%26settings%3DeyJpZCI6NDU4NCwidXJsIjoiaHR0cHM6XC9cL2FydGFwYXJ0YW1lbnRvLmNvbVwvd3AtY29udGVudFwvdXBsb2Fkc1wvMjAyM1wvMTFcL0FyY28tTWFkcmlkLTIwMjMtMDMuanBlZy53ZWJwIn0%3D\">\n\t\t\t\t\t\t\t<img loading=\"lazy\" decoding=\"async\" width=\"1600\" height=\"1867\" src=\"https:\/\/artapartamento.com\/wp-content\/uploads\/2023\/11\/Arco-Madrid-2023-03.jpeg.webp\" class=\"attachment-full size-full wp-image-4584\" alt=\"Nacho Mart\u00edn-Silva\" srcset=\"https:\/\/artapartamento.com\/wp-content\/uploads\/2023\/11\/Arco-Madrid-2023-03.jpeg.webp 1600w, https:\/\/artapartamento.com\/wp-content\/uploads\/2023\/11\/Arco-Madrid-2023-03-257x300.jpeg.webp 257w, https:\/\/artapartamento.com\/wp-content\/uploads\/2023\/11\/Arco-Madrid-2023-03-878x1024.jpeg.webp 878w, https:\/\/artapartamento.com\/wp-content\/uploads\/2023\/11\/Arco-Madrid-2023-03-768x896.jpeg.webp 768w, https:\/\/artapartamento.com\/wp-content\/uploads\/2023\/11\/Arco-Madrid-2023-03-1316x1536.jpeg.webp 1316w, https:\/\/artapartamento.com\/wp-content\/uploads\/2023\/11\/Arco-Madrid-2023-03-10x12.jpeg.webp 10w\" sizes=\"(max-width: 1600px) 100vw, 1600px\" \/>\t\t\t\t\t\t\t\t<\/a>\n\t\t\t\t\t\t\t\t\t\t\t\t\t\t\t<\/div>\n\t\t\t\t<\/div>\n\t\t\t\t<div class=\"elementor-element elementor-element-487b543e elementor-hidden-desktop elementor-hidden-tablet elementor-widget elementor-widget-text-editor\" data-id=\"487b543e\" data-element_type=\"widget\" data-e-type=\"widget\" data-widget_type=\"text-editor.default\">\n\t\t\t\t<div class=\"elementor-widget-container\">\n\t\t\t\t\t\t\t\t\tNacho Mart\u00edn-Silva<br>\nPolaroid 32,\n2023<br>\n\u00d3leo sobre tela<br>\n147 x 126 cm\t\t\t\t\t\t\t\t<\/div>\n\t\t\t\t<\/div>\n\t\t\t\t\t<\/div>\n\t\t\t\t<\/div>\n\t\t<div class=\"elementor-element elementor-element-4b90ce63 e-flex e-con-boxed elementor-invisible e-con e-child\" data-id=\"4b90ce63\" data-element_type=\"container\" data-e-type=\"container\" data-settings=\"{&quot;animation&quot;:&quot;fadeInUp&quot;}\">\n\t\t\t\t\t<div class=\"e-con-inner\">\n\t\t\t\t<div class=\"elementor-element elementor-element-304977ab elementor-widget elementor-widget-image\" data-id=\"304977ab\" data-element_type=\"widget\" data-e-type=\"widget\" data-widget_type=\"image.default\">\n\t\t\t\t<div class=\"elementor-widget-container\">\n\t\t\t\t\t\t\t\t\t\t\t\t\t\t\t\t<a href=\"https:\/\/artapartamento.com\/wp-content\/uploads\/2023\/11\/Arco-Madrid-2023-04.jpeg.webp\" data-elementor-open-lightbox=\"yes\" data-e-action-hash=\"#elementor-action%3Aaction%3Dlightbox%26settings%3DeyJpZCI6NDU4NSwidXJsIjoiaHR0cHM6XC9cL2FydGFwYXJ0YW1lbnRvLmNvbVwvd3AtY29udGVudFwvdXBsb2Fkc1wvMjAyM1wvMTFcL0FyY28tTWFkcmlkLTIwMjMtMDQuanBlZy53ZWJwIn0%3D\">\n\t\t\t\t\t\t\t<img loading=\"lazy\" decoding=\"async\" width=\"1600\" height=\"2293\" src=\"https:\/\/artapartamento.com\/wp-content\/uploads\/2023\/11\/Arco-Madrid-2023-04.jpeg.webp\" class=\"attachment-full size-full wp-image-4585\" alt=\"Luis Enrique L\u00f3pez-Ch\u00e1vez\" srcset=\"https:\/\/artapartamento.com\/wp-content\/uploads\/2023\/11\/Arco-Madrid-2023-04.jpeg.webp 1600w, https:\/\/artapartamento.com\/wp-content\/uploads\/2023\/11\/Arco-Madrid-2023-04-209x300.jpeg.webp 209w, https:\/\/artapartamento.com\/wp-content\/uploads\/2023\/11\/Arco-Madrid-2023-04-715x1024.jpeg.webp 715w, https:\/\/artapartamento.com\/wp-content\/uploads\/2023\/11\/Arco-Madrid-2023-04-768x1101.jpeg.webp 768w, https:\/\/artapartamento.com\/wp-content\/uploads\/2023\/11\/Arco-Madrid-2023-04-1072x1536.jpeg.webp 1072w, https:\/\/artapartamento.com\/wp-content\/uploads\/2023\/11\/Arco-Madrid-2023-04-1429x2048.jpeg.webp 1429w, https:\/\/artapartamento.com\/wp-content\/uploads\/2023\/11\/Arco-Madrid-2023-04-8x12.jpeg.webp 8w\" sizes=\"(max-width: 1600px) 100vw, 1600px\" \/>\t\t\t\t\t\t\t\t<\/a>\n\t\t\t\t\t\t\t\t\t\t\t\t\t\t\t<\/div>\n\t\t\t\t<\/div>\n\t\t\t\t<div class=\"elementor-element elementor-element-6f5c7b87 elementor-hidden-desktop elementor-hidden-tablet elementor-widget elementor-widget-text-editor\" data-id=\"6f5c7b87\" data-element_type=\"widget\" data-e-type=\"widget\" data-widget_type=\"text-editor.default\">\n\t\t\t\t<div class=\"elementor-widget-container\">\n\t\t\t\t\t\t\t\t\tLuis Enrique L\u00f3pez-Ch\u00e1vez<br>\nNo.1. Da s\u00e9rie \"Os espa\u00e7os do p\u00e2nico\",\n2022<br>\n\u00d3leo sobre tela<br>\n200 x 140 cm\t\t\t\t\t\t\t\t<\/div>\n\t\t\t\t<\/div>\n\t\t\t\t\t<\/div>\n\t\t\t\t<\/div>\n\t\t<div class=\"elementor-element elementor-element-4a7121f3 e-flex e-con-boxed elementor-invisible e-con e-child\" data-id=\"4a7121f3\" data-element_type=\"container\" data-e-type=\"container\" data-settings=\"{&quot;animation&quot;:&quot;fadeInUp&quot;}\">\n\t\t\t\t\t<div class=\"e-con-inner\">\n\t\t\t\t<div class=\"elementor-element elementor-element-76e6119b elementor-widget elementor-widget-image\" data-id=\"76e6119b\" data-element_type=\"widget\" data-e-type=\"widget\" data-widget_type=\"image.default\">\n\t\t\t\t<div class=\"elementor-widget-container\">\n\t\t\t\t\t\t\t\t\t\t\t\t\t\t\t\t<a href=\"https:\/\/artapartamento.com\/wp-content\/uploads\/2023\/11\/Arco-Madrid-2023-05.jpeg.webp\" data-elementor-open-lightbox=\"yes\" data-e-action-hash=\"#elementor-action%3Aaction%3Dlightbox%26settings%3DeyJpZCI6NDU4NiwidXJsIjoiaHR0cHM6XC9cL2FydGFwYXJ0YW1lbnRvLmNvbVwvd3AtY29udGVudFwvdXBsb2Fkc1wvMjAyM1wvMTFcL0FyY28tTWFkcmlkLTIwMjMtMDUuanBlZy53ZWJwIn0%3D\">\n\t\t\t\t\t\t\t<img loading=\"lazy\" decoding=\"async\" width=\"1600\" height=\"1064\" src=\"https:\/\/artapartamento.com\/wp-content\/uploads\/2023\/11\/Arco-Madrid-2023-05.jpeg.webp\" class=\"attachment-full size-full wp-image-4586\" alt=\"Luis Enrique L\u00f3pez-Ch\u00e1vez\" srcset=\"https:\/\/artapartamento.com\/wp-content\/uploads\/2023\/11\/Arco-Madrid-2023-05.jpeg.webp 1600w, https:\/\/artapartamento.com\/wp-content\/uploads\/2023\/11\/Arco-Madrid-2023-05-300x200.jpeg.webp 300w, https:\/\/artapartamento.com\/wp-content\/uploads\/2023\/11\/Arco-Madrid-2023-05-1024x681.jpeg.webp 1024w, https:\/\/artapartamento.com\/wp-content\/uploads\/2023\/11\/Arco-Madrid-2023-05-768x511.jpeg.webp 768w, https:\/\/artapartamento.com\/wp-content\/uploads\/2023\/11\/Arco-Madrid-2023-05-1536x1021.jpeg.webp 1536w, https:\/\/artapartamento.com\/wp-content\/uploads\/2023\/11\/Arco-Madrid-2023-05-18x12.jpeg.webp 18w, https:\/\/artapartamento.com\/wp-content\/uploads\/2023\/11\/Arco-Madrid-2023-05-272x182.jpeg.webp 272w\" sizes=\"(max-width: 1600px) 100vw, 1600px\" \/>\t\t\t\t\t\t\t\t<\/a>\n\t\t\t\t\t\t\t\t\t\t\t\t\t\t\t<\/div>\n\t\t\t\t<\/div>\n\t\t\t\t<div class=\"elementor-element elementor-element-11402b9b elementor-hidden-desktop elementor-hidden-tablet elementor-widget elementor-widget-text-editor\" data-id=\"11402b9b\" data-element_type=\"widget\" data-e-type=\"widget\" data-widget_type=\"text-editor.default\">\n\t\t\t\t<div class=\"elementor-widget-container\">\n\t\t\t\t\t\t\t\t\tLuis Enrique L\u00f3pez-Ch\u00e1vez<br>\nNo.2. Da s\u00e9rie \"Os espa\u00e7os do p\u00e2nico\",\n2022<br>\n\u00d3leo sobre tela<br>\n200 x 300 cm\t\t\t\t\t\t\t\t<\/div>\n\t\t\t\t<\/div>\n\t\t\t\t\t<\/div>\n\t\t\t\t<\/div>\n\t\t\t\t<\/div>\n\t\t<div class=\"elementor-element elementor-element-2dda4755 e-con-full elementor-hidden-mobile e-flex e-con e-parent\" data-id=\"2dda4755\" data-element_type=\"container\" data-e-type=\"container\" data-settings=\"{&quot;background_background&quot;:&quot;classic&quot;}\">\n\t\t<div class=\"elementor-element elementor-element-4ad8ec3b e-flex e-con-boxed elementor-invisible e-con e-child\" data-id=\"4ad8ec3b\" data-element_type=\"container\" data-e-type=\"container\" data-settings=\"{&quot;animation&quot;:&quot;fadeIn&quot;}\">\n\t\t\t\t\t<div class=\"e-con-inner\">\n\t\t\t\t<div class=\"elementor-element elementor-element-7eb0c514 elementor-widget elementor-widget-text-editor\" data-id=\"7eb0c514\" data-element_type=\"widget\" data-e-type=\"widget\" data-widget_type=\"text-editor.default\">\n\t\t\t\t<div class=\"elementor-widget-container\">\n\t\t\t\t\t\t\t\t\tNacho Mart\u00edn-Silva<br>\nPolaroid 32,\n2023<br>\n\u00d3leo sobre tela<br>\n147 x 126 cm\t\t\t\t\t\t\t\t<\/div>\n\t\t\t\t<\/div>\n\t\t\t\t\t<\/div>\n\t\t\t\t<\/div>\n\t\t<div class=\"elementor-element elementor-element-6fcc8c56 e-flex e-con-boxed elementor-invisible e-con e-child\" data-id=\"6fcc8c56\" data-element_type=\"container\" data-e-type=\"container\" data-settings=\"{&quot;animation&quot;:&quot;fadeIn&quot;}\">\n\t\t\t\t\t<div class=\"e-con-inner\">\n\t\t\t\t<div class=\"elementor-element elementor-element-75ca1d9c elementor-widget elementor-widget-text-editor\" data-id=\"75ca1d9c\" data-element_type=\"widget\" data-e-type=\"widget\" data-widget_type=\"text-editor.default\">\n\t\t\t\t<div class=\"elementor-widget-container\">\n\t\t\t\t\t\t\t\t\tLuis Enrique L\u00f3pez-Ch\u00e1vez<br>\nNo.1. Da s\u00e9rie \"Os espa\u00e7os do p\u00e2nico\",\n2022<br>\n\u00d3leo sobre tela<br>\n200 x 140 cm\t\t\t\t\t\t\t\t<\/div>\n\t\t\t\t<\/div>\n\t\t\t\t\t<\/div>\n\t\t\t\t<\/div>\n\t\t<div class=\"elementor-element elementor-element-2cd8ed32 e-flex e-con-boxed elementor-invisible e-con e-child\" data-id=\"2cd8ed32\" data-element_type=\"container\" data-e-type=\"container\" data-settings=\"{&quot;animation&quot;:&quot;fadeIn&quot;}\">\n\t\t\t\t\t<div class=\"e-con-inner\">\n\t\t\t\t<div class=\"elementor-element elementor-element-5a8b0166 elementor-widget elementor-widget-text-editor\" data-id=\"5a8b0166\" data-element_type=\"widget\" data-e-type=\"widget\" data-widget_type=\"text-editor.default\">\n\t\t\t\t<div class=\"elementor-widget-container\">\n\t\t\t\t\t\t\t\t\tLuis Enrique L\u00f3pez-Ch\u00e1vez<br>\nNo.2. Da s\u00e9rie \"Os espa\u00e7os do p\u00e2nico\",\n2022<br>\n\u00d3leo sobre tela<br>\n200 x 300 cm\t\t\t\t\t\t\t\t<\/div>\n\t\t\t\t<\/div>\n\t\t\t\t\t<\/div>\n\t\t\t\t<\/div>\n\t\t\t\t<\/div>\n\t\t<div class=\"elementor-element elementor-element-733f1199 e-con-full e-flex e-con e-parent\" data-id=\"733f1199\" data-element_type=\"container\" data-e-type=\"container\" data-settings=\"{&quot;background_background&quot;:&quot;classic&quot;}\">\n\t\t<div class=\"elementor-element elementor-element-4683e90e e-flex e-con-boxed elementor-invisible e-con e-child\" data-id=\"4683e90e\" data-element_type=\"container\" data-e-type=\"container\" data-settings=\"{&quot;animation&quot;:&quot;fadeInUp&quot;}\">\n\t\t\t\t\t<div class=\"e-con-inner\">\n\t\t\t\t<div class=\"elementor-element elementor-element-7d3a104d elementor-widget elementor-widget-image\" data-id=\"7d3a104d\" data-element_type=\"widget\" data-e-type=\"widget\" data-widget_type=\"image.default\">\n\t\t\t\t<div class=\"elementor-widget-container\">\n\t\t\t\t\t\t\t\t\t\t\t\t\t\t\t\t<a href=\"https:\/\/artapartamento.com\/wp-content\/uploads\/2023\/11\/Arco-Madrid-2023-06.jpeg.webp\" data-elementor-open-lightbox=\"yes\" data-e-action-hash=\"#elementor-action%3Aaction%3Dlightbox%26settings%3DeyJpZCI6NDU4NywidXJsIjoiaHR0cHM6XC9cL2FydGFwYXJ0YW1lbnRvLmNvbVwvd3AtY29udGVudFwvdXBsb2Fkc1wvMjAyM1wvMTFcL0FyY28tTWFkcmlkLTIwMjMtMDYuanBlZy53ZWJwIn0%3D\">\n\t\t\t\t\t\t\t<img loading=\"lazy\" decoding=\"async\" width=\"1517\" height=\"1068\" src=\"https:\/\/artapartamento.com\/wp-content\/uploads\/2023\/11\/Arco-Madrid-2023-06.jpeg.webp\" class=\"attachment-full size-full wp-image-4587\" alt=\"Levi Orta\" srcset=\"https:\/\/artapartamento.com\/wp-content\/uploads\/2023\/11\/Arco-Madrid-2023-06.jpeg.webp 1517w, https:\/\/artapartamento.com\/wp-content\/uploads\/2023\/11\/Arco-Madrid-2023-06-300x211.jpeg.webp 300w, https:\/\/artapartamento.com\/wp-content\/uploads\/2023\/11\/Arco-Madrid-2023-06-1024x721.jpeg.webp 1024w, https:\/\/artapartamento.com\/wp-content\/uploads\/2023\/11\/Arco-Madrid-2023-06-768x541.jpeg.webp 768w, https:\/\/artapartamento.com\/wp-content\/uploads\/2023\/11\/Arco-Madrid-2023-06-18x12.jpeg.webp 18w\" sizes=\"(max-width: 1517px) 100vw, 1517px\" \/>\t\t\t\t\t\t\t\t<\/a>\n\t\t\t\t\t\t\t\t\t\t\t\t\t\t\t<\/div>\n\t\t\t\t<\/div>\n\t\t\t\t<div class=\"elementor-element elementor-element-befe612 elementor-hidden-desktop elementor-hidden-tablet elementor-widget elementor-widget-text-editor\" data-id=\"befe612\" data-element_type=\"widget\" data-e-type=\"widget\" data-widget_type=\"text-editor.default\">\n\t\t\t\t<div class=\"elementor-widget-container\">\n\t\t\t\t\t\t\t\t\tLevi Orta<br>\nRegisto Nacional,\n2020-2022<br>\n15 colagens A3 que combinam a participa\u00e7\u00e3o do artista nos concursos com uma sele\u00e7\u00e3o de t\u00edtulos de not\u00edcias sobre a participa\u00e7\u00e3o de artistas cubanos nas manifesta\u00e7\u00f5es antigovernamentais.<br>\nDimens\u00f5es vari\u00e1veis\t\t\t\t\t\t\t\t<\/div>\n\t\t\t\t<\/div>\n\t\t\t\t\t<\/div>\n\t\t\t\t<\/div>\n\t\t<div class=\"elementor-element elementor-element-2f9bf048 e-flex e-con-boxed elementor-invisible e-con e-child\" data-id=\"2f9bf048\" data-element_type=\"container\" data-e-type=\"container\" data-settings=\"{&quot;animation&quot;:&quot;fadeInUp&quot;}\">\n\t\t\t\t\t<div class=\"e-con-inner\">\n\t\t\t\t<div class=\"elementor-element elementor-element-1c8bec4e elementor-widget elementor-widget-image\" data-id=\"1c8bec4e\" data-element_type=\"widget\" data-e-type=\"widget\" data-widget_type=\"image.default\">\n\t\t\t\t<div class=\"elementor-widget-container\">\n\t\t\t\t\t\t\t\t\t\t\t\t\t\t\t\t<a href=\"https:\/\/artapartamento.com\/wp-content\/uploads\/2023\/11\/Arco-Madrid-2023-07.jpeg.webp\" data-elementor-open-lightbox=\"yes\" data-e-action-hash=\"#elementor-action%3Aaction%3Dlightbox%26settings%3DeyJpZCI6NDU4OCwidXJsIjoiaHR0cHM6XC9cL2FydGFwYXJ0YW1lbnRvLmNvbVwvd3AtY29udGVudFwvdXBsb2Fkc1wvMjAyM1wvMTFcL0FyY28tTWFkcmlkLTIwMjMtMDcuanBlZy53ZWJwIn0%3D\">\n\t\t\t\t\t\t\t<img loading=\"lazy\" decoding=\"async\" width=\"1600\" height=\"1607\" src=\"https:\/\/artapartamento.com\/wp-content\/uploads\/2023\/11\/Arco-Madrid-2023-07.jpeg.webp\" class=\"attachment-full size-full wp-image-4588\" alt=\"Ariel Cabrera\" srcset=\"https:\/\/artapartamento.com\/wp-content\/uploads\/2023\/11\/Arco-Madrid-2023-07.jpeg.webp 1600w, https:\/\/artapartamento.com\/wp-content\/uploads\/2023\/11\/Arco-Madrid-2023-07-300x300.jpeg.webp 300w, https:\/\/artapartamento.com\/wp-content\/uploads\/2023\/11\/Arco-Madrid-2023-07-1020x1024.jpeg.webp 1020w, https:\/\/artapartamento.com\/wp-content\/uploads\/2023\/11\/Arco-Madrid-2023-07-150x150.jpeg.webp 150w, https:\/\/artapartamento.com\/wp-content\/uploads\/2023\/11\/Arco-Madrid-2023-07-768x771.jpeg.webp 768w, https:\/\/artapartamento.com\/wp-content\/uploads\/2023\/11\/Arco-Madrid-2023-07-1529x1536.jpeg.webp 1529w, https:\/\/artapartamento.com\/wp-content\/uploads\/2023\/11\/Arco-Madrid-2023-07-12x12.jpeg.webp 12w\" sizes=\"(max-width: 1600px) 100vw, 1600px\" \/>\t\t\t\t\t\t\t\t<\/a>\n\t\t\t\t\t\t\t\t\t\t\t\t\t\t\t<\/div>\n\t\t\t\t<\/div>\n\t\t\t\t<div class=\"elementor-element elementor-element-1b9c9676 elementor-hidden-desktop elementor-hidden-tablet elementor-widget elementor-widget-text-editor\" data-id=\"1b9c9676\" data-element_type=\"widget\" data-e-type=\"widget\" data-widget_type=\"text-editor.default\">\n\t\t\t\t<div class=\"elementor-widget-container\">\n\t\t\t\t\t\t\t\t\tAriel Cabrera<br>\nUm dia de folga para os veteranos. Da s\u00e9rie \"Summer Time\",\n2023<br>\n\u00d3leo sobre linho<br>\n120 x 120 x 4 cm\t\t\t\t\t\t\t\t<\/div>\n\t\t\t\t<\/div>\n\t\t\t\t\t<\/div>\n\t\t\t\t<\/div>\n\t\t<div class=\"elementor-element elementor-element-24e12486 e-flex e-con-boxed elementor-invisible e-con e-child\" data-id=\"24e12486\" data-element_type=\"container\" data-e-type=\"container\" data-settings=\"{&quot;animation&quot;:&quot;fadeInUp&quot;}\">\n\t\t\t\t\t<div class=\"e-con-inner\">\n\t\t\t\t<div class=\"elementor-element elementor-element-be29d08 elementor-widget elementor-widget-image\" data-id=\"be29d08\" data-element_type=\"widget\" data-e-type=\"widget\" data-widget_type=\"image.default\">\n\t\t\t\t<div class=\"elementor-widget-container\">\n\t\t\t\t\t\t\t\t\t\t\t\t\t\t\t\t<a href=\"https:\/\/artapartamento.com\/wp-content\/uploads\/2023\/11\/Arco-Madrid-2023-08.jpeg.webp\" data-elementor-open-lightbox=\"yes\" data-e-action-hash=\"#elementor-action%3Aaction%3Dlightbox%26settings%3DeyJpZCI6NDU4OSwidXJsIjoiaHR0cHM6XC9cL2FydGFwYXJ0YW1lbnRvLmNvbVwvd3AtY29udGVudFwvdXBsb2Fkc1wvMjAyM1wvMTFcL0FyY28tTWFkcmlkLTIwMjMtMDguanBlZy53ZWJwIn0%3D\">\n\t\t\t\t\t\t\t<img loading=\"lazy\" decoding=\"async\" width=\"1600\" height=\"1276\" src=\"https:\/\/artapartamento.com\/wp-content\/uploads\/2023\/11\/Arco-Madrid-2023-08.jpeg.webp\" class=\"attachment-full size-full wp-image-4589\" alt=\"Ariamna Contino\" srcset=\"https:\/\/artapartamento.com\/wp-content\/uploads\/2023\/11\/Arco-Madrid-2023-08.jpeg.webp 1600w, https:\/\/artapartamento.com\/wp-content\/uploads\/2023\/11\/Arco-Madrid-2023-08-300x239.jpeg.webp 300w, https:\/\/artapartamento.com\/wp-content\/uploads\/2023\/11\/Arco-Madrid-2023-08-1024x817.jpeg.webp 1024w, https:\/\/artapartamento.com\/wp-content\/uploads\/2023\/11\/Arco-Madrid-2023-08-768x612.jpeg.webp 768w, https:\/\/artapartamento.com\/wp-content\/uploads\/2023\/11\/Arco-Madrid-2023-08-1536x1225.jpeg.webp 1536w, https:\/\/artapartamento.com\/wp-content\/uploads\/2023\/11\/Arco-Madrid-2023-08-15x12.jpeg.webp 15w\" sizes=\"(max-width: 1600px) 100vw, 1600px\" \/>\t\t\t\t\t\t\t\t<\/a>\n\t\t\t\t\t\t\t\t\t\t\t\t\t\t\t<\/div>\n\t\t\t\t<\/div>\n\t\t\t\t<div class=\"elementor-element elementor-element-1b24e6c5 elementor-hidden-desktop elementor-hidden-tablet elementor-widget elementor-widget-text-editor\" data-id=\"1b24e6c5\" data-element_type=\"widget\" data-e-type=\"widget\" data-widget_type=\"text-editor.default\">\n\t\t\t\t<div class=\"elementor-widget-container\">\n\t\t\t\t\t\t\t\t\tAriamna Contino<br>\nMalangueta. Da s\u00e9rie \"Manigua\",\n2023<br>\nPapel artesanal com orif\u00edcios<br>\n83 x 109 x 7 cm\t\t\t\t\t\t\t\t<\/div>\n\t\t\t\t<\/div>\n\t\t\t\t\t<\/div>\n\t\t\t\t<\/div>\n\t\t\t\t<\/div>\n\t\t<div class=\"elementor-element elementor-element-47510b28 e-con-full elementor-hidden-mobile e-flex e-con e-parent\" data-id=\"47510b28\" data-element_type=\"container\" data-e-type=\"container\" data-settings=\"{&quot;background_background&quot;:&quot;classic&quot;}\">\n\t\t<div class=\"elementor-element elementor-element-303c597a e-flex e-con-boxed elementor-invisible e-con e-child\" data-id=\"303c597a\" data-element_type=\"container\" data-e-type=\"container\" data-settings=\"{&quot;animation&quot;:&quot;fadeIn&quot;}\">\n\t\t\t\t\t<div class=\"e-con-inner\">\n\t\t\t\t<div class=\"elementor-element elementor-element-3aa654ca elementor-widget elementor-widget-text-editor\" data-id=\"3aa654ca\" data-element_type=\"widget\" data-e-type=\"widget\" data-widget_type=\"text-editor.default\">\n\t\t\t\t<div class=\"elementor-widget-container\">\n\t\t\t\t\t\t\t\t\tLevi Orta<br>\nRegisto Nacional,\n2020-2022<br>\n15 colagens A3 que combinam a participa\u00e7\u00e3o do artista nos concursos com uma sele\u00e7\u00e3o de t\u00edtulos de not\u00edcias sobre a participa\u00e7\u00e3o de artistas cubanos nas manifesta\u00e7\u00f5es antigovernamentais.<br>\nDimens\u00f5es vari\u00e1veis\t\t\t\t\t\t\t\t<\/div>\n\t\t\t\t<\/div>\n\t\t\t\t\t<\/div>\n\t\t\t\t<\/div>\n\t\t<div class=\"elementor-element elementor-element-79f5d451 e-flex e-con-boxed elementor-invisible e-con e-child\" data-id=\"79f5d451\" data-element_type=\"container\" data-e-type=\"container\" data-settings=\"{&quot;animation&quot;:&quot;fadeIn&quot;}\">\n\t\t\t\t\t<div class=\"e-con-inner\">\n\t\t\t\t<div class=\"elementor-element elementor-element-17917666 elementor-widget elementor-widget-text-editor\" data-id=\"17917666\" data-element_type=\"widget\" data-e-type=\"widget\" data-widget_type=\"text-editor.default\">\n\t\t\t\t<div class=\"elementor-widget-container\">\n\t\t\t\t\t\t\t\t\tAriel Cabrera<br>\nUm dia de folga para os veteranos. Da s\u00e9rie \"Summer Time\",\n2023<br>\n\u00d3leo sobre linho<br>\n120 x 120 x 4 cm\t\t\t\t\t\t\t\t<\/div>\n\t\t\t\t<\/div>\n\t\t\t\t\t<\/div>\n\t\t\t\t<\/div>\n\t\t<div class=\"elementor-element elementor-element-ab652a6 e-flex e-con-boxed elementor-invisible e-con e-child\" data-id=\"ab652a6\" data-element_type=\"container\" data-e-type=\"container\" data-settings=\"{&quot;animation&quot;:&quot;fadeIn&quot;}\">\n\t\t\t\t\t<div class=\"e-con-inner\">\n\t\t\t\t<div class=\"elementor-element elementor-element-3b5a7215 elementor-widget elementor-widget-text-editor\" data-id=\"3b5a7215\" data-element_type=\"widget\" data-e-type=\"widget\" data-widget_type=\"text-editor.default\">\n\t\t\t\t<div class=\"elementor-widget-container\">\n\t\t\t\t\t\t\t\t\tAriamna Contino<br>\nMalangueta. Da s\u00e9rie \"Manigua\",\n2023<br>\nPapel artesanal com orif\u00edcios<br>\n83 x 109 x 7 cm\t\t\t\t\t\t\t\t<\/div>\n\t\t\t\t<\/div>\n\t\t\t\t\t<\/div>\n\t\t\t\t<\/div>\n\t\t\t\t<\/div>\n\t\t<div class=\"elementor-element elementor-element-49c4e806 e-con-full e-flex e-con e-parent\" data-id=\"49c4e806\" data-element_type=\"container\" data-e-type=\"container\" data-settings=\"{&quot;background_background&quot;:&quot;classic&quot;}\">\n\t\t<div class=\"elementor-element elementor-element-70abde80 e-flex e-con-boxed elementor-invisible e-con e-child\" data-id=\"70abde80\" data-element_type=\"container\" data-e-type=\"container\" data-settings=\"{&quot;animation&quot;:&quot;fadeInUp&quot;}\">\n\t\t\t\t\t<div class=\"e-con-inner\">\n\t\t\t\t<div class=\"elementor-element elementor-element-19e114b1 elementor-widget elementor-widget-image\" data-id=\"19e114b1\" data-element_type=\"widget\" data-e-type=\"widget\" data-widget_type=\"image.default\">\n\t\t\t\t<div class=\"elementor-widget-container\">\n\t\t\t\t\t\t\t\t\t\t\t\t\t\t\t\t<a href=\"https:\/\/artapartamento.com\/wp-content\/uploads\/2023\/11\/Arco-Madrid-2023-09.jpeg.webp\" data-elementor-open-lightbox=\"yes\" data-e-action-hash=\"#elementor-action%3Aaction%3Dlightbox%26settings%3DeyJpZCI6NDU5MCwidXJsIjoiaHR0cHM6XC9cL2FydGFwYXJ0YW1lbnRvLmNvbVwvd3AtY29udGVudFwvdXBsb2Fkc1wvMjAyM1wvMTFcL0FyY28tTWFkcmlkLTIwMjMtMDkuanBlZy53ZWJwIn0%3D\">\n\t\t\t\t\t\t\t<img loading=\"lazy\" decoding=\"async\" width=\"1600\" height=\"1186\" src=\"https:\/\/artapartamento.com\/wp-content\/uploads\/2023\/11\/Arco-Madrid-2023-09.jpeg.webp\" class=\"attachment-full size-full wp-image-4590\" alt=\"Ariamna Contino\" srcset=\"https:\/\/artapartamento.com\/wp-content\/uploads\/2023\/11\/Arco-Madrid-2023-09.jpeg.webp 1600w, https:\/\/artapartamento.com\/wp-content\/uploads\/2023\/11\/Arco-Madrid-2023-09-300x222.jpeg.webp 300w, https:\/\/artapartamento.com\/wp-content\/uploads\/2023\/11\/Arco-Madrid-2023-09-1024x759.jpeg.webp 1024w, https:\/\/artapartamento.com\/wp-content\/uploads\/2023\/11\/Arco-Madrid-2023-09-768x569.jpeg.webp 768w, https:\/\/artapartamento.com\/wp-content\/uploads\/2023\/11\/Arco-Madrid-2023-09-1536x1139.jpeg.webp 1536w, https:\/\/artapartamento.com\/wp-content\/uploads\/2023\/11\/Arco-Madrid-2023-09-16x12.jpeg.webp 16w\" sizes=\"(max-width: 1600px) 100vw, 1600px\" \/>\t\t\t\t\t\t\t\t<\/a>\n\t\t\t\t\t\t\t\t\t\t\t\t\t\t\t<\/div>\n\t\t\t\t<\/div>\n\t\t\t\t<div class=\"elementor-element elementor-element-acf5ea1 elementor-hidden-desktop elementor-hidden-tablet elementor-widget elementor-widget-text-editor\" data-id=\"acf5ea1\" data-element_type=\"widget\" data-e-type=\"widget\" data-widget_type=\"text-editor.default\">\n\t\t\t\t<div class=\"elementor-widget-container\">\n\t\t\t\t\t\t\t\t\tAriamna Contino<br>\nSalvia divinorum. Da s\u00e9rie \"O Jardim das Del\u00edcias Terrenas\",\n2023<br>\nPapel artesanal com orif\u00edcios<br>\n53 x 73 x 5 cm\t\t\t\t\t\t\t\t<\/div>\n\t\t\t\t<\/div>\n\t\t\t\t\t<\/div>\n\t\t\t\t<\/div>\n\t\t<div class=\"elementor-element elementor-element-62b292b5 e-flex e-con-boxed elementor-invisible e-con e-child\" data-id=\"62b292b5\" data-element_type=\"container\" data-e-type=\"container\" data-settings=\"{&quot;animation&quot;:&quot;fadeInUp&quot;}\">\n\t\t\t\t\t<div class=\"e-con-inner\">\n\t\t\t\t\t<\/div>\n\t\t\t\t<\/div>\n\t\t<div class=\"elementor-element elementor-element-77b19e69 e-flex e-con-boxed elementor-invisible e-con e-child\" data-id=\"77b19e69\" data-element_type=\"container\" data-e-type=\"container\" data-settings=\"{&quot;animation&quot;:&quot;fadeInUp&quot;}\">\n\t\t\t\t\t<div class=\"e-con-inner\">\n\t\t\t\t\t<\/div>\n\t\t\t\t<\/div>\n\t\t\t\t<\/div>\n\t\t<div class=\"elementor-element elementor-element-5930a1c7 e-con-full elementor-hidden-mobile e-flex e-con e-parent\" data-id=\"5930a1c7\" data-element_type=\"container\" data-e-type=\"container\" data-settings=\"{&quot;background_background&quot;:&quot;classic&quot;}\">\n\t\t<div class=\"elementor-element elementor-element-75c848c0 e-flex e-con-boxed elementor-invisible e-con e-child\" data-id=\"75c848c0\" data-element_type=\"container\" data-e-type=\"container\" data-settings=\"{&quot;animation&quot;:&quot;fadeIn&quot;}\">\n\t\t\t\t\t<div class=\"e-con-inner\">\n\t\t\t\t<div class=\"elementor-element elementor-element-36348ffc elementor-widget elementor-widget-text-editor\" data-id=\"36348ffc\" data-element_type=\"widget\" data-e-type=\"widget\" data-widget_type=\"text-editor.default\">\n\t\t\t\t<div class=\"elementor-widget-container\">\n\t\t\t\t\t\t\t\t\tAriamna Contino<br>\nSalvia divinorum. Da s\u00e9rie \"O Jardim das Del\u00edcias Terrenas\",\n2023<br>\nPapel artesanal com orif\u00edcios<br>\n53 x 73 x 5 cm\t\t\t\t\t\t\t\t<\/div>\n\t\t\t\t<\/div>\n\t\t\t\t\t<\/div>\n\t\t\t\t<\/div>\n\t\t<div class=\"elementor-element elementor-element-53dcbbd7 e-flex e-con-boxed elementor-invisible e-con e-child\" data-id=\"53dcbbd7\" data-element_type=\"container\" data-e-type=\"container\" data-settings=\"{&quot;animation&quot;:&quot;fadeIn&quot;}\">\n\t\t\t\t\t<div class=\"e-con-inner\">\n\t\t\t\t\t<\/div>\n\t\t\t\t<\/div>\n\t\t<div class=\"elementor-element elementor-element-40238c62 e-flex e-con-boxed elementor-invisible e-con e-child\" data-id=\"40238c62\" data-element_type=\"container\" data-e-type=\"container\" data-settings=\"{&quot;animation&quot;:&quot;fadeIn&quot;}\">\n\t\t\t\t\t<div class=\"e-con-inner\">\n\t\t\t\t\t<\/div>\n\t\t\t\t<\/div>\n\t\t\t\t<\/div>\n\t\t\t\t<\/div>","protected":false},"excerpt":{"rendered":"<p>Ariamna Contino - Diana Fonseca - Jos\u00e9 Manuel Mes\u00edas - Juan Carlos Alom - Leandro Feal - Levi Orta - Luis Enrique L\u00f3pez-Ch\u00e1vez - Nacho Mart\u00edn-Silva - Reynier Leyva Novo - Roberto Diago - Roc\u00edo Garc\u00eda - Yornel Mart\u00ednez<\/p>\n<p>22 - 26 fevereiro, 2023<\/p>","protected":false},"author":1,"featured_media":4569,"parent":27,"menu_order":0,"comment_status":"closed","ping_status":"closed","template":"","meta":{"_acf_changed":false,"footnotes":"","_links_to":"","_links_to_target":""},"categories":[21],"tags":[22],"class_list":["post-1369","page","type-page","status-publish","has-post-thumbnail","hentry","category-ferias","tag-feria-2023","post","post-with-thumbnail","post-with-thumbnail-large"],"acf":[],"aioseo_notices":[],"_links":{"self":[{"href":"https:\/\/artapartamento.com\/pt\/wp-json\/wp\/v2\/pages\/1369","targetHints":{"allow":["GET"]}}],"collection":[{"href":"https:\/\/artapartamento.com\/pt\/wp-json\/wp\/v2\/pages"}],"about":[{"href":"https:\/\/artapartamento.com\/pt\/wp-json\/wp\/v2\/types\/page"}],"author":[{"embeddable":true,"href":"https:\/\/artapartamento.com\/pt\/wp-json\/wp\/v2\/users\/1"}],"replies":[{"embeddable":true,"href":"https:\/\/artapartamento.com\/pt\/wp-json\/wp\/v2\/comments?post=1369"}],"version-history":[{"count":0,"href":"https:\/\/artapartamento.com\/pt\/wp-json\/wp\/v2\/pages\/1369\/revisions"}],"up":[{"embeddable":true,"href":"https:\/\/artapartamento.com\/pt\/wp-json\/wp\/v2\/pages\/27"}],"wp:featuredmedia":[{"embeddable":true,"href":"https:\/\/artapartamento.com\/pt\/wp-json\/wp\/v2\/media\/4569"}],"wp:attachment":[{"href":"https:\/\/artapartamento.com\/pt\/wp-json\/wp\/v2\/media?parent=1369"}],"wp:term":[{"taxonomy":"category","embeddable":true,"href":"https:\/\/artapartamento.com\/pt\/wp-json\/wp\/v2\/categories?post=1369"},{"taxonomy":"post_tag","embeddable":true,"href":"https:\/\/artapartamento.com\/pt\/wp-json\/wp\/v2\/tags?post=1369"}],"curies":[{"name":"wp","href":"https:\/\/api.w.org\/{rel}","templated":true}]}}