{"id":10646,"date":"2024-06-04T14:17:20","date_gmt":"2024-06-04T12:17:20","guid":{"rendered":"https:\/\/artapartamento.com\/?page_id=10646"},"modified":"2024-08-23T13:21:24","modified_gmt":"2024-08-23T11:21:24","slug":"verde-havana","status":"publish","type":"page","link":"https:\/\/artapartamento.com\/pt\/exposiciones\/green-havana\/","title":{"rendered":"Green Havana"},"content":{"rendered":"\t\t<div data-elementor-type=\"wp-page\" data-elementor-id=\"10646\" class=\"elementor elementor-10646\" data-elementor-post-type=\"page\">\n\t\t\t\t<div class=\"elementor-element elementor-element-23b223e4 e-con-full e-flex e-con e-parent\" data-id=\"23b223e4\" data-element_type=\"container\" data-e-type=\"container\" data-settings=\"{&quot;background_background&quot;:&quot;classic&quot;}\">\n\t\t<div class=\"elementor-element elementor-element-2331e547 e-con-full e-flex e-con e-child\" data-id=\"2331e547\" data-element_type=\"container\" data-e-type=\"container\">\n\t\t\t\t<div class=\"elementor-element elementor-element-363bec3 elementor-invisible elementor-widget elementor-widget-heading\" data-id=\"363bec3\" data-element_type=\"widget\" data-e-type=\"widget\" data-settings=\"{&quot;_animation&quot;:&quot;fadeInUp&quot;}\" data-widget_type=\"heading.default\">\n\t\t\t\t<div class=\"elementor-widget-container\">\n\t\t\t\t\t<h2 class=\"elementor-heading-title elementor-size-default\">Green Havana<\/h2>\t\t\t\t<\/div>\n\t\t\t\t<\/div>\n\t\t\t\t<div class=\"elementor-element elementor-element-656b127f elementor-invisible elementor-widget elementor-widget-heading\" data-id=\"656b127f\" data-element_type=\"widget\" data-e-type=\"widget\" data-settings=\"{&quot;_animation&quot;:&quot;fadeInUp&quot;}\" data-widget_type=\"heading.default\">\n\t\t\t\t<div class=\"elementor-widget-container\">\n\t\t\t\t\t<h2 class=\"elementor-heading-title elementor-size-default\">Leandro Feal<\/h2>\t\t\t\t<\/div>\n\t\t\t\t<\/div>\n\t\t\t\t<div class=\"elementor-element elementor-element-3d6d831 elementor-invisible elementor-widget elementor-widget-heading\" data-id=\"3d6d831\" data-element_type=\"widget\" data-e-type=\"widget\" data-settings=\"{&quot;_animation&quot;:&quot;fadeInUp&quot;}\" data-widget_type=\"heading.default\">\n\t\t\t\t<div class=\"elementor-widget-container\">\n\t\t\t\t\t<h2 class=\"elementor-heading-title elementor-size-default\">comisariada por osbel su\u00e1rez<\/h2>\t\t\t\t<\/div>\n\t\t\t\t<\/div>\n\t\t\t\t<div class=\"elementor-element elementor-element-6074cfac elementor-invisible elementor-widget elementor-widget-text-editor\" data-id=\"6074cfac\" data-element_type=\"widget\" data-e-type=\"widget\" data-settings=\"{&quot;_animation&quot;:&quot;fadeInUp&quot;}\" data-widget_type=\"text-editor.default\">\n\t\t\t\t<div class=\"elementor-widget-container\">\n\t\t\t\t\t\t\t\t\t<p>28 de mayo &#8211; 3 de Agosto, 2024<\/p><p class=\"title-place\">El Apartamento (Main Room), Madrid<\/p>\t\t\t\t\t\t\t\t<\/div>\n\t\t\t\t<\/div>\n\t\t\t\t<\/div>\n\t\t\t\t<\/div>\n\t\t<div class=\"elementor-element elementor-element-63f567b3 e-con-full e-flex e-con e-parent\" data-id=\"63f567b3\" data-element_type=\"container\" data-e-type=\"container\" data-settings=\"{&quot;background_background&quot;:&quot;classic&quot;}\">\n\t\t\t\t<div class=\"elementor-element elementor-element-199812e3 animated-slow elementor-invisible elementor-widget elementor-widget-image\" data-id=\"199812e3\" data-element_type=\"widget\" data-e-type=\"widget\" data-settings=\"{&quot;_animation&quot;:&quot;fadeInUp&quot;}\" data-widget_type=\"image.default\">\n\t\t\t\t<div class=\"elementor-widget-container\">\n\t\t\t\t\t\t\t\t\t\t\t\t\t\t\t<img fetchpriority=\"high\" decoding=\"async\" width=\"1500\" height=\"1001\" src=\"https:\/\/artapartamento.com\/wp-content\/uploads\/2024\/06\/6.GREEN-HAVANA_INVI_GALLERY-PORTADA.jpg.webp\" class=\"attachment-full size-full wp-image-10932\" alt=\"Green Havana_Leandro Feal\" srcset=\"https:\/\/artapartamento.com\/wp-content\/uploads\/2024\/06\/6.GREEN-HAVANA_INVI_GALLERY-PORTADA.jpg.webp 1500w, https:\/\/artapartamento.com\/wp-content\/uploads\/2024\/06\/6.GREEN-HAVANA_INVI_GALLERY-PORTADA-300x200.jpg.webp 300w, https:\/\/artapartamento.com\/wp-content\/uploads\/2024\/06\/6.GREEN-HAVANA_INVI_GALLERY-PORTADA-1024x683.jpg.webp 1024w, https:\/\/artapartamento.com\/wp-content\/uploads\/2024\/06\/6.GREEN-HAVANA_INVI_GALLERY-PORTADA-768x513.jpg.webp 768w, https:\/\/artapartamento.com\/wp-content\/uploads\/2024\/06\/6.GREEN-HAVANA_INVI_GALLERY-PORTADA-18x12.jpg.webp 18w, https:\/\/artapartamento.com\/wp-content\/uploads\/2024\/06\/6.GREEN-HAVANA_INVI_GALLERY-PORTADA-272x182.jpg.webp 272w\" sizes=\"(max-width: 1500px) 100vw, 1500px\" \/>\t\t\t\t\t\t\t\t\t\t\t\t\t\t\t<\/div>\n\t\t\t\t<\/div>\n\t\t\t\t<\/div>\n\t\t<div class=\"elementor-element elementor-element-473a18c6 e-con-full e-flex e-con e-parent\" data-id=\"473a18c6\" data-element_type=\"container\" data-e-type=\"container\" data-settings=\"{&quot;background_background&quot;:&quot;classic&quot;}\">\n\t\t<div class=\"elementor-element elementor-element-5eb5834e elementor-hidden-mobile e-flex e-con-boxed e-con e-child\" data-id=\"5eb5834e\" data-element_type=\"container\" data-e-type=\"container\">\n\t\t\t\t\t<div class=\"e-con-inner\">\n\t\t\t\t<div class=\"elementor-element elementor-element-60f4267c elementor-widget elementor-widget-image\" data-id=\"60f4267c\" data-element_type=\"widget\" data-e-type=\"widget\" data-settings=\"{&quot;motion_fx_motion_fx_scrolling&quot;:&quot;yes&quot;,&quot;motion_fx_translateX_effect&quot;:&quot;yes&quot;,&quot;motion_fx_translateX_direction&quot;:&quot;negative&quot;,&quot;motion_fx_translateX_speed&quot;:{&quot;unit&quot;:&quot;px&quot;,&quot;size&quot;:1.5,&quot;sizes&quot;:[]},&quot;motion_fx_translateX_affectedRange&quot;:{&quot;unit&quot;:&quot;%&quot;,&quot;size&quot;:&quot;&quot;,&quot;sizes&quot;:{&quot;start&quot;:0,&quot;end&quot;:50}},&quot;sticky&quot;:&quot;top&quot;,&quot;sticky_on&quot;:[&quot;desktop&quot;,&quot;tablet&quot;],&quot;sticky_offset_tablet&quot;:70,&quot;sticky_parent&quot;:&quot;yes&quot;,&quot;sticky_offset&quot;:100,&quot;motion_fx_devices&quot;:[&quot;desktop&quot;,&quot;tablet&quot;,&quot;mobile&quot;],&quot;sticky_effects_offset&quot;:0,&quot;sticky_anchor_link_offset&quot;:0}\" data-widget_type=\"image.default\">\n\t\t\t\t<div class=\"elementor-widget-container\">\n\t\t\t\t\t\t\t\t\t\t\t\t\t\t\t<img decoding=\"async\" width=\"2400\" height=\"2400\" src=\"https:\/\/artapartamento.com\/wp-content\/uploads\/2024\/06\/Caribe_Green-Havana_150x150_.jpg.webp\" class=\"attachment-full size-full wp-image-10933\" alt=\"\" srcset=\"https:\/\/artapartamento.com\/wp-content\/uploads\/2024\/06\/Caribe_Green-Havana_150x150_.jpg.webp 2400w, https:\/\/artapartamento.com\/wp-content\/uploads\/2024\/06\/Caribe_Green-Havana_150x150_-300x300.jpg.webp 300w, https:\/\/artapartamento.com\/wp-content\/uploads\/2024\/06\/Caribe_Green-Havana_150x150_-1024x1024.jpg.webp 1024w, https:\/\/artapartamento.com\/wp-content\/uploads\/2024\/06\/Caribe_Green-Havana_150x150_-150x150.jpg.webp 150w, https:\/\/artapartamento.com\/wp-content\/uploads\/2024\/06\/Caribe_Green-Havana_150x150_-768x768.jpg.webp 768w, https:\/\/artapartamento.com\/wp-content\/uploads\/2024\/06\/Caribe_Green-Havana_150x150_-1536x1536.jpg.webp 1536w, https:\/\/artapartamento.com\/wp-content\/uploads\/2024\/06\/Caribe_Green-Havana_150x150_-2048x2048.jpg.webp 2048w, https:\/\/artapartamento.com\/wp-content\/uploads\/2024\/06\/Caribe_Green-Havana_150x150_-12x12.jpg.webp 12w\" sizes=\"(max-width: 2400px) 100vw, 2400px\" \/>\t\t\t\t\t\t\t\t\t\t\t\t\t\t\t<\/div>\n\t\t\t\t<\/div>\n\t\t\t\t\t<\/div>\n\t\t\t\t<\/div>\n\t\t<div class=\"elementor-element elementor-element-3fd6d21e e-flex e-con-boxed e-con e-child\" data-id=\"3fd6d21e\" data-element_type=\"container\" data-e-type=\"container\">\n\t\t\t\t\t<div class=\"e-con-inner\">\n\t\t\t\t<div class=\"elementor-element elementor-element-742d4e59 elementor-widget elementor-widget-text-editor\" data-id=\"742d4e59\" data-element_type=\"widget\" data-e-type=\"widget\" data-widget_type=\"text-editor.default\">\n\t\t\t\t<div class=\"elementor-widget-container\">\n\t\t\t\t\t\t\t\t\t<p><strong>Green Havan<\/strong>a es un proyecto personal del fot\u00f3grafo Leandro Feal que trascurre durante los nueve \u00faltimos a\u00f1os y tiene lugar en La Habana, para ser m\u00e1s preciso en la noche habanera. La muestra descubre la producci\u00f3n m\u00e1s reciente de un artista que transita desde la fotograf\u00eda m\u00e1s tradicional hasta experimentaciones y propuestas que en s\u00ed mismas pervierten el sentido m\u00e1s ortodoxo del medio.<\/p><p>El t\u00edtulo en cuesti\u00f3n toma su nombre de una serie realizada entre 2020 y 2022 que explora las posibilidades de una Habana antigua y contempor\u00e1nea a la vez, surrealista, \u00edntima, mestiza, dom\u00e9stica. Un lugar contradictorio y vac\u00edo, donde la fiesta es fuga, evasi\u00f3n. En la ciudad de Leandro casi siempre es de noche y aqu\u00ed radica una de las claves del proyecto porque <strong>Green Havana<\/strong> es una sucesi\u00f3n de episodios, de \u00e1ngulos arriesgados, de h\u00e9roes y de objetos, de deseos y frustraciones en una intenci\u00f3n continua de representar un instante en el que la ilusi\u00f3n de sus protagonistas jugaba a hacerse realidad.<\/p><p>Las fotograf\u00edas aqu\u00ed no corresponden al paradigma tur\u00edstico que refleja una ciudad caribe\u00f1a pensada para el placer y la diversi\u00f3n, prostituida visualmente en su clich\u00e9 m\u00e1s reproducido. La Habana de Feal es una ciudad detenida en el tiempo, a ratos fantasmal y a la espera de un milagro poco probable, esencialmente dist\u00f3pica y escasamente funcional, donde el placer y la diversi\u00f3n alcanzan categor\u00eda clandestina. La noche amparaba la construcci\u00f3n de una utop\u00eda.<\/p><p>Uno de los elementos que refuerzan la intenci\u00f3n de representar la ciudad como un escenario de realidades distorsionadas es el uso de im\u00e1genes en negativo y del virado, un proceso de cambio de tonalidades que se genera a trav\u00e9s de mecanismos digitales. Aqu\u00ed el color verde adquiere un papel protag\u00f3nico en la mayor\u00eda de las im\u00e1genes, como en el caso de los televisores en blanco y negro de la marca Caribe, producidos en la antigua Uni\u00f3n Sovi\u00e9tica, pero ensamblados en la isla. Las im\u00e1genes de <strong>Green Havana<\/strong> se resisten de alguna manera a esta persistencia del monocromo, como lo hicieron los televisores Caribe , cuyas pantallas muchas familias decidieron pintar de franjas de colores para ver un mundo en color a trav\u00e9s de la pantalla que el terminal era incapaz de ofrecer.<\/p><p>La exposici\u00f3n cierra con una foto ensayo de 55 minutos de duraci\u00f3n que lleva por t\u00edtulo <strong>La fiesta vigilada<\/strong> y que toma su nombre de la novela hom\u00f3nima del escritor cubano Antonio Jos\u00e9 Ponte. Siguiendo la estela de referentes tan s\u00f3lidos como <strong>PM<\/strong>, un documental filmado en 1961 por Sab\u00e1 Cabrea Infante(hermano menor de Guillermo Cabrera Infante) y Orlando Jim\u00e9nez Leal en el que se refleja La Habana nocturna de los primeros a\u00f1os de la revoluci\u00f3n en apenas trece minutos, la fiesta de Feal tiene algo en com\u00fan con la fiesta de <strong>PM<\/strong>: ambas dejaron de existir, el peligro y la provocaci\u00f3n que la fiesta en s\u00ed misma representaba para las autoridades de la isla exig\u00eda su fin. No hay fiesta inocente, debieron pensar.<\/p><p><strong>PM<\/strong>(Pasado Meridiano) ostenta el triste m\u00e9rito de ser el primer objeto de la censura revolucionaria y su subtexto entronca directamente con el cuerpo central del ensayo fotog\u00e1fico de Feal. S\u00f3lo dos a\u00f1os m\u00e1s tarde, en 1963, la cineasta francesa Agn\u00e8s Varda viaja a Cuba para filmar <strong>Saluts les Cubain<\/strong>, un fotomontaje de media hora que recorre amablemente y con cierta inclinaci\u00f3n al exotismo, los cambios revolucionarios. Tanto el corto de Sab\u00e1 y Orlando Jim\u00e9nez como el fotomontaje de Varda apuntalan la estructura del foto ensayo de Leandro, si bien la fotograf\u00eda contracultural de Nan Goldin, los rayogramas tempranos de Man Ray, el cine ir\u00f3nico de Chris Marker o <strong>Habana Solo<\/strong>, la pel\u00edcula experimental de Juan Carlos Alom, van dejando una huella f\u00e9rtil por donde Feal transita con equilibrio.<\/p><p>Por la fiesta nocturna de Leandro hay un desfile continuo, a ratos fren\u00e9tico, de artistas consagrados, de aspirantes a artista, de artistas sin obra, de m\u00fasicos, de hombres sensibles adictos al sexo, de c\u00e9libes, de j\u00f3venes desesperados que no lo parecen, de celebrities locales, de cr\u00edticos de arte, de emprendedores, de h\u00e9roes y villanos. Sobre este ej\u00e9rcito plural que en s\u00ed mismo es un milagro, hay cuatro voces con m\u00e1s presencia que el resto de los mortales de su gran noche: Tania Bruguera, Hamlet Lavastida, Luis Manuel Otero Alc\u00e1ntara y Carlos Manuel \u00c1lvarez.<\/p><p>En sus \u00faltimos minutos la fiesta deja de serlo, la fiesta acaba y aparece una ciudad vac\u00eda y desierta que anuncia el fin y la voz en off de Carlos Manuel revela que fue secuestrado e interrogado al salir de la fiesta de un s\u00e1bado cualquiera y llevado, contra su voluntad, a su ciudad de provincias.<\/p><p>Al igual que la noche de PM, la noche de <strong>La fiesta vigilada<\/strong> ya apenas existe, casi fue una ilusi\u00f3n \u00f3ptica, un espejismo, un lugar que recordamos, pero al que no podemos regresar. La fiesta sucumbi\u00f3 al pesimismo y a la fragmentaci\u00f3n, la fiesta fue dinamitada porque la mezcla improvisada de sus protagonistas era el germen de una sociedad que asustaba a las autoridades y la inmensa mayor\u00eda de sus protagonistas decidieron tomar un exilio voluntario o sufrieron un exilio forzoso. El portal que representaba la fiesta se apag\u00f3, queda reinventarla sin vigilancia.<\/p><p style=\"text-align: right;\"><br \/>Osbel Su\u00e1rez<\/p>\t\t\t\t\t\t\t\t<\/div>\n\t\t\t\t<\/div>\n\t\t\t\t<div class=\"elementor-element elementor-element-70c756ca elementor-hidden-desktop elementor-hidden-tablet elementor-widget elementor-widget-image\" data-id=\"70c756ca\" data-element_type=\"widget\" data-e-type=\"widget\" data-settings=\"{&quot;motion_fx_motion_fx_scrolling&quot;:&quot;yes&quot;,&quot;motion_fx_translateX_effect&quot;:&quot;yes&quot;,&quot;motion_fx_translateX_direction&quot;:&quot;negative&quot;,&quot;motion_fx_translateX_speed&quot;:{&quot;unit&quot;:&quot;px&quot;,&quot;size&quot;:1.5,&quot;sizes&quot;:[]},&quot;motion_fx_translateX_affectedRange&quot;:{&quot;unit&quot;:&quot;%&quot;,&quot;size&quot;:&quot;&quot;,&quot;sizes&quot;:{&quot;start&quot;:0,&quot;end&quot;:50}},&quot;motion_fx_devices&quot;:[&quot;desktop&quot;]}\" data-widget_type=\"image.default\">\n\t\t\t\t<div class=\"elementor-widget-container\">\n\t\t\t\t\t\t\t\t\t\t\t\t\t\t\t<img decoding=\"async\" width=\"2400\" height=\"2400\" src=\"https:\/\/artapartamento.com\/wp-content\/uploads\/2024\/06\/Caribe_Green-Havana_150x150_.jpg.webp\" class=\"attachment-full size-full wp-image-10933\" alt=\"\" srcset=\"https:\/\/artapartamento.com\/wp-content\/uploads\/2024\/06\/Caribe_Green-Havana_150x150_.jpg.webp 2400w, https:\/\/artapartamento.com\/wp-content\/uploads\/2024\/06\/Caribe_Green-Havana_150x150_-300x300.jpg.webp 300w, https:\/\/artapartamento.com\/wp-content\/uploads\/2024\/06\/Caribe_Green-Havana_150x150_-1024x1024.jpg.webp 1024w, https:\/\/artapartamento.com\/wp-content\/uploads\/2024\/06\/Caribe_Green-Havana_150x150_-150x150.jpg.webp 150w, https:\/\/artapartamento.com\/wp-content\/uploads\/2024\/06\/Caribe_Green-Havana_150x150_-768x768.jpg.webp 768w, https:\/\/artapartamento.com\/wp-content\/uploads\/2024\/06\/Caribe_Green-Havana_150x150_-1536x1536.jpg.webp 1536w, https:\/\/artapartamento.com\/wp-content\/uploads\/2024\/06\/Caribe_Green-Havana_150x150_-2048x2048.jpg.webp 2048w, https:\/\/artapartamento.com\/wp-content\/uploads\/2024\/06\/Caribe_Green-Havana_150x150_-12x12.jpg.webp 12w\" sizes=\"(max-width: 2400px) 100vw, 2400px\" \/>\t\t\t\t\t\t\t\t\t\t\t\t\t\t\t<\/div>\n\t\t\t\t<\/div>\n\t\t\t\t\t<\/div>\n\t\t\t\t<\/div>\n\t\t\t\t<\/div>\n\t\t<div class=\"elementor-element elementor-element-2bc85cab e-con-full e-flex e-con e-parent\" data-id=\"2bc85cab\" data-element_type=\"container\" data-e-type=\"container\" data-settings=\"{&quot;background_background&quot;:&quot;classic&quot;}\">\n\t\t<div class=\"elementor-element elementor-element-159e2531 e-con-full e-flex e-con e-child\" data-id=\"159e2531\" data-element_type=\"container\" data-e-type=\"container\" data-settings=\"{&quot;background_background&quot;:&quot;classic&quot;}\">\n\t\t\t\t<div class=\"elementor-element elementor-element-72076630 elementor-invisible elementor-widget elementor-widget-heading\" data-id=\"72076630\" data-element_type=\"widget\" data-e-type=\"widget\" data-settings=\"{&quot;_animation&quot;:&quot;fadeInUp&quot;}\" data-widget_type=\"heading.default\">\n\t\t\t\t<div class=\"elementor-widget-container\">\n\t\t\t\t\t<h2 class=\"elementor-heading-title elementor-size-default\">obras<\/h2>\t\t\t\t<\/div>\n\t\t\t\t<\/div>\n\t\t\t\t<\/div>\n\t\t\t\t<\/div>\n\t\t<div class=\"elementor-element elementor-element-41f5aa30 e-con-full e-flex e-con e-parent\" data-id=\"41f5aa30\" data-element_type=\"container\" data-e-type=\"container\" data-settings=\"{&quot;background_background&quot;:&quot;classic&quot;}\">\n\t\t<div class=\"elementor-element elementor-element-218d2f7e e-flex e-con-boxed elementor-invisible e-con e-child\" data-id=\"218d2f7e\" data-element_type=\"container\" data-e-type=\"container\" data-settings=\"{&quot;animation&quot;:&quot;fadeInUp&quot;}\">\n\t\t\t\t\t<div class=\"e-con-inner\">\n\t\t\t\t<div class=\"elementor-element elementor-element-344c9397 elementor-widget elementor-widget-image\" data-id=\"344c9397\" data-element_type=\"widget\" data-e-type=\"widget\" data-widget_type=\"image.default\">\n\t\t\t\t<div class=\"elementor-widget-container\">\n\t\t\t\t\t\t\t\t\t\t\t\t\t\t\t\t<a href=\"https:\/\/artapartamento.com\/artistas\/leandro-feal\/el-caminante-sobre-el-mar-de-nubes\/\">\n\t\t\t\t\t\t\t<img decoding=\"async\" width=\"2560\" height=\"2374\" src=\"https:\/\/artapartamento.com\/wp-content\/uploads\/2024\/06\/1B-scaled.jpg.webp\" class=\"elementor-animation-grow attachment-full size-full wp-image-11188\" alt=\"Green Havana_Leandro Feal\" srcset=\"https:\/\/artapartamento.com\/wp-content\/uploads\/2024\/06\/1B-scaled.jpg.webp 2560w, https:\/\/artapartamento.com\/wp-content\/uploads\/2024\/06\/1B-300x278.jpg.webp 300w, https:\/\/artapartamento.com\/wp-content\/uploads\/2024\/06\/1B-1024x949.jpg.webp 1024w, https:\/\/artapartamento.com\/wp-content\/uploads\/2024\/06\/1B-768x712.jpg.webp 768w, https:\/\/artapartamento.com\/wp-content\/uploads\/2024\/06\/1B-1536x1424.jpg.webp 1536w, https:\/\/artapartamento.com\/wp-content\/uploads\/2024\/06\/1B-2048x1899.jpg.webp 2048w, https:\/\/artapartamento.com\/wp-content\/uploads\/2024\/06\/1B-13x12.jpg.webp 13w\" sizes=\"(max-width: 2560px) 100vw, 2560px\" \/>\t\t\t\t\t\t\t\t<\/a>\n\t\t\t\t\t\t\t\t\t\t\t\t\t\t\t<\/div>\n\t\t\t\t<\/div>\n\t\t\t\t<div class=\"elementor-element elementor-element-592ee0e6 elementor-hidden-desktop elementor-hidden-tablet elementor-widget elementor-widget-text-editor\" data-id=\"592ee0e6\" data-element_type=\"widget\" data-e-type=\"widget\" data-widget_type=\"text-editor.default\">\n\t\t\t\t<div class=\"elementor-widget-container\">\n\t\t\t\t\t\t\t\t\t<p>Leandro Feal<br \/>El caminante sobre el mar de nubes, 2024<br \/>Impresi\u00f3n UltraChrome sobre papel Baryta 310 g <br \/>Fotograf\u00eda en color, Fotograf\u00eda B\/N, Fotograf\u00eda B\/N<br \/>en negativo virado al az\u00fal, Fotograf\u00eda B\/N Iluminada<br \/>digitalmente y Fotograf\u00eda B\/N virada al verde.<br \/>Pol\u00edptico de 12 piezas<br \/>60 x 80 cm (23.6 x 31.5 in) (c\/u)<br \/>Ed. 3 + 1AP<\/p>\t\t\t\t\t\t\t\t<\/div>\n\t\t\t\t<\/div>\n\t\t\t\t\t<\/div>\n\t\t\t\t<\/div>\n\t\t<div class=\"elementor-element elementor-element-65dfa9d9 e-flex e-con-boxed elementor-invisible e-con e-child\" data-id=\"65dfa9d9\" data-element_type=\"container\" data-e-type=\"container\" data-settings=\"{&quot;animation&quot;:&quot;fadeInUp&quot;}\">\n\t\t\t\t\t<div class=\"e-con-inner\">\n\t\t\t\t<div class=\"elementor-element elementor-element-553adffe elementor-widget elementor-widget-image\" data-id=\"553adffe\" data-element_type=\"widget\" data-e-type=\"widget\" data-widget_type=\"image.default\">\n\t\t\t\t<div class=\"elementor-widget-container\">\n\t\t\t\t\t\t\t\t\t\t\t\t\t\t\t\t<a href=\"https:\/\/artapartamento.com\/artistas\/leandro-feal\/caribe-de-la-serie-green-havana\/\">\n\t\t\t\t\t\t\t<img loading=\"lazy\" decoding=\"async\" width=\"2560\" height=\"2484\" src=\"https:\/\/artapartamento.com\/wp-content\/uploads\/2024\/06\/2B-scaled.jpg\" class=\"elementor-animation-grow attachment-full size-full wp-image-11978\" alt=\"Leandro Feal\" srcset=\"https:\/\/artapartamento.com\/wp-content\/uploads\/2024\/06\/2B-scaled.jpg 2560w, https:\/\/artapartamento.com\/wp-content\/uploads\/2024\/06\/2B-300x291.jpg 300w, https:\/\/artapartamento.com\/wp-content\/uploads\/2024\/06\/2B-1024x993.jpg 1024w, https:\/\/artapartamento.com\/wp-content\/uploads\/2024\/06\/2B-768x745.jpg 768w, https:\/\/artapartamento.com\/wp-content\/uploads\/2024\/06\/2B-1536x1490.jpg 1536w, https:\/\/artapartamento.com\/wp-content\/uploads\/2024\/06\/2B-2048x1987.jpg 2048w, https:\/\/artapartamento.com\/wp-content\/uploads\/2024\/06\/2B-12x12.jpg 12w\" sizes=\"(max-width: 2560px) 100vw, 2560px\" \/>\t\t\t\t\t\t\t\t<\/a>\n\t\t\t\t\t\t\t\t\t\t\t\t\t\t\t<\/div>\n\t\t\t\t<\/div>\n\t\t\t\t<div class=\"elementor-element elementor-element-2360e1f5 elementor-hidden-desktop elementor-hidden-tablet elementor-widget elementor-widget-text-editor\" data-id=\"2360e1f5\" data-element_type=\"widget\" data-e-type=\"widget\" data-widget_type=\"text-editor.default\">\n\t\t\t\t<div class=\"elementor-widget-container\">\n\t\t\t\t\t\t\t\t\t<p>Leandro Feal<br \/>Caribe, de la serie Green Havana, 2020- 2022<br \/>Impresi\u00f3n digital sobre Photo Rag Ultrasmooth, 310 g.<br \/>Fotograf\u00eda B\/N en negativo virada al verde.<br \/>150 x 150 cm (59 x 59 in)<br \/>Ed. 5 + 2 AP<\/p>\t\t\t\t\t\t\t\t<\/div>\n\t\t\t\t<\/div>\n\t\t\t\t\t<\/div>\n\t\t\t\t<\/div>\n\t\t<div class=\"elementor-element elementor-element-2e90504d e-flex e-con-boxed elementor-invisible e-con e-child\" data-id=\"2e90504d\" data-element_type=\"container\" data-e-type=\"container\" data-settings=\"{&quot;animation&quot;:&quot;fadeInUp&quot;}\">\n\t\t\t\t\t<div class=\"e-con-inner\">\n\t\t\t\t<div class=\"elementor-element elementor-element-428faa1c elementor-widget elementor-widget-image\" data-id=\"428faa1c\" data-element_type=\"widget\" data-e-type=\"widget\" data-widget_type=\"image.default\">\n\t\t\t\t<div class=\"elementor-widget-container\">\n\t\t\t\t\t\t\t\t\t\t\t\t\t\t\t\t<a href=\"https:\/\/artapartamento.com\/artistas\/leandro-feal\/sin-titulo-de-la-serie-green-havana\/\">\n\t\t\t\t\t\t\t<img loading=\"lazy\" decoding=\"async\" width=\"2463\" height=\"2463\" src=\"https:\/\/artapartamento.com\/wp-content\/uploads\/2024\/06\/3B.jpg.webp\" class=\"elementor-animation-grow attachment-full size-full wp-image-11203\" alt=\"Green Havana_Leandro Feal\" srcset=\"https:\/\/artapartamento.com\/wp-content\/uploads\/2024\/06\/3B.jpg.webp 2463w, https:\/\/artapartamento.com\/wp-content\/uploads\/2024\/06\/3B-300x300.jpg.webp 300w, https:\/\/artapartamento.com\/wp-content\/uploads\/2024\/06\/3B-1024x1024.jpg.webp 1024w, https:\/\/artapartamento.com\/wp-content\/uploads\/2024\/06\/3B-150x150.jpg.webp 150w, https:\/\/artapartamento.com\/wp-content\/uploads\/2024\/06\/3B-768x768.jpg.webp 768w, https:\/\/artapartamento.com\/wp-content\/uploads\/2024\/06\/3B-1536x1536.jpg.webp 1536w, https:\/\/artapartamento.com\/wp-content\/uploads\/2024\/06\/3B-2048x2048.jpg.webp 2048w, https:\/\/artapartamento.com\/wp-content\/uploads\/2024\/06\/3B-12x12.jpg.webp 12w\" sizes=\"(max-width: 2463px) 100vw, 2463px\" \/>\t\t\t\t\t\t\t\t<\/a>\n\t\t\t\t\t\t\t\t\t\t\t\t\t\t\t<\/div>\n\t\t\t\t<\/div>\n\t\t\t\t<div class=\"elementor-element elementor-element-57c6b7b0 elementor-hidden-desktop elementor-hidden-tablet elementor-widget elementor-widget-text-editor\" data-id=\"57c6b7b0\" data-element_type=\"widget\" data-e-type=\"widget\" data-widget_type=\"text-editor.default\">\n\t\t\t\t<div class=\"elementor-widget-container\">\n\t\t\t\t\t\t\t\t\t<p>Leandro Feal<br \/>Sin t\u00edtulo, de la serie Green Havana, 2020- 2022<br \/>Impresi\u00f3n UltraChrome sobre papel mate 170 g.<br \/>Collage fotogr\u00e1fico, Fotograf\u00eda B\/N en negativo con<br \/>virado de color.<br \/>45,5 x 45,5 cm (17.9 x 17.9 in)<br \/>Ed. 5 + 2AP<\/p>\t\t\t\t\t\t\t\t<\/div>\n\t\t\t\t<\/div>\n\t\t\t\t\t<\/div>\n\t\t\t\t<\/div>\n\t\t\t\t<\/div>\n\t\t<div class=\"elementor-element elementor-element-49d3b8f0 e-con-full elementor-hidden-mobile e-flex e-con e-parent\" data-id=\"49d3b8f0\" data-element_type=\"container\" data-e-type=\"container\" data-settings=\"{&quot;background_background&quot;:&quot;classic&quot;}\">\n\t\t<div class=\"elementor-element elementor-element-842d41 e-flex e-con-boxed elementor-invisible e-con e-child\" data-id=\"842d41\" data-element_type=\"container\" data-e-type=\"container\" data-settings=\"{&quot;animation&quot;:&quot;fadeIn&quot;}\">\n\t\t\t\t\t<div class=\"e-con-inner\">\n\t\t\t\t<div class=\"elementor-element elementor-element-54c97d50 elementor-widget elementor-widget-text-editor\" data-id=\"54c97d50\" data-element_type=\"widget\" data-e-type=\"widget\" data-widget_type=\"text-editor.default\">\n\t\t\t\t<div class=\"elementor-widget-container\">\n\t\t\t\t\t\t\t\t\t<p>Leandro Feal<br \/>El caminante sobre el mar de nubes, 2024<br \/>Impresi\u00f3n UltraChrome sobre papel Baryta 310 g <br \/>Fotograf\u00eda en color, Fotograf\u00eda B\/N, Fotograf\u00eda B\/N<br \/>en negativo virado al az\u00fal, Fotograf\u00eda B\/N Iluminada<br \/>digitalmente y Fotograf\u00eda B\/N virada al verde.<br \/>Pol\u00edptico de 12 piezas<br \/>60 x 80 cm (23.6 x 31.5 in) (c\/u)<br \/>Ed. 3 + 1AP<\/p>\t\t\t\t\t\t\t\t<\/div>\n\t\t\t\t<\/div>\n\t\t\t\t\t<\/div>\n\t\t\t\t<\/div>\n\t\t<div class=\"elementor-element elementor-element-2fe0ad7c e-flex e-con-boxed elementor-invisible e-con e-child\" data-id=\"2fe0ad7c\" data-element_type=\"container\" data-e-type=\"container\" data-settings=\"{&quot;animation&quot;:&quot;fadeIn&quot;}\">\n\t\t\t\t\t<div class=\"e-con-inner\">\n\t\t\t\t<div class=\"elementor-element elementor-element-22af43d4 elementor-widget elementor-widget-text-editor\" data-id=\"22af43d4\" data-element_type=\"widget\" data-e-type=\"widget\" data-widget_type=\"text-editor.default\">\n\t\t\t\t<div class=\"elementor-widget-container\">\n\t\t\t\t\t\t\t\t\t<p>Leandro Feal<br \/>Caribe, de la serie Green Havana, 2020- 2022<br \/>Impresi\u00f3n digital sobre Photo Rag Ultrasmooth, 310 g.<br \/>Fotograf\u00eda B\/N en negativo virada al verde.<br \/>150 x 150 cm (59 x 59 in)<br \/>Ed. 5 + 2 AP<\/p>\t\t\t\t\t\t\t\t<\/div>\n\t\t\t\t<\/div>\n\t\t\t\t\t<\/div>\n\t\t\t\t<\/div>\n\t\t<div class=\"elementor-element elementor-element-6fa3b4fc e-flex e-con-boxed elementor-invisible e-con e-child\" data-id=\"6fa3b4fc\" data-element_type=\"container\" data-e-type=\"container\" data-settings=\"{&quot;animation&quot;:&quot;fadeIn&quot;}\">\n\t\t\t\t\t<div class=\"e-con-inner\">\n\t\t\t\t<div class=\"elementor-element elementor-element-5ada6aa7 elementor-widget elementor-widget-text-editor\" data-id=\"5ada6aa7\" data-element_type=\"widget\" data-e-type=\"widget\" data-widget_type=\"text-editor.default\">\n\t\t\t\t<div class=\"elementor-widget-container\">\n\t\t\t\t\t\t\t\t\t<p>Leandro Feal<br \/>Sin t\u00edtulo, de la serie Green Havana, 2020- 2022<br \/>Impresi\u00f3n UltraChrome sobre papel mate 170 g.<br \/>Collage fotogr\u00e1fico, Fotograf\u00eda B\/N en negativo con<br \/>virado de color.<br \/>45,5 x 45,5 cm (17.9 x 17.9 in)<br \/>Ed. 5 + 2AP<\/p>\t\t\t\t\t\t\t\t<\/div>\n\t\t\t\t<\/div>\n\t\t\t\t\t<\/div>\n\t\t\t\t<\/div>\n\t\t\t\t<\/div>\n\t\t<div class=\"elementor-element elementor-element-50ddee67 e-con-full e-flex e-con e-parent\" data-id=\"50ddee67\" data-element_type=\"container\" data-e-type=\"container\" data-settings=\"{&quot;background_background&quot;:&quot;classic&quot;}\">\n\t\t<div class=\"elementor-element elementor-element-1149e45d e-flex e-con-boxed elementor-invisible e-con e-child\" data-id=\"1149e45d\" data-element_type=\"container\" data-e-type=\"container\" data-settings=\"{&quot;animation&quot;:&quot;fadeInUp&quot;}\">\n\t\t\t\t\t<div class=\"e-con-inner\">\n\t\t\t\t<div class=\"elementor-element elementor-element-3ecd1faa elementor-widget elementor-widget-image\" data-id=\"3ecd1faa\" data-element_type=\"widget\" data-e-type=\"widget\" data-widget_type=\"image.default\">\n\t\t\t\t<div class=\"elementor-widget-container\">\n\t\t\t\t\t\t\t\t\t\t\t\t\t\t\t\t<a href=\"https:\/\/artapartamento.com\/artistas\/leandro-feal\/sin-titulo-de-la-serie-green-havana-2\/\">\n\t\t\t\t\t\t\t<img loading=\"lazy\" decoding=\"async\" width=\"1826\" height=\"1382\" src=\"https:\/\/artapartamento.com\/wp-content\/uploads\/2024\/06\/4B-scaled.jpg-e1720169023102.webp\" class=\"elementor-animation-grow attachment-full size-full wp-image-11192\" alt=\"Green Havana_Leandro Feal\" srcset=\"https:\/\/artapartamento.com\/wp-content\/uploads\/2024\/06\/4B-scaled.jpg-e1720169023102.webp 1826w, https:\/\/artapartamento.com\/wp-content\/uploads\/2024\/06\/4B-scaled.jpg-e1720169023102-300x227.webp 300w, https:\/\/artapartamento.com\/wp-content\/uploads\/2024\/06\/4B-scaled.jpg-e1720169023102-1024x775.webp 1024w, https:\/\/artapartamento.com\/wp-content\/uploads\/2024\/06\/4B-scaled.jpg-e1720169023102-768x581.webp 768w, https:\/\/artapartamento.com\/wp-content\/uploads\/2024\/06\/4B-scaled.jpg-e1720169023102-1536x1163.webp 1536w, https:\/\/artapartamento.com\/wp-content\/uploads\/2024\/06\/4B-scaled.jpg-e1720169023102-16x12.webp 16w\" sizes=\"(max-width: 1826px) 100vw, 1826px\" \/>\t\t\t\t\t\t\t\t<\/a>\n\t\t\t\t\t\t\t\t\t\t\t\t\t\t\t<\/div>\n\t\t\t\t<\/div>\n\t\t\t\t<div class=\"elementor-element elementor-element-137af72b elementor-hidden-desktop elementor-hidden-tablet elementor-widget elementor-widget-text-editor\" data-id=\"137af72b\" data-element_type=\"widget\" data-e-type=\"widget\" data-widget_type=\"text-editor.default\">\n\t\t\t\t<div class=\"elementor-widget-container\">\n\t\t\t\t\t\t\t\t\t<p>Leandro Feal<br \/>Sin t\u00edtulo, de la serie Green Havana, 2020- 2022<br \/>Impresi\u00f3n UltraChrome sobre papel Baryta 310 g.<br \/>Fotograf\u00eda B\/N en negativo virado al verde.<br \/>112 x 180 cm (44 x 70.9 in)<br \/>Ed. 5 + 2AP<\/p>\t\t\t\t\t\t\t\t<\/div>\n\t\t\t\t<\/div>\n\t\t\t\t\t<\/div>\n\t\t\t\t<\/div>\n\t\t<div class=\"elementor-element elementor-element-4d5b0e2a e-flex e-con-boxed elementor-invisible e-con e-child\" data-id=\"4d5b0e2a\" data-element_type=\"container\" data-e-type=\"container\" data-settings=\"{&quot;animation&quot;:&quot;fadeInUp&quot;}\">\n\t\t\t\t\t<div class=\"e-con-inner\">\n\t\t\t\t<div class=\"elementor-element elementor-element-b327b3c elementor-widget elementor-widget-image\" data-id=\"b327b3c\" data-element_type=\"widget\" data-e-type=\"widget\" data-widget_type=\"image.default\">\n\t\t\t\t<div class=\"elementor-widget-container\">\n\t\t\t\t\t\t\t\t\t\t\t\t\t\t\t\t<a href=\"https:\/\/artapartamento.com\/artistas\/leandro-feal\/elena-lisa-y-postdamer-platz-a-color\/\">\n\t\t\t\t\t\t\t<img loading=\"lazy\" decoding=\"async\" width=\"2560\" height=\"1393\" src=\"https:\/\/artapartamento.com\/wp-content\/uploads\/2024\/06\/5B-scaled.jpg.webp\" class=\"elementor-animation-grow attachment-full size-full wp-image-11193\" alt=\"Green Havana_Leandro Feal\" srcset=\"https:\/\/artapartamento.com\/wp-content\/uploads\/2024\/06\/5B-scaled.jpg.webp 2560w, https:\/\/artapartamento.com\/wp-content\/uploads\/2024\/06\/5B-300x163.jpg.webp 300w, https:\/\/artapartamento.com\/wp-content\/uploads\/2024\/06\/5B-1024x557.jpg.webp 1024w, https:\/\/artapartamento.com\/wp-content\/uploads\/2024\/06\/5B-768x418.jpg.webp 768w, https:\/\/artapartamento.com\/wp-content\/uploads\/2024\/06\/5B-1536x836.jpg.webp 1536w, https:\/\/artapartamento.com\/wp-content\/uploads\/2024\/06\/5B-2048x1115.jpg.webp 2048w, https:\/\/artapartamento.com\/wp-content\/uploads\/2024\/06\/5B-18x10.jpg.webp 18w\" sizes=\"(max-width: 2560px) 100vw, 2560px\" \/>\t\t\t\t\t\t\t\t<\/a>\n\t\t\t\t\t\t\t\t\t\t\t\t\t\t\t<\/div>\n\t\t\t\t<\/div>\n\t\t\t\t<div class=\"elementor-element elementor-element-51005871 elementor-hidden-desktop elementor-hidden-tablet elementor-widget elementor-widget-text-editor\" data-id=\"51005871\" data-element_type=\"widget\" data-e-type=\"widget\" data-widget_type=\"text-editor.default\">\n\t\t\t\t<div class=\"elementor-widget-container\">\n\t\t\t\t\t\t\t\t\t<p>Leandro Feal<br \/>Elena, Lisa y Postdamer Platz a color, 2023 &#8211; 2024<br \/>Impresi\u00f3n UltraChrome sobre papel Baryta 310 g.<br \/>Fotograf\u00eda a color, Fotograf\u00eda B\/N en negativo y<br \/>Fotograf\u00eda B\/N iluminada digitalmente.<br \/>Tr\u00edptico.<br \/>180 x 112 cm (31.5 x 47.2 in) (c\/u)<br \/>Ed. 2 + 1AP<\/p>\t\t\t\t\t\t\t\t<\/div>\n\t\t\t\t<\/div>\n\t\t\t\t\t<\/div>\n\t\t\t\t<\/div>\n\t\t<div class=\"elementor-element elementor-element-2c4e404b e-flex e-con-boxed elementor-invisible e-con e-child\" data-id=\"2c4e404b\" data-element_type=\"container\" data-e-type=\"container\" data-settings=\"{&quot;animation&quot;:&quot;fadeInUp&quot;}\">\n\t\t\t\t\t<div class=\"e-con-inner\">\n\t\t\t\t<div class=\"elementor-element elementor-element-c46065b elementor-widget elementor-widget-image\" data-id=\"c46065b\" data-element_type=\"widget\" data-e-type=\"widget\" data-widget_type=\"image.default\">\n\t\t\t\t<div class=\"elementor-widget-container\">\n\t\t\t\t\t\t\t\t\t\t\t\t\t\t\t\t<a href=\"https:\/\/artapartamento.com\/artistas\/leandro-feal\/sin-titulo-de-la-serie-green-havana-4\/\">\n\t\t\t\t\t\t\t<img loading=\"lazy\" decoding=\"async\" width=\"1843\" height=\"2560\" src=\"https:\/\/artapartamento.com\/wp-content\/uploads\/2024\/06\/6B-scaled.jpg.webp\" class=\"elementor-animation-grow attachment-full size-full wp-image-11194\" alt=\"Green Havana_Leandro Feal\" srcset=\"https:\/\/artapartamento.com\/wp-content\/uploads\/2024\/06\/6B-scaled.jpg.webp 1843w, https:\/\/artapartamento.com\/wp-content\/uploads\/2024\/06\/6B-216x300.jpg.webp 216w, https:\/\/artapartamento.com\/wp-content\/uploads\/2024\/06\/6B-737x1024.jpg.webp 737w, https:\/\/artapartamento.com\/wp-content\/uploads\/2024\/06\/6B-768x1067.jpg.webp 768w, https:\/\/artapartamento.com\/wp-content\/uploads\/2024\/06\/6B-1106x1536.jpg.webp 1106w, https:\/\/artapartamento.com\/wp-content\/uploads\/2024\/06\/6B-1474x2048.jpg.webp 1474w, https:\/\/artapartamento.com\/wp-content\/uploads\/2024\/06\/6B-9x12.jpg.webp 9w\" sizes=\"(max-width: 1843px) 100vw, 1843px\" \/>\t\t\t\t\t\t\t\t<\/a>\n\t\t\t\t\t\t\t\t\t\t\t\t\t\t\t<\/div>\n\t\t\t\t<\/div>\n\t\t\t\t<div class=\"elementor-element elementor-element-5345d979 elementor-hidden-desktop elementor-hidden-tablet elementor-widget elementor-widget-text-editor\" data-id=\"5345d979\" data-element_type=\"widget\" data-e-type=\"widget\" data-widget_type=\"text-editor.default\">\n\t\t\t\t<div class=\"elementor-widget-container\">\n\t\t\t\t\t\t\t\t\t<p>Leandro Feal<br \/>Sin t\u00edtulo, de la serie Green Havana, 2020- 2022<br \/>Impresi\u00f3n UltraChrome sobre papel Baryta 310 g.<br \/>Fotograf\u00eda B\/N virada al verde.<br \/>180 x 112 cm (70.9 x 44 in)<br \/>Ed. 5 + 2 AP<\/p>\t\t\t\t\t\t\t\t<\/div>\n\t\t\t\t<\/div>\n\t\t\t\t\t<\/div>\n\t\t\t\t<\/div>\n\t\t\t\t<\/div>\n\t\t<div class=\"elementor-element elementor-element-3970a9fa e-con-full elementor-hidden-mobile e-flex e-con e-parent\" data-id=\"3970a9fa\" data-element_type=\"container\" data-e-type=\"container\" data-settings=\"{&quot;background_background&quot;:&quot;classic&quot;}\">\n\t\t<div class=\"elementor-element elementor-element-936b32 e-flex e-con-boxed elementor-invisible e-con e-child\" data-id=\"936b32\" data-element_type=\"container\" data-e-type=\"container\" data-settings=\"{&quot;animation&quot;:&quot;fadeIn&quot;}\">\n\t\t\t\t\t<div class=\"e-con-inner\">\n\t\t\t\t<div class=\"elementor-element elementor-element-3b9ad914 elementor-widget elementor-widget-text-editor\" data-id=\"3b9ad914\" data-element_type=\"widget\" data-e-type=\"widget\" data-widget_type=\"text-editor.default\">\n\t\t\t\t<div class=\"elementor-widget-container\">\n\t\t\t\t\t\t\t\t\t<p>Leandro Feal<br \/>Sin t\u00edtulo, de la serie Green Havana, 2020- 2022<br \/>Impresi\u00f3n UltraChrome sobre papel Baryta 310 g.<br \/>Fotograf\u00eda B\/N en negativo virado al verde.<br \/>112 x 180 cm (44 x 70.9 in)<br \/>Ed. 5 + 2AP<\/p>\t\t\t\t\t\t\t\t<\/div>\n\t\t\t\t<\/div>\n\t\t\t\t\t<\/div>\n\t\t\t\t<\/div>\n\t\t<div class=\"elementor-element elementor-element-5875925f e-flex e-con-boxed elementor-invisible e-con e-child\" data-id=\"5875925f\" data-element_type=\"container\" data-e-type=\"container\" data-settings=\"{&quot;animation&quot;:&quot;fadeIn&quot;}\">\n\t\t\t\t\t<div class=\"e-con-inner\">\n\t\t\t\t<div class=\"elementor-element elementor-element-a550a33 elementor-widget elementor-widget-text-editor\" data-id=\"a550a33\" data-element_type=\"widget\" data-e-type=\"widget\" data-widget_type=\"text-editor.default\">\n\t\t\t\t<div class=\"elementor-widget-container\">\n\t\t\t\t\t\t\t\t\t<p>Leandro Feal<br \/>Elena, Lisa y Postdamer Platz a color, 2023 &#8211; 2024<br \/>Impresi\u00f3n UltraChrome sobre papel Baryta 310 g.<br \/>Fotograf\u00eda a color, Fotograf\u00eda B\/N en negativo y<br \/>Fotograf\u00eda B\/N iluminada digitalmente.<br \/>Tr\u00edptico.<br \/>180 x 112 cm (31.5 x 47.2 in) (c\/u)<br \/>Ed. 2 + 1AP<\/p>\t\t\t\t\t\t\t\t<\/div>\n\t\t\t\t<\/div>\n\t\t\t\t\t<\/div>\n\t\t\t\t<\/div>\n\t\t<div class=\"elementor-element elementor-element-36fe4dbb e-flex e-con-boxed elementor-invisible e-con e-child\" data-id=\"36fe4dbb\" data-element_type=\"container\" data-e-type=\"container\" data-settings=\"{&quot;animation&quot;:&quot;fadeIn&quot;}\">\n\t\t\t\t\t<div class=\"e-con-inner\">\n\t\t\t\t<div class=\"elementor-element elementor-element-209be212 elementor-widget elementor-widget-text-editor\" data-id=\"209be212\" data-element_type=\"widget\" data-e-type=\"widget\" data-widget_type=\"text-editor.default\">\n\t\t\t\t<div class=\"elementor-widget-container\">\n\t\t\t\t\t\t\t\t\t<p>Leandro Feal<br \/>Sin t\u00edtulo, de la serie Green Havana, 2020- 2022<br \/>Impresi\u00f3n UltraChrome sobre papel Baryta 310 g.<br \/>Fotograf\u00eda B\/N virada al verde.<br \/>180 x 112 cm (70.9 x 44 in)<br \/>Ed. 5 + 2 AP<\/p>\t\t\t\t\t\t\t\t<\/div>\n\t\t\t\t<\/div>\n\t\t\t\t\t<\/div>\n\t\t\t\t<\/div>\n\t\t\t\t<\/div>\n\t\t<div class=\"elementor-element elementor-element-27328900 e-con-full e-flex e-con e-parent\" data-id=\"27328900\" data-element_type=\"container\" data-e-type=\"container\" data-settings=\"{&quot;background_background&quot;:&quot;classic&quot;}\">\n\t\t<div class=\"elementor-element elementor-element-c566802 e-flex e-con-boxed elementor-invisible e-con e-child\" data-id=\"c566802\" data-element_type=\"container\" data-e-type=\"container\" data-settings=\"{&quot;animation&quot;:&quot;fadeInUp&quot;}\">\n\t\t\t\t\t<div class=\"e-con-inner\">\n\t\t\t\t<div class=\"elementor-element elementor-element-487e864 elementor-widget elementor-widget-image\" data-id=\"487e864\" data-element_type=\"widget\" data-e-type=\"widget\" data-widget_type=\"image.default\">\n\t\t\t\t<div class=\"elementor-widget-container\">\n\t\t\t\t\t\t\t\t\t\t\t\t\t\t\t\t<a href=\"https:\/\/artapartamento.com\/artistas\/leandro-feal\/la-habana-desde-el-focsa-de-la-serie-green-havana\/\">\n\t\t\t\t\t\t\t<img loading=\"lazy\" decoding=\"async\" width=\"2214\" height=\"2560\" src=\"https:\/\/artapartamento.com\/wp-content\/uploads\/2024\/06\/7B-scaled.jpg.webp\" class=\"elementor-animation-grow attachment-full size-full wp-image-11195\" alt=\"Green Havana_Leandro Feal\" srcset=\"https:\/\/artapartamento.com\/wp-content\/uploads\/2024\/06\/7B-scaled.jpg.webp 2214w, https:\/\/artapartamento.com\/wp-content\/uploads\/2024\/06\/7B-259x300.jpg.webp 259w, https:\/\/artapartamento.com\/wp-content\/uploads\/2024\/06\/7B-886x1024.jpg.webp 886w, https:\/\/artapartamento.com\/wp-content\/uploads\/2024\/06\/7B-768x888.jpg.webp 768w, https:\/\/artapartamento.com\/wp-content\/uploads\/2024\/06\/7B-1328x1536.jpg.webp 1328w, https:\/\/artapartamento.com\/wp-content\/uploads\/2024\/06\/7B-1771x2048.jpg.webp 1771w, https:\/\/artapartamento.com\/wp-content\/uploads\/2024\/06\/7B-10x12.jpg.webp 10w\" sizes=\"(max-width: 2214px) 100vw, 2214px\" \/>\t\t\t\t\t\t\t\t<\/a>\n\t\t\t\t\t\t\t\t\t\t\t\t\t\t\t<\/div>\n\t\t\t\t<\/div>\n\t\t\t\t<div class=\"elementor-element elementor-element-5103b2cc elementor-hidden-desktop elementor-hidden-tablet elementor-widget elementor-widget-text-editor\" data-id=\"5103b2cc\" data-element_type=\"widget\" data-e-type=\"widget\" data-widget_type=\"text-editor.default\">\n\t\t\t\t<div class=\"elementor-widget-container\">\n\t\t\t\t\t\t\t\t\t<p>Leandro Feal<br \/>La Habana desde el FOCSA, de la serie Green Havana,<br \/>2020- 2022<br \/>Impresi\u00f3n UltraChrome sobre papel Baryta 310 g.<br \/>Fotograf\u00eda B\/N en negativo virado al verde.<br \/>150 x 112 cm (59 x 44 in)<br \/>Ed. 5 + 2AP<\/p>\t\t\t\t\t\t\t\t<\/div>\n\t\t\t\t<\/div>\n\t\t\t\t\t<\/div>\n\t\t\t\t<\/div>\n\t\t<div class=\"elementor-element elementor-element-1790865e e-flex e-con-boxed elementor-invisible e-con e-child\" data-id=\"1790865e\" data-element_type=\"container\" data-e-type=\"container\" data-settings=\"{&quot;animation&quot;:&quot;fadeInUp&quot;}\">\n\t\t\t\t\t<div class=\"e-con-inner\">\n\t\t\t\t<div class=\"elementor-element elementor-element-0b155ed elementor-widget elementor-widget-image\" data-id=\"0b155ed\" data-element_type=\"widget\" data-e-type=\"widget\" data-widget_type=\"image.default\">\n\t\t\t\t<div class=\"elementor-widget-container\">\n\t\t\t\t\t\t\t\t\t\t\t\t\t\t\t\t<a href=\"https:\/\/artapartamento.com\/artistas\/leandro-feal\/fantasia-cromatica-para-una-noche-con-el-chori-o-una-resaca-sostenida\/\">\n\t\t\t\t\t\t\t<img loading=\"lazy\" decoding=\"async\" width=\"2560\" height=\"1709\" src=\"https:\/\/artapartamento.com\/wp-content\/uploads\/2024\/06\/DSC6481-copy-scaled.jpeg.webp\" class=\"elementor-animation-grow attachment-full size-full wp-image-11082\" alt=\"Green Havana_Leandro Feal\" srcset=\"https:\/\/artapartamento.com\/wp-content\/uploads\/2024\/06\/DSC6481-copy-scaled.jpeg.webp 2560w, https:\/\/artapartamento.com\/wp-content\/uploads\/2024\/06\/DSC6481-copy-300x200.jpeg.webp 300w, https:\/\/artapartamento.com\/wp-content\/uploads\/2024\/06\/DSC6481-copy-1024x684.jpeg.webp 1024w, https:\/\/artapartamento.com\/wp-content\/uploads\/2024\/06\/DSC6481-copy-768x513.jpeg.webp 768w, https:\/\/artapartamento.com\/wp-content\/uploads\/2024\/06\/DSC6481-copy-1536x1025.jpeg.webp 1536w, https:\/\/artapartamento.com\/wp-content\/uploads\/2024\/06\/DSC6481-copy-2048x1367.jpeg.webp 2048w, https:\/\/artapartamento.com\/wp-content\/uploads\/2024\/06\/DSC6481-copy-18x12.jpeg.webp 18w, https:\/\/artapartamento.com\/wp-content\/uploads\/2024\/06\/DSC6481-copy-272x182.jpeg.webp 272w\" sizes=\"(max-width: 2560px) 100vw, 2560px\" \/>\t\t\t\t\t\t\t\t<\/a>\n\t\t\t\t\t\t\t\t\t\t\t\t\t\t\t<\/div>\n\t\t\t\t<\/div>\n\t\t\t\t<div class=\"elementor-element elementor-element-30a519b8 elementor-hidden-desktop elementor-hidden-tablet elementor-widget elementor-widget-text-editor\" data-id=\"30a519b8\" data-element_type=\"widget\" data-e-type=\"widget\" data-widget_type=\"text-editor.default\">\n\t\t\t\t<div class=\"elementor-widget-container\">\n\t\t\t\t\t\t\t\t\t<p>Leandro Feal<br \/>Fantas\u00eda crom\u00e1tica para una noche con el Chori o Una<br \/>resaca sostenida,<br \/>2023<br \/>Instalaci\u00f3n (Botell\u00f3fono de 24 botellas de vidrio afinadas<br \/>con agua, en una escala crom\u00e1tica de dos octavas; mesa<br \/>de madera, dos sets de mazas)<\/p>\t\t\t\t\t\t\t\t<\/div>\n\t\t\t\t<\/div>\n\t\t\t\t\t<\/div>\n\t\t\t\t<\/div>\n\t\t<div class=\"elementor-element elementor-element-21f57be8 e-flex e-con-boxed elementor-invisible e-con e-child\" data-id=\"21f57be8\" data-element_type=\"container\" data-e-type=\"container\" data-settings=\"{&quot;animation&quot;:&quot;fadeInUp&quot;}\">\n\t\t\t\t\t<div class=\"e-con-inner\">\n\t\t\t\t<div class=\"elementor-element elementor-element-4062d5b elementor-widget elementor-widget-image\" data-id=\"4062d5b\" data-element_type=\"widget\" data-e-type=\"widget\" data-widget_type=\"image.default\">\n\t\t\t\t<div class=\"elementor-widget-container\">\n\t\t\t\t\t\t\t\t\t\t\t\t\t\t\t\t<a href=\"https:\/\/artapartamento.com\/artistas\/leandro-feal\/la-fiesta-vigilada\/\">\n\t\t\t\t\t\t\t<img loading=\"lazy\" decoding=\"async\" width=\"2560\" height=\"1709\" src=\"https:\/\/artapartamento.com\/wp-content\/uploads\/2024\/06\/DSC5652-scaled.jpeg.webp\" class=\"elementor-animation-grow attachment-full size-full wp-image-11108\" alt=\"Green Havana_Leandro Feal\" srcset=\"https:\/\/artapartamento.com\/wp-content\/uploads\/2024\/06\/DSC5652-scaled.jpeg.webp 2560w, https:\/\/artapartamento.com\/wp-content\/uploads\/2024\/06\/DSC5652-300x200.jpeg.webp 300w, https:\/\/artapartamento.com\/wp-content\/uploads\/2024\/06\/DSC5652-1024x683.jpeg.webp 1024w, https:\/\/artapartamento.com\/wp-content\/uploads\/2024\/06\/DSC5652-768x513.jpeg.webp 768w, https:\/\/artapartamento.com\/wp-content\/uploads\/2024\/06\/DSC5652-1536x1025.jpeg.webp 1536w, https:\/\/artapartamento.com\/wp-content\/uploads\/2024\/06\/DSC5652-2048x1367.jpeg.webp 2048w, https:\/\/artapartamento.com\/wp-content\/uploads\/2024\/06\/DSC5652-18x12.jpeg.webp 18w, https:\/\/artapartamento.com\/wp-content\/uploads\/2024\/06\/DSC5652-272x182.jpeg.webp 272w\" sizes=\"(max-width: 2560px) 100vw, 2560px\" \/>\t\t\t\t\t\t\t\t<\/a>\n\t\t\t\t\t\t\t\t\t\t\t\t\t\t\t<\/div>\n\t\t\t\t<\/div>\n\t\t\t\t<div class=\"elementor-element elementor-element-685e99c elementor-hidden-desktop elementor-hidden-tablet elementor-widget elementor-widget-text-editor\" data-id=\"685e99c\" data-element_type=\"widget\" data-e-type=\"widget\" data-widget_type=\"text-editor.default\">\n\t\t\t\t<div class=\"elementor-widget-container\">\n\t\t\t\t\t\t\t\t\t<p>Leandro Feal<br \/>La fiesta vigilada, 2015- 2024<br \/>V\u00eddeo 4K, B\/N, sonido<br \/>55 minutos<br \/>Ed. 5 + 2 AP<\/p>\t\t\t\t\t\t\t\t<\/div>\n\t\t\t\t<\/div>\n\t\t\t\t\t<\/div>\n\t\t\t\t<\/div>\n\t\t\t\t<\/div>\n\t\t<div class=\"elementor-element elementor-element-265970f7 e-con-full elementor-hidden-mobile e-flex e-con e-parent\" data-id=\"265970f7\" data-element_type=\"container\" data-e-type=\"container\" data-settings=\"{&quot;background_background&quot;:&quot;classic&quot;}\">\n\t\t<div class=\"elementor-element elementor-element-12fe8f16 e-flex e-con-boxed elementor-invisible e-con e-child\" data-id=\"12fe8f16\" data-element_type=\"container\" data-e-type=\"container\" data-settings=\"{&quot;animation&quot;:&quot;fadeIn&quot;}\">\n\t\t\t\t\t<div class=\"e-con-inner\">\n\t\t\t\t<div class=\"elementor-element elementor-element-6a3c4af1 elementor-widget elementor-widget-text-editor\" data-id=\"6a3c4af1\" data-element_type=\"widget\" data-e-type=\"widget\" data-widget_type=\"text-editor.default\">\n\t\t\t\t<div class=\"elementor-widget-container\">\n\t\t\t\t\t\t\t\t\t<p>Leandro Feal<br \/>La Habana desde el FOCSA, de la serie Green Havana,<br \/>2020- 2022<br \/>Impresi\u00f3n UltraChrome sobre papel Baryta 310 g.<br \/>Fotograf\u00eda B\/N en negativo virado al verde.<br \/>150 x 112 cm (59 x 44 in)<br \/>Ed. 5 + 2AP<\/p>\t\t\t\t\t\t\t\t<\/div>\n\t\t\t\t<\/div>\n\t\t\t\t\t<\/div>\n\t\t\t\t<\/div>\n\t\t<div class=\"elementor-element elementor-element-103c541 e-flex e-con-boxed elementor-invisible e-con e-child\" data-id=\"103c541\" data-element_type=\"container\" data-e-type=\"container\" data-settings=\"{&quot;animation&quot;:&quot;fadeIn&quot;}\">\n\t\t\t\t\t<div class=\"e-con-inner\">\n\t\t\t\t<div class=\"elementor-element elementor-element-69d86324 elementor-widget elementor-widget-text-editor\" data-id=\"69d86324\" data-element_type=\"widget\" data-e-type=\"widget\" data-widget_type=\"text-editor.default\">\n\t\t\t\t<div class=\"elementor-widget-container\">\n\t\t\t\t\t\t\t\t\t<p>Leandro Feal<br \/>Fantas\u00eda crom\u00e1tica para una noche con el Chori o Una<br \/>resaca sostenida,<br \/>2023<br \/>Instalaci\u00f3n (Botell\u00f3fono de 24 botellas de vidrio afinadas<br \/>con agua, en una escala crom\u00e1tica de dos octavas; mesa<br \/>de madera, dos sets de mazas)<\/p>\t\t\t\t\t\t\t\t<\/div>\n\t\t\t\t<\/div>\n\t\t\t\t\t<\/div>\n\t\t\t\t<\/div>\n\t\t<div class=\"elementor-element elementor-element-74bdffba e-flex e-con-boxed elementor-invisible e-con e-child\" data-id=\"74bdffba\" data-element_type=\"container\" data-e-type=\"container\" data-settings=\"{&quot;animation&quot;:&quot;fadeIn&quot;}\">\n\t\t\t\t\t<div class=\"e-con-inner\">\n\t\t\t\t<div class=\"elementor-element elementor-element-1fe4a841 elementor-widget elementor-widget-text-editor\" data-id=\"1fe4a841\" data-element_type=\"widget\" data-e-type=\"widget\" data-widget_type=\"text-editor.default\">\n\t\t\t\t<div class=\"elementor-widget-container\">\n\t\t\t\t\t\t\t\t\t<p>Leandro Feal<br \/>La fiesta vigilada, 2015- 2024<br \/>V\u00eddeo 4K, B\/N, sonido<br \/>55 minutos<br \/>Ed. 5 + 2 AP<\/p>\t\t\t\t\t\t\t\t<\/div>\n\t\t\t\t<\/div>\n\t\t\t\t\t<\/div>\n\t\t\t\t<\/div>\n\t\t\t\t<\/div>\n\t\t<div class=\"elementor-element elementor-element-655c911a e-con-full e-flex e-con e-parent\" data-id=\"655c911a\" data-element_type=\"container\" data-e-type=\"container\" data-settings=\"{&quot;background_background&quot;:&quot;classic&quot;}\">\n\t\t\t\t<div class=\"elementor-element elementor-element-18472347 elementor-invisible elementor-widget elementor-widget-heading\" data-id=\"18472347\" data-element_type=\"widget\" data-e-type=\"widget\" data-settings=\"{&quot;_animation&quot;:&quot;fadeInUp&quot;}\" data-widget_type=\"heading.default\">\n\t\t\t\t<div class=\"elementor-widget-container\">\n\t\t\t\t\t<h2 class=\"elementor-heading-title elementor-size-default\">vistas de la exposici\u00f3n<\/h2>\t\t\t\t<\/div>\n\t\t\t\t<\/div>\n\t\t\t\t<div class=\"elementor-element elementor-element-4896c29a animated-slow elementor-invisible elementor-widget elementor-widget-image-carousel\" data-id=\"4896c29a\" data-element_type=\"widget\" data-e-type=\"widget\" data-settings=\"{&quot;slides_to_show&quot;:&quot;1&quot;,&quot;navigation&quot;:&quot;none&quot;,&quot;_animation&quot;:&quot;fadeInUp&quot;,&quot;pause_on_hover&quot;:&quot;no&quot;,&quot;pause_on_interaction&quot;:&quot;no&quot;,&quot;autoplay_speed&quot;:4000,&quot;effect&quot;:&quot;fade&quot;,&quot;autoplay&quot;:&quot;yes&quot;,&quot;infinite&quot;:&quot;yes&quot;,&quot;speed&quot;:500}\" data-widget_type=\"image-carousel.default\">\n\t\t\t\t<div class=\"elementor-widget-container\">\n\t\t\t\t\t\t\t<div class=\"elementor-image-carousel-wrapper swiper\" role=\"region\" aria-roledescription=\"carousel\" aria-label=\"Image Carousel\" dir=\"ltr\">\n\t\t\t<div class=\"elementor-image-carousel swiper-wrapper\" aria-live=\"off\">\n\t\t\t\t\t\t\t\t<div class=\"swiper-slide\" role=\"group\" aria-roledescription=\"slide\" aria-label=\"1 of 11\"><a data-elementor-open-lightbox=\"yes\" data-elementor-lightbox-slideshow=\"4896c29a\" data-e-action-hash=\"#elementor-action%3Aaction%3Dlightbox%26settings%3DeyJpZCI6MTExNzksInVybCI6Imh0dHBzOlwvXC9hcnRhcGFydGFtZW50by5jb21cL3dwLWNvbnRlbnRcL3VwbG9hZHNcLzIwMjRcLzA2XC9EU0M2NDEyLWNvcHktc2NhbGVkLmpwZy53ZWJwIiwic2xpZGVzaG93IjoiNDg5NmMyOWEifQ%3D%3D\" href=\"https:\/\/artapartamento.com\/wp-content\/uploads\/2024\/06\/DSC6412-copy-scaled.jpg.webp\"><figure class=\"swiper-slide-inner\"><img decoding=\"async\" class=\"swiper-slide-image\" src=\"https:\/\/artapartamento.com\/wp-content\/uploads\/2024\/06\/DSC6412-copy-scaled.jpg.webp\" alt=\"Green Havana_Leandro Feal\" \/><\/figure><\/a><\/div><div class=\"swiper-slide\" role=\"group\" aria-roledescription=\"slide\" aria-label=\"2 of 11\"><a data-elementor-open-lightbox=\"yes\" data-elementor-lightbox-slideshow=\"4896c29a\" data-e-action-hash=\"#elementor-action%3Aaction%3Dlightbox%26settings%3DeyJpZCI6MTExNzcsInVybCI6Imh0dHBzOlwvXC9hcnRhcGFydGFtZW50by5jb21cL3dwLWNvbnRlbnRcL3VwbG9hZHNcLzIwMjRcLzA2XC9EU0M2MjgxLWNvcHktc2NhbGVkLmpwZy53ZWJwIiwic2xpZGVzaG93IjoiNDg5NmMyOWEifQ%3D%3D\" href=\"https:\/\/artapartamento.com\/wp-content\/uploads\/2024\/06\/DSC6281-copy-scaled.jpg.webp\"><figure class=\"swiper-slide-inner\"><img decoding=\"async\" class=\"swiper-slide-image\" src=\"https:\/\/artapartamento.com\/wp-content\/uploads\/2024\/06\/DSC6281-copy-scaled.jpg.webp\" alt=\"Green Havana_Leandro Feal\" \/><\/figure><\/a><\/div><div class=\"swiper-slide\" role=\"group\" aria-roledescription=\"slide\" aria-label=\"3 of 11\"><a data-elementor-open-lightbox=\"yes\" data-elementor-lightbox-slideshow=\"4896c29a\" data-e-action-hash=\"#elementor-action%3Aaction%3Dlightbox%26settings%3DeyJpZCI6MTExNzgsInVybCI6Imh0dHBzOlwvXC9hcnRhcGFydGFtZW50by5jb21cL3dwLWNvbnRlbnRcL3VwbG9hZHNcLzIwMjRcLzA2XC9EU0M2Mjg2LWNvcHktc2NhbGVkLmpwZy53ZWJwIiwic2xpZGVzaG93IjoiNDg5NmMyOWEifQ%3D%3D\" href=\"https:\/\/artapartamento.com\/wp-content\/uploads\/2024\/06\/DSC6286-copy-scaled.jpg.webp\"><figure class=\"swiper-slide-inner\"><img decoding=\"async\" class=\"swiper-slide-image\" src=\"https:\/\/artapartamento.com\/wp-content\/uploads\/2024\/06\/DSC6286-copy-scaled.jpg.webp\" alt=\"Green Havana_Leandro Feal\" \/><\/figure><\/a><\/div><div class=\"swiper-slide\" role=\"group\" aria-roledescription=\"slide\" aria-label=\"4 of 11\"><a data-elementor-open-lightbox=\"yes\" data-elementor-lightbox-slideshow=\"4896c29a\" data-e-action-hash=\"#elementor-action%3Aaction%3Dlightbox%26settings%3DeyJpZCI6MTExNzYsInVybCI6Imh0dHBzOlwvXC9hcnRhcGFydGFtZW50by5jb21cL3dwLWNvbnRlbnRcL3VwbG9hZHNcLzIwMjRcLzA2XC9EU0M2Mjc5LWNvcHktc2NhbGVkLmpwZy53ZWJwIiwic2xpZGVzaG93IjoiNDg5NmMyOWEifQ%3D%3D\" href=\"https:\/\/artapartamento.com\/wp-content\/uploads\/2024\/06\/DSC6279-copy-scaled.jpg.webp\"><figure class=\"swiper-slide-inner\"><img decoding=\"async\" class=\"swiper-slide-image\" src=\"https:\/\/artapartamento.com\/wp-content\/uploads\/2024\/06\/DSC6279-copy-scaled.jpg.webp\" alt=\"Green Havana_Leandro Feal\" \/><\/figure><\/a><\/div><div class=\"swiper-slide\" role=\"group\" aria-roledescription=\"slide\" aria-label=\"5 of 11\"><a data-elementor-open-lightbox=\"yes\" data-elementor-lightbox-slideshow=\"4896c29a\" data-e-action-hash=\"#elementor-action%3Aaction%3Dlightbox%26settings%3DeyJpZCI6MTExNzQsInVybCI6Imh0dHBzOlwvXC9hcnRhcGFydGFtZW50by5jb21cL3dwLWNvbnRlbnRcL3VwbG9hZHNcLzIwMjRcLzA2XC9EU0M2MjcwLWNvcHktc2NhbGVkLmpwZy53ZWJwIiwic2xpZGVzaG93IjoiNDg5NmMyOWEifQ%3D%3D\" href=\"https:\/\/artapartamento.com\/wp-content\/uploads\/2024\/06\/DSC6270-copy-scaled.jpg.webp\"><figure class=\"swiper-slide-inner\"><img decoding=\"async\" class=\"swiper-slide-image\" src=\"https:\/\/artapartamento.com\/wp-content\/uploads\/2024\/06\/DSC6270-copy-scaled.jpg.webp\" alt=\"Green Havana_Leandro Feal\" \/><\/figure><\/a><\/div><div class=\"swiper-slide\" role=\"group\" aria-roledescription=\"slide\" aria-label=\"6 of 11\"><a data-elementor-open-lightbox=\"yes\" data-elementor-lightbox-slideshow=\"4896c29a\" data-e-action-hash=\"#elementor-action%3Aaction%3Dlightbox%26settings%3DeyJpZCI6MTExNzUsInVybCI6Imh0dHBzOlwvXC9hcnRhcGFydGFtZW50by5jb21cL3dwLWNvbnRlbnRcL3VwbG9hZHNcLzIwMjRcLzA2XC9EU0M2MjcyLWNvcHktc2NhbGVkLmpwZy53ZWJwIiwic2xpZGVzaG93IjoiNDg5NmMyOWEifQ%3D%3D\" href=\"https:\/\/artapartamento.com\/wp-content\/uploads\/2024\/06\/DSC6272-copy-scaled.jpg.webp\"><figure class=\"swiper-slide-inner\"><img decoding=\"async\" class=\"swiper-slide-image\" src=\"https:\/\/artapartamento.com\/wp-content\/uploads\/2024\/06\/DSC6272-copy-scaled.jpg.webp\" alt=\"Green Havana_Leandro Feal\" \/><\/figure><\/a><\/div><div class=\"swiper-slide\" role=\"group\" aria-roledescription=\"slide\" aria-label=\"7 of 11\"><a data-elementor-open-lightbox=\"yes\" data-elementor-lightbox-slideshow=\"4896c29a\" data-e-action-hash=\"#elementor-action%3Aaction%3Dlightbox%26settings%3DeyJpZCI6MTExNzIsInVybCI6Imh0dHBzOlwvXC9hcnRhcGFydGFtZW50by5jb21cL3dwLWNvbnRlbnRcL3VwbG9hZHNcLzIwMjRcLzA2XC9EU0M2MDA3LWNvcHktc2NhbGVkLmpwZy53ZWJwIiwic2xpZGVzaG93IjoiNDg5NmMyOWEifQ%3D%3D\" href=\"https:\/\/artapartamento.com\/wp-content\/uploads\/2024\/06\/DSC6007-copy-scaled.jpg.webp\"><figure class=\"swiper-slide-inner\"><img decoding=\"async\" class=\"swiper-slide-image\" src=\"https:\/\/artapartamento.com\/wp-content\/uploads\/2024\/06\/DSC6007-copy-scaled.jpg.webp\" alt=\"Green Havana_Leandro Feal\" \/><\/figure><\/a><\/div><div class=\"swiper-slide\" role=\"group\" aria-roledescription=\"slide\" aria-label=\"8 of 11\"><a data-elementor-open-lightbox=\"yes\" data-elementor-lightbox-slideshow=\"4896c29a\" data-e-action-hash=\"#elementor-action%3Aaction%3Dlightbox%26settings%3DeyJpZCI6MTExNzMsInVybCI6Imh0dHBzOlwvXC9hcnRhcGFydGFtZW50by5jb21cL3dwLWNvbnRlbnRcL3VwbG9hZHNcLzIwMjRcLzA2XC9EU0M2MDI3LWNvcHktc2NhbGVkLmpwZy53ZWJwIiwic2xpZGVzaG93IjoiNDg5NmMyOWEifQ%3D%3D\" href=\"https:\/\/artapartamento.com\/wp-content\/uploads\/2024\/06\/DSC6027-copy-scaled.jpg.webp\"><figure class=\"swiper-slide-inner\"><img decoding=\"async\" class=\"swiper-slide-image\" src=\"https:\/\/artapartamento.com\/wp-content\/uploads\/2024\/06\/DSC6027-copy-scaled.jpg.webp\" alt=\"Green Havana_Leandro Feal\" \/><\/figure><\/a><\/div><div class=\"swiper-slide\" role=\"group\" aria-roledescription=\"slide\" aria-label=\"9 of 11\"><a data-elementor-open-lightbox=\"yes\" data-elementor-lightbox-slideshow=\"4896c29a\" data-e-action-hash=\"#elementor-action%3Aaction%3Dlightbox%26settings%3DeyJpZCI6MTExODEsInVybCI6Imh0dHBzOlwvXC9hcnRhcGFydGFtZW50by5jb21cL3dwLWNvbnRlbnRcL3VwbG9hZHNcLzIwMjRcLzA2XC9EU0M1ODE3LXNjYWxlZC5qcGVnLndlYnAiLCJzbGlkZXNob3ciOiI0ODk2YzI5YSJ9\" href=\"https:\/\/artapartamento.com\/wp-content\/uploads\/2024\/06\/DSC5817-scaled.jpeg.webp\"><figure class=\"swiper-slide-inner\"><img decoding=\"async\" class=\"swiper-slide-image\" src=\"https:\/\/artapartamento.com\/wp-content\/uploads\/2024\/06\/DSC5817-scaled.jpeg.webp\" alt=\"Green Havana_Leandro Feal\" \/><\/figure><\/a><\/div><div class=\"swiper-slide\" role=\"group\" aria-roledescription=\"slide\" aria-label=\"10 of 11\"><a data-elementor-open-lightbox=\"yes\" data-elementor-lightbox-slideshow=\"4896c29a\" data-e-action-hash=\"#elementor-action%3Aaction%3Dlightbox%26settings%3DeyJpZCI6MTExNzAsInVybCI6Imh0dHBzOlwvXC9hcnRhcGFydGFtZW50by5jb21cL3dwLWNvbnRlbnRcL3VwbG9hZHNcLzIwMjRcLzA2XC9EU0M0NzgzLXNjYWxlZC5qcGVnLndlYnAiLCJzbGlkZXNob3ciOiI0ODk2YzI5YSJ9\" href=\"https:\/\/artapartamento.com\/wp-content\/uploads\/2024\/06\/DSC4783-scaled.jpeg.webp\"><figure class=\"swiper-slide-inner\"><img decoding=\"async\" class=\"swiper-slide-image\" src=\"https:\/\/artapartamento.com\/wp-content\/uploads\/2024\/06\/DSC4783-scaled.jpeg.webp\" alt=\"Green Havana_Leandro Feal\" \/><\/figure><\/a><\/div><div class=\"swiper-slide\" role=\"group\" aria-roledescription=\"slide\" aria-label=\"11 of 11\"><a data-elementor-open-lightbox=\"yes\" data-elementor-lightbox-slideshow=\"4896c29a\" data-e-action-hash=\"#elementor-action%3Aaction%3Dlightbox%26settings%3DeyJpZCI6MTExNzEsInVybCI6Imh0dHBzOlwvXC9hcnRhcGFydGFtZW50by5jb21cL3dwLWNvbnRlbnRcL3VwbG9hZHNcLzIwMjRcLzA2XC9EU0M0OTU4LXNjYWxlZC5qcGVnLndlYnAiLCJzbGlkZXNob3ciOiI0ODk2YzI5YSJ9\" href=\"https:\/\/artapartamento.com\/wp-content\/uploads\/2024\/06\/DSC4958-scaled.jpeg.webp\"><figure class=\"swiper-slide-inner\"><img decoding=\"async\" class=\"swiper-slide-image\" src=\"https:\/\/artapartamento.com\/wp-content\/uploads\/2024\/06\/DSC4958-scaled.jpeg.webp\" alt=\"Green Havana_Leandro Feal\" \/><\/figure><\/a><\/div>\t\t\t<\/div>\n\t\t\t\t\t\t\t\n\t\t\t\t\t\t\t\t\t<\/div>\n\t\t\t\t\t\t<\/div>\n\t\t\t\t<\/div>\n\t\t\t\t<\/div>\n\t\t\t\t<\/div>\n\t\t","protected":false},"excerpt":{"rendered":"<p><strong>Leandro Feal<\/strong><br \/>Sala principal, Madrid <br \/>maio - agosto de 2024<\/p>","protected":false},"author":1,"featured_media":10617,"parent":21,"menu_order":0,"comment_status":"closed","ping_status":"closed","template":"","meta":{"_acf_changed":false,"footnotes":"","_links_to":"","_links_to_target":""},"categories":[18,51,12],"tags":[19],"class_list":["post-10646","page","type-page","status-publish","has-post-thumbnail","hentry","category-exposicion","category-leandro-feal","category-madrid","tag-anteriores","post","post-with-thumbnail","post-with-thumbnail-large"],"acf":[],"aioseo_notices":[],"_links":{"self":[{"href":"https:\/\/artapartamento.com\/pt\/wp-json\/wp\/v2\/pages\/10646","targetHints":{"allow":["GET"]}}],"collection":[{"href":"https:\/\/artapartamento.com\/pt\/wp-json\/wp\/v2\/pages"}],"about":[{"href":"https:\/\/artapartamento.com\/pt\/wp-json\/wp\/v2\/types\/page"}],"author":[{"embeddable":true,"href":"https:\/\/artapartamento.com\/pt\/wp-json\/wp\/v2\/users\/1"}],"replies":[{"embeddable":true,"href":"https:\/\/artapartamento.com\/pt\/wp-json\/wp\/v2\/comments?post=10646"}],"version-history":[{"count":0,"href":"https:\/\/artapartamento.com\/pt\/wp-json\/wp\/v2\/pages\/10646\/revisions"}],"up":[{"embeddable":true,"href":"https:\/\/artapartamento.com\/pt\/wp-json\/wp\/v2\/pages\/21"}],"wp:featuredmedia":[{"embeddable":true,"href":"https:\/\/artapartamento.com\/pt\/wp-json\/wp\/v2\/media\/10617"}],"wp:attachment":[{"href":"https:\/\/artapartamento.com\/pt\/wp-json\/wp\/v2\/media?parent=10646"}],"wp:term":[{"taxonomy":"category","embeddable":true,"href":"https:\/\/artapartamento.com\/pt\/wp-json\/wp\/v2\/categories?post=10646"},{"taxonomy":"post_tag","embeddable":true,"href":"https:\/\/artapartamento.com\/pt\/wp-json\/wp\/v2\/tags?post=10646"}],"curies":[{"name":"wp","href":"https:\/\/api.w.org\/{rel}","templated":true}]}}