{"id":8362,"date":"2024-02-09T15:10:23","date_gmt":"2024-02-09T14:10:23","guid":{"rendered":"https:\/\/artapartamento.com\/?page_id=8362"},"modified":"2024-04-20T15:24:55","modified_gmt":"2024-04-20T13:24:55","slug":"maco-zona-2024","status":"publish","type":"page","link":"https:\/\/artapartamento.com\/it\/ferias\/zona-maco-2024\/","title":{"rendered":"ZONA MACO, 2024"},"content":{"rendered":"<div data-elementor-type=\"wp-page\" data-elementor-id=\"8362\" class=\"elementor elementor-8362\" data-elementor-post-type=\"page\">\n\t\t\t\t<div class=\"elementor-element elementor-element-45e0742a e-con-full e-flex e-con e-parent\" data-id=\"45e0742a\" data-element_type=\"container\" data-e-type=\"container\" data-settings=\"{&quot;background_background&quot;:&quot;classic&quot;}\">\n\t\t<div class=\"elementor-element elementor-element-2e2b44be e-con-full e-flex e-con e-child\" data-id=\"2e2b44be\" data-element_type=\"container\" data-e-type=\"container\">\n\t\t\t\t<div class=\"elementor-element elementor-element-74085986 elementor-invisible elementor-widget elementor-widget-heading\" data-id=\"74085986\" data-element_type=\"widget\" data-e-type=\"widget\" data-settings=\"{&quot;_animation&quot;:&quot;fadeInUp&quot;}\" data-widget_type=\"heading.default\">\n\t\t\t\t<div class=\"elementor-widget-container\">\n\t\t\t\t\t<h2 class=\"elementor-heading-title elementor-size-default\">ZONA MACO, 2023<\/h2>\t\t\t\t<\/div>\n\t\t\t\t<\/div>\n\t\t\t\t<div class=\"elementor-element elementor-element-2459231c elementor-invisible elementor-widget elementor-widget-heading\" data-id=\"2459231c\" data-element_type=\"widget\" data-e-type=\"widget\" data-settings=\"{&quot;_animation&quot;:&quot;fadeInUp&quot;}\" data-widget_type=\"heading.default\">\n\t\t\t\t<div class=\"elementor-widget-container\">\n\t\t\t\t\t<h2 class=\"elementor-heading-title elementor-size-default\">Alex Hern\u00e1ndez - Ariamna Contino - Diana Fonseca - Eduardo Ponju\u00e1n - Flavio Garnciand\u00eda - Fuentesal Arenillas - Luis Enrique L\u00f3pez-Ch\u00e1vez - Maikel Sotomayor - Miki Leal - Nacho Mart\u00edn Silva - Orestes Hern\u00e1ndez - Ra\u00fal Cordero - Ra\u00fal D\u00edaz Reyes - Roberto Diago<\/h2>\t\t\t\t<\/div>\n\t\t\t\t<\/div>\n\t\t\t\t<div class=\"elementor-element elementor-element-4ad2e468 elementor-invisible elementor-widget elementor-widget-text-editor\" data-id=\"4ad2e468\" data-element_type=\"widget\" data-e-type=\"widget\" data-settings=\"{&quot;_animation&quot;:&quot;fadeInUp&quot;}\" data-widget_type=\"text-editor.default\">\n\t\t\t\t<div class=\"elementor-widget-container\">\n\t\t\t\t\t\t\t\t\t<p>07 - 11 febbraio 2024<\/p><p class=\"title-place\">Stand: C110<\/p>\t\t\t\t\t\t\t\t<\/div>\n\t\t\t\t<\/div>\n\t\t\t\t<\/div>\n\t\t\t\t<\/div>\n\t\t<div class=\"elementor-element elementor-element-309ff24b e-con-full e-flex e-con e-parent\" data-id=\"309ff24b\" data-element_type=\"container\" data-e-type=\"container\" data-settings=\"{&quot;background_background&quot;:&quot;classic&quot;}\">\n\t\t\t\t<div class=\"elementor-element elementor-element-52879449 animated-slow elementor-invisible elementor-widget elementor-widget-image-carousel\" data-id=\"52879449\" data-element_type=\"widget\" data-e-type=\"widget\" data-settings=\"{&quot;slides_to_show&quot;:&quot;1&quot;,&quot;navigation&quot;:&quot;none&quot;,&quot;_animation&quot;:&quot;fadeInUp&quot;,&quot;pause_on_hover&quot;:&quot;no&quot;,&quot;pause_on_interaction&quot;:&quot;no&quot;,&quot;autoplay_speed&quot;:4000,&quot;effect&quot;:&quot;fade&quot;,&quot;autoplay&quot;:&quot;yes&quot;,&quot;infinite&quot;:&quot;yes&quot;,&quot;speed&quot;:500}\" data-widget_type=\"image-carousel.default\">\n\t\t\t\t<div class=\"elementor-widget-container\">\n\t\t\t\t\t\t\t<div class=\"elementor-image-carousel-wrapper swiper\" role=\"region\" aria-roledescription=\"carousel\" aria-label=\"Carrossel de imagens\" dir=\"ltr\" data-no-translation-aria-label=\"\">\n\t\t\t<div class=\"elementor-image-carousel swiper-wrapper\" aria-live=\"off\">\n\t\t\t\t\t\t\t\t<div class=\"swiper-slide\" role=\"group\" aria-roledescription=\"slide\" aria-label=\"1 de 9\" data-no-translation-aria-label=\"\"><a data-elementor-open-lightbox=\"yes\" data-elementor-lightbox-slideshow=\"52879449\" data-e-action-hash=\"#elementor-action%3Aaction%3Dlightbox%26settings%3DeyJpZCI6ODYxNywidXJsIjoiaHR0cHM6XC9cL2FydGFwYXJ0YW1lbnRvLmNvbVwvd3AtY29udGVudFwvdXBsb2Fkc1wvMjAyNFwvMDJcLzNZNEEwMjgxLXNjYWxlZC5qcGcud2VicCIsInNsaWRlc2hvdyI6IjUyODc5NDQ5In0%3D\" href=\"https:\/\/artapartamento.com\/wp-content\/uploads\/2024\/02\/3Y4A0281-scaled.jpg.webp\"><figure class=\"swiper-slide-inner\"><img decoding=\"async\" class=\"swiper-slide-image\" src=\"https:\/\/artapartamento.com\/wp-content\/uploads\/2024\/02\/3Y4A0281-scaled.jpg.webp\" alt=\"Zona Maco\" \/><\/figure><\/a><\/div><div class=\"swiper-slide\" role=\"group\" aria-roledescription=\"slide\" aria-label=\"2 de 9\" data-no-translation-aria-label=\"\"><a data-elementor-open-lightbox=\"yes\" data-elementor-lightbox-slideshow=\"52879449\" data-e-action-hash=\"#elementor-action%3Aaction%3Dlightbox%26settings%3DeyJpZCI6ODYxOCwidXJsIjoiaHR0cHM6XC9cL2FydGFwYXJ0YW1lbnRvLmNvbVwvd3AtY29udGVudFwvdXBsb2Fkc1wvMjAyNFwvMDJcLzNZNEEwMjgyLXNjYWxlZC5qcGcud2VicCIsInNsaWRlc2hvdyI6IjUyODc5NDQ5In0%3D\" href=\"https:\/\/artapartamento.com\/wp-content\/uploads\/2024\/02\/3Y4A0282-scaled.jpg.webp\"><figure class=\"swiper-slide-inner\"><img decoding=\"async\" class=\"swiper-slide-image\" src=\"https:\/\/artapartamento.com\/wp-content\/uploads\/2024\/02\/3Y4A0282-scaled.jpg.webp\" alt=\"Zona Maco\" \/><\/figure><\/a><\/div><div class=\"swiper-slide\" role=\"group\" aria-roledescription=\"slide\" aria-label=\"3 de 9\" data-no-translation-aria-label=\"\"><a data-elementor-open-lightbox=\"yes\" data-elementor-lightbox-slideshow=\"52879449\" data-e-action-hash=\"#elementor-action%3Aaction%3Dlightbox%26settings%3DeyJpZCI6ODYxOSwidXJsIjoiaHR0cHM6XC9cL2FydGFwYXJ0YW1lbnRvLmNvbVwvd3AtY29udGVudFwvdXBsb2Fkc1wvMjAyNFwvMDJcLzNZNEEwMjgzLXNjYWxlZC5qcGcud2VicCIsInNsaWRlc2hvdyI6IjUyODc5NDQ5In0%3D\" href=\"https:\/\/artapartamento.com\/wp-content\/uploads\/2024\/02\/3Y4A0283-scaled.jpg.webp\"><figure class=\"swiper-slide-inner\"><img decoding=\"async\" class=\"swiper-slide-image\" src=\"https:\/\/artapartamento.com\/wp-content\/uploads\/2024\/02\/3Y4A0283-scaled.jpg.webp\" alt=\"Zona Maco\" \/><\/figure><\/a><\/div><div class=\"swiper-slide\" role=\"group\" aria-roledescription=\"slide\" aria-label=\"4 de 9\" data-no-translation-aria-label=\"\"><a data-elementor-open-lightbox=\"yes\" data-elementor-lightbox-slideshow=\"52879449\" data-e-action-hash=\"#elementor-action%3Aaction%3Dlightbox%26settings%3DeyJpZCI6ODYyMCwidXJsIjoiaHR0cHM6XC9cL2FydGFwYXJ0YW1lbnRvLmNvbVwvd3AtY29udGVudFwvdXBsb2Fkc1wvMjAyNFwvMDJcLzNZNEEwMjg1LXNjYWxlZC5qcGcud2VicCIsInNsaWRlc2hvdyI6IjUyODc5NDQ5In0%3D\" href=\"https:\/\/artapartamento.com\/wp-content\/uploads\/2024\/02\/3Y4A0285-scaled.jpg.webp\"><figure class=\"swiper-slide-inner\"><img decoding=\"async\" class=\"swiper-slide-image\" src=\"https:\/\/artapartamento.com\/wp-content\/uploads\/2024\/02\/3Y4A0285-scaled.jpg.webp\" alt=\"Zona Maco\" \/><\/figure><\/a><\/div><div class=\"swiper-slide\" role=\"group\" aria-roledescription=\"slide\" aria-label=\"5 de 9\" data-no-translation-aria-label=\"\"><a data-elementor-open-lightbox=\"yes\" data-elementor-lightbox-slideshow=\"52879449\" data-e-action-hash=\"#elementor-action%3Aaction%3Dlightbox%26settings%3DeyJpZCI6ODYyMSwidXJsIjoiaHR0cHM6XC9cL2FydGFwYXJ0YW1lbnRvLmNvbVwvd3AtY29udGVudFwvdXBsb2Fkc1wvMjAyNFwvMDJcLzNZNEEwMjg4LVJlY3VwZXJhZG8tc2NhbGVkLmpwZy53ZWJwIiwic2xpZGVzaG93IjoiNTI4Nzk0NDkifQ%3D%3D\" href=\"https:\/\/artapartamento.com\/wp-content\/uploads\/2024\/02\/3Y4A0288-Recuperado-scaled.jpg.webp\"><figure class=\"swiper-slide-inner\"><img decoding=\"async\" class=\"swiper-slide-image\" src=\"https:\/\/artapartamento.com\/wp-content\/uploads\/2024\/02\/3Y4A0288-Recuperado-scaled.jpg.webp\" alt=\"Zona Maco\" \/><\/figure><\/a><\/div><div class=\"swiper-slide\" role=\"group\" aria-roledescription=\"slide\" aria-label=\"6 de 9\" data-no-translation-aria-label=\"\"><a data-elementor-open-lightbox=\"yes\" data-elementor-lightbox-slideshow=\"52879449\" data-e-action-hash=\"#elementor-action%3Aaction%3Dlightbox%26settings%3DeyJpZCI6ODYyMiwidXJsIjoiaHR0cHM6XC9cL2FydGFwYXJ0YW1lbnRvLmNvbVwvd3AtY29udGVudFwvdXBsb2Fkc1wvMjAyNFwvMDJcLzNZNEEwMjg5LXNjYWxlZC5qcGcud2VicCIsInNsaWRlc2hvdyI6IjUyODc5NDQ5In0%3D\" href=\"https:\/\/artapartamento.com\/wp-content\/uploads\/2024\/02\/3Y4A0289-scaled.jpg.webp\"><figure class=\"swiper-slide-inner\"><img decoding=\"async\" class=\"swiper-slide-image\" src=\"https:\/\/artapartamento.com\/wp-content\/uploads\/2024\/02\/3Y4A0289-scaled.jpg.webp\" alt=\"Zona Maco\" \/><\/figure><\/a><\/div><div class=\"swiper-slide\" role=\"group\" aria-roledescription=\"slide\" aria-label=\"7 de 9\" data-no-translation-aria-label=\"\"><a data-elementor-open-lightbox=\"yes\" data-elementor-lightbox-slideshow=\"52879449\" data-e-action-hash=\"#elementor-action%3Aaction%3Dlightbox%26settings%3DeyJpZCI6ODYyMywidXJsIjoiaHR0cHM6XC9cL2FydGFwYXJ0YW1lbnRvLmNvbVwvd3AtY29udGVudFwvdXBsb2Fkc1wvMjAyNFwvMDJcLzNZNEEwMjkxLXNjYWxlZC5qcGcud2VicCIsInNsaWRlc2hvdyI6IjUyODc5NDQ5In0%3D\" href=\"https:\/\/artapartamento.com\/wp-content\/uploads\/2024\/02\/3Y4A0291-scaled.jpg.webp\"><figure class=\"swiper-slide-inner\"><img decoding=\"async\" class=\"swiper-slide-image\" src=\"https:\/\/artapartamento.com\/wp-content\/uploads\/2024\/02\/3Y4A0291-scaled.jpg.webp\" alt=\"Zona Maco\" \/><\/figure><\/a><\/div><div class=\"swiper-slide\" role=\"group\" aria-roledescription=\"slide\" aria-label=\"8 de 9\" data-no-translation-aria-label=\"\"><a data-elementor-open-lightbox=\"yes\" data-elementor-lightbox-slideshow=\"52879449\" data-e-action-hash=\"#elementor-action%3Aaction%3Dlightbox%26settings%3DeyJpZCI6ODYyNSwidXJsIjoiaHR0cHM6XC9cL2FydGFwYXJ0YW1lbnRvLmNvbVwvd3AtY29udGVudFwvdXBsb2Fkc1wvMjAyNFwvMDJcLzNZNEEwMjk0LXNjYWxlZC5qcGcud2VicCIsInNsaWRlc2hvdyI6IjUyODc5NDQ5In0%3D\" href=\"https:\/\/artapartamento.com\/wp-content\/uploads\/2024\/02\/3Y4A0294-scaled.jpg.webp\"><figure class=\"swiper-slide-inner\"><img decoding=\"async\" class=\"swiper-slide-image\" src=\"https:\/\/artapartamento.com\/wp-content\/uploads\/2024\/02\/3Y4A0294-scaled.jpg.webp\" alt=\"Zona Maco\" \/><\/figure><\/a><\/div><div class=\"swiper-slide\" role=\"group\" aria-roledescription=\"slide\" aria-label=\"9 de 9\" data-no-translation-aria-label=\"\"><a data-elementor-open-lightbox=\"yes\" data-elementor-lightbox-slideshow=\"52879449\" data-e-action-hash=\"#elementor-action%3Aaction%3Dlightbox%26settings%3DeyJpZCI6ODYyNCwidXJsIjoiaHR0cHM6XC9cL2FydGFwYXJ0YW1lbnRvLmNvbVwvd3AtY29udGVudFwvdXBsb2Fkc1wvMjAyNFwvMDJcLzNZNEEwMjkzLXNjYWxlZC5qcGcud2VicCIsInNsaWRlc2hvdyI6IjUyODc5NDQ5In0%3D\" href=\"https:\/\/artapartamento.com\/wp-content\/uploads\/2024\/02\/3Y4A0293-scaled.jpg.webp\"><figure class=\"swiper-slide-inner\"><img decoding=\"async\" class=\"swiper-slide-image\" src=\"https:\/\/artapartamento.com\/wp-content\/uploads\/2024\/02\/3Y4A0293-scaled.jpg.webp\" alt=\"Zona Maco\" \/><\/figure><\/a><\/div>\t\t\t<\/div>\n\t\t\t\t\t\t\t\n\t\t\t\t\t\t\t\t\t<\/div>\n\t\t\t\t\t\t<\/div>\n\t\t\t\t<\/div>\n\t\t\t\t<\/div>\n\t\t<div class=\"elementor-element elementor-element-19635aec e-con-full e-flex e-con e-parent\" data-id=\"19635aec\" data-element_type=\"container\" data-e-type=\"container\" data-settings=\"{&quot;background_background&quot;:&quot;classic&quot;}\">\n\t\t<div class=\"elementor-element elementor-element-74793409 e-con-full e-flex e-con e-child\" data-id=\"74793409\" data-element_type=\"container\" data-e-type=\"container\" data-settings=\"{&quot;background_background&quot;:&quot;classic&quot;}\">\n\t\t\t\t<div class=\"elementor-element elementor-element-e36d454 elementor-invisible elementor-widget elementor-widget-heading\" data-id=\"e36d454\" data-element_type=\"widget\" data-e-type=\"widget\" data-settings=\"{&quot;_animation&quot;:&quot;fadeInUp&quot;}\" data-widget_type=\"heading.default\">\n\t\t\t\t<div class=\"elementor-widget-container\">\n\t\t\t\t\t<h2 class=\"elementor-heading-title elementor-size-default\">opere<\/h2>\t\t\t\t<\/div>\n\t\t\t\t<\/div>\n\t\t\t\t<\/div>\n\t\t\t\t<\/div>\n\t\t<div class=\"elementor-element elementor-element-6e4285a7 e-con-full e-flex e-con e-parent\" data-id=\"6e4285a7\" data-element_type=\"container\" data-e-type=\"container\" data-settings=\"{&quot;background_background&quot;:&quot;classic&quot;}\">\n\t\t<div class=\"elementor-element elementor-element-e138f2b e-flex e-con-boxed elementor-invisible e-con e-child\" data-id=\"e138f2b\" data-element_type=\"container\" data-e-type=\"container\" data-settings=\"{&quot;animation&quot;:&quot;fadeInUp&quot;}\">\n\t\t\t\t\t<div class=\"e-con-inner\">\n\t\t\t\t<div class=\"elementor-element elementor-element-14126cf9 elementor-widget elementor-widget-image\" data-id=\"14126cf9\" data-element_type=\"widget\" data-e-type=\"widget\" data-widget_type=\"image.default\">\n\t\t\t\t<div class=\"elementor-widget-container\">\n\t\t\t\t\t\t\t\t\t\t\t\t\t\t\t\t<a href=\"https:\/\/artapartamento.com\/it\/artisti\/alex-hernandez-2\/obbedienza-polena-2\/\">\n\t\t\t\t\t\t\t<img fetchpriority=\"high\" decoding=\"async\" width=\"2560\" height=\"2560\" src=\"https:\/\/artapartamento.com\/wp-content\/uploads\/2024\/02\/1A.ALEX-HERNANDEZ-scaled.jpg.webp\" class=\"elementor-animation-grow attachment-full size-full wp-image-8369\" alt=\"Alex Hernandez\" srcset=\"https:\/\/artapartamento.com\/wp-content\/uploads\/2024\/02\/1A.ALEX-HERNANDEZ-scaled.jpg.webp 2560w, https:\/\/artapartamento.com\/wp-content\/uploads\/2024\/02\/1A.ALEX-HERNANDEZ-300x300.jpg.webp 300w, https:\/\/artapartamento.com\/wp-content\/uploads\/2024\/02\/1A.ALEX-HERNANDEZ-1024x1024.jpg.webp 1024w, https:\/\/artapartamento.com\/wp-content\/uploads\/2024\/02\/1A.ALEX-HERNANDEZ-150x150.jpg.webp 150w, https:\/\/artapartamento.com\/wp-content\/uploads\/2024\/02\/1A.ALEX-HERNANDEZ-768x768.jpg.webp 768w, https:\/\/artapartamento.com\/wp-content\/uploads\/2024\/02\/1A.ALEX-HERNANDEZ-1536x1536.jpg.webp 1536w, https:\/\/artapartamento.com\/wp-content\/uploads\/2024\/02\/1A.ALEX-HERNANDEZ-2048x2048.jpg.webp 2048w, https:\/\/artapartamento.com\/wp-content\/uploads\/2024\/02\/1A.ALEX-HERNANDEZ-12x12.jpg.webp 12w\" sizes=\"(max-width: 2560px) 100vw, 2560px\" \/>\t\t\t\t\t\t\t\t<\/a>\n\t\t\t\t\t\t\t\t\t\t\t\t\t\t\t<\/div>\n\t\t\t\t<\/div>\n\t\t\t\t<div class=\"elementor-element elementor-element-62644383 elementor-hidden-desktop elementor-hidden-tablet elementor-widget elementor-widget-text-editor\" data-id=\"62644383\" data-element_type=\"widget\" data-e-type=\"widget\" data-widget_type=\"text-editor.default\">\n\t\t\t\t<div class=\"elementor-widget-container\">\n\t\t\t\t\t\t\t\t\tAlex Hernandez<br>\nObbedienza, Figurant 2,<br>\n2023<br>\nSerigrafia gonfiabile su lino Goya e motivatori per l'addestramento dei cani <br>120 x 120 x 8 cm (47,2 x 47,2 x 3,2 pollici)\t\t\t\t\t\t\t\t<\/div>\n\t\t\t\t<\/div>\n\t\t\t\t\t<\/div>\n\t\t\t\t<\/div>\n\t\t<div class=\"elementor-element elementor-element-31827d20 e-flex e-con-boxed elementor-invisible e-con e-child\" data-id=\"31827d20\" data-element_type=\"container\" data-e-type=\"container\" data-settings=\"{&quot;animation&quot;:&quot;fadeInUp&quot;}\">\n\t\t\t\t\t<div class=\"e-con-inner\">\n\t\t\t\t<div class=\"elementor-element elementor-element-40b014ea elementor-widget elementor-widget-image\" data-id=\"40b014ea\" data-element_type=\"widget\" data-e-type=\"widget\" data-widget_type=\"image.default\">\n\t\t\t\t<div class=\"elementor-widget-container\">\n\t\t\t\t\t\t\t\t\t\t\t\t\t\t\t\t<a href=\"https:\/\/artapartamento.com\/it\/artisti\/ariamna-contino\/della-serie-giardino-delle-delizie-turbina-corymbrosa\/\">\n\t\t\t\t\t\t\t<img decoding=\"async\" width=\"2560\" height=\"2560\" src=\"https:\/\/artapartamento.com\/wp-content\/uploads\/2024\/02\/6A.ARIAMNA-CONTINO-scaled.jpg.webp\" class=\"elementor-animation-grow attachment-full size-full wp-image-8385\" alt=\"Ariamna Contino\" srcset=\"https:\/\/artapartamento.com\/wp-content\/uploads\/2024\/02\/6A.ARIAMNA-CONTINO-scaled.jpg.webp 2560w, https:\/\/artapartamento.com\/wp-content\/uploads\/2024\/02\/6A.ARIAMNA-CONTINO-300x300.jpg.webp 300w, https:\/\/artapartamento.com\/wp-content\/uploads\/2024\/02\/6A.ARIAMNA-CONTINO-1024x1024.jpg.webp 1024w, https:\/\/artapartamento.com\/wp-content\/uploads\/2024\/02\/6A.ARIAMNA-CONTINO-150x150.jpg.webp 150w, https:\/\/artapartamento.com\/wp-content\/uploads\/2024\/02\/6A.ARIAMNA-CONTINO-768x768.jpg.webp 768w, https:\/\/artapartamento.com\/wp-content\/uploads\/2024\/02\/6A.ARIAMNA-CONTINO-1536x1536.jpg.webp 1536w, https:\/\/artapartamento.com\/wp-content\/uploads\/2024\/02\/6A.ARIAMNA-CONTINO-2048x2048.jpg.webp 2048w, https:\/\/artapartamento.com\/wp-content\/uploads\/2024\/02\/6A.ARIAMNA-CONTINO-12x12.jpg.webp 12w\" sizes=\"(max-width: 2560px) 100vw, 2560px\" \/>\t\t\t\t\t\t\t\t<\/a>\n\t\t\t\t\t\t\t\t\t\t\t\t\t\t\t<\/div>\n\t\t\t\t<\/div>\n\t\t\t\t<div class=\"elementor-element elementor-element-4ea7e61e elementor-hidden-desktop elementor-hidden-tablet elementor-widget elementor-widget-text-editor\" data-id=\"4ea7e61e\" data-element_type=\"widget\" data-e-type=\"widget\" data-widget_type=\"text-editor.default\">\n\t\t\t\t<div class=\"elementor-widget-container\">\n\t\t\t\t\t\t\t\t\t<p>Ariamna Contino<br \/>Dalla serie Garden of Delights, Turbina Corymbrosa,<br \/>2024<br \/>Carta vergata a mano, cartoncino Stramore Cold Press 300 gsm<br \/>85 x 85 cm (33,5 x 33,5 pollici)<\/p>\t\t\t\t\t\t\t\t<\/div>\n\t\t\t\t<\/div>\n\t\t\t\t\t<\/div>\n\t\t\t\t<\/div>\n\t\t<div class=\"elementor-element elementor-element-4861a980 e-flex e-con-boxed elementor-invisible e-con e-child\" data-id=\"4861a980\" data-element_type=\"container\" data-e-type=\"container\" data-settings=\"{&quot;animation&quot;:&quot;fadeInUp&quot;}\">\n\t\t\t\t\t<div class=\"e-con-inner\">\n\t\t\t\t<div class=\"elementor-element elementor-element-5cfd09b0 elementor-widget elementor-widget-image\" data-id=\"5cfd09b0\" data-element_type=\"widget\" data-e-type=\"widget\" data-widget_type=\"image.default\">\n\t\t\t\t<div class=\"elementor-widget-container\">\n\t\t\t\t\t\t\t\t\t\t\t\t\t\t\t\t<a href=\"https:\/\/artapartamento.com\/it\/artisti\/diana-fonseca\/degrado-della-serie-senza-titolo\/\">\n\t\t\t\t\t\t\t<img decoding=\"async\" width=\"2560\" height=\"2560\" src=\"https:\/\/artapartamento.com\/wp-content\/uploads\/2024\/02\/13A.DIANA-FONSECA-scaled.jpg.webp\" class=\"elementor-animation-grow attachment-full size-full wp-image-8403\" alt=\"Diana Fonseca\" srcset=\"https:\/\/artapartamento.com\/wp-content\/uploads\/2024\/02\/13A.DIANA-FONSECA-scaled.jpg.webp 2560w, https:\/\/artapartamento.com\/wp-content\/uploads\/2024\/02\/13A.DIANA-FONSECA-300x300.jpg.webp 300w, https:\/\/artapartamento.com\/wp-content\/uploads\/2024\/02\/13A.DIANA-FONSECA-1024x1024.jpg.webp 1024w, https:\/\/artapartamento.com\/wp-content\/uploads\/2024\/02\/13A.DIANA-FONSECA-150x150.jpg.webp 150w, https:\/\/artapartamento.com\/wp-content\/uploads\/2024\/02\/13A.DIANA-FONSECA-768x768.jpg.webp 768w, https:\/\/artapartamento.com\/wp-content\/uploads\/2024\/02\/13A.DIANA-FONSECA-1536x1536.jpg.webp 1536w, https:\/\/artapartamento.com\/wp-content\/uploads\/2024\/02\/13A.DIANA-FONSECA-2048x2048.jpg.webp 2048w, https:\/\/artapartamento.com\/wp-content\/uploads\/2024\/02\/13A.DIANA-FONSECA-12x12.jpg.webp 12w\" sizes=\"(max-width: 2560px) 100vw, 2560px\" \/>\t\t\t\t\t\t\t\t<\/a>\n\t\t\t\t\t\t\t\t\t\t\t\t\t\t\t<\/div>\n\t\t\t\t<\/div>\n\t\t\t\t<div class=\"elementor-element elementor-element-65b3f887 elementor-hidden-desktop elementor-hidden-tablet elementor-widget elementor-widget-text-editor\" data-id=\"65b3f887\" data-element_type=\"widget\" data-e-type=\"widget\" data-widget_type=\"text-editor.default\">\n\t\t\t\t<div class=\"elementor-widget-container\">\n\t\t\t\t\t\t\t\t\t<p>Diana Fonseca<br \/>Senza titolo, dalla serie Degradation,<br \/>2023<br \/>Frammenti di pittura esterna su legno<br \/>120 x 120 cm (47,2 x 47,2 pollici)<\/p>\t\t\t\t\t\t\t\t<\/div>\n\t\t\t\t<\/div>\n\t\t\t\t\t<\/div>\n\t\t\t\t<\/div>\n\t\t\t\t<\/div>\n\t\t<div class=\"elementor-element elementor-element-1cd57815 e-con-full elementor-hidden-mobile e-flex e-con e-parent\" data-id=\"1cd57815\" data-element_type=\"container\" data-e-type=\"container\" data-settings=\"{&quot;background_background&quot;:&quot;classic&quot;}\">\n\t\t<div class=\"elementor-element elementor-element-2470bfac e-flex e-con-boxed elementor-invisible e-con e-child\" data-id=\"2470bfac\" data-element_type=\"container\" data-e-type=\"container\" data-settings=\"{&quot;animation&quot;:&quot;fadeIn&quot;}\">\n\t\t\t\t\t<div class=\"e-con-inner\">\n\t\t\t\t<div class=\"elementor-element elementor-element-4f345742 elementor-widget elementor-widget-text-editor\" data-id=\"4f345742\" data-element_type=\"widget\" data-e-type=\"widget\" data-widget_type=\"text-editor.default\">\n\t\t\t\t<div class=\"elementor-widget-container\">\n\t\t\t\t\t\t\t\t\tAlex Hernandez<br>\nObbedienza, Figurant 2,<br>\n2023<br>\nSerigrafia gonfiabile su lino Goya e motivatori per l'addestramento dei cani <br>120 x 120 x 8 cm (47,2 x 47,2 x 3,2 pollici)\t\t\t\t\t\t\t\t<\/div>\n\t\t\t\t<\/div>\n\t\t\t\t\t<\/div>\n\t\t\t\t<\/div>\n\t\t<div class=\"elementor-element elementor-element-ea5da0c e-flex e-con-boxed elementor-invisible e-con e-child\" data-id=\"ea5da0c\" data-element_type=\"container\" data-e-type=\"container\" data-settings=\"{&quot;animation&quot;:&quot;fadeIn&quot;}\">\n\t\t\t\t\t<div class=\"e-con-inner\">\n\t\t\t\t<div class=\"elementor-element elementor-element-429bb076 elementor-widget elementor-widget-text-editor\" data-id=\"429bb076\" data-element_type=\"widget\" data-e-type=\"widget\" data-widget_type=\"text-editor.default\">\n\t\t\t\t<div class=\"elementor-widget-container\">\n\t\t\t\t\t\t\t\t\tAriamna Contino<br>\nDalla serie Garden of Delights, Turbina Corymbrosa, <br>2024 <br>Carta vergata a mano, cartoncino Stramore Cold Press 300 gsm <br>85 x 85 cm (33,5 x 33,5 pollici)\t\t\t\t\t\t\t\t<\/div>\n\t\t\t\t<\/div>\n\t\t\t\t\t<\/div>\n\t\t\t\t<\/div>\n\t\t<div class=\"elementor-element elementor-element-684b902c e-flex e-con-boxed elementor-invisible e-con e-child\" data-id=\"684b902c\" data-element_type=\"container\" data-e-type=\"container\" data-settings=\"{&quot;animation&quot;:&quot;fadeIn&quot;}\">\n\t\t\t\t\t<div class=\"e-con-inner\">\n\t\t\t\t<div class=\"elementor-element elementor-element-6ead4b elementor-widget elementor-widget-text-editor\" data-id=\"6ead4b\" data-element_type=\"widget\" data-e-type=\"widget\" data-widget_type=\"text-editor.default\">\n\t\t\t\t<div class=\"elementor-widget-container\">\n\t\t\t\t\t\t\t\t\tDiana Fonseca<br>Senza titolo, dalla serie Degradation,<br> 2023<br> Frammenti di pittura esterna su legno<br>\n120 x 120 cm (47,2 x 47,2 pollici)\t\t\t\t\t\t\t\t<\/div>\n\t\t\t\t<\/div>\n\t\t\t\t\t<\/div>\n\t\t\t\t<\/div>\n\t\t\t\t<\/div>\n\t\t<div class=\"elementor-element elementor-element-3e77a0eb e-con-full e-flex e-con e-parent\" data-id=\"3e77a0eb\" data-element_type=\"container\" data-e-type=\"container\" data-settings=\"{&quot;background_background&quot;:&quot;classic&quot;}\">\n\t\t<div class=\"elementor-element elementor-element-224fdc10 e-flex e-con-boxed elementor-invisible e-con e-child\" data-id=\"224fdc10\" data-element_type=\"container\" data-e-type=\"container\" data-settings=\"{&quot;animation&quot;:&quot;fadeInUp&quot;}\">\n\t\t\t\t\t<div class=\"e-con-inner\">\n\t\t\t\t<div class=\"elementor-element elementor-element-66e59b5e elementor-widget elementor-widget-image\" data-id=\"66e59b5e\" data-element_type=\"widget\" data-e-type=\"widget\" data-widget_type=\"image.default\">\n\t\t\t\t<div class=\"elementor-widget-container\">\n\t\t\t\t\t\t\t\t\t\t\t\t\t\t\t\t<a href=\"https:\/\/artapartamento.com\/it\/artisti\/eduardo-https%3a\/\/artapartamento-com\/artisti\/eduardo-ponjuan\/yeti-1-ottobre-2023\/\">\n\t\t\t\t\t\t\t<img loading=\"lazy\" decoding=\"async\" width=\"2560\" height=\"2560\" src=\"https:\/\/artapartamento.com\/wp-content\/uploads\/2024\/02\/20A.EDUARDO-PONJUAN-scaled.jpg.webp\" class=\"elementor-animation-grow attachment-full size-full wp-image-8428\" alt=\"Eduardo Ponjuan\" srcset=\"https:\/\/artapartamento.com\/wp-content\/uploads\/2024\/02\/20A.EDUARDO-PONJUAN-scaled.jpg.webp 2560w, https:\/\/artapartamento.com\/wp-content\/uploads\/2024\/02\/20A.EDUARDO-PONJUAN-300x300.jpg.webp 300w, https:\/\/artapartamento.com\/wp-content\/uploads\/2024\/02\/20A.EDUARDO-PONJUAN-1024x1024.jpg.webp 1024w, https:\/\/artapartamento.com\/wp-content\/uploads\/2024\/02\/20A.EDUARDO-PONJUAN-150x150.jpg.webp 150w, https:\/\/artapartamento.com\/wp-content\/uploads\/2024\/02\/20A.EDUARDO-PONJUAN-768x768.jpg.webp 768w, https:\/\/artapartamento.com\/wp-content\/uploads\/2024\/02\/20A.EDUARDO-PONJUAN-1536x1536.jpg.webp 1536w, https:\/\/artapartamento.com\/wp-content\/uploads\/2024\/02\/20A.EDUARDO-PONJUAN-2048x2048.jpg.webp 2048w, https:\/\/artapartamento.com\/wp-content\/uploads\/2024\/02\/20A.EDUARDO-PONJUAN-12x12.jpg.webp 12w\" sizes=\"(max-width: 2560px) 100vw, 2560px\" \/>\t\t\t\t\t\t\t\t<\/a>\n\t\t\t\t\t\t\t\t\t\t\t\t\t\t\t<\/div>\n\t\t\t\t<\/div>\n\t\t\t\t<div class=\"elementor-element elementor-element-5c14c6d4 elementor-hidden-desktop elementor-hidden-tablet elementor-widget elementor-widget-text-editor\" data-id=\"5c14c6d4\" data-element_type=\"widget\" data-e-type=\"widget\" data-widget_type=\"text-editor.default\">\n\t\t\t\t<div class=\"elementor-widget-container\">\n\t\t\t\t\t\t\t\t\t<p>Eduardo Ponju\u00e1n<br \/>Yeti, 1 ottobre 2023 <br \/>Olio su tela<br \/>100 x 100 cm (39,4 x 39,4 pollici)<\/p>\t\t\t\t\t\t\t\t<\/div>\n\t\t\t\t<\/div>\n\t\t\t\t\t<\/div>\n\t\t\t\t<\/div>\n\t\t<div class=\"elementor-element elementor-element-1d5c068b e-flex e-con-boxed elementor-invisible e-con e-child\" data-id=\"1d5c068b\" data-element_type=\"container\" data-e-type=\"container\" data-settings=\"{&quot;animation&quot;:&quot;fadeInUp&quot;}\">\n\t\t\t\t\t<div class=\"e-con-inner\">\n\t\t\t\t<div class=\"elementor-element elementor-element-2571d2b7 elementor-widget elementor-widget-image\" data-id=\"2571d2b7\" data-element_type=\"widget\" data-e-type=\"widget\" data-widget_type=\"image.default\">\n\t\t\t\t<div class=\"elementor-widget-container\">\n\t\t\t\t\t\t\t\t\t\t\t\t\t\t\t\t<a href=\"https:\/\/artapartamento.com\/it\/artisti\/flavio-garcialandia\/frijoles-coloraos-oh-non-di-nuovo-per-favore-disse-ad-reinhardt-allavana\/\">\n\t\t\t\t\t\t\t<img loading=\"lazy\" decoding=\"async\" width=\"1558\" height=\"1464\" src=\"https:\/\/artapartamento.com\/wp-content\/uploads\/2024\/02\/3Y4A0293_2.jpg.webp\" class=\"elementor-animation-grow attachment-full size-full wp-image-8633\" alt=\"Flavio Garciandia\" srcset=\"https:\/\/artapartamento.com\/wp-content\/uploads\/2024\/02\/3Y4A0293_2.jpg.webp 1558w, https:\/\/artapartamento.com\/wp-content\/uploads\/2024\/02\/3Y4A0293_2-300x282.jpg.webp 300w, https:\/\/artapartamento.com\/wp-content\/uploads\/2024\/02\/3Y4A0293_2-1024x962.jpg.webp 1024w, https:\/\/artapartamento.com\/wp-content\/uploads\/2024\/02\/3Y4A0293_2-768x722.jpg.webp 768w, https:\/\/artapartamento.com\/wp-content\/uploads\/2024\/02\/3Y4A0293_2-1536x1443.jpg.webp 1536w, https:\/\/artapartamento.com\/wp-content\/uploads\/2024\/02\/3Y4A0293_2-13x12.jpg.webp 13w\" sizes=\"(max-width: 1558px) 100vw, 1558px\" \/>\t\t\t\t\t\t\t\t<\/a>\n\t\t\t\t\t\t\t\t\t\t\t\t\t\t\t<\/div>\n\t\t\t\t<\/div>\n\t\t\t\t<div class=\"elementor-element elementor-element-73263749 elementor-hidden-desktop elementor-hidden-tablet elementor-widget elementor-widget-text-editor\" data-id=\"73263749\" data-element_type=\"widget\" data-e-type=\"widget\" data-widget_type=\"text-editor.default\">\n\t\t\t\t<div class=\"elementor-widget-container\">\n\t\t\t\t\t\t\t\t\t<p>Flavio Garciand\u00eda,<br \/>Frijoles Coloraos? Oh, non di nuovo per favore! disse Ad Reinhardt all'Avana,<br \/>2024 <br \/>Acrilico su tela <br \/>150 x 150 cm (59 x 59 in)<\/p>\t\t\t\t\t\t\t\t<\/div>\n\t\t\t\t<\/div>\n\t\t\t\t\t<\/div>\n\t\t\t\t<\/div>\n\t\t<div class=\"elementor-element elementor-element-518e004f e-flex e-con-boxed elementor-invisible e-con e-child\" data-id=\"518e004f\" data-element_type=\"container\" data-e-type=\"container\" data-settings=\"{&quot;animation&quot;:&quot;fadeInUp&quot;}\">\n\t\t\t\t\t<div class=\"e-con-inner\">\n\t\t\t\t<div class=\"elementor-element elementor-element-343be627 elementor-widget elementor-widget-image\" data-id=\"343be627\" data-element_type=\"widget\" data-e-type=\"widget\" data-widget_type=\"image.default\">\n\t\t\t\t<div class=\"elementor-widget-container\">\n\t\t\t\t\t\t\t\t\t\t\t\t\t\t\t\t<a href=\"https:\/\/artapartamento.com\/it\/artisti\/arenillas-fuenteal\/commissura-ii\/\">\n\t\t\t\t\t\t\t<img loading=\"lazy\" decoding=\"async\" width=\"4006\" height=\"4006\" src=\"https:\/\/artapartamento.com\/wp-content\/uploads\/2024\/01\/2.Fuentesal-Arenillas.png.webp\" class=\"elementor-animation-grow attachment-full size-full wp-image-7609\" alt=\"Fuentesal Arenillas\" srcset=\"https:\/\/artapartamento.com\/wp-content\/uploads\/2024\/01\/2.Fuentesal-Arenillas.png.webp 4006w, https:\/\/artapartamento.com\/wp-content\/uploads\/2024\/01\/2.Fuentesal-Arenillas-300x300.png.webp 300w, https:\/\/artapartamento.com\/wp-content\/uploads\/2024\/01\/2.Fuentesal-Arenillas-1024x1024.png.webp 1024w, https:\/\/artapartamento.com\/wp-content\/uploads\/2024\/01\/2.Fuentesal-Arenillas-150x150.png.webp 150w, https:\/\/artapartamento.com\/wp-content\/uploads\/2024\/01\/2.Fuentesal-Arenillas-768x768.png.webp 768w, https:\/\/artapartamento.com\/wp-content\/uploads\/2024\/01\/2.Fuentesal-Arenillas-1536x1536.png.webp 1536w, https:\/\/artapartamento.com\/wp-content\/uploads\/2024\/01\/2.Fuentesal-Arenillas-2048x2048.png.webp 2048w, https:\/\/artapartamento.com\/wp-content\/uploads\/2024\/01\/2.Fuentesal-Arenillas-12x12.png.webp 12w\" sizes=\"(max-width: 4006px) 100vw, 4006px\" \/>\t\t\t\t\t\t\t\t<\/a>\n\t\t\t\t\t\t\t\t\t\t\t\t\t\t\t<\/div>\n\t\t\t\t<\/div>\n\t\t\t\t<div class=\"elementor-element elementor-element-254378c5 elementor-hidden-desktop elementor-hidden-tablet elementor-widget elementor-widget-text-editor\" data-id=\"254378c5\" data-element_type=\"widget\" data-e-type=\"widget\" data-widget_type=\"text-editor.default\">\n\t\t\t\t<div class=\"elementor-widget-container\">\n\t\t\t\t\t\t\t\t\tFuentesal Arenillas<br>\nCommissione II,<br>\n2022, pino russo, sapele, tela, cartone, graffetta, corda,<br>\n210 x 80 x 15 cm (82 x 31 x 6 in)\t\t\t\t\t\t\t\t<\/div>\n\t\t\t\t<\/div>\n\t\t\t\t\t<\/div>\n\t\t\t\t<\/div>\n\t\t\t\t<\/div>\n\t\t<div class=\"elementor-element elementor-element-5f92c9f4 e-con-full elementor-hidden-mobile e-flex e-con e-parent\" data-id=\"5f92c9f4\" data-element_type=\"container\" data-e-type=\"container\" data-settings=\"{&quot;background_background&quot;:&quot;classic&quot;}\">\n\t\t<div class=\"elementor-element elementor-element-2d501950 e-flex e-con-boxed elementor-invisible e-con e-child\" data-id=\"2d501950\" data-element_type=\"container\" data-e-type=\"container\" data-settings=\"{&quot;animation&quot;:&quot;fadeIn&quot;}\">\n\t\t\t\t\t<div class=\"e-con-inner\">\n\t\t\t\t<div class=\"elementor-element elementor-element-2afbe1e7 elementor-widget elementor-widget-text-editor\" data-id=\"2afbe1e7\" data-element_type=\"widget\" data-e-type=\"widget\" data-widget_type=\"text-editor.default\">\n\t\t\t\t<div class=\"elementor-widget-container\">\n\t\t\t\t\t\t\t\t\tEduardo Ponju\u00e1n<br>\nYeti, 1 ottobre 2023 <br>Olio su tela<br>\n100 x 100 cm (39,4 x 39,4 pollici)\t\t\t\t\t\t\t\t<\/div>\n\t\t\t\t<\/div>\n\t\t\t\t\t<\/div>\n\t\t\t\t<\/div>\n\t\t<div class=\"elementor-element elementor-element-5b6115ca e-flex e-con-boxed elementor-invisible e-con e-child\" data-id=\"5b6115ca\" data-element_type=\"container\" data-e-type=\"container\" data-settings=\"{&quot;animation&quot;:&quot;fadeIn&quot;}\">\n\t\t\t\t\t<div class=\"e-con-inner\">\n\t\t\t\t<div class=\"elementor-element elementor-element-3d913106 elementor-widget elementor-widget-text-editor\" data-id=\"3d913106\" data-element_type=\"widget\" data-e-type=\"widget\" data-widget_type=\"text-editor.default\">\n\t\t\t\t<div class=\"elementor-widget-container\">\n\t\t\t\t\t\t\t\t\tFlavio Garciand\u00eda,<br>\nFrijoles Coloraos? Oh, non di nuovo per favore! disse Ad Reinhardt all'Avana,<br> 2024 <br>Acrilico su tela <br>\n150 x 150 cm (59 x 59 in)\t\t\t\t\t\t\t\t<\/div>\n\t\t\t\t<\/div>\n\t\t\t\t\t<\/div>\n\t\t\t\t<\/div>\n\t\t<div class=\"elementor-element elementor-element-7181754a e-flex e-con-boxed elementor-invisible e-con e-child\" data-id=\"7181754a\" data-element_type=\"container\" data-e-type=\"container\" data-settings=\"{&quot;animation&quot;:&quot;fadeIn&quot;}\">\n\t\t\t\t\t<div class=\"e-con-inner\">\n\t\t\t\t<div class=\"elementor-element elementor-element-5faf9b49 elementor-widget elementor-widget-text-editor\" data-id=\"5faf9b49\" data-element_type=\"widget\" data-e-type=\"widget\" data-widget_type=\"text-editor.default\">\n\t\t\t\t<div class=\"elementor-widget-container\">\n\t\t\t\t\t\t\t\t\tFuentesal Arenillas<br>\nCommissione II,<br>\n2022, pino russo, sapele, tela, cartone, graffetta, corda,<br>\n210 x 80 x 15 cm (82 x 31 x 6 in)\t\t\t\t\t\t\t\t<\/div>\n\t\t\t\t<\/div>\n\t\t\t\t\t<\/div>\n\t\t\t\t<\/div>\n\t\t\t\t<\/div>\n\t\t<div class=\"elementor-element elementor-element-3e7bb8ea e-con-full e-flex e-con e-parent\" data-id=\"3e7bb8ea\" data-element_type=\"container\" data-e-type=\"container\" data-settings=\"{&quot;background_background&quot;:&quot;classic&quot;}\">\n\t\t<div class=\"elementor-element elementor-element-500c32e1 e-flex e-con-boxed elementor-invisible e-con e-child\" data-id=\"500c32e1\" data-element_type=\"container\" data-e-type=\"container\" data-settings=\"{&quot;animation&quot;:&quot;fadeInUp&quot;}\">\n\t\t\t\t\t<div class=\"e-con-inner\">\n\t\t\t\t<div class=\"elementor-element elementor-element-97311cd elementor-widget elementor-widget-image\" data-id=\"97311cd\" data-element_type=\"widget\" data-e-type=\"widget\" data-widget_type=\"image.default\">\n\t\t\t\t<div class=\"elementor-widget-container\">\n\t\t\t\t\t\t\t\t\t\t\t\t\t\t\t\t<a href=\"https:\/\/artapartamento.com\/it\/artisti\/luis-enrique-lopez-chavez\/nicchia-n-1-della-serie-gli-spazi-del-panico\/\">\n\t\t\t\t\t\t\t<img loading=\"lazy\" decoding=\"async\" width=\"479\" height=\"478\" src=\"https:\/\/artapartamento.com\/wp-content\/uploads\/2024\/02\/30A.LUIS-ENRIQUE.jpg.webp\" class=\"elementor-animation-grow attachment-full size-full wp-image-8465\" alt=\"Luis Enrique Lop\u00e9z-Ch\u00e1vez\" srcset=\"https:\/\/artapartamento.com\/wp-content\/uploads\/2024\/02\/30A.LUIS-ENRIQUE.jpg.webp 479w, https:\/\/artapartamento.com\/wp-content\/uploads\/2024\/02\/30A.LUIS-ENRIQUE-300x300.jpg.webp 300w, https:\/\/artapartamento.com\/wp-content\/uploads\/2024\/02\/30A.LUIS-ENRIQUE-150x150.jpg.webp 150w, https:\/\/artapartamento.com\/wp-content\/uploads\/2024\/02\/30A.LUIS-ENRIQUE-12x12.jpg.webp 12w\" sizes=\"(max-width: 479px) 100vw, 479px\" \/>\t\t\t\t\t\t\t\t<\/a>\n\t\t\t\t\t\t\t\t\t\t\t\t\t\t\t<\/div>\n\t\t\t\t<\/div>\n\t\t\t\t<div class=\"elementor-element elementor-element-2621d0f7 elementor-hidden-desktop elementor-hidden-tablet elementor-widget elementor-widget-text-editor\" data-id=\"2621d0f7\" data-element_type=\"widget\" data-e-type=\"widget\" data-widget_type=\"text-editor.default\">\n\t\t\t\t<div class=\"elementor-widget-container\">\n\t\t\t\t\t\t\t\t\t<p>Luis Enrique L\u00f3pez-Ch\u00e1vez<br \/>Niche No.1,Dalla serie Gli spazi del panico <br \/>2024<br \/>Olio su tela<br \/>140 x 140 cm (55,1 x 55,1 pollici)<\/p>\t\t\t\t\t\t\t\t<\/div>\n\t\t\t\t<\/div>\n\t\t\t\t\t<\/div>\n\t\t\t\t<\/div>\n\t\t<div class=\"elementor-element elementor-element-25156083 e-flex e-con-boxed elementor-invisible e-con e-child\" data-id=\"25156083\" data-element_type=\"container\" data-e-type=\"container\" data-settings=\"{&quot;animation&quot;:&quot;fadeInUp&quot;}\">\n\t\t\t\t\t<div class=\"e-con-inner\">\n\t\t\t\t<div class=\"elementor-element elementor-element-25190eb elementor-widget elementor-widget-image\" data-id=\"25190eb\" data-element_type=\"widget\" data-e-type=\"widget\" data-widget_type=\"image.default\">\n\t\t\t\t<div class=\"elementor-widget-container\">\n\t\t\t\t\t\t\t\t\t\t\t\t\t\t\t\t<a href=\"https:\/\/artapartamento.com\/it\/fiere\/maco-zona-2024\/due-topper\/\">\n\t\t\t\t\t\t\t<img loading=\"lazy\" decoding=\"async\" width=\"2511\" height=\"2560\" src=\"https:\/\/artapartamento.com\/wp-content\/uploads\/2024\/02\/33.MAIKEL-S-scaled.jpg.webp\" class=\"elementor-animation-grow attachment-full size-full wp-image-8483\" alt=\"Maikel Sotomayor\" srcset=\"https:\/\/artapartamento.com\/wp-content\/uploads\/2024\/02\/33.MAIKEL-S-scaled.jpg.webp 2511w, https:\/\/artapartamento.com\/wp-content\/uploads\/2024\/02\/33.MAIKEL-S-294x300.jpg.webp 294w, https:\/\/artapartamento.com\/wp-content\/uploads\/2024\/02\/33.MAIKEL-S-1004x1024.jpg.webp 1004w, https:\/\/artapartamento.com\/wp-content\/uploads\/2024\/02\/33.MAIKEL-S-768x783.jpg.webp 768w, https:\/\/artapartamento.com\/wp-content\/uploads\/2024\/02\/33.MAIKEL-S-1506x1536.jpg.webp 1506w, https:\/\/artapartamento.com\/wp-content\/uploads\/2024\/02\/33.MAIKEL-S-2009x2048.jpg.webp 2009w, https:\/\/artapartamento.com\/wp-content\/uploads\/2024\/02\/33.MAIKEL-S-12x12.jpg.webp 12w\" sizes=\"(max-width: 2511px) 100vw, 2511px\" \/>\t\t\t\t\t\t\t\t<\/a>\n\t\t\t\t\t\t\t\t\t\t\t\t\t\t\t<\/div>\n\t\t\t\t<\/div>\n\t\t\t\t<div class=\"elementor-element elementor-element-3e984ab8 elementor-hidden-desktop elementor-hidden-tablet elementor-widget elementor-widget-text-editor\" data-id=\"3e984ab8\" data-element_type=\"widget\" data-e-type=\"widget\" data-widget_type=\"text-editor.default\">\n\t\t\t\t<div class=\"elementor-widget-container\">\n\t\t\t\t\t\t\t\t\tMaikel Sotomayor<br>\nDue topper,<br>\n2023<br>\nOlio su tela<br>\n100 x 100 cm (39,4 x 39,4 pollici)\t\t\t\t\t\t\t\t<\/div>\n\t\t\t\t<\/div>\n\t\t\t\t\t<\/div>\n\t\t\t\t<\/div>\n\t\t<div class=\"elementor-element elementor-element-579efb5a e-flex e-con-boxed elementor-invisible e-con e-child\" data-id=\"579efb5a\" data-element_type=\"container\" data-e-type=\"container\" data-settings=\"{&quot;animation&quot;:&quot;fadeInUp&quot;}\">\n\t\t\t\t\t<div class=\"e-con-inner\">\n\t\t\t\t<div class=\"elementor-element elementor-element-54b99fa6 elementor-widget elementor-widget-image\" data-id=\"54b99fa6\" data-element_type=\"widget\" data-e-type=\"widget\" data-widget_type=\"image.default\">\n\t\t\t\t<div class=\"elementor-widget-container\">\n\t\t\t\t\t\t\t\t\t\t\t\t\t\t\t\t<a href=\"https:\/\/artapartamento.com\/it\/artisti\/miki-leal\/i-funamboli-di-la-puebla\/\">\n\t\t\t\t\t\t\t<img loading=\"lazy\" decoding=\"async\" width=\"847\" height=\"1220\" src=\"https:\/\/artapartamento.com\/wp-content\/uploads\/2024\/02\/36.MIKI_.png.webp\" class=\"elementor-animation-grow attachment-full size-full wp-image-8498\" alt=\"Miki Leal\" srcset=\"https:\/\/artapartamento.com\/wp-content\/uploads\/2024\/02\/36.MIKI_.png.webp 847w, https:\/\/artapartamento.com\/wp-content\/uploads\/2024\/02\/36.MIKI_-208x300.png.webp 208w, https:\/\/artapartamento.com\/wp-content\/uploads\/2024\/02\/36.MIKI_-711x1024.png.webp 711w, https:\/\/artapartamento.com\/wp-content\/uploads\/2024\/02\/36.MIKI_-768x1106.png.webp 768w, https:\/\/artapartamento.com\/wp-content\/uploads\/2024\/02\/36.MIKI_-8x12.png.webp 8w\" sizes=\"(max-width: 847px) 100vw, 847px\" \/>\t\t\t\t\t\t\t\t<\/a>\n\t\t\t\t\t\t\t\t\t\t\t\t\t\t\t<\/div>\n\t\t\t\t<\/div>\n\t\t\t\t<div class=\"elementor-element elementor-element-3fd46314 elementor-hidden-desktop elementor-hidden-tablet elementor-widget elementor-widget-text-editor\" data-id=\"3fd46314\" data-element_type=\"widget\" data-e-type=\"widget\" data-widget_type=\"text-editor.default\">\n\t\t\t\t<div class=\"elementor-widget-container\">\n\t\t\t\t\t\t\t\t\t<p>Miki Leal<br \/>I funamboli di La Puebla, <br \/>2024 <br \/>Acrilico e acquerello su carta <br \/>220 x 152 cm (86,6 x 59,8 pollici)<\/p>\t\t\t\t\t\t\t\t<\/div>\n\t\t\t\t<\/div>\n\t\t\t\t\t<\/div>\n\t\t\t\t<\/div>\n\t\t\t\t<\/div>\n\t\t<div class=\"elementor-element elementor-element-61903641 e-con-full elementor-hidden-mobile e-flex e-con e-parent\" data-id=\"61903641\" data-element_type=\"container\" data-e-type=\"container\" data-settings=\"{&quot;background_background&quot;:&quot;classic&quot;}\">\n\t\t<div class=\"elementor-element elementor-element-1fa5a8e0 e-flex e-con-boxed elementor-invisible e-con e-child\" data-id=\"1fa5a8e0\" data-element_type=\"container\" data-e-type=\"container\" data-settings=\"{&quot;animation&quot;:&quot;fadeIn&quot;}\">\n\t\t\t\t\t<div class=\"e-con-inner\">\n\t\t\t\t<div class=\"elementor-element elementor-element-51b9dead elementor-widget elementor-widget-text-editor\" data-id=\"51b9dead\" data-element_type=\"widget\" data-e-type=\"widget\" data-widget_type=\"text-editor.default\">\n\t\t\t\t<div class=\"elementor-widget-container\">\n\t\t\t\t\t\t\t\t\tLuis Enrique L\u00f3pez-Ch\u00e1vez<br>\nNiche No.1, Dalla serie Gli spazi del panico <br>2024<br>\n Olio su tela<br>\n140 x 140 cm (55,1 x 55,1 pollici)\t\t\t\t\t\t\t\t<\/div>\n\t\t\t\t<\/div>\n\t\t\t\t\t<\/div>\n\t\t\t\t<\/div>\n\t\t<div class=\"elementor-element elementor-element-60d5636d e-flex e-con-boxed elementor-invisible e-con e-child\" data-id=\"60d5636d\" data-element_type=\"container\" data-e-type=\"container\" data-settings=\"{&quot;animation&quot;:&quot;fadeIn&quot;}\">\n\t\t\t\t\t<div class=\"e-con-inner\">\n\t\t\t\t<div class=\"elementor-element elementor-element-7dd73e1a elementor-widget elementor-widget-text-editor\" data-id=\"7dd73e1a\" data-element_type=\"widget\" data-e-type=\"widget\" data-widget_type=\"text-editor.default\">\n\t\t\t\t<div class=\"elementor-widget-container\">\n\t\t\t\t\t\t\t\t\tMaikel Sotomayor<br>\nDue topper,<br>\n2023<br>\nOlio su tela<br>\n100 x 100 cm (39,4 x 39,4 pollici)\t\t\t\t\t\t\t\t<\/div>\n\t\t\t\t<\/div>\n\t\t\t\t\t<\/div>\n\t\t\t\t<\/div>\n\t\t<div class=\"elementor-element elementor-element-796e1ae e-flex e-con-boxed elementor-invisible e-con e-child\" data-id=\"796e1ae\" data-element_type=\"container\" data-e-type=\"container\" data-settings=\"{&quot;animation&quot;:&quot;fadeIn&quot;}\">\n\t\t\t\t\t<div class=\"e-con-inner\">\n\t\t\t\t<div class=\"elementor-element elementor-element-645888f5 elementor-widget elementor-widget-text-editor\" data-id=\"645888f5\" data-element_type=\"widget\" data-e-type=\"widget\" data-widget_type=\"text-editor.default\">\n\t\t\t\t<div class=\"elementor-widget-container\">\n\t\t\t\t\t\t\t\t\tMiki Leal<br>\nI funamboli di La Puebla, <br>2024 <br>Acrilico e acquerello su carta <br>220 x 152 cm (86,6 x 59,8 pollici)\t\t\t\t\t\t\t\t<\/div>\n\t\t\t\t<\/div>\n\t\t\t\t\t<\/div>\n\t\t\t\t<\/div>\n\t\t\t\t<\/div>\n\t\t<div class=\"elementor-element elementor-element-67bb7807 e-con-full e-flex e-con e-parent\" data-id=\"67bb7807\" data-element_type=\"container\" data-e-type=\"container\" data-settings=\"{&quot;background_background&quot;:&quot;classic&quot;}\">\n\t\t<div class=\"elementor-element elementor-element-64ab856c e-flex e-con-boxed elementor-invisible e-con e-child\" data-id=\"64ab856c\" data-element_type=\"container\" data-e-type=\"container\" data-settings=\"{&quot;animation&quot;:&quot;fadeInUp&quot;}\">\n\t\t\t\t\t<div class=\"e-con-inner\">\n\t\t\t\t<div class=\"elementor-element elementor-element-67a7135f elementor-widget elementor-widget-image\" data-id=\"67a7135f\" data-element_type=\"widget\" data-e-type=\"widget\" data-widget_type=\"image.default\">\n\t\t\t\t<div class=\"elementor-widget-container\">\n\t\t\t\t\t\t\t\t\t\t\t\t\t\t\t\t<a href=\"https:\/\/artapartamento.com\/it\/artisti\/nacho-martin-silva\/postkard-9\/\">\n\t\t\t\t\t\t\t<img loading=\"lazy\" decoding=\"async\" width=\"847\" height=\"1220\" src=\"https:\/\/artapartamento.com\/wp-content\/uploads\/2024\/02\/41.NACHOMS.jpg.webp\" class=\"elementor-animation-grow attachment-full size-full wp-image-8530\" alt=\"Nacho Martin Silva\" srcset=\"https:\/\/artapartamento.com\/wp-content\/uploads\/2024\/02\/41.NACHOMS.jpg.webp 847w, https:\/\/artapartamento.com\/wp-content\/uploads\/2024\/02\/41.NACHOMS-208x300.jpg.webp 208w, https:\/\/artapartamento.com\/wp-content\/uploads\/2024\/02\/41.NACHOMS-711x1024.jpg.webp 711w, https:\/\/artapartamento.com\/wp-content\/uploads\/2024\/02\/41.NACHOMS-768x1106.jpg.webp 768w, https:\/\/artapartamento.com\/wp-content\/uploads\/2024\/02\/41.NACHOMS-8x12.jpg.webp 8w\" sizes=\"(max-width: 847px) 100vw, 847px\" \/>\t\t\t\t\t\t\t\t<\/a>\n\t\t\t\t\t\t\t\t\t\t\t\t\t\t\t<\/div>\n\t\t\t\t<\/div>\n\t\t\t\t<div class=\"elementor-element elementor-element-6226c48 elementor-hidden-desktop elementor-hidden-tablet elementor-widget elementor-widget-text-editor\" data-id=\"6226c48\" data-element_type=\"widget\" data-e-type=\"widget\" data-widget_type=\"text-editor.default\">\n\t\t\t\t<div class=\"elementor-widget-container\">\n\t\t\t\t\t\t\t\t\t<p>Nacho Mart\u00edn Silva<br \/>p\u014ds(t)k\u00e4rd 9, <br \/>2022 <br \/>Polittico \/ Olio su lino<br \/>196 x 140 cm (77,2 x 55,1 pollici)<\/p>\t\t\t\t\t\t\t\t<\/div>\n\t\t\t\t<\/div>\n\t\t\t\t\t<\/div>\n\t\t\t\t<\/div>\n\t\t<div class=\"elementor-element elementor-element-b5553b0 e-flex e-con-boxed elementor-invisible e-con e-child\" data-id=\"b5553b0\" data-element_type=\"container\" data-e-type=\"container\" data-settings=\"{&quot;animation&quot;:&quot;fadeInUp&quot;}\">\n\t\t\t\t\t<div class=\"e-con-inner\">\n\t\t\t\t<div class=\"elementor-element elementor-element-0fe7353 elementor-widget elementor-widget-image\" data-id=\"0fe7353\" data-element_type=\"widget\" data-e-type=\"widget\" data-widget_type=\"image.default\">\n\t\t\t\t<div class=\"elementor-widget-container\">\n\t\t\t\t\t\t\t\t\t\t\t\t\t\t\t\t<a href=\"https:\/\/artapartamento.com\/it\/artisti\/orestes-hernandez\/aeropostale\/\">\n\t\t\t\t\t\t\t<img loading=\"lazy\" decoding=\"async\" width=\"372\" height=\"597\" src=\"https:\/\/artapartamento.com\/wp-content\/uploads\/2024\/02\/46.ORESTES-H.jpg.webp\" class=\"elementor-animation-grow attachment-full size-full wp-image-8551\" alt=\"Orestes Hern\u00e1ndez\" srcset=\"https:\/\/artapartamento.com\/wp-content\/uploads\/2024\/02\/46.ORESTES-H.jpg.webp 372w, https:\/\/artapartamento.com\/wp-content\/uploads\/2024\/02\/46.ORESTES-H-187x300.jpg.webp 187w, https:\/\/artapartamento.com\/wp-content\/uploads\/2024\/02\/46.ORESTES-H-7x12.jpg.webp 7w\" sizes=\"(max-width: 372px) 100vw, 372px\" \/>\t\t\t\t\t\t\t\t<\/a>\n\t\t\t\t\t\t\t\t\t\t\t\t\t\t\t<\/div>\n\t\t\t\t<\/div>\n\t\t\t\t<div class=\"elementor-element elementor-element-be8f6c0 elementor-hidden-desktop elementor-hidden-tablet elementor-widget elementor-widget-text-editor\" data-id=\"be8f6c0\" data-element_type=\"widget\" data-e-type=\"widget\" data-widget_type=\"text-editor.default\">\n\t\t\t\t<div class=\"elementor-widget-container\">\n\t\t\t\t\t\t\t\t\tOrestes Hern\u00e1ndez<br>\nAeropostale,<br>\n2023<br>\nScultura in legno assemblata e policromata<br>\n80 x 35 x 20 cm (31,5 x 13,8 x 7,9 pollici)\t\t\t\t\t\t\t\t<\/div>\n\t\t\t\t<\/div>\n\t\t\t\t\t<\/div>\n\t\t\t\t<\/div>\n\t\t<div class=\"elementor-element elementor-element-c712e49 e-flex e-con-boxed elementor-invisible e-con e-child\" data-id=\"c712e49\" data-element_type=\"container\" data-e-type=\"container\" data-settings=\"{&quot;animation&quot;:&quot;fadeInUp&quot;}\">\n\t\t\t\t\t<div class=\"e-con-inner\">\n\t\t\t\t<div class=\"elementor-element elementor-element-49d8e03 elementor-widget elementor-widget-image\" data-id=\"49d8e03\" data-element_type=\"widget\" data-e-type=\"widget\" data-widget_type=\"image.default\">\n\t\t\t\t<div class=\"elementor-widget-container\">\n\t\t\t\t\t\t\t\t\t\t\t\t\t\t\t\t<a href=\"https:\/\/artapartamento.com\/it\/artisti\/raul-cordero\/cineserie\/\">\n\t\t\t\t\t\t\t<img loading=\"lazy\" decoding=\"async\" width=\"825\" height=\"807\" src=\"https:\/\/artapartamento.com\/wp-content\/uploads\/2024\/02\/49.RAUL-CORDERO.jpg-e1707499192618.webp\" class=\"elementor-animation-grow attachment-full size-full wp-image-8567\" alt=\"Raul Cordero\" srcset=\"https:\/\/artapartamento.com\/wp-content\/uploads\/2024\/02\/49.RAUL-CORDERO.jpg-e1707499192618.webp 825w, https:\/\/artapartamento.com\/wp-content\/uploads\/2024\/02\/49.RAUL-CORDERO.jpg-e1707499192618-300x293.webp 300w, https:\/\/artapartamento.com\/wp-content\/uploads\/2024\/02\/49.RAUL-CORDERO.jpg-e1707499192618-768x751.webp 768w, https:\/\/artapartamento.com\/wp-content\/uploads\/2024\/02\/49.RAUL-CORDERO.jpg-e1707499192618-12x12.webp 12w\" sizes=\"(max-width: 825px) 100vw, 825px\" \/>\t\t\t\t\t\t\t\t<\/a>\n\t\t\t\t\t\t\t\t\t\t\t\t\t\t\t<\/div>\n\t\t\t\t<\/div>\n\t\t\t\t<div class=\"elementor-element elementor-element-1409e73 elementor-hidden-desktop elementor-hidden-tablet elementor-widget elementor-widget-text-editor\" data-id=\"1409e73\" data-element_type=\"widget\" data-e-type=\"widget\" data-widget_type=\"text-editor.default\">\n\t\t\t\t<div class=\"elementor-widget-container\">\n\t\t\t\t\t\t\t\t\t<p>Raul Cordero<br \/>Cineserie, <br \/>2023<br \/>Acrilico su tela<br \/>90 x 90 cm (35,4 x 35,4 pollici)<\/p>\t\t\t\t\t\t\t\t<\/div>\n\t\t\t\t<\/div>\n\t\t\t\t\t<\/div>\n\t\t\t\t<\/div>\n\t\t\t\t<\/div>\n\t\t<div class=\"elementor-element elementor-element-7e72d428 e-con-full elementor-hidden-mobile e-flex e-con e-parent\" data-id=\"7e72d428\" data-element_type=\"container\" data-e-type=\"container\" data-settings=\"{&quot;background_background&quot;:&quot;classic&quot;}\">\n\t\t<div class=\"elementor-element elementor-element-4f54fa20 e-flex e-con-boxed elementor-invisible e-con e-child\" data-id=\"4f54fa20\" data-element_type=\"container\" data-e-type=\"container\" data-settings=\"{&quot;animation&quot;:&quot;fadeIn&quot;}\">\n\t\t\t\t\t<div class=\"e-con-inner\">\n\t\t\t\t<div class=\"elementor-element elementor-element-7b98edba elementor-widget elementor-widget-text-editor\" data-id=\"7b98edba\" data-element_type=\"widget\" data-e-type=\"widget\" data-widget_type=\"text-editor.default\">\n\t\t\t\t<div class=\"elementor-widget-container\">\n\t\t\t\t\t\t\t\t\t<p>Nacho Mart\u00edn Silva<br \/>p\u014ds(t)k\u00e4rd 9, <br \/>2022 <br \/>Polittico \/ Olio su lino<br \/>196 x 140 cm (77,2 x 55,1 pollici)<\/p>\t\t\t\t\t\t\t\t<\/div>\n\t\t\t\t<\/div>\n\t\t\t\t\t<\/div>\n\t\t\t\t<\/div>\n\t\t<div class=\"elementor-element elementor-element-4ce5995c e-flex e-con-boxed elementor-invisible e-con e-child\" data-id=\"4ce5995c\" data-element_type=\"container\" data-e-type=\"container\" data-settings=\"{&quot;animation&quot;:&quot;fadeIn&quot;}\">\n\t\t\t\t\t<div class=\"e-con-inner\">\n\t\t\t\t<div class=\"elementor-element elementor-element-8c62081 elementor-widget elementor-widget-text-editor\" data-id=\"8c62081\" data-element_type=\"widget\" data-e-type=\"widget\" data-widget_type=\"text-editor.default\">\n\t\t\t\t<div class=\"elementor-widget-container\">\n\t\t\t\t\t\t\t\t\t<p>Orestes Hern\u00e1ndez<br \/>Aeropostale,<br \/>2023<br \/>Scultura in legno assemblata e policromata<br \/>80 x 35 x 20 cm (31,5 x 13,8 x 7,9 pollici)<\/p>\t\t\t\t\t\t\t\t<\/div>\n\t\t\t\t<\/div>\n\t\t\t\t\t<\/div>\n\t\t\t\t<\/div>\n\t\t<div class=\"elementor-element elementor-element-20478c99 e-flex e-con-boxed elementor-invisible e-con e-child\" data-id=\"20478c99\" data-element_type=\"container\" data-e-type=\"container\" data-settings=\"{&quot;animation&quot;:&quot;fadeIn&quot;}\">\n\t\t\t\t\t<div class=\"e-con-inner\">\n\t\t\t\t<div class=\"elementor-element elementor-element-c4fef36 elementor-widget elementor-widget-text-editor\" data-id=\"c4fef36\" data-element_type=\"widget\" data-e-type=\"widget\" data-widget_type=\"text-editor.default\">\n\t\t\t\t<div class=\"elementor-widget-container\">\n\t\t\t\t\t\t\t\t\tRaul Cordero<br>Cineserie, <br>2023<br>\nAcrilico su tela<br>\n90 x 90 cm (35,4 x 35,4 pollici)\t\t\t\t\t\t\t\t<\/div>\n\t\t\t\t<\/div>\n\t\t\t\t\t<\/div>\n\t\t\t\t<\/div>\n\t\t\t\t<\/div>\n\t\t<div class=\"elementor-element elementor-element-e2c7ee4 e-con-full e-flex e-con e-parent\" data-id=\"e2c7ee4\" data-element_type=\"container\" data-e-type=\"container\" data-settings=\"{&quot;background_background&quot;:&quot;classic&quot;}\">\n\t\t<div class=\"elementor-element elementor-element-ebdaf41 e-flex e-con-boxed elementor-invisible e-con e-child\" data-id=\"ebdaf41\" data-element_type=\"container\" data-e-type=\"container\" data-settings=\"{&quot;animation&quot;:&quot;fadeInUp&quot;}\">\n\t\t\t\t\t<div class=\"e-con-inner\">\n\t\t\t\t<div class=\"elementor-element elementor-element-0183581 elementor-widget elementor-widget-image\" data-id=\"0183581\" data-element_type=\"widget\" data-e-type=\"widget\" data-widget_type=\"image.default\">\n\t\t\t\t<div class=\"elementor-widget-container\">\n\t\t\t\t\t\t\t\t\t\t\t\t\t\t\t\t<a href=\"https:\/\/artapartamento.com\/it\/artisti\/raul-diaz-reyes\/tramonto-binario-della-serie-arka\/\">\n\t\t\t\t\t\t\t<img loading=\"lazy\" decoding=\"async\" width=\"2113\" height=\"2560\" src=\"https:\/\/artapartamento.com\/wp-content\/uploads\/2024\/02\/52.RAUL-DIAZ-REYES-scaled.jpeg.webp\" class=\"elementor-animation-grow attachment-full size-full wp-image-8587\" alt=\"Ra\u00fal D\u00edaz Reyes\" srcset=\"https:\/\/artapartamento.com\/wp-content\/uploads\/2024\/02\/52.RAUL-DIAZ-REYES-scaled.jpeg.webp 2113w, https:\/\/artapartamento.com\/wp-content\/uploads\/2024\/02\/52.RAUL-DIAZ-REYES-248x300.jpeg.webp 248w, https:\/\/artapartamento.com\/wp-content\/uploads\/2024\/02\/52.RAUL-DIAZ-REYES-845x1024.jpeg.webp 845w, https:\/\/artapartamento.com\/wp-content\/uploads\/2024\/02\/52.RAUL-DIAZ-REYES-768x931.jpeg.webp 768w, https:\/\/artapartamento.com\/wp-content\/uploads\/2024\/02\/52.RAUL-DIAZ-REYES-1268x1536.jpeg.webp 1268w, https:\/\/artapartamento.com\/wp-content\/uploads\/2024\/02\/52.RAUL-DIAZ-REYES-1690x2048.jpeg.webp 1690w, https:\/\/artapartamento.com\/wp-content\/uploads\/2024\/02\/52.RAUL-DIAZ-REYES-10x12.jpeg.webp 10w\" sizes=\"(max-width: 2113px) 100vw, 2113px\" \/>\t\t\t\t\t\t\t\t<\/a>\n\t\t\t\t\t\t\t\t\t\t\t\t\t\t\t<\/div>\n\t\t\t\t<\/div>\n\t\t\t\t<div class=\"elementor-element elementor-element-db52666 elementor-hidden-desktop elementor-hidden-tablet elementor-widget elementor-widget-text-editor\" data-id=\"db52666\" data-element_type=\"widget\" data-e-type=\"widget\" data-widget_type=\"text-editor.default\">\n\t\t\t\t<div class=\"elementor-widget-container\">\n\t\t\t\t\t\t\t\t\t<p>Ra\u00fal D\u00edaz Reyes<br \/>Binary Sunset, della serie Arka,<br \/>2023<br \/>Acrilico su tela e legno<br \/>37 x 28 cm (14,5 x 11 pollici)<\/p>\t\t\t\t\t\t\t\t<\/div>\n\t\t\t\t<\/div>\n\t\t\t\t\t<\/div>\n\t\t\t\t<\/div>\n\t\t<div class=\"elementor-element elementor-element-585a6d0 e-flex e-con-boxed elementor-invisible e-con e-child\" data-id=\"585a6d0\" data-element_type=\"container\" data-e-type=\"container\" data-settings=\"{&quot;animation&quot;:&quot;fadeInUp&quot;}\">\n\t\t\t\t\t<div class=\"e-con-inner\">\n\t\t\t\t<div class=\"elementor-element elementor-element-3b4e3b7 elementor-widget elementor-widget-image\" data-id=\"3b4e3b7\" data-element_type=\"widget\" data-e-type=\"widget\" data-widget_type=\"image.default\">\n\t\t\t\t<div class=\"elementor-widget-container\">\n\t\t\t\t\t\t\t\t\t\t\t\t\t\t\t\t<a href=\"https:\/\/artapartamento.com\/it\/artisti\/roberto-diago\/senza-titolo\/\">\n\t\t\t\t\t\t\t<img loading=\"lazy\" decoding=\"async\" width=\"1841\" height=\"2560\" src=\"https:\/\/artapartamento.com\/wp-content\/uploads\/2024\/02\/54.ROBERTO-DIAGO-scaled.jpg.webp\" class=\"elementor-animation-grow attachment-full size-full wp-image-8600\" alt=\"Roberto Diago\" srcset=\"https:\/\/artapartamento.com\/wp-content\/uploads\/2024\/02\/54.ROBERTO-DIAGO-scaled.jpg.webp 1841w, https:\/\/artapartamento.com\/wp-content\/uploads\/2024\/02\/54.ROBERTO-DIAGO-216x300.jpg.webp 216w, https:\/\/artapartamento.com\/wp-content\/uploads\/2024\/02\/54.ROBERTO-DIAGO-736x1024.jpg.webp 736w, https:\/\/artapartamento.com\/wp-content\/uploads\/2024\/02\/54.ROBERTO-DIAGO-768x1068.jpg.webp 768w, https:\/\/artapartamento.com\/wp-content\/uploads\/2024\/02\/54.ROBERTO-DIAGO-1105x1536.jpg.webp 1105w, https:\/\/artapartamento.com\/wp-content\/uploads\/2024\/02\/54.ROBERTO-DIAGO-1473x2048.jpg.webp 1473w, https:\/\/artapartamento.com\/wp-content\/uploads\/2024\/02\/54.ROBERTO-DIAGO-9x12.jpg.webp 9w\" sizes=\"(max-width: 1841px) 100vw, 1841px\" \/>\t\t\t\t\t\t\t\t<\/a>\n\t\t\t\t\t\t\t\t\t\t\t\t\t\t\t<\/div>\n\t\t\t\t<\/div>\n\t\t\t\t<div class=\"elementor-element elementor-element-d503936 elementor-hidden-desktop elementor-hidden-tablet elementor-widget elementor-widget-text-editor\" data-id=\"d503936\" data-element_type=\"widget\" data-e-type=\"widget\" data-widget_type=\"text-editor.default\">\n\t\t\t\t<div class=\"elementor-widget-container\">\n\t\t\t\t\t\t\t\t\t<p>Roberto Diago<br \/>Senza titolo,<br \/>2023<br \/>Mista su tela<br \/>125 x 90 cm (49,2 x 35,4 pollici)<\/p>\t\t\t\t\t\t\t\t<\/div>\n\t\t\t\t<\/div>\n\t\t\t\t\t<\/div>\n\t\t\t\t<\/div>\n\t\t<div class=\"elementor-element elementor-element-32f1abb e-flex e-con-boxed elementor-invisible e-con e-child\" data-id=\"32f1abb\" data-element_type=\"container\" data-e-type=\"container\" data-settings=\"{&quot;animation&quot;:&quot;fadeInUp&quot;}\">\n\t\t\t\t\t<div class=\"e-con-inner\">\n\t\t\t\t\t<\/div>\n\t\t\t\t<\/div>\n\t\t\t\t<\/div>\n\t\t<div class=\"elementor-element elementor-element-4c17f0a e-con-full elementor-hidden-mobile e-flex e-con e-parent\" data-id=\"4c17f0a\" data-element_type=\"container\" data-e-type=\"container\" data-settings=\"{&quot;background_background&quot;:&quot;classic&quot;}\">\n\t\t<div class=\"elementor-element elementor-element-322efeb e-flex e-con-boxed elementor-invisible e-con e-child\" data-id=\"322efeb\" data-element_type=\"container\" data-e-type=\"container\" data-settings=\"{&quot;animation&quot;:&quot;fadeIn&quot;}\">\n\t\t\t\t\t<div class=\"e-con-inner\">\n\t\t\t\t<div class=\"elementor-element elementor-element-04d1c6f elementor-widget elementor-widget-text-editor\" data-id=\"04d1c6f\" data-element_type=\"widget\" data-e-type=\"widget\" data-widget_type=\"text-editor.default\">\n\t\t\t\t<div class=\"elementor-widget-container\">\n\t\t\t\t\t\t\t\t\tRa\u00fal D\u00edaz Reyes<br>Binary Sunset, della serie Arka,<br> 2023<br> Acrilico su tela e legno<br>\n37 x 28 cm (14,5 x 11 pollici)\t\t\t\t\t\t\t\t<\/div>\n\t\t\t\t<\/div>\n\t\t\t\t\t<\/div>\n\t\t\t\t<\/div>\n\t\t<div class=\"elementor-element elementor-element-0648ac6 e-flex e-con-boxed elementor-invisible e-con e-child\" data-id=\"0648ac6\" data-element_type=\"container\" data-e-type=\"container\" data-settings=\"{&quot;animation&quot;:&quot;fadeIn&quot;}\">\n\t\t\t\t\t<div class=\"e-con-inner\">\n\t\t\t\t<div class=\"elementor-element elementor-element-4ccdb09 elementor-widget elementor-widget-text-editor\" data-id=\"4ccdb09\" data-element_type=\"widget\" data-e-type=\"widget\" data-widget_type=\"text-editor.default\">\n\t\t\t\t<div class=\"elementor-widget-container\">\n\t\t\t\t\t\t\t\t\tRoberto Diago<br>Senza titolo,<br> 2023<br>\nMista su tela<br>\n125 x 90 cm (49,2 x 35,4 pollici)\t\t\t\t\t\t\t\t<\/div>\n\t\t\t\t<\/div>\n\t\t\t\t\t<\/div>\n\t\t\t\t<\/div>\n\t\t<div class=\"elementor-element elementor-element-17de70b e-flex e-con-boxed elementor-invisible e-con e-child\" data-id=\"17de70b\" data-element_type=\"container\" data-e-type=\"container\" data-settings=\"{&quot;animation&quot;:&quot;fadeIn&quot;}\">\n\t\t\t\t\t<div class=\"e-con-inner\">\n\t\t\t\t\t<\/div>\n\t\t\t\t<\/div>\n\t\t\t\t<\/div>\n\t\t\t\t<\/div>","protected":false},"excerpt":{"rendered":"<p>Alex Hern\u00e1ndez &#8211; Ariamna Contino &#8211; Diana Fonseca &#8211; Eduardo Ponju\u00e1n &#8211; Flavio Garciand\u00eda &#8211; Fuentesal Arenillas &#8211; Luis Enrique L\u00f3pez-Ch\u00e1vez &#8211; Maikel Sotomayor &#8211; Miki Leal &#8211; Nacho Mart\u00edn Silva &#8211; Orestes Hern\u00e1ndez &#8211; Ra\u00fal Cordero &#8211; Ra\u00fal D\u00edaz Reyes &#8211; Roberto Diago <\/p>\n<p>7 &#8211; 11 de Febrero, 2024<\/p>","protected":false},"author":1,"featured_media":8363,"parent":27,"menu_order":0,"comment_status":"closed","ping_status":"closed","template":"","meta":{"_acf_changed":false,"footnotes":"","_links_to":"","_links_to_target":""},"categories":[21],"tags":[69],"class_list":["post-8362","page","type-page","status-publish","has-post-thumbnail","hentry","category-ferias","tag-feria-2024","post","post-with-thumbnail","post-with-thumbnail-large"],"acf":[],"aioseo_notices":[],"_links":{"self":[{"href":"https:\/\/artapartamento.com\/it\/wp-json\/wp\/v2\/pages\/8362","targetHints":{"allow":["GET"]}}],"collection":[{"href":"https:\/\/artapartamento.com\/it\/wp-json\/wp\/v2\/pages"}],"about":[{"href":"https:\/\/artapartamento.com\/it\/wp-json\/wp\/v2\/types\/page"}],"author":[{"embeddable":true,"href":"https:\/\/artapartamento.com\/it\/wp-json\/wp\/v2\/users\/1"}],"replies":[{"embeddable":true,"href":"https:\/\/artapartamento.com\/it\/wp-json\/wp\/v2\/comments?post=8362"}],"version-history":[{"count":0,"href":"https:\/\/artapartamento.com\/it\/wp-json\/wp\/v2\/pages\/8362\/revisions"}],"up":[{"embeddable":true,"href":"https:\/\/artapartamento.com\/it\/wp-json\/wp\/v2\/pages\/27"}],"wp:featuredmedia":[{"embeddable":true,"href":"https:\/\/artapartamento.com\/it\/wp-json\/wp\/v2\/media\/8363"}],"wp:attachment":[{"href":"https:\/\/artapartamento.com\/it\/wp-json\/wp\/v2\/media?parent=8362"}],"wp:term":[{"taxonomy":"category","embeddable":true,"href":"https:\/\/artapartamento.com\/it\/wp-json\/wp\/v2\/categories?post=8362"},{"taxonomy":"post_tag","embeddable":true,"href":"https:\/\/artapartamento.com\/it\/wp-json\/wp\/v2\/tags?post=8362"}],"curies":[{"name":"wp","href":"https:\/\/api.w.org\/{rel}","templated":true}]}}