{"id":3189,"date":"2023-10-13T16:46:05","date_gmt":"2023-10-13T14:46:05","guid":{"rendered":"https:\/\/artapartamento.com\/?page_id=3189"},"modified":"2026-01-27T17:12:34","modified_gmt":"2026-01-27T16:12:34","slug":"arles-del-rio-2","status":"publish","type":"page","link":"https:\/\/artapartamento.com\/it\/artistas\/arles-del-rio-2\/","title":{"rendered":"Arles del Rio"},"content":{"rendered":"\t\t<div data-elementor-type=\"wp-page\" data-elementor-id=\"3189\" class=\"elementor elementor-3189\" data-elementor-post-type=\"page\">\n\t\t\t\t<div class=\"elementor-element elementor-element-7bbfe7bb e-con-full e-flex e-con e-parent\" data-id=\"7bbfe7bb\" data-element_type=\"container\" data-e-type=\"container\" data-settings=\"{&quot;background_background&quot;:&quot;classic&quot;}\">\n\t\t<div class=\"elementor-element elementor-element-35056597 e-con-full e-flex e-con e-child\" data-id=\"35056597\" data-element_type=\"container\" data-e-type=\"container\">\n\t\t\t\t<div class=\"elementor-element elementor-element-71dedfaf elementor-invisible elementor-widget elementor-widget-heading\" data-id=\"71dedfaf\" data-element_type=\"widget\" data-e-type=\"widget\" data-settings=\"{&quot;_animation&quot;:&quot;fadeInUp&quot;}\" data-widget_type=\"heading.default\">\n\t\t\t\t<div class=\"elementor-widget-container\">\n\t\t\t\t\t<h2 class=\"elementor-heading-title elementor-size-default\">Arl\u00e9s del Rio<\/h2>\t\t\t\t<\/div>\n\t\t\t\t<\/div>\n\t\t\t\t<\/div>\n\t\t\t\t<\/div>\n\t\t<div class=\"elementor-element elementor-element-2a339fd8 e-con-full e-flex e-con e-parent\" data-id=\"2a339fd8\" data-element_type=\"container\" data-e-type=\"container\" data-settings=\"{&quot;background_background&quot;:&quot;classic&quot;}\">\n\t\t\t\t<div class=\"elementor-element elementor-element-7b6444b6 animated-slow elementor-invisible elementor-widget elementor-widget-image\" data-id=\"7b6444b6\" data-element_type=\"widget\" data-e-type=\"widget\" data-settings=\"{&quot;_animation&quot;:&quot;fadeInUp&quot;}\" data-widget_type=\"image.default\">\n\t\t\t\t<div class=\"elementor-widget-container\">\n\t\t\t\t\t\t\t\t\t\t\t\t\t\t\t<img fetchpriority=\"high\" decoding=\"async\" width=\"1500\" height=\"869\" src=\"https:\/\/artapartamento.com\/wp-content\/uploads\/2024\/01\/1.ARLES-DEL-RIO.jpg.webp\" class=\"attachment-full size-full wp-image-8139\" alt=\"Arl\u00e9s del R\u00edo\" srcset=\"https:\/\/artapartamento.com\/wp-content\/uploads\/2024\/01\/1.ARLES-DEL-RIO.jpg.webp 1500w, https:\/\/artapartamento.com\/wp-content\/uploads\/2024\/01\/1.ARLES-DEL-RIO-300x174.jpg.webp 300w, https:\/\/artapartamento.com\/wp-content\/uploads\/2024\/01\/1.ARLES-DEL-RIO-1024x593.jpg.webp 1024w, https:\/\/artapartamento.com\/wp-content\/uploads\/2024\/01\/1.ARLES-DEL-RIO-768x445.jpg.webp 768w, https:\/\/artapartamento.com\/wp-content\/uploads\/2024\/01\/1.ARLES-DEL-RIO-18x10.jpg.webp 18w\" sizes=\"(max-width: 1500px) 100vw, 1500px\" \/>\t\t\t\t\t\t\t\t\t\t\t\t\t\t\t<\/div>\n\t\t\t\t<\/div>\n\t\t\t\t<\/div>\n\t\t<div class=\"elementor-element elementor-element-7c9c366f e-con-full e-flex e-con e-parent\" data-id=\"7c9c366f\" data-element_type=\"container\" data-e-type=\"container\" data-settings=\"{&quot;background_background&quot;:&quot;classic&quot;}\">\n\t\t<div class=\"elementor-element elementor-element-50cb8cbd elementor-hidden-mobile e-flex e-con-boxed e-con e-child\" data-id=\"50cb8cbd\" data-element_type=\"container\" data-e-type=\"container\">\n\t\t\t\t\t<div class=\"e-con-inner\">\n\t\t\t\t<div class=\"elementor-element elementor-element-4d53777 elementor-widget elementor-widget-image\" data-id=\"4d53777\" data-element_type=\"widget\" data-e-type=\"widget\" data-settings=\"{&quot;motion_fx_motion_fx_scrolling&quot;:&quot;yes&quot;,&quot;motion_fx_translateX_effect&quot;:&quot;yes&quot;,&quot;motion_fx_translateX_direction&quot;:&quot;negative&quot;,&quot;motion_fx_translateX_speed&quot;:{&quot;unit&quot;:&quot;px&quot;,&quot;size&quot;:1.5,&quot;sizes&quot;:[]},&quot;motion_fx_translateX_affectedRange&quot;:{&quot;unit&quot;:&quot;%&quot;,&quot;size&quot;:&quot;&quot;,&quot;sizes&quot;:{&quot;start&quot;:0,&quot;end&quot;:50}},&quot;motion_fx_devices&quot;:[&quot;desktop&quot;],&quot;sticky&quot;:&quot;top&quot;,&quot;sticky_on&quot;:[&quot;desktop&quot;],&quot;sticky_parent&quot;:&quot;yes&quot;,&quot;sticky_offset&quot;:100,&quot;sticky_offset_tablet&quot;:70,&quot;sticky_effects_offset&quot;:0,&quot;sticky_anchor_link_offset&quot;:0}\" data-widget_type=\"image.default\">\n\t\t\t\t<div class=\"elementor-widget-container\">\n\t\t\t\t\t\t\t\t\t\t\t\t\t\t\t<img decoding=\"async\" width=\"558\" height=\"683\" src=\"https:\/\/artapartamento.com\/wp-content\/uploads\/2024\/01\/2.ARLES-DEL-RIO.jpg.webp\" class=\"attachment-large size-large wp-image-8144\" alt=\"Arles del Rio\" srcset=\"https:\/\/artapartamento.com\/wp-content\/uploads\/2024\/01\/2.ARLES-DEL-RIO.jpg.webp 558w, https:\/\/artapartamento.com\/wp-content\/uploads\/2024\/01\/2.ARLES-DEL-RIO-245x300.jpg.webp 245w, https:\/\/artapartamento.com\/wp-content\/uploads\/2024\/01\/2.ARLES-DEL-RIO-10x12.jpg.webp 10w\" sizes=\"(max-width: 558px) 100vw, 558px\" \/>\t\t\t\t\t\t\t\t\t\t\t\t\t\t\t<\/div>\n\t\t\t\t<\/div>\n\t\t\t\t\t<\/div>\n\t\t\t\t<\/div>\n\t\t<div class=\"elementor-element elementor-element-49e590aa e-flex e-con-boxed e-con e-child\" data-id=\"49e590aa\" data-element_type=\"container\" data-e-type=\"container\">\n\t\t\t\t\t<div class=\"e-con-inner\">\n\t\t\t\t<div class=\"elementor-element elementor-element-586c1ca2 elementor-widget__width-inherit elementor-invisible elementor-widget elementor-widget-heading\" data-id=\"586c1ca2\" data-element_type=\"widget\" data-e-type=\"widget\" data-settings=\"{&quot;_animation&quot;:&quot;fadeIn&quot;}\" data-widget_type=\"heading.default\">\n\t\t\t\t<div class=\"elementor-widget-container\">\n\t\t\t\t\t<h2 class=\"elementor-heading-title elementor-size-default\">La Habana, Cuba, 1975<\/h2>\t\t\t\t<\/div>\n\t\t\t\t<\/div>\n\t\t\t\t<div class=\"elementor-element elementor-element-6187e8f5 elementor-invisible elementor-widget elementor-widget-text-editor\" data-id=\"6187e8f5\" data-element_type=\"widget\" data-e-type=\"widget\" data-settings=\"{&quot;_animation&quot;:&quot;fadeIn&quot;}\" data-widget_type=\"text-editor.default\">\n\t\t\t\t<div class=\"elementor-widget-container\">\n\t\t\t\t\t\t\t\t\t<p>Partiendo de mis experiencias como individuo dentro de la sociedad y mis reflexiones sobre la naturaleza del arte, juego con las asociaciones gr\u00e1ficas o conceptuales de todo fen\u00f3meno social, pol\u00edtico, y\/o cultural con materiales y objetos encontrados, los cuales manipulo, reproduzco o reinterpreto para encarnar ilusiones, utop\u00edas, cuestiones de car\u00e1cter ideol\u00f3gicos, etc.<\/p><p>El espacio y su contexto son vitales en mi trabajo para generar ideas en sitios espec\u00edficos. Las dimensiones, materiales, los medios (escultura, pintura, instalaci\u00f3n, fotograf\u00eda, dibujo, etc.) constituyen recursos subordinados en la representaci\u00f3n de estas ideas, y son fundamentales para un emplazamiento funcional y una interacci\u00f3n o di\u00e1logo directo del espectador con mis obras.<\/p><p class=\"p1\">Arl\u00e9s del Rio ha realizado numerosas exposiciones individuales y colectivas, entre las que destacan: <span class=\"s1\">US &#8211; Nosotros<\/span>, en la Galer\u00eda Taller Gorr\u00eda; <span class=\"s1\">Subway<\/span> (obra p\u00fablica ubicada en distintos lugares de La Habana); y <span class=\"s1\">La necesidad de otros aires<\/span>, muestra colateral a la XII Bienal de La Habana. Tambi\u00e9n ha participado en numerosas exposiciones colectivas, entre las m\u00e1s relevantes se pueden mencionar: <span class=\"s1\">Off Season<\/span>, El Apartamento, La Habana (2023); <span class=\"s1\">Hogar y Esperanza (Home &amp; Hope)<\/span>, Brigade Gallery, Copenhague (2022); <span class=\"s1\">Illness Has a Colour<\/span>, muestra colateral a la XIII Bienal de La Habana, Estudio 50 &#8211; El Apartamento, La Habana (2019); <span class=\"s1\">Atalaya<\/span>, Taller Gorr\u00eda &#8211; El Apartamento, La Habana (2019); <span class=\"s1\">Nuevos Colores<\/span>, Robert Miller Gallery, Nueva York (2015); y <span class=\"s1\">Stealing Base: Cuba at Bat<\/span>, Louisville Slugger Museum &amp; Factory, Kentucky (2015).<\/p><p class=\"p1\">Del Rio tambi\u00e9n ha participado en importantes ferias internacionales como <span class=\"s1\">The Armory Show<\/span> (con un proyecto individual) en Nueva York, <span class=\"s1\">Expo Chicago<\/span> y <span class=\"s1\">Untitled Art<\/span> en Miami. Asimismo, ha sido merecedor de la <span class=\"s1\">SOMA Mexico Fellowship<\/span> en Ciudad de M\u00e9xico, la <span class=\"s1\">Cuban Artist Fund Fellowship<\/span> en Nueva York y la <span class=\"s1\">Vermont Studio Center Fellowship<\/span> en Vermont.<\/p>\t\t\t\t\t\t\t\t<\/div>\n\t\t\t\t<\/div>\n\t\t\t\t<div class=\"elementor-element elementor-element-eb90e68 elementor-hidden-desktop elementor-hidden-tablet elementor-widget elementor-widget-image\" data-id=\"eb90e68\" data-element_type=\"widget\" data-e-type=\"widget\" data-widget_type=\"image.default\">\n\t\t\t\t<div class=\"elementor-widget-container\">\n\t\t\t\t\t\t\t\t\t\t\t\t\t\t\t<img decoding=\"async\" width=\"558\" height=\"683\" src=\"https:\/\/artapartamento.com\/wp-content\/uploads\/2024\/01\/2.ARLES-DEL-RIO.jpg.webp\" class=\"attachment-large size-large wp-image-8144\" alt=\"Arles del Rio\" srcset=\"https:\/\/artapartamento.com\/wp-content\/uploads\/2024\/01\/2.ARLES-DEL-RIO.jpg.webp 558w, https:\/\/artapartamento.com\/wp-content\/uploads\/2024\/01\/2.ARLES-DEL-RIO-245x300.jpg.webp 245w, https:\/\/artapartamento.com\/wp-content\/uploads\/2024\/01\/2.ARLES-DEL-RIO-10x12.jpg.webp 10w\" sizes=\"(max-width: 558px) 100vw, 558px\" \/>\t\t\t\t\t\t\t\t\t\t\t\t\t\t\t<\/div>\n\t\t\t\t<\/div>\n\t\t\t\t\t<\/div>\n\t\t\t\t<\/div>\n\t\t\t\t<\/div>\n\t\t<div class=\"elementor-element elementor-element-45e9e5a1 e-con-full e-flex e-con e-parent\" data-id=\"45e9e5a1\" data-element_type=\"container\" data-e-type=\"container\" data-settings=\"{&quot;background_background&quot;:&quot;classic&quot;}\">\n\t\t<div class=\"elementor-element elementor-element-5407078b e-con-full e-flex e-con e-child\" data-id=\"5407078b\" data-element_type=\"container\" data-e-type=\"container\" data-settings=\"{&quot;background_background&quot;:&quot;classic&quot;}\">\n\t\t\t\t<div class=\"elementor-element elementor-element-35b57fe5 elementor-widget elementor-widget-n-accordion\" data-id=\"35b57fe5\" data-element_type=\"widget\" data-e-type=\"widget\" data-settings=\"{&quot;default_state&quot;:&quot;all_collapsed&quot;,&quot;max_items_expended&quot;:&quot;one&quot;,&quot;n_accordion_animation_duration&quot;:{&quot;unit&quot;:&quot;ms&quot;,&quot;size&quot;:400,&quot;sizes&quot;:[]}}\" data-widget_type=\"nested-accordion.default\">\n\t\t\t\t<div class=\"elementor-widget-container\">\n\t\t\t\t\t\t\t<div class=\"e-n-accordion\" aria-label=\"Accordion. Open links with Enter or Space, close with Escape, and navigate with Arrow Keys\">\n\t\t\t\t\t\t<details id=\"e-n-accordion-item-9010\" class=\"e-n-accordion-item\" >\n\t\t\t\t<summary class=\"e-n-accordion-item-title\" data-accordion-index=\"1\" tabindex=\"0\" aria-expanded=\"false\" aria-controls=\"e-n-accordion-item-9010\" >\n\t\t\t\t\t<span class='e-n-accordion-item-title-header'><div class=\"e-n-accordion-item-title-text\"> \t\t<div data-elementor-type=\"section\" data-elementor-id=\"1527\" class=\"elementor elementor-1527\" data-elementor-post-type=\"elementor_library\">\n\t\t\t<div class=\"elementor-element elementor-element-60a4aa5 e-flex e-con-boxed e-con e-parent\" data-id=\"60a4aa5\" data-element_type=\"container\" data-e-type=\"container\">\n\t\t\t\t\t<div class=\"e-con-inner\">\n\t\t\t\t<div class=\"elementor-element elementor-element-5c677b7 elementor-align-center btn-oculta elementor-widget elementor-widget-button\" data-id=\"5c677b7\" data-element_type=\"widget\" data-e-type=\"widget\" data-widget_type=\"button.default\">\n\t\t\t\t<div class=\"elementor-widget-container\">\n\t\t\t\t\t\t\t\t\t<div class=\"elementor-button-wrapper\">\n\t\t\t\t\t<a class=\"elementor-button elementor-button-link elementor-size-sm\" href=\"#\">\n\t\t\t\t\t\t<span class=\"elementor-button-content-wrapper\">\n\t\t\t\t\t\t\t\t\t<span class=\"elementor-button-text\">biograf\u00eda completa<\/span>\n\t\t\t\t\t<\/span>\n\t\t\t\t\t<\/a>\n\t\t\t\t<\/div>\n\t\t\t\t\t\t\t\t<\/div>\n\t\t\t\t<\/div>\n\t\t\t\t\t<\/div>\n\t\t\t\t<\/div>\n\t\t\t\t<\/div>\n\t\t <\/div><\/span>\n\t\t\t\t\t\t\t\t\t<\/summary>\n\t\t\t\t<div role=\"region\" aria-labelledby=\"e-n-accordion-item-9010\" class=\"elementor-element elementor-element-16edbd65 e-con-full e-flex e-con e-child\" data-id=\"16edbd65\" data-element_type=\"container\" data-e-type=\"container\">\n\t\t\t\t<div class=\"elementor-element elementor-element-5b0d37fd elementor-widget__width-inherit elementor-widget elementor-widget-heading\" data-id=\"5b0d37fd\" data-element_type=\"widget\" data-e-type=\"widget\" data-widget_type=\"heading.default\">\n\t\t\t\t<div class=\"elementor-widget-container\">\n\t\t\t\t\t<h2 class=\"elementor-heading-title elementor-size-default\">curr\u00edculum<\/h2>\t\t\t\t<\/div>\n\t\t\t\t<\/div>\n\t\t<div role=\"region\" aria-labelledby=\"e-n-accordion-item-9010\" class=\"elementor-element elementor-element-6693ccd2 e-flex e-con-boxed e-con e-child\" data-id=\"6693ccd2\" data-element_type=\"container\" data-e-type=\"container\">\n\t\t\t\t\t<div class=\"e-con-inner\">\n\t\t<div role=\"region\" aria-labelledby=\"e-n-accordion-item-9010\" class=\"elementor-element elementor-element-7d2c7d92 e-flex e-con-boxed e-con e-child\" data-id=\"7d2c7d92\" data-element_type=\"container\" data-e-type=\"container\">\n\t\t\t\t\t<div class=\"e-con-inner\">\n\t\t\t\t<div class=\"elementor-element elementor-element-1390cd69 elementor-widget__width-inherit elementor-widget elementor-widget-heading\" data-id=\"1390cd69\" data-element_type=\"widget\" data-e-type=\"widget\" data-widget_type=\"heading.default\">\n\t\t\t\t<div class=\"elementor-widget-container\">\n\t\t\t\t\t<h2 class=\"elementor-heading-title elementor-size-default\">Exposiciones personales<\/h2>\t\t\t\t<\/div>\n\t\t\t\t<\/div>\n\t\t\t\t\t<\/div>\n\t\t\t\t<\/div>\n\t\t<div role=\"region\" aria-labelledby=\"e-n-accordion-item-9010\" class=\"elementor-element elementor-element-5b3d8850 e-flex e-con-boxed e-con e-child\" data-id=\"5b3d8850\" data-element_type=\"container\" data-e-type=\"container\">\n\t\t\t\t\t<div class=\"e-con-inner\">\n\t\t\t\t<div class=\"elementor-element elementor-element-895c69d elementor-widget elementor-widget-text-editor\" data-id=\"895c69d\" data-element_type=\"widget\" data-e-type=\"widget\" data-widget_type=\"text-editor.default\">\n\t\t\t\t<div class=\"elementor-widget-container\">\n\t\t\t\t\t\t\t\t\t<div><b>2019<\/b><\/div><div>Expo Chicago 2019 (Con El Apartamento, La Habana, Cuba). Proyecto bipersonal con Diana Fonseca. Chicago, USA.<\/div><div><b>2018<\/b><i><br \/><\/i><\/div><div><i>Pasando por la orilla<\/i>, Galer\u00eda Taller Gorr\u00eda. La Habana, Cuba.<\/div><div><b>2016<\/b><\/div><div><i>Subway<\/i>. Proyecto de obra p\u00fablica emplazado en varios sitios de la ciudad. La Habana, Cuba.<b><br \/>2015<\/b><i><br \/>La necesidad de otros aires<\/i>. Exposici\u00f3n colateral a la XII Bienal de La Habana. Fortaleza de San Carlos de la Caba\u00f1a. La Habana, Cuba.<b><br \/>2014<\/b><i><br \/>Cercan\u00eda<\/i>. Proyecto de obra p\u00fablica, Times Square. New York, EE.UU.\u00a0Proyecto\u00a0<i>Cercan\u00eda<\/i>, Pulse Contemporary Art Fair. New York, EE.UU.<b><br \/>2013<\/b><br \/>Open Studio, Vermont Studio Center. Vermont, EE.UU.<b><br \/>2012<\/b><i><br \/>Esperando a que caigan las cosas del cielo o deporte nacional<\/i>. Exposici\u00f3n colateral a la XI Bienal de La Habana. Fortaleza de San Carlos de la Caba\u00f1a. La\u00a0Habana, Cuba.<br \/><b>2011<\/b><i><br \/>Xlibrio<\/i>, Galer\u00eda Legacy Fine Art. Panam\u00e1, Panam\u00e1.<\/div>\t\t\t\t\t\t\t\t<\/div>\n\t\t\t\t<\/div>\n\t\t\t\t\t<\/div>\n\t\t\t\t<\/div>\n\t\t\t\t\t<\/div>\n\t\t\t\t<\/div>\n\t\t<div role=\"region\" aria-labelledby=\"e-n-accordion-item-9010\" class=\"elementor-element elementor-element-5b8c5aa4 e-flex e-con-boxed e-con e-child\" data-id=\"5b8c5aa4\" data-element_type=\"container\" data-e-type=\"container\">\n\t\t\t\t\t<div class=\"e-con-inner\">\n\t\t<div role=\"region\" aria-labelledby=\"e-n-accordion-item-9010\" class=\"elementor-element elementor-element-6989a42e e-flex e-con-boxed e-con e-child\" data-id=\"6989a42e\" data-element_type=\"container\" data-e-type=\"container\">\n\t\t\t\t\t<div class=\"e-con-inner\">\n\t\t\t\t<div class=\"elementor-element elementor-element-6587c806 elementor-widget__width-inherit elementor-widget elementor-widget-heading\" data-id=\"6587c806\" data-element_type=\"widget\" data-e-type=\"widget\" data-widget_type=\"heading.default\">\n\t\t\t\t<div class=\"elementor-widget-container\">\n\t\t\t\t\t<h2 class=\"elementor-heading-title elementor-size-default\">exposiciones colectivas<\/h2>\t\t\t\t<\/div>\n\t\t\t\t<\/div>\n\t\t\t\t\t<\/div>\n\t\t\t\t<\/div>\n\t\t<div role=\"region\" aria-labelledby=\"e-n-accordion-item-9010\" class=\"elementor-element elementor-element-4f09c07c e-flex e-con-boxed e-con e-child\" data-id=\"4f09c07c\" data-element_type=\"container\" data-e-type=\"container\">\n\t\t\t\t\t<div class=\"e-con-inner\">\n\t\t\t\t<div class=\"elementor-element elementor-element-2f9992d6 elementor-widget elementor-widget-text-editor\" data-id=\"2f9992d6\" data-element_type=\"widget\" data-e-type=\"widget\" data-widget_type=\"text-editor.default\">\n\t\t\t\t<div class=\"elementor-widget-container\">\n\t\t\t\t\t\t\t\t\t<div><b>2019<\/b><i><br \/><\/i><\/div><div><i>Illness Has a Colour<\/i>. Muestra colateral a la\u00a0XIII Bienal de La Habana. Estudio 50 \u2013 El Apartamento. La Habana, Cuba.<\/div><div><i>El circuito del arte cubano<\/i>, El Apartamento. La Habana, Cuba.<i><br \/><\/i><\/div><div><i>Detr\u00e1s del muro<\/i>. XIII Bienal de La Habana. Malec\u00f3n de La Habana. La Habana, Cuba.<b><br \/><\/b><\/div><div><b>2018<\/b><\/div><div>Untitled Art Fair 2018 (With El Apartamento, Havana, Cuba). Miami, USA.<b><\/b><\/div><div><i>Sur,<\/i>\u00a0Proyecto de Obra P\u00fablica emplazado en el canal de entrada de la Bah\u00eda de La Habana. La Habana, Cuba.\u00a0<i>Diamante en bruto<\/i>, Galer\u00eda Continua, La Habana, Cuba.<b><br \/><\/b><\/div><div><b>2017<\/b><\/div><div><i>Atalaya,\u00a0<\/i>Galer\u00eda Taller Gorr\u00eda-El Apartamento. La Habana, Cuba.<br \/><b>2016<\/b><i><br \/>Asamblea 2<\/i>, Estudio Taller Gorr\u00eda. La Habana Cuba.\u00a0Fuerza y Sangre, Pabell\u00f3n Cuba, La Habana Cuba.<b><br \/>2015<\/b><i><br \/>Nuevos Colores<\/i>, Robert Miller Gallery. New York, EE.UU.<i><br \/>Detr\u00e1s Del Muro II<\/i>. Exposici\u00f3n colateral a la XII Bienal de La Habana. Malec\u00f3n y Genio. La Habana, Cuba.<i><br \/>Stealing Base: Cuba at Bat<\/i>, Louisville Slugger Museum &amp; Factory. Kentucky, EE.UU.<b><br \/>2014<\/b><i><br \/>Stealing Base: Cuba at Bat<\/i>, Oglethorpe University Museum of Art. Atlanta, EE.UU.<i><br \/>30 Aniversario de la Bienal de La Habana<\/i>, Centro de Desarrollo de las Artes Visuales. La Habana, Cuba.<i><br \/>Detr\u00e1s Del Muro<\/i>, The Rockefeller Brothers Fund. New York, EE. UU.<b><br \/>2013<\/b><i><br \/>Detr\u00e1s Del Muro<\/i>, The 8th Floor. New York, EE.UU.<i><br \/>Puente<\/i>, Helen Day Art Center. Stowe, EE.UU.<i><br \/>Stealing Base: Cuba at Bat<\/i>, The 8th Floor. New York, EE.UU.<i><br \/>Clasicos Del Baseball<\/i>, Centro Cultural Cinematogr\u00e1fico ICAIC. La Habana, Cuba.<br \/><b>2012<\/b><i><br \/>El deporte derecho del arte 2<\/i>, Galer\u00eda Espacio Abierto. La Habana, Cuba.<i><br \/>Premio Maretti<\/i>, Centro de Arte Contempor\u00e1neo Wifredo Lam. La Habana, Cuba.<i><br \/>Pinta, The Modern &amp; Contemporary Latin American Art Show<\/i>. New York, EE.UU.<br \/><i>Houston Fine Art Fair<\/i>, Reliant Center. Houston, EE.UU.<i><br \/>Detr\u00e1s del muro<\/i>. XI Bienal de La Habana. Marina y Malec\u00f3n. La Habana, Cuba.<i><br \/>Art Shanghai<\/i>, Latin-American Pavillon (LAP). Shanghai, China.<i><br \/>\u00c1mbito 21<\/i>, Tercera edici\u00f3n de la Jornada Fotogr\u00e1fica Latinoamericana, Casa Oswaldo Guayasam\u00edn. La Habana, Cuba.<br \/>Muestra colectiva de fotograf\u00eda, Galer\u00eda Miramar G\u00e9nesis. La Habana, Cuba.<b><br \/>2011<\/b><br \/>Subasta Arte \u00danico, Panam\u00e1, Panam\u00e1. XX Gran Subasta de Excelencias, Fundaci\u00f3n San Felipe. Panam\u00e1, Panam\u00e1.<b><br \/>2010<\/b><i><br \/>Profec\u00eda<\/i>, Galer\u00eda 23 y 12. La Habana, Cuba.<br \/><b>2005<\/b><i><br \/>Motivos<\/i>, Galer\u00eda Mariano Rodr\u00edguez. La Habana, Cuba.<i><br \/>Homenaje<\/i>, Casa Memorial Benito Ju\u00e1rez. La Habana, Cuba.<b><br \/>2004<\/b><i><br \/>La magia de las cosas<\/i>, Galer\u00eda Mariano Rodr\u00edguez. La Habana, Cuba.<b><br \/>2003<\/b><i><br \/>Sempervivens<\/i>, Casa de la Cultura Plaza de la Revoluci\u00f3n. La Habana, Cuba.<b><br \/>2001<\/b><i><br \/>Fotograf\u00eda y Naturaleza<\/i>, Galer\u00eda Servando Cabrera Moreno. La Habana, Cuba.<br \/><i>Sempervivens<\/i>, Museo de Arte Colonial. La Habana, Cuba.<i><br \/>Fotograf\u00eda y Naturaleza<\/i>, Editorial Pablo de la Torriente. La Habana, Cuba.<b><br \/>2000<\/b><i><br \/>D\u00eda De Los Muertos<\/i>, Casa Memorial Benito Ju\u00e1rez. La Habana, Cuba.<b><br \/>1999<\/b><i><br \/>Acercamiento<\/i>, Brigada Verde. La Habana, Cuba.\u00a0<i>Naturalismo<\/i>, Galer\u00eda Jos\u00e9 A. D\u00edaz Pel\u00e1ez. La Habana, Cuba.<b><br \/>1998<\/b><i><br \/><\/i><\/div><div><i>Luna Llena<\/i>, Brigada Verde. La Habana, Cuba.\u00a0<i>Carnaval Progresivo<\/i>, Brigada Verde. La Habana, Cuba.\u00a0<\/div>\t\t\t\t\t\t\t\t<\/div>\n\t\t\t\t<\/div>\n\t\t\t\t\t<\/div>\n\t\t\t\t<\/div>\n\t\t\t\t\t<\/div>\n\t\t\t\t<\/div>\n\t\t\t\t<\/div>\n\t\t\t\t\t<\/details>\n\t\t\t\t\t<\/div>\n\t\t\t\t\t\t<\/div>\n\t\t\t\t<\/div>\n\t\t\t\t<\/div>\n\t\t\t\t<\/div>\n\t\t<div class=\"elementor-element elementor-element-62ab4d75 e-con-full e-flex e-con e-parent\" data-id=\"62ab4d75\" data-element_type=\"container\" data-e-type=\"container\" data-settings=\"{&quot;background_background&quot;:&quot;classic&quot;}\">\n\t\t\t\t<div class=\"elementor-element elementor-element-3ded296 elementor-invisible elementor-widget elementor-widget-heading\" data-id=\"3ded296\" data-element_type=\"widget\" data-e-type=\"widget\" data-settings=\"{&quot;_animation&quot;:&quot;fadeInUp&quot;}\" data-widget_type=\"heading.default\">\n\t\t\t\t<div class=\"elementor-widget-container\">\n\t\t\t\t\t<h2 class=\"elementor-heading-title elementor-size-default\">obras<\/h2>\t\t\t\t<\/div>\n\t\t\t\t<\/div>\n\t\t\t\t<\/div>\n\t\t<div class=\"elementor-element elementor-element-8c87d83 e-con-full e-flex e-con e-parent\" data-id=\"8c87d83\" data-element_type=\"container\" data-e-type=\"container\" data-settings=\"{&quot;background_background&quot;:&quot;classic&quot;}\">\n\t\t<div class=\"elementor-element elementor-element-5a7c546 e-flex e-con-boxed elementor-invisible e-con e-child\" data-id=\"5a7c546\" data-element_type=\"container\" data-e-type=\"container\" data-settings=\"{&quot;animation&quot;:&quot;fadeInUp&quot;}\">\n\t\t\t\t\t<div class=\"e-con-inner\">\n\t\t\t\t<div class=\"elementor-element elementor-element-59018d1 elementor-widget elementor-widget-image\" data-id=\"59018d1\" data-element_type=\"widget\" data-e-type=\"widget\" data-widget_type=\"image.default\">\n\t\t\t\t<div class=\"elementor-widget-container\">\n\t\t\t\t\t\t\t\t\t\t\t\t\t\t\t\t<a href=\"https:\/\/artapartamento.com\/wp-content\/uploads\/2023\/10\/Off-Season-1-1.webp\" data-elementor-open-lightbox=\"yes\" data-e-action-hash=\"#elementor-action%3Aaction%3Dlightbox%26settings%3DeyJpZCI6MjU5NywidXJsIjoiaHR0cHM6XC9cL2FydGFwYXJ0YW1lbnRvLmNvbVwvd3AtY29udGVudFwvdXBsb2Fkc1wvMjAyM1wvMTBcL09mZi1TZWFzb24tMS0xLndlYnAifQ%3D%3D\">\n\t\t\t\t\t\t\t<img decoding=\"async\" width=\"720\" height=\"554\" src=\"https:\/\/artapartamento.com\/wp-content\/uploads\/2023\/10\/Off-Season-1-1-1024x788.webp\" class=\"elementor-animation-grow attachment-large size-large wp-image-2597\" alt=\"Arl\u00e9s del R\u00edo\" srcset=\"https:\/\/artapartamento.com\/wp-content\/uploads\/2023\/10\/Off-Season-1-1-1024x788.webp 1024w, https:\/\/artapartamento.com\/wp-content\/uploads\/2023\/10\/Off-Season-1-1-300x231.webp 300w, https:\/\/artapartamento.com\/wp-content\/uploads\/2023\/10\/Off-Season-1-1-768x591.webp 768w, https:\/\/artapartamento.com\/wp-content\/uploads\/2023\/10\/Off-Season-1-1-16x12.webp 16w, https:\/\/artapartamento.com\/wp-content\/uploads\/2023\/10\/Off-Season-1-1.webp 1500w\" sizes=\"(max-width: 720px) 100vw, 720px\" \/>\t\t\t\t\t\t\t\t<\/a>\n\t\t\t\t\t\t\t\t\t\t\t\t\t\t\t<\/div>\n\t\t\t\t<\/div>\n\t\t\t\t<div class=\"elementor-element elementor-element-9d1acc3 elementor-hidden-desktop elementor-hidden-tablet elementor-widget elementor-widget-text-editor\" data-id=\"9d1acc3\" data-element_type=\"widget\" data-e-type=\"widget\" data-widget_type=\"text-editor.default\">\n\t\t\t\t<div class=\"elementor-widget-container\">\n\t\t\t\t\t\t\t\t\t<p>Arl\u00e9s del Rio<br \/>7 852 555 871, de la serie Us, 2023<br \/>Arena sobre madera<br \/>80 x 60 cm<\/p>\t\t\t\t\t\t\t\t<\/div>\n\t\t\t\t<\/div>\n\t\t\t\t\t<\/div>\n\t\t\t\t<\/div>\n\t\t<div class=\"elementor-element elementor-element-cfab959 e-flex e-con-boxed elementor-invisible e-con e-child\" data-id=\"cfab959\" data-element_type=\"container\" data-e-type=\"container\" data-settings=\"{&quot;animation&quot;:&quot;fadeInUp&quot;}\">\n\t\t\t\t\t<div class=\"e-con-inner\">\n\t\t\t\t<div class=\"elementor-element elementor-element-9c77be1 elementor-widget elementor-widget-image\" data-id=\"9c77be1\" data-element_type=\"widget\" data-e-type=\"widget\" data-widget_type=\"image.default\">\n\t\t\t\t<div class=\"elementor-widget-container\">\n\t\t\t\t\t\t\t\t\t\t\t\t\t\t\t\t<a href=\"https:\/\/artapartamento.com\/wp-content\/uploads\/2023\/10\/Off-Season-2.webp\" data-elementor-open-lightbox=\"yes\" data-e-action-hash=\"#elementor-action%3Aaction%3Dlightbox%26settings%3DeyJpZCI6MjU5OCwidXJsIjoiaHR0cHM6XC9cL2FydGFwYXJ0YW1lbnRvLmNvbVwvd3AtY29udGVudFwvdXBsb2Fkc1wvMjAyM1wvMTBcL09mZi1TZWFzb24tMi53ZWJwIn0%3D\">\n\t\t\t\t\t\t\t<img loading=\"lazy\" decoding=\"async\" width=\"720\" height=\"551\" src=\"https:\/\/artapartamento.com\/wp-content\/uploads\/2023\/10\/Off-Season-2-1024x784.webp\" class=\"elementor-animation-grow attachment-large size-large wp-image-2598\" alt=\"Arl\u00e9s del R\u00edo\" srcset=\"https:\/\/artapartamento.com\/wp-content\/uploads\/2023\/10\/Off-Season-2-1024x784.webp 1024w, https:\/\/artapartamento.com\/wp-content\/uploads\/2023\/10\/Off-Season-2-300x230.webp 300w, https:\/\/artapartamento.com\/wp-content\/uploads\/2023\/10\/Off-Season-2-768x588.webp 768w, https:\/\/artapartamento.com\/wp-content\/uploads\/2023\/10\/Off-Season-2-16x12.webp 16w, https:\/\/artapartamento.com\/wp-content\/uploads\/2023\/10\/Off-Season-2.webp 1500w\" sizes=\"(max-width: 720px) 100vw, 720px\" \/>\t\t\t\t\t\t\t\t<\/a>\n\t\t\t\t\t\t\t\t\t\t\t\t\t\t\t<\/div>\n\t\t\t\t<\/div>\n\t\t\t\t<div class=\"elementor-element elementor-element-7e76cb5 elementor-hidden-desktop elementor-hidden-tablet elementor-widget elementor-widget-text-editor\" data-id=\"7e76cb5\" data-element_type=\"widget\" data-e-type=\"widget\" data-widget_type=\"text-editor.default\">\n\t\t\t\t<div class=\"elementor-widget-container\">\n\t\t\t\t\t\t\t\t\t<p>Arl\u00e9s del Rio<br \/>7 854 786 015, de la serie Us, 2023<br \/>Arena sobre madera<br \/>80 x 60 cm<\/p>\t\t\t\t\t\t\t\t<\/div>\n\t\t\t\t<\/div>\n\t\t\t\t\t<\/div>\n\t\t\t\t<\/div>\n\t\t<div class=\"elementor-element elementor-element-6c9cc47 e-flex e-con-boxed elementor-invisible e-con e-child\" data-id=\"6c9cc47\" data-element_type=\"container\" data-e-type=\"container\" data-settings=\"{&quot;animation&quot;:&quot;fadeInUp&quot;}\">\n\t\t\t\t\t<div class=\"e-con-inner\">\n\t\t\t\t<div class=\"elementor-element elementor-element-e114f02 elementor-widget elementor-widget-image\" data-id=\"e114f02\" data-element_type=\"widget\" data-e-type=\"widget\" data-widget_type=\"image.default\">\n\t\t\t\t<div class=\"elementor-widget-container\">\n\t\t\t\t\t\t\t\t\t\t\t\t\t\t\t\t<a href=\"https:\/\/artapartamento.com\/wp-content\/uploads\/2023\/10\/Off-Season-3.webp\" data-elementor-open-lightbox=\"yes\" data-e-action-hash=\"#elementor-action%3Aaction%3Dlightbox%26settings%3DeyJpZCI6MjU5OSwidXJsIjoiaHR0cHM6XC9cL2FydGFwYXJ0YW1lbnRvLmNvbVwvd3AtY29udGVudFwvdXBsb2Fkc1wvMjAyM1wvMTBcL09mZi1TZWFzb24tMy53ZWJwIn0%3D\">\n\t\t\t\t\t\t\t<img loading=\"lazy\" decoding=\"async\" width=\"720\" height=\"551\" src=\"https:\/\/artapartamento.com\/wp-content\/uploads\/2023\/10\/Off-Season-3-1024x784.webp\" class=\"elementor-animation-grow attachment-large size-large wp-image-2599\" alt=\"Arl\u00e9s del R\u00edo\" srcset=\"https:\/\/artapartamento.com\/wp-content\/uploads\/2023\/10\/Off-Season-3-1024x784.webp 1024w, https:\/\/artapartamento.com\/wp-content\/uploads\/2023\/10\/Off-Season-3-300x230.webp 300w, https:\/\/artapartamento.com\/wp-content\/uploads\/2023\/10\/Off-Season-3-768x588.webp 768w, https:\/\/artapartamento.com\/wp-content\/uploads\/2023\/10\/Off-Season-3-16x12.webp 16w, https:\/\/artapartamento.com\/wp-content\/uploads\/2023\/10\/Off-Season-3.webp 1500w\" sizes=\"(max-width: 720px) 100vw, 720px\" \/>\t\t\t\t\t\t\t\t<\/a>\n\t\t\t\t\t\t\t\t\t\t\t\t\t\t\t<\/div>\n\t\t\t\t<\/div>\n\t\t\t\t<div class=\"elementor-element elementor-element-f605775 elementor-hidden-desktop elementor-hidden-tablet elementor-widget elementor-widget-text-editor\" data-id=\"f605775\" data-element_type=\"widget\" data-e-type=\"widget\" data-widget_type=\"text-editor.default\">\n\t\t\t\t<div class=\"elementor-widget-container\">\n\t\t\t\t\t\t\t\t\t<p>Arl\u00e9s del Rio<br \/>7 860 794 820, de la serie Us, 2023<br \/>Arena sobre madera<br \/>80 x 60 cm<\/p>\t\t\t\t\t\t\t\t<\/div>\n\t\t\t\t<\/div>\n\t\t\t\t\t<\/div>\n\t\t\t\t<\/div>\n\t\t\t\t<\/div>\n\t\t<div class=\"elementor-element elementor-element-e72b4de e-con-full elementor-hidden-mobile e-flex e-con e-parent\" data-id=\"e72b4de\" data-element_type=\"container\" data-e-type=\"container\" data-settings=\"{&quot;background_background&quot;:&quot;classic&quot;}\">\n\t\t<div class=\"elementor-element elementor-element-37dcc64 e-flex e-con-boxed elementor-invisible e-con e-child\" data-id=\"37dcc64\" data-element_type=\"container\" data-e-type=\"container\" data-settings=\"{&quot;animation&quot;:&quot;fadeIn&quot;}\">\n\t\t\t\t\t<div class=\"e-con-inner\">\n\t\t\t\t<div class=\"elementor-element elementor-element-9674f88 elementor-widget elementor-widget-text-editor\" data-id=\"9674f88\" data-element_type=\"widget\" data-e-type=\"widget\" data-widget_type=\"text-editor.default\">\n\t\t\t\t<div class=\"elementor-widget-container\">\n\t\t\t\t\t\t\t\t\t<p>Arl\u00e9s del Rio<br \/>7 852 555 871, de la serie Us, 2023<br \/>Arena sobre madera<br \/>80 x 60 cm<\/p>\t\t\t\t\t\t\t\t<\/div>\n\t\t\t\t<\/div>\n\t\t\t\t\t<\/div>\n\t\t\t\t<\/div>\n\t\t<div class=\"elementor-element elementor-element-498795d e-flex e-con-boxed elementor-invisible e-con e-child\" data-id=\"498795d\" data-element_type=\"container\" data-e-type=\"container\" data-settings=\"{&quot;animation&quot;:&quot;fadeIn&quot;}\">\n\t\t\t\t\t<div class=\"e-con-inner\">\n\t\t\t\t<div class=\"elementor-element elementor-element-52c17d1 elementor-widget elementor-widget-text-editor\" data-id=\"52c17d1\" data-element_type=\"widget\" data-e-type=\"widget\" data-widget_type=\"text-editor.default\">\n\t\t\t\t<div class=\"elementor-widget-container\">\n\t\t\t\t\t\t\t\t\t<p>Arl\u00e9s del Rio<br \/>7 854 786 015, de la serie Us, 2023<br \/>Arena sobre madera<br \/>80 x 60 cm<\/p>\t\t\t\t\t\t\t\t<\/div>\n\t\t\t\t<\/div>\n\t\t\t\t\t<\/div>\n\t\t\t\t<\/div>\n\t\t<div class=\"elementor-element elementor-element-ea4311e e-flex e-con-boxed elementor-invisible e-con e-child\" data-id=\"ea4311e\" data-element_type=\"container\" data-e-type=\"container\" data-settings=\"{&quot;animation&quot;:&quot;fadeIn&quot;}\">\n\t\t\t\t\t<div class=\"e-con-inner\">\n\t\t\t\t<div class=\"elementor-element elementor-element-0234f97 elementor-widget elementor-widget-text-editor\" data-id=\"0234f97\" data-element_type=\"widget\" data-e-type=\"widget\" data-widget_type=\"text-editor.default\">\n\t\t\t\t<div class=\"elementor-widget-container\">\n\t\t\t\t\t\t\t\t\t<p>Arl\u00e9s del Rio<br \/>7 860 794 820, de la serie Us, 2023<br \/>Arena sobre madera<br \/>80 x 60 cm<\/p>\t\t\t\t\t\t\t\t<\/div>\n\t\t\t\t<\/div>\n\t\t\t\t\t<\/div>\n\t\t\t\t<\/div>\n\t\t\t\t<\/div>\n\t\t<div class=\"elementor-element elementor-element-3548342 e-con-full e-flex e-con e-parent\" data-id=\"3548342\" data-element_type=\"container\" data-e-type=\"container\" data-settings=\"{&quot;background_background&quot;:&quot;classic&quot;}\">\n\t\t<div class=\"elementor-element elementor-element-f8b045b e-flex e-con-boxed elementor-invisible e-con e-child\" data-id=\"f8b045b\" data-element_type=\"container\" data-e-type=\"container\" data-settings=\"{&quot;animation&quot;:&quot;fadeInUp&quot;}\">\n\t\t\t\t\t<div class=\"e-con-inner\">\n\t\t\t\t<div class=\"elementor-element elementor-element-f780587 elementor-widget elementor-widget-image\" data-id=\"f780587\" data-element_type=\"widget\" data-e-type=\"widget\" data-widget_type=\"image.default\">\n\t\t\t\t<div class=\"elementor-widget-container\">\n\t\t\t\t\t\t\t\t\t\t\t\t\t\t\t\t<a href=\"https:\/\/artapartamento.com\/artistas\/arles-del-rio-2\/sin-titulo-de-la-serie-considerable-dimensions\/\">\n\t\t\t\t\t\t\t<img loading=\"lazy\" decoding=\"async\" width=\"1536\" height=\"2048\" src=\"https:\/\/artapartamento.com\/wp-content\/uploads\/2024\/03\/10-000.jpeg.webp\" class=\"elementor-animation-grow attachment-full size-full wp-image-9669\" alt=\"Arl\u00e9s del R\u00edo\" srcset=\"https:\/\/artapartamento.com\/wp-content\/uploads\/2024\/03\/10-000.jpeg.webp 1536w, https:\/\/artapartamento.com\/wp-content\/uploads\/2024\/03\/10-000-225x300.jpeg.webp 225w, https:\/\/artapartamento.com\/wp-content\/uploads\/2024\/03\/10-000-768x1024.jpeg 768w, https:\/\/artapartamento.com\/wp-content\/uploads\/2024\/03\/10-000-1152x1536.jpeg.webp 1152w, https:\/\/artapartamento.com\/wp-content\/uploads\/2024\/03\/10-000-9x12.jpeg.webp 9w\" sizes=\"(max-width: 1536px) 100vw, 1536px\" \/>\t\t\t\t\t\t\t\t<\/a>\n\t\t\t\t\t\t\t\t\t\t\t\t\t\t\t<\/div>\n\t\t\t\t<\/div>\n\t\t\t\t<div class=\"elementor-element elementor-element-e0e8e17 elementor-hidden-desktop elementor-hidden-tablet elementor-widget elementor-widget-text-editor\" data-id=\"e0e8e17\" data-element_type=\"widget\" data-e-type=\"widget\" data-widget_type=\"text-editor.default\">\n\t\t\t\t<div class=\"elementor-widget-container\">\n\t\t\t\t\t\t\t\t\t<p>Arl\u00e9s del Rio<br \/>Sin t\u00edtulo, de la serie Considerable Dimensions, <br \/>2014<br \/>Bronce <br \/>Dimensiones variables<\/p>\t\t\t\t\t\t\t\t<\/div>\n\t\t\t\t<\/div>\n\t\t\t\t\t<\/div>\n\t\t\t\t<\/div>\n\t\t<div class=\"elementor-element elementor-element-d5a383b e-flex e-con-boxed elementor-invisible e-con e-child\" data-id=\"d5a383b\" data-element_type=\"container\" data-e-type=\"container\" data-settings=\"{&quot;animation&quot;:&quot;fadeInUp&quot;}\">\n\t\t\t\t\t<div class=\"e-con-inner\">\n\t\t\t\t<div class=\"elementor-element elementor-element-bf81953 elementor-widget elementor-widget-image\" data-id=\"bf81953\" data-element_type=\"widget\" data-e-type=\"widget\" data-widget_type=\"image.default\">\n\t\t\t\t<div class=\"elementor-widget-container\">\n\t\t\t\t\t\t\t\t\t\t\t\t\t\t\t\t<a href=\"https:\/\/artapartamento.com\/artistas\/arles-del-rio-2\/untitled-de-la-serie-plastic-surgery\/\">\n\t\t\t\t\t\t\t<img loading=\"lazy\" decoding=\"async\" width=\"1939\" height=\"2560\" src=\"https:\/\/artapartamento.com\/wp-content\/uploads\/2024\/03\/CP-130x90-2019-scaled.jpg.webp\" class=\"elementor-animation-grow attachment-full size-full wp-image-9685\" alt=\"Arl\u00e9s del R\u00edo\" srcset=\"https:\/\/artapartamento.com\/wp-content\/uploads\/2024\/03\/CP-130x90-2019-scaled.jpg.webp 1939w, https:\/\/artapartamento.com\/wp-content\/uploads\/2024\/03\/CP-130x90-2019-227x300.jpg.webp 227w, https:\/\/artapartamento.com\/wp-content\/uploads\/2024\/03\/CP-130x90-2019-776x1024.jpg.webp 776w, https:\/\/artapartamento.com\/wp-content\/uploads\/2024\/03\/CP-130x90-2019-768x1014.jpg.webp 768w, https:\/\/artapartamento.com\/wp-content\/uploads\/2024\/03\/CP-130x90-2019-1164x1536.jpg.webp 1164w, https:\/\/artapartamento.com\/wp-content\/uploads\/2024\/03\/CP-130x90-2019-1552x2048.jpg.webp 1552w, https:\/\/artapartamento.com\/wp-content\/uploads\/2024\/03\/CP-130x90-2019-9x12.jpg.webp 9w\" sizes=\"(max-width: 1939px) 100vw, 1939px\" \/>\t\t\t\t\t\t\t\t<\/a>\n\t\t\t\t\t\t\t\t\t\t\t\t\t\t\t<\/div>\n\t\t\t\t<\/div>\n\t\t\t\t<div class=\"elementor-element elementor-element-84de73f elementor-hidden-desktop elementor-hidden-tablet elementor-widget elementor-widget-text-editor\" data-id=\"84de73f\" data-element_type=\"widget\" data-e-type=\"widget\" data-widget_type=\"text-editor.default\">\n\t\t\t\t<div class=\"elementor-widget-container\">\n\t\t\t\t\t\t\t\t\t<p>Arl\u00e9s del Rio<br \/>Untitled, de la serie Plastic Surgery,<br \/>2019 <br \/>T\u00e9cnica mixta sobre tela<br \/>128 x 97 cm (50.4 x 38.2 in)<\/p>\t\t\t\t\t\t\t\t<\/div>\n\t\t\t\t<\/div>\n\t\t\t\t\t<\/div>\n\t\t\t\t<\/div>\n\t\t<div class=\"elementor-element elementor-element-f3b4fb3 e-flex e-con-boxed elementor-invisible e-con e-child\" data-id=\"f3b4fb3\" data-element_type=\"container\" data-e-type=\"container\" data-settings=\"{&quot;animation&quot;:&quot;fadeInUp&quot;}\">\n\t\t\t\t\t<div class=\"e-con-inner\">\n\t\t\t\t<div class=\"elementor-element elementor-element-82c3db9 elementor-widget elementor-widget-image\" data-id=\"82c3db9\" data-element_type=\"widget\" data-e-type=\"widget\" data-widget_type=\"image.default\">\n\t\t\t\t<div class=\"elementor-widget-container\">\n\t\t\t\t\t\t\t\t\t\t\t\t\t\t\t\t<a href=\"https:\/\/artapartamento.com\/artistas\/arles-del-rio-2\/untitled-de-la-serie-plastic-surgery-2\/\">\n\t\t\t\t\t\t\t<img loading=\"lazy\" decoding=\"async\" width=\"1824\" height=\"2560\" src=\"https:\/\/artapartamento.com\/wp-content\/uploads\/2024\/03\/CP-170-x-120-2019-scaled.jpg.webp\" class=\"elementor-animation-grow attachment-full size-full wp-image-9704\" alt=\"Arl\u00e9s del R\u00edo\" srcset=\"https:\/\/artapartamento.com\/wp-content\/uploads\/2024\/03\/CP-170-x-120-2019-scaled.jpg.webp 1824w, https:\/\/artapartamento.com\/wp-content\/uploads\/2024\/03\/CP-170-x-120-2019-214x300.jpg.webp 214w, https:\/\/artapartamento.com\/wp-content\/uploads\/2024\/03\/CP-170-x-120-2019-730x1024.jpg.webp 730w, https:\/\/artapartamento.com\/wp-content\/uploads\/2024\/03\/CP-170-x-120-2019-768x1078.jpg.webp 768w, https:\/\/artapartamento.com\/wp-content\/uploads\/2024\/03\/CP-170-x-120-2019-1094x1536.jpg.webp 1094w, https:\/\/artapartamento.com\/wp-content\/uploads\/2024\/03\/CP-170-x-120-2019-1459x2048.jpg.webp 1459w, https:\/\/artapartamento.com\/wp-content\/uploads\/2024\/03\/CP-170-x-120-2019-9x12.jpg.webp 9w\" sizes=\"(max-width: 1824px) 100vw, 1824px\" \/>\t\t\t\t\t\t\t\t<\/a>\n\t\t\t\t\t\t\t\t\t\t\t\t\t\t\t<\/div>\n\t\t\t\t<\/div>\n\t\t\t\t<div class=\"elementor-element elementor-element-68998f1 elementor-hidden-desktop elementor-hidden-tablet elementor-widget elementor-widget-text-editor\" data-id=\"68998f1\" data-element_type=\"widget\" data-e-type=\"widget\" data-widget_type=\"text-editor.default\">\n\t\t\t\t<div class=\"elementor-widget-container\">\n\t\t\t\t\t\t\t\t\t<p>Arl\u00e9s del Rio<br \/>Untitled, de la serie Plastic Surgery,<br \/>2019 <br \/>T\u00e9cnica mixta sobre tela<br \/>170 x 120 cm (67 x 47.2 in)<\/p>\t\t\t\t\t\t\t\t<\/div>\n\t\t\t\t<\/div>\n\t\t\t\t\t<\/div>\n\t\t\t\t<\/div>\n\t\t\t\t<\/div>\n\t\t<div class=\"elementor-element elementor-element-f49a0de e-con-full elementor-hidden-mobile e-flex e-con e-parent\" data-id=\"f49a0de\" data-element_type=\"container\" data-e-type=\"container\" data-settings=\"{&quot;background_background&quot;:&quot;classic&quot;}\">\n\t\t<div class=\"elementor-element elementor-element-d397591 e-flex e-con-boxed elementor-invisible e-con e-child\" data-id=\"d397591\" data-element_type=\"container\" data-e-type=\"container\" data-settings=\"{&quot;animation&quot;:&quot;fadeIn&quot;}\">\n\t\t\t\t\t<div class=\"e-con-inner\">\n\t\t\t\t<div class=\"elementor-element elementor-element-d99c5ff elementor-widget elementor-widget-text-editor\" data-id=\"d99c5ff\" data-element_type=\"widget\" data-e-type=\"widget\" data-widget_type=\"text-editor.default\">\n\t\t\t\t<div class=\"elementor-widget-container\">\n\t\t\t\t\t\t\t\t\t<p>Arl\u00e9s del Rio<br \/>Sin t\u00edtulo, de la serie Considerable Dimensions, <br \/>2014<br \/>Bronce <br \/>Dimensiones variables<\/p>\t\t\t\t\t\t\t\t<\/div>\n\t\t\t\t<\/div>\n\t\t\t\t\t<\/div>\n\t\t\t\t<\/div>\n\t\t<div class=\"elementor-element elementor-element-2b4dba4 e-flex e-con-boxed elementor-invisible e-con e-child\" data-id=\"2b4dba4\" data-element_type=\"container\" data-e-type=\"container\" data-settings=\"{&quot;animation&quot;:&quot;fadeIn&quot;}\">\n\t\t\t\t\t<div class=\"e-con-inner\">\n\t\t\t\t<div class=\"elementor-element elementor-element-18f8bdd elementor-widget elementor-widget-text-editor\" data-id=\"18f8bdd\" data-element_type=\"widget\" data-e-type=\"widget\" data-widget_type=\"text-editor.default\">\n\t\t\t\t<div class=\"elementor-widget-container\">\n\t\t\t\t\t\t\t\t\t<p>Arl\u00e9s del Rio<br \/>Untitled, de la serie Plastic Surgery,<br \/>2019 <br \/>T\u00e9cnica mixta sobre tela<br \/>128 x 97 cm (50.4 x 38.2 in)<\/p>\t\t\t\t\t\t\t\t<\/div>\n\t\t\t\t<\/div>\n\t\t\t\t\t<\/div>\n\t\t\t\t<\/div>\n\t\t<div class=\"elementor-element elementor-element-cd2403f e-flex e-con-boxed elementor-invisible e-con e-child\" data-id=\"cd2403f\" data-element_type=\"container\" data-e-type=\"container\" data-settings=\"{&quot;animation&quot;:&quot;fadeIn&quot;}\">\n\t\t\t\t\t<div class=\"e-con-inner\">\n\t\t\t\t<div class=\"elementor-element elementor-element-4511152 elementor-widget elementor-widget-text-editor\" data-id=\"4511152\" data-element_type=\"widget\" data-e-type=\"widget\" data-widget_type=\"text-editor.default\">\n\t\t\t\t<div class=\"elementor-widget-container\">\n\t\t\t\t\t\t\t\t\t<p>Arl\u00e9s del Rio<br \/>Untitled, de la serie Plastic Surgery,<br \/>2019 <br \/>T\u00e9cnica mixta sobre tela<br \/>170 x 120 cm (67 x 47.2 in)<\/p>\t\t\t\t\t\t\t\t<\/div>\n\t\t\t\t<\/div>\n\t\t\t\t\t<\/div>\n\t\t\t\t<\/div>\n\t\t\t\t<\/div>\n\t\t<div class=\"elementor-element elementor-element-ba30841 e-con-full e-flex e-con e-parent\" data-id=\"ba30841\" data-element_type=\"container\" data-e-type=\"container\" data-settings=\"{&quot;background_background&quot;:&quot;classic&quot;}\">\n\t\t<div class=\"elementor-element elementor-element-01a6f4b e-flex e-con-boxed elementor-invisible e-con e-child\" data-id=\"01a6f4b\" data-element_type=\"container\" data-e-type=\"container\" data-settings=\"{&quot;animation&quot;:&quot;fadeInUp&quot;}\">\n\t\t\t\t\t<div class=\"e-con-inner\">\n\t\t\t\t<div class=\"elementor-element elementor-element-644e65b elementor-widget elementor-widget-image\" data-id=\"644e65b\" data-element_type=\"widget\" data-e-type=\"widget\" data-widget_type=\"image.default\">\n\t\t\t\t<div class=\"elementor-widget-container\">\n\t\t\t\t\t\t\t\t\t\t\t\t\t\t\t\t<a href=\"https:\/\/artapartamento.com\/artistas\/arles-del-rio-2\/untitled-de-la-serie-plastic-surgery-3\/\">\n\t\t\t\t\t\t\t<img loading=\"lazy\" decoding=\"async\" width=\"2017\" height=\"1272\" src=\"https:\/\/artapartamento.com\/wp-content\/uploads\/2024\/03\/CP-2019-115-x-185.jpg.webp\" class=\"elementor-animation-grow attachment-full size-full wp-image-9729\" alt=\"Arl\u00e9s del R\u00edo\" srcset=\"https:\/\/artapartamento.com\/wp-content\/uploads\/2024\/03\/CP-2019-115-x-185.jpg.webp 2017w, https:\/\/artapartamento.com\/wp-content\/uploads\/2024\/03\/CP-2019-115-x-185-300x189.jpg.webp 300w, https:\/\/artapartamento.com\/wp-content\/uploads\/2024\/03\/CP-2019-115-x-185-1024x646.jpg.webp 1024w, https:\/\/artapartamento.com\/wp-content\/uploads\/2024\/03\/CP-2019-115-x-185-768x484.jpg.webp 768w, https:\/\/artapartamento.com\/wp-content\/uploads\/2024\/03\/CP-2019-115-x-185-1536x969.jpg.webp 1536w, https:\/\/artapartamento.com\/wp-content\/uploads\/2024\/03\/CP-2019-115-x-185-18x12.jpg.webp 18w\" sizes=\"(max-width: 2017px) 100vw, 2017px\" \/>\t\t\t\t\t\t\t\t<\/a>\n\t\t\t\t\t\t\t\t\t\t\t\t\t\t\t<\/div>\n\t\t\t\t<\/div>\n\t\t\t\t<div class=\"elementor-element elementor-element-b03bdba elementor-hidden-desktop elementor-hidden-tablet elementor-widget elementor-widget-text-editor\" data-id=\"b03bdba\" data-element_type=\"widget\" data-e-type=\"widget\" data-widget_type=\"text-editor.default\">\n\t\t\t\t<div class=\"elementor-widget-container\">\n\t\t\t\t\t\t\t\t\t<p>Arl\u00e9s del Rio<br \/>Untitled, de la serie Plastic Surgery,<br \/>2019 <br \/>T\u00e9cnica mixta sobre tela<br \/>115 x 185 cm (45,28 x 72.83 in)<\/p>\t\t\t\t\t\t\t\t<\/div>\n\t\t\t\t<\/div>\n\t\t\t\t\t<\/div>\n\t\t\t\t<\/div>\n\t\t<div class=\"elementor-element elementor-element-7d7a1f5 e-flex e-con-boxed elementor-invisible e-con e-child\" data-id=\"7d7a1f5\" data-element_type=\"container\" data-e-type=\"container\" data-settings=\"{&quot;animation&quot;:&quot;fadeInUp&quot;}\">\n\t\t\t\t\t<div class=\"e-con-inner\">\n\t\t\t\t<div class=\"elementor-element elementor-element-544b433 elementor-widget elementor-widget-image\" data-id=\"544b433\" data-element_type=\"widget\" data-e-type=\"widget\" data-widget_type=\"image.default\">\n\t\t\t\t<div class=\"elementor-widget-container\">\n\t\t\t\t\t\t\t\t\t\t\t\t\t\t\t\t<a href=\"https:\/\/artapartamento.com\/artistas\/arles-del-rio-2\/untitled-de-la-serie-plastic-surgery-4\/\">\n\t\t\t\t\t\t\t<img loading=\"lazy\" decoding=\"async\" width=\"1200\" height=\"835\" src=\"https:\/\/artapartamento.com\/wp-content\/uploads\/2024\/03\/Lida.jpg.webp\" class=\"elementor-animation-grow attachment-full size-full wp-image-9741\" alt=\"Arl\u00e9s del R\u00edo\" srcset=\"https:\/\/artapartamento.com\/wp-content\/uploads\/2024\/03\/Lida.jpg.webp 1200w, https:\/\/artapartamento.com\/wp-content\/uploads\/2024\/03\/Lida-300x209.jpg.webp 300w, https:\/\/artapartamento.com\/wp-content\/uploads\/2024\/03\/Lida-1024x713.jpg.webp 1024w, https:\/\/artapartamento.com\/wp-content\/uploads\/2024\/03\/Lida-768x534.jpg.webp 768w, https:\/\/artapartamento.com\/wp-content\/uploads\/2024\/03\/Lida-18x12.jpg.webp 18w\" sizes=\"(max-width: 1200px) 100vw, 1200px\" \/>\t\t\t\t\t\t\t\t<\/a>\n\t\t\t\t\t\t\t\t\t\t\t\t\t\t\t<\/div>\n\t\t\t\t<\/div>\n\t\t\t\t<div class=\"elementor-element elementor-element-c93731c elementor-hidden-desktop elementor-hidden-tablet elementor-widget elementor-widget-text-editor\" data-id=\"c93731c\" data-element_type=\"widget\" data-e-type=\"widget\" data-widget_type=\"text-editor.default\">\n\t\t\t\t<div class=\"elementor-widget-container\">\n\t\t\t\t\t\t\t\t\t<p>Arl\u00e9s del Rio<br \/>Untitled, de la serie Plastic Surgery,<br \/>2019 <br \/>T\u00e9cnica mixta sobre tela<br \/>124 x 180 cm (48,82 x 70,87 in)<\/p>\t\t\t\t\t\t\t\t<\/div>\n\t\t\t\t<\/div>\n\t\t\t\t\t<\/div>\n\t\t\t\t<\/div>\n\t\t<div class=\"elementor-element elementor-element-5bc85d8 e-flex e-con-boxed elementor-invisible e-con e-child\" data-id=\"5bc85d8\" data-element_type=\"container\" data-e-type=\"container\" data-settings=\"{&quot;animation&quot;:&quot;fadeInUp&quot;}\">\n\t\t\t\t\t<div class=\"e-con-inner\">\n\t\t\t\t<div class=\"elementor-element elementor-element-37f47f4 elementor-widget elementor-widget-image\" data-id=\"37f47f4\" data-element_type=\"widget\" data-e-type=\"widget\" data-widget_type=\"image.default\">\n\t\t\t\t<div class=\"elementor-widget-container\">\n\t\t\t\t\t\t\t\t\t\t\t\t\t\t\t\t<a href=\"https:\/\/artapartamento.com\/artistas\/arles-del-rio-2\/sin-titulo-de-la-serie-resilience\/\">\n\t\t\t\t\t\t\t<img loading=\"lazy\" decoding=\"async\" width=\"1806\" height=\"2560\" src=\"https:\/\/artapartamento.com\/wp-content\/uploads\/2024\/03\/cera-azul-scaled.jpg.webp\" class=\"elementor-animation-grow attachment-full size-full wp-image-9754\" alt=\"Arl\u00e9s del R\u00edo\" srcset=\"https:\/\/artapartamento.com\/wp-content\/uploads\/2024\/03\/cera-azul-scaled.jpg.webp 1806w, https:\/\/artapartamento.com\/wp-content\/uploads\/2024\/03\/cera-azul-212x300.jpg.webp 212w, https:\/\/artapartamento.com\/wp-content\/uploads\/2024\/03\/cera-azul-722x1024.jpg.webp 722w, https:\/\/artapartamento.com\/wp-content\/uploads\/2024\/03\/cera-azul-768x1089.jpg.webp 768w, https:\/\/artapartamento.com\/wp-content\/uploads\/2024\/03\/cera-azul-1083x1536.jpg.webp 1083w, https:\/\/artapartamento.com\/wp-content\/uploads\/2024\/03\/cera-azul-1445x2048.jpg.webp 1445w, https:\/\/artapartamento.com\/wp-content\/uploads\/2024\/03\/cera-azul-8x12.jpg.webp 8w\" sizes=\"(max-width: 1806px) 100vw, 1806px\" \/>\t\t\t\t\t\t\t\t<\/a>\n\t\t\t\t\t\t\t\t\t\t\t\t\t\t\t<\/div>\n\t\t\t\t<\/div>\n\t\t\t\t<div class=\"elementor-element elementor-element-ad61958 elementor-hidden-desktop elementor-hidden-tablet elementor-widget elementor-widget-text-editor\" data-id=\"ad61958\" data-element_type=\"widget\" data-e-type=\"widget\" data-widget_type=\"text-editor.default\">\n\t\t\t\t<div class=\"elementor-widget-container\">\n\t\t\t\t\t\t\t\t\t<p>Arl\u00e9s del Rio<br \/>Sin t\u00edtulo, de la serie Resilience, 2019 <br \/>Parafina y cera de abeja sobre lienzo <br \/>130 x 90 cm (51 x 35.4 in)<\/p>\t\t\t\t\t\t\t\t<\/div>\n\t\t\t\t<\/div>\n\t\t\t\t\t<\/div>\n\t\t\t\t<\/div>\n\t\t\t\t<\/div>\n\t\t<div class=\"elementor-element elementor-element-b806e98 e-con-full elementor-hidden-mobile e-flex e-con e-parent\" data-id=\"b806e98\" data-element_type=\"container\" data-e-type=\"container\" data-settings=\"{&quot;background_background&quot;:&quot;classic&quot;}\">\n\t\t<div class=\"elementor-element elementor-element-88c16da e-flex e-con-boxed elementor-invisible e-con e-child\" data-id=\"88c16da\" data-element_type=\"container\" data-e-type=\"container\" data-settings=\"{&quot;animation&quot;:&quot;fadeIn&quot;}\">\n\t\t\t\t\t<div class=\"e-con-inner\">\n\t\t\t\t<div class=\"elementor-element elementor-element-97b6a14 elementor-widget elementor-widget-text-editor\" data-id=\"97b6a14\" data-element_type=\"widget\" data-e-type=\"widget\" data-widget_type=\"text-editor.default\">\n\t\t\t\t<div class=\"elementor-widget-container\">\n\t\t\t\t\t\t\t\t\t<p>Arl\u00e9s del Rio<br \/>Untitled, de la serie Plastic Surgery,<br \/>2019 <br \/>T\u00e9cnica mixta sobre tela<br \/>115 x 185 cm (45,28 x 72.83 in)<\/p>\t\t\t\t\t\t\t\t<\/div>\n\t\t\t\t<\/div>\n\t\t\t\t\t<\/div>\n\t\t\t\t<\/div>\n\t\t<div class=\"elementor-element elementor-element-90776b1 e-flex e-con-boxed elementor-invisible e-con e-child\" data-id=\"90776b1\" data-element_type=\"container\" data-e-type=\"container\" data-settings=\"{&quot;animation&quot;:&quot;fadeIn&quot;}\">\n\t\t\t\t\t<div class=\"e-con-inner\">\n\t\t\t\t<div class=\"elementor-element elementor-element-5e3594b elementor-widget elementor-widget-text-editor\" data-id=\"5e3594b\" data-element_type=\"widget\" data-e-type=\"widget\" data-widget_type=\"text-editor.default\">\n\t\t\t\t<div class=\"elementor-widget-container\">\n\t\t\t\t\t\t\t\t\t<p>Arl\u00e9s del Rio<br \/>Untitled, de la serie Plastic Surgery,<br \/>2019 <br \/>T\u00e9cnica mixta sobre tela<br \/>128 x 97 cm (50.4 x 38.2 in)<\/p>\t\t\t\t\t\t\t\t<\/div>\n\t\t\t\t<\/div>\n\t\t\t\t\t<\/div>\n\t\t\t\t<\/div>\n\t\t<div class=\"elementor-element elementor-element-0fe2798 e-flex e-con-boxed elementor-invisible e-con e-child\" data-id=\"0fe2798\" data-element_type=\"container\" data-e-type=\"container\" data-settings=\"{&quot;animation&quot;:&quot;fadeIn&quot;}\">\n\t\t\t\t\t<div class=\"e-con-inner\">\n\t\t\t\t<div class=\"elementor-element elementor-element-2c16c0f elementor-widget elementor-widget-text-editor\" data-id=\"2c16c0f\" data-element_type=\"widget\" data-e-type=\"widget\" data-widget_type=\"text-editor.default\">\n\t\t\t\t<div class=\"elementor-widget-container\">\n\t\t\t\t\t\t\t\t\t<p>Arl\u00e9s del Rio<br \/>Sin t\u00edtulo, de la serie Resilience, 2019 <br \/>Parafina y cera de abeja sobre lienzo <br \/>130 x 90 cm (51 x 35.4 in)<\/p>\t\t\t\t\t\t\t\t<\/div>\n\t\t\t\t<\/div>\n\t\t\t\t\t<\/div>\n\t\t\t\t<\/div>\n\t\t\t\t<\/div>\n\t\t<div class=\"elementor-element elementor-element-0cc1afc e-con-full e-flex e-con e-parent\" data-id=\"0cc1afc\" data-element_type=\"container\" data-e-type=\"container\" data-settings=\"{&quot;background_background&quot;:&quot;classic&quot;}\">\n\t\t<div class=\"elementor-element elementor-element-889ccc8 e-flex e-con-boxed elementor-invisible e-con e-child\" data-id=\"889ccc8\" data-element_type=\"container\" data-e-type=\"container\" data-settings=\"{&quot;animation&quot;:&quot;fadeInUp&quot;}\">\n\t\t\t\t\t<div class=\"e-con-inner\">\n\t\t\t\t<div class=\"elementor-element elementor-element-f78556e elementor-widget elementor-widget-image\" data-id=\"f78556e\" data-element_type=\"widget\" data-e-type=\"widget\" data-widget_type=\"image.default\">\n\t\t\t\t<div class=\"elementor-widget-container\">\n\t\t\t\t\t\t\t\t\t\t\t\t\t\t\t\t<a href=\"https:\/\/artapartamento.com\/artistas\/arles-del-rio-2\/sin-titulo-de-la-serie-resilience-2\/\">\n\t\t\t\t\t\t\t<img loading=\"lazy\" decoding=\"async\" width=\"1808\" height=\"2560\" src=\"https:\/\/artapartamento.com\/wp-content\/uploads\/2024\/03\/cera-gris-scaled.jpg.webp\" class=\"elementor-animation-grow attachment-full size-full wp-image-9777\" alt=\"Arl\u00e9s del R\u00edo\" srcset=\"https:\/\/artapartamento.com\/wp-content\/uploads\/2024\/03\/cera-gris-scaled.jpg.webp 1808w, https:\/\/artapartamento.com\/wp-content\/uploads\/2024\/03\/cera-gris-212x300.jpg.webp 212w, https:\/\/artapartamento.com\/wp-content\/uploads\/2024\/03\/cera-gris-723x1024.jpg.webp 723w, https:\/\/artapartamento.com\/wp-content\/uploads\/2024\/03\/cera-gris-768x1087.jpg.webp 768w, https:\/\/artapartamento.com\/wp-content\/uploads\/2024\/03\/cera-gris-1085x1536.jpg.webp 1085w, https:\/\/artapartamento.com\/wp-content\/uploads\/2024\/03\/cera-gris-1446x2048.jpg.webp 1446w, https:\/\/artapartamento.com\/wp-content\/uploads\/2024\/03\/cera-gris-8x12.jpg.webp 8w\" sizes=\"(max-width: 1808px) 100vw, 1808px\" \/>\t\t\t\t\t\t\t\t<\/a>\n\t\t\t\t\t\t\t\t\t\t\t\t\t\t\t<\/div>\n\t\t\t\t<\/div>\n\t\t\t\t<div class=\"elementor-element elementor-element-4b3dc26 elementor-hidden-desktop elementor-hidden-tablet elementor-widget elementor-widget-text-editor\" data-id=\"4b3dc26\" data-element_type=\"widget\" data-e-type=\"widget\" data-widget_type=\"text-editor.default\">\n\t\t\t\t<div class=\"elementor-widget-container\">\n\t\t\t\t\t\t\t\t\t<p>Arl\u00e9s del Rio<br \/>Sin t\u00edtulo, de la serie Resilience, 2019 <br \/>Parafina y cera de abeja sobre lienzo <br \/>130 x 90 cm (51 x 35.4 in)<\/p>\t\t\t\t\t\t\t\t<\/div>\n\t\t\t\t<\/div>\n\t\t\t\t\t<\/div>\n\t\t\t\t<\/div>\n\t\t<div class=\"elementor-element elementor-element-dceb52c e-flex e-con-boxed elementor-invisible e-con e-child\" data-id=\"dceb52c\" data-element_type=\"container\" data-e-type=\"container\" data-settings=\"{&quot;animation&quot;:&quot;fadeInUp&quot;}\">\n\t\t\t\t\t<div class=\"e-con-inner\">\n\t\t\t\t\t<\/div>\n\t\t\t\t<\/div>\n\t\t<div class=\"elementor-element elementor-element-d7617f2 e-flex e-con-boxed elementor-invisible e-con e-child\" data-id=\"d7617f2\" data-element_type=\"container\" data-e-type=\"container\" data-settings=\"{&quot;animation&quot;:&quot;fadeInUp&quot;}\">\n\t\t\t\t\t<div class=\"e-con-inner\">\n\t\t\t\t\t<\/div>\n\t\t\t\t<\/div>\n\t\t\t\t<\/div>\n\t\t<div class=\"elementor-element elementor-element-fdbe0f3 e-con-full elementor-hidden-mobile e-flex e-con e-parent\" data-id=\"fdbe0f3\" data-element_type=\"container\" data-e-type=\"container\" data-settings=\"{&quot;background_background&quot;:&quot;classic&quot;}\">\n\t\t<div class=\"elementor-element elementor-element-c4d27d6 e-flex e-con-boxed elementor-invisible e-con e-child\" data-id=\"c4d27d6\" data-element_type=\"container\" data-e-type=\"container\" data-settings=\"{&quot;animation&quot;:&quot;fadeIn&quot;}\">\n\t\t\t\t\t<div class=\"e-con-inner\">\n\t\t\t\t<div class=\"elementor-element elementor-element-1e5df84 elementor-widget elementor-widget-text-editor\" data-id=\"1e5df84\" data-element_type=\"widget\" data-e-type=\"widget\" data-widget_type=\"text-editor.default\">\n\t\t\t\t<div class=\"elementor-widget-container\">\n\t\t\t\t\t\t\t\t\t<p>Arl\u00e9s del Rio<br \/>Sin t\u00edtulo, de la serie Resilience, 2019 <br \/>Parafina y cera de abeja sobre lienzo <br \/>130 x 90 cm (51 x 35.4 in)<\/p>\t\t\t\t\t\t\t\t<\/div>\n\t\t\t\t<\/div>\n\t\t\t\t\t<\/div>\n\t\t\t\t<\/div>\n\t\t<div class=\"elementor-element elementor-element-7154095 e-flex e-con-boxed elementor-invisible e-con e-child\" data-id=\"7154095\" data-element_type=\"container\" data-e-type=\"container\" data-settings=\"{&quot;animation&quot;:&quot;fadeIn&quot;}\">\n\t\t\t\t\t<div class=\"e-con-inner\">\n\t\t\t\t\t<\/div>\n\t\t\t\t<\/div>\n\t\t<div class=\"elementor-element elementor-element-7e28de9 e-flex e-con-boxed elementor-invisible e-con e-child\" data-id=\"7e28de9\" data-element_type=\"container\" data-e-type=\"container\" data-settings=\"{&quot;animation&quot;:&quot;fadeIn&quot;}\">\n\t\t\t\t\t<div class=\"e-con-inner\">\n\t\t\t\t\t<\/div>\n\t\t\t\t<\/div>\n\t\t\t\t<\/div>\n\t\t\t\t<\/div>\n\t\t","protected":false},"excerpt":{"rendered":"<p>Arl\u00e9s del Rio La Habana, Cuba, 1975 Partiendo de mis experiencias como individuo dentro de la sociedad y mis reflexiones sobre la naturaleza del arte, juego con las asociaciones gr\u00e1ficas o conceptuales de todo fen\u00f3meno social, pol\u00edtico, y\/o cultural con materiales y objetos encontrados, los cuales manipulo, reproduzco o reinterpreto para encarnar ilusiones, utop\u00edas, cuestiones [&hellip;]<\/p>\n","protected":false},"author":1,"featured_media":7989,"parent":23,"menu_order":0,"comment_status":"closed","ping_status":"closed","template":"","meta":{"_acf_changed":false,"footnotes":"","_links_to":"","_links_to_target":""},"categories":[20],"tags":[],"class_list":["post-3189","page","type-page","status-publish","has-post-thumbnail","hentry","category-artistas","post","post-with-thumbnail","post-with-thumbnail-large"],"acf":[],"aioseo_notices":[],"_links":{"self":[{"href":"https:\/\/artapartamento.com\/it\/wp-json\/wp\/v2\/pages\/3189","targetHints":{"allow":["GET"]}}],"collection":[{"href":"https:\/\/artapartamento.com\/it\/wp-json\/wp\/v2\/pages"}],"about":[{"href":"https:\/\/artapartamento.com\/it\/wp-json\/wp\/v2\/types\/page"}],"author":[{"embeddable":true,"href":"https:\/\/artapartamento.com\/it\/wp-json\/wp\/v2\/users\/1"}],"replies":[{"embeddable":true,"href":"https:\/\/artapartamento.com\/it\/wp-json\/wp\/v2\/comments?post=3189"}],"version-history":[{"count":0,"href":"https:\/\/artapartamento.com\/it\/wp-json\/wp\/v2\/pages\/3189\/revisions"}],"up":[{"embeddable":true,"href":"https:\/\/artapartamento.com\/it\/wp-json\/wp\/v2\/pages\/23"}],"wp:featuredmedia":[{"embeddable":true,"href":"https:\/\/artapartamento.com\/it\/wp-json\/wp\/v2\/media\/7989"}],"wp:attachment":[{"href":"https:\/\/artapartamento.com\/it\/wp-json\/wp\/v2\/media?parent=3189"}],"wp:term":[{"taxonomy":"category","embeddable":true,"href":"https:\/\/artapartamento.com\/it\/wp-json\/wp\/v2\/categories?post=3189"},{"taxonomy":"post_tag","embeddable":true,"href":"https:\/\/artapartamento.com\/it\/wp-json\/wp\/v2\/tags?post=3189"}],"curies":[{"name":"wp","href":"https:\/\/api.w.org\/{rel}","templated":true}]}}