{"id":27,"date":"2023-08-15T20:09:29","date_gmt":"2023-08-15T18:09:29","guid":{"rendered":"https:\/\/artapartamento.com\/?page_id=27"},"modified":"2026-03-27T19:14:41","modified_gmt":"2026-03-27T18:14:41","slug":"fiere","status":"publish","type":"page","link":"https:\/\/artapartamento.com\/it\/ferias\/","title":{"rendered":"Fiere"},"content":{"rendered":"<div data-elementor-type=\"wp-page\" data-elementor-id=\"27\" class=\"elementor elementor-27\" data-elementor-post-type=\"page\">\n\t\t\t\t<div class=\"elementor-element elementor-element-5cf675f e-con-full e-flex e-con e-parent\" data-id=\"5cf675f\" data-element_type=\"container\" data-e-type=\"container\" data-settings=\"{&quot;background_background&quot;:&quot;classic&quot;}\">\n\t\t<div class=\"elementor-element elementor-element-6164c8e1 e-con-full e-flex e-con e-child\" data-id=\"6164c8e1\" data-element_type=\"container\" data-e-type=\"container\">\n\t\t\t\t<div class=\"elementor-element elementor-element-4e4c0a3d elementor-invisible elementor-widget elementor-widget-heading\" data-id=\"4e4c0a3d\" data-element_type=\"widget\" data-e-type=\"widget\" data-settings=\"{&quot;_animation&quot;:&quot;fadeInUp&quot;}\" data-widget_type=\"heading.default\">\n\t\t\t\t<div class=\"elementor-widget-container\">\n\t\t\t\t\t<h2 class=\"elementor-heading-title elementor-size-default\">fiere<\/h2>\t\t\t\t<\/div>\n\t\t\t\t<\/div>\n\t\t\t\t<\/div>\n\t\t\t\t<\/div>\n\t\t<div class=\"elementor-element elementor-element-eeafca0 e-con-full e-flex e-con e-parent\" data-id=\"eeafca0\" data-element_type=\"container\" data-e-type=\"container\" data-settings=\"{&quot;background_background&quot;:&quot;classic&quot;}\">\n\t\t\t\t<div class=\"elementor-element elementor-element-fafa470 elementor-invisible elementor-widget elementor-widget-heading\" data-id=\"fafa470\" data-element_type=\"widget\" data-e-type=\"widget\" data-settings=\"{&quot;_animation&quot;:&quot;fadeInUp&quot;}\" data-widget_type=\"heading.default\">\n\t\t\t\t<div class=\"elementor-widget-container\">\n\t\t\t\t\t<h2 class=\"elementor-heading-title elementor-size-default\">Prossimamente<\/h2>\t\t\t\t<\/div>\n\t\t\t\t<\/div>\n\t\t\t\t<\/div>\n\t\t<div class=\"elementor-element elementor-element-8d75fb7 e-con-full e-flex e-con e-parent\" data-id=\"8d75fb7\" data-element_type=\"container\" data-e-type=\"container\" data-settings=\"{&quot;background_background&quot;:&quot;classic&quot;}\">\n\t\t<div class=\"elementor-element elementor-element-6add98f e-con-full animated-slow e-flex elementor-invisible e-con e-child\" data-id=\"6add98f\" data-element_type=\"container\" data-e-type=\"container\" data-settings=\"{&quot;animation&quot;:&quot;fadeInUp&quot;}\">\n\t\t\t\t<div class=\"elementor-element elementor-element-166fad3 elementor-widget elementor-widget-image-carousel\" data-id=\"166fad3\" data-element_type=\"widget\" data-e-type=\"widget\" data-settings=\"{&quot;slides_to_show&quot;:&quot;1&quot;,&quot;navigation&quot;:&quot;none&quot;,&quot;pause_on_hover&quot;:&quot;no&quot;,&quot;pause_on_interaction&quot;:&quot;no&quot;,&quot;autoplay_speed&quot;:4000,&quot;speed&quot;:900,&quot;autoplay&quot;:&quot;yes&quot;,&quot;infinite&quot;:&quot;yes&quot;,&quot;effect&quot;:&quot;slide&quot;}\" data-widget_type=\"image-carousel.default\">\n\t\t\t\t<div class=\"elementor-widget-container\">\n\t\t\t\t\t\t\t<div class=\"elementor-image-carousel-wrapper swiper\" role=\"region\" aria-roledescription=\"carousel\" aria-label=\"Carosello di immagini\" dir=\"ltr\">\n\t\t\t<div class=\"elementor-image-carousel swiper-wrapper swiper-image-stretch\" aria-live=\"off\">\n\t\t\t\t\t\t\t\t<div class=\"swiper-slide\" role=\"group\" aria-roledescription=\"slide\" aria-label=\"1 of 1\" data-no-translation-aria-label=\"\"><a data-elementor-open-lightbox=\"yes\" data-elementor-lightbox-slideshow=\"166fad3\" data-e-action-hash=\"#elementor-action%3Aaction%3Dlightbox%26settings%3DeyJpZCI6MTk2ODEsInVybCI6Imh0dHBzOlwvXC9hcnRhcGFydGFtZW50by5jb21cL3dwLWNvbnRlbnRcL3VwbG9hZHNcLzIwMjZcLzAzXC9BUkNPTGlzYm9hLXNjYWxlZC5qcGcud2VicCIsInNsaWRlc2hvdyI6IjE2NmZhZDMifQ%3D%3D\" href=\"https:\/\/artapartamento.com\/it\/\"><figure class=\"swiper-slide-inner\"><img decoding=\"async\" class=\"swiper-slide-image\" src=\"https:\/\/artapartamento.com\/wp-content\/uploads\/2026\/03\/ARCOLisboa-scaled.jpg.webp\" alt=\"ARCOLisboa\" \/><\/figure><\/a><\/div>\t\t\t<\/div>\n\t\t\t\t\t<\/div>\n\t\t\t\t\t\t<\/div>\n\t\t\t\t<\/div>\n\t\t\t\t<div class=\"elementor-element elementor-element-2b6ce2d elementor-widget elementor-widget-heading\" data-id=\"2b6ce2d\" data-element_type=\"widget\" data-e-type=\"widget\" data-widget_type=\"heading.default\">\n\t\t\t\t<div class=\"elementor-widget-container\">\n\t\t\t\t\t<h2 class=\"elementor-heading-title elementor-size-default\">ARCOLisboa<\/h2>\t\t\t\t<\/div>\n\t\t\t\t<\/div>\n\t\t\t\t<div class=\"elementor-element elementor-element-4214e1e elementor-widget elementor-widget-text-editor\" data-id=\"4214e1e\" data-element_type=\"widget\" data-e-type=\"widget\" data-widget_type=\"text-editor.default\">\n\t\t\t\t<div class=\"elementor-widget-container\">\n\t\t\t\t\t\t\t\t\t<p>28-31 maggio<\/p><p>Cordoaria Nacional de Lisboa<\/p>\t\t\t\t\t\t\t\t<\/div>\n\t\t\t\t<\/div>\n\t\t\t\t<\/div>\n\t\t<div class=\"elementor-element elementor-element-a7fd664 e-con-full animated-slow e-flex elementor-invisible e-con e-child\" data-id=\"a7fd664\" data-element_type=\"container\" data-e-type=\"container\" data-settings=\"{&quot;animation&quot;:&quot;fadeInUp&quot;}\">\n\t\t\t\t<div class=\"elementor-element elementor-element-729be73 elementor-widget elementor-widget-image-carousel\" data-id=\"729be73\" data-element_type=\"widget\" data-e-type=\"widget\" data-settings=\"{&quot;slides_to_show&quot;:&quot;1&quot;,&quot;navigation&quot;:&quot;none&quot;,&quot;pause_on_hover&quot;:&quot;no&quot;,&quot;pause_on_interaction&quot;:&quot;no&quot;,&quot;autoplay_speed&quot;:4000,&quot;speed&quot;:900,&quot;autoplay&quot;:&quot;yes&quot;,&quot;infinite&quot;:&quot;yes&quot;,&quot;effect&quot;:&quot;slide&quot;}\" data-widget_type=\"image-carousel.default\">\n\t\t\t\t<div class=\"elementor-widget-container\">\n\t\t\t\t\t\t\t<div class=\"elementor-image-carousel-wrapper swiper\" role=\"region\" aria-roledescription=\"carousel\" aria-label=\"Carosello di immagini\" dir=\"ltr\">\n\t\t\t<div class=\"elementor-image-carousel swiper-wrapper swiper-image-stretch\" aria-live=\"off\">\n\t\t\t\t\t\t\t\t<div class=\"swiper-slide\" role=\"group\" aria-roledescription=\"slide\" aria-label=\"1 of 1\" data-no-translation-aria-label=\"\"><a data-elementor-open-lightbox=\"yes\" data-elementor-lightbox-slideshow=\"729be73\" data-e-action-hash=\"#elementor-action%3Aaction%3Dlightbox%26settings%3DeyJpZCI6MTYwMjMsInVybCI6Imh0dHBzOlwvXC9hcnRhcGFydGFtZW50by5jb21cL3dwLWNvbnRlbnRcL3VwbG9hZHNcLzIwMjVcLzA3XC9BU1BFTi1zY2FsZWQuanBnIiwic2xpZGVzaG93IjoiNzI5YmU3MyJ9\" href=\"https:\/\/artapartamento.com\/it\/equelecua\/\"><figure class=\"swiper-slide-inner\"><img decoding=\"async\" class=\"swiper-slide-image\" src=\"https:\/\/artapartamento.com\/wp-content\/uploads\/2025\/07\/ASPEN-scaled.jpg\" alt=\"La Fiera d&#039;Arte di Aspen_Logo\" \/><\/figure><\/a><\/div>\t\t\t<\/div>\n\t\t\t\t\t<\/div>\n\t\t\t\t\t\t<\/div>\n\t\t\t\t<\/div>\n\t\t\t\t<div class=\"elementor-element elementor-element-71b66ba elementor-widget elementor-widget-heading\" data-id=\"71b66ba\" data-element_type=\"widget\" data-e-type=\"widget\" data-widget_type=\"heading.default\">\n\t\t\t\t<div class=\"elementor-widget-container\">\n\t\t\t\t\t<h2 class=\"elementor-heading-title elementor-size-default\">LA FIERA D'ARTE DI ASPEN<\/h2>\t\t\t\t<\/div>\n\t\t\t\t<\/div>\n\t\t\t\t<div class=\"elementor-element elementor-element-3e84e7f elementor-widget elementor-widget-text-editor\" data-id=\"3e84e7f\" data-element_type=\"widget\" data-e-type=\"widget\" data-widget_type=\"text-editor.default\">\n\t\t\t\t<div class=\"elementor-widget-container\">\n\t\t\t\t\t\t\t\t\t<p>29 luglio - 1\u00b0 agosto<\/p><p>Hotel Jerome, Aspen, Colorado<\/p>\t\t\t\t\t\t\t\t<\/div>\n\t\t\t\t<\/div>\n\t\t\t\t<\/div>\n\t\t\t\t<\/div>\n\t\t<div class=\"elementor-element elementor-element-62359902 e-con-full e-flex e-con e-parent\" data-id=\"62359902\" data-element_type=\"container\" data-e-type=\"container\" data-settings=\"{&quot;background_background&quot;:&quot;classic&quot;}\">\n\t\t\t\t<div class=\"elementor-element elementor-element-31074efb elementor-invisible elementor-widget elementor-widget-heading\" data-id=\"31074efb\" data-element_type=\"widget\" data-e-type=\"widget\" data-settings=\"{&quot;_animation&quot;:&quot;fadeInUp&quot;}\" data-widget_type=\"heading.default\">\n\t\t\t\t<div class=\"elementor-widget-container\">\n\t\t\t\t\t<h2 class=\"elementor-heading-title elementor-size-default\">2026<\/h2>\t\t\t\t<\/div>\n\t\t\t\t<\/div>\n\t\t\t\t<div class=\"elementor-element elementor-element-6b8140ea elementor-widget elementor-widget-ucaddon_post_grid\" data-id=\"6b8140ea\" data-element_type=\"widget\" data-e-type=\"widget\" data-widget_type=\"ucaddon_post_grid.default\">\n\t\t\t\t<div class=\"elementor-widget-container\">\n\t\t\t\t\t<!-- start Post Grid -->\n\t\t<link id='font-awesome-css' href='https:\/\/artapartamento.com\/wp-content\/plugins\/unlimited-elements-for-elementor-premium\/assets_libraries\/font-awesome5\/css\/fontawesome-all.min.css' type='text\/css' rel='stylesheet' >\n\t\t<link id='font-awesome-4-shim-css' href='https:\/\/artapartamento.com\/wp-content\/plugins\/unlimited-elements-for-elementor-premium\/assets_libraries\/font-awesome5\/css\/fontawesome-v4-shims.css' type='text\/css' rel='stylesheet' >\n\n\t\t\t<style type=\"text\/css\">\/* widget: Post Grid *\/\n\n\t\t\t\r\n@keyframes uc_post_grid_elementor_6b8140ea__item-animation {\r\n  0% {\r\n                    \t\r\n        \t\t\t\t        \t\r\n    \t    opacity: 0;\r\n  }\r\n  100% {\r\n                        \r\n        \t            \r\n    \t\topacity: 1;\r\n  }\r\n}\r\n\t\t\t\r\n\t\t\t\r\n#uc_post_grid_elementor_6b8140ea .ue-item{\r\n\topacity:0;\r\n}\r\n\r\n\r\n#uc_post_grid_elementor_6b8140ea .uc-entrance-animate {\r\n  opacity:1;\r\n}\r\n\r\n#uc_post_grid_elementor_6b8140ea .uc-entrance-animate {\r\n\tanimation: uc_post_grid_elementor_6b8140ea__item-animation 0.8s cubic-bezier(0.470, 0.000, 0.745, 0.715) both;\r\n}\r\n\r\n\t\t\t\n\n#uc_post_grid_elementor_6b8140ea.uc_post_grid_style_one .uc_post_grid_style_one_wrap {\n   display:grid;\n}\n\n\n#uc_post_grid_elementor_6b8140ea .uc_post_grid_style_one_item\n{\n  overflow:hidden;\n  position:relative;\n}\n\n#uc_post_grid_elementor_6b8140ea .uc_post_image\n{\n  transition:0.3s;\n  position:relative;\n  overflow:hidden;\n}\n\n#uc_post_grid_elementor_6b8140ea .uc_post_image img\n{\n  width:100%;\n  display:block;\n  transition:0.3s;\n}\n\n\n\t#uc_post_grid_elementor_6b8140ea .ue-item:hover .uc_post_image img\n    {\n      transform:scale(1.1,1.1);\n    }\n\t\n\n\n\n\n\n\n#uc_post_grid_elementor_6b8140ea .uc_post_image_overlay\n{\n  position:absolute;\n  top:0px;\n  left:0px;\n  height:100%;\n  width:100%;\n  transition:0.3s;\n}\n\n#uc_post_grid_elementor_6b8140ea .uc_more_btn{\n\n  display:inline-block;\n  text-align:center;\n  text-decoration:none;\n  transition:0.3s;\n}\n\n.ue-grid-item-category a\n{\n  display:inline-block;\n  font-size:10px;\n  \n}\n\n.uc_post_title\n{\n  font-size:21px;\n}\n\n\n#uc_post_grid_elementor_6b8140ea .ue_post_grid_item\n{\n  display:flex;\n  flex-direction:column;\n}\n\n#uc_post_grid_elementor_6b8140ea.uc_post_grid_style_one .uc_content{\n flex-grow:1;\n}\n\n#uc_post_grid_elementor_6b8140ea.uc_post_grid_style_one .uc_content > div\n{\n  height:100%;\n  display:flex;\n  flex-direction:column;\n}\n\n#uc_post_grid_elementor_6b8140ea .uc_post_button\n{\n  margin-top:auto;\n}\n\n\n\n\n\n\n\n\n\n\n\n\n\n\n\n\n\n\n\n\n\n\n\n\n#uc_post_grid_elementor_6b8140ea .ue-meta-data\n{\n  \n  display:flex;\n\n  flex-wrap: wrap;\n  line-height:1em;\n}\n\n#uc_post_grid_elementor_6b8140ea .ue-grid-item-meta-data\n{\n      display:inline-flex;\n      align-items:center;\n}\n\n#uc_post_grid_elementor_6b8140ea .ue-grid-item-meta-data a{\n  color:inherit;\n}\n\n.ue-grid-item-meta-data\n{\n  font-size:12px;\n}\n\n#uc_post_grid_elementor_6b8140ea .ue-grid-item-meta-data-icon\n{\n  line-height:1em;\n}\n\n#uc_post_grid_elementor_6b8140ea .ue-grid-item-meta-data-icon svg\n{\n  width:1em;\n  height:1em;\n}\n\n#uc_post_grid_elementor_6b8140ea .ue-debug-meta\n{\n  padding:10px;\n  border:1px solid red;\n  position:relative;\n  line-height:1.5em;\n  font-size:11px;\n  width:100%;\n}\n\n#uc_post_grid_elementor_6b8140ea .uc_btn_inner\n{\n  display:inline-flex;\n  align-items:center;\n}\n\n#uc_post_grid_elementor_6b8140ea .uc_btn_inner svg\n{\n  width:1em;\n  height:1em;\n}\n\n\n\n\n\n<\/style>\n\n\t\t\t<div class=\"uc_post_grid_style_one\" id=\"uc_post_grid_elementor_6b8140ea\"  >\n\t\t<div class=\"uc_post_grid_style_one_wrap ue_post_grid uc-items-wrapper\">\n\t\t\t<div id=\"uc_post_grid_elementor_6b8140ea_item1\" class=\"uc_post_grid_style_one_item ue_post_grid_item ue-item\">\n  \n      <a class=\"uc_post_grid_style_one_image\" href='https:\/\/artapartamento.com\/it\/arcomadrid-2026\/' target=\"_self\">\n     <div class=\"uc_post_image\">\n     <img loading=\"lazy\" decoding=\"async\" src=\"https:\/\/artapartamento.com\/wp-content\/uploads\/2026\/03\/A_Invitacion_ARCOmadrid26_19.jpg.webp\"  alt=\"ARCOMadrid 2026\" width=\"1200\" height=\"800\">\n     <div class=\"uc_post_image_overlay\"><\/div>\n     <\/div>\n    <\/a>\n   \n  <div class=\"uc_content\">\n    <div>\n      \n             \n    \t        \t\t\t<div class=\"uc_post_title\"><a class=\"\" href='https:\/\/artapartamento.com\/it\/arcomadrid-2026\/' target=\"_self\"><div class=\"ue_p_title\">ARCOMadrid 2026<\/div><\/a><\/div>\n      \t  \t\n\t\t  \n      \t  <div class=\"ue-meta-data\">\n                        \n                        \n        \n\t\t\t\n                        \n                        \n                        \n                        \n            \t\t\t\n              \n            \n          <\/div>\n     \n     <div class=\"uc_post_text\">Miren Doiz, Leandro Feal, Diana Fonseca, Fuentesal Arenillas, Flavio Garciand\u00eda, Hell Gette, Miki Leal, Reynier Leyva Novo, Nacho Mart\u00edn Silva, Eduardo Ponju\u00e1n, L\u00e1zaro Saavedra, Juan Carlos Alom, Eloy Arribas, Jos\u00e9 Bedia, Los Brav\u00fa, Ariel Cabrera, Brenda Cabrera, Ariamna Contino, Ariamna Contino &amp; Alex Hern\u00e1ndez, Roberto Diago, Ra\u00fal D\u00edaz Reyes.<br><br>4 - 8 marzo 2026<\/div>     \t<\/div>\n  <\/div>\n<\/div>\n<div id=\"uc_post_grid_elementor_6b8140ea_item2\" class=\"uc_post_grid_style_one_item ue_post_grid_item ue-item\">\n  \n      <a class=\"uc_post_grid_style_one_image\" href='https:\/\/artapartamento.com\/it\/frieze-los-angeles\/' target=\"_self\">\n     <div class=\"uc_post_image\">\n     <img loading=\"lazy\" decoding=\"async\" src=\"https:\/\/artapartamento.com\/wp-content\/uploads\/2026\/03\/A_Invitacion_Frieze-LA-2026_03.jpg.webp\"  alt=\"FRIEZE LOS ANGELES\" width=\"1200\" height=\"800\">\n     <div class=\"uc_post_image_overlay\"><\/div>\n     <\/div>\n    <\/a>\n   \n  <div class=\"uc_content\">\n    <div>\n      \n             \n    \t        \t\t\t<div class=\"uc_post_title\"><a class=\"\" href='https:\/\/artapartamento.com\/it\/frieze-los-angeles\/' target=\"_self\"><div class=\"ue_p_title\">FRIEZE LOS ANGELES<\/div><\/a><\/div>\n      \t  \t\n\t\t  \n      \t  <div class=\"ue-meta-data\">\n                        \n                        \n        \n\t\t\t\n                        \n                        \n                        \n                        \n            \t\t\t\n              \n            \n          <\/div>\n     \n     <div class=\"uc_post_text\">Miki Leal <br><br>26 febbraio - 1\u00b0 marzo 2026<\/div>     \t<\/div>\n  <\/div>\n<\/div>\n\n\t\t<\/div>\n\t<\/div>\n\n\n\n  <div id=\"uc_post_grid_elementor_6b8140ea_empty_message\" class=\"ue-no-posts-found\"  style=\"display:none\" >Nessuna fiera disponibile al momento<\/div>\n\n\n\t\t\t<!-- end Post Grid -->\t\t\t\t<\/div>\n\t\t\t\t<\/div>\n\t\t\t\t<\/div>\n\t\t<div class=\"elementor-element elementor-element-a95d938 e-con-full e-flex e-con e-parent\" data-id=\"a95d938\" data-element_type=\"container\" data-e-type=\"container\" data-settings=\"{&quot;background_background&quot;:&quot;classic&quot;}\">\n\t\t\t\t<div class=\"elementor-element elementor-element-45eeb05 elementor-invisible elementor-widget elementor-widget-heading\" data-id=\"45eeb05\" data-element_type=\"widget\" data-e-type=\"widget\" data-settings=\"{&quot;_animation&quot;:&quot;fadeInUp&quot;}\" data-widget_type=\"heading.default\">\n\t\t\t\t<div class=\"elementor-widget-container\">\n\t\t\t\t\t<h2 class=\"elementor-heading-title elementor-size-default\">2025<\/h2>\t\t\t\t<\/div>\n\t\t\t\t<\/div>\n\t\t\t\t<div class=\"elementor-element elementor-element-8bc21c6 elementor-widget elementor-widget-ucaddon_post_grid\" data-id=\"8bc21c6\" data-element_type=\"widget\" data-e-type=\"widget\" data-widget_type=\"ucaddon_post_grid.default\">\n\t\t\t\t<div class=\"elementor-widget-container\">\n\t\t\t\t\t<!-- start Post Grid -->\n\n\t\t\t<style type=\"text\/css\">\/* widget: Post Grid *\/\n\n\t\t\t\r\n@keyframes uc_post_grid_elementor_8bc21c6__item-animation {\r\n  0% {\r\n                    \t\r\n        \t\t\t\t        \t\r\n    \t    opacity: 0;\r\n  }\r\n  100% {\r\n                        \r\n        \t            \r\n    \t\topacity: 1;\r\n  }\r\n}\r\n\t\t\t\r\n\t\t\t\r\n#uc_post_grid_elementor_8bc21c6 .ue-item{\r\n\topacity:0;\r\n}\r\n\r\n\r\n#uc_post_grid_elementor_8bc21c6 .uc-entrance-animate {\r\n  opacity:1;\r\n}\r\n\r\n#uc_post_grid_elementor_8bc21c6 .uc-entrance-animate {\r\n\tanimation: uc_post_grid_elementor_8bc21c6__item-animation 0.8s cubic-bezier(0.470, 0.000, 0.745, 0.715) both;\r\n}\r\n\r\n\t\t\t\n\n#uc_post_grid_elementor_8bc21c6.uc_post_grid_style_one .uc_post_grid_style_one_wrap {\n   display:grid;\n}\n\n\n#uc_post_grid_elementor_8bc21c6 .uc_post_grid_style_one_item\n{\n  overflow:hidden;\n  position:relative;\n}\n\n#uc_post_grid_elementor_8bc21c6 .uc_post_image\n{\n  transition:0.3s;\n  position:relative;\n  overflow:hidden;\n}\n\n#uc_post_grid_elementor_8bc21c6 .uc_post_image img\n{\n  width:100%;\n  display:block;\n  transition:0.3s;\n}\n\n\n\t#uc_post_grid_elementor_8bc21c6 .ue-item:hover .uc_post_image img\n    {\n      transform:scale(1.1,1.1);\n    }\n\t\n\n\n\n\n\n\n#uc_post_grid_elementor_8bc21c6 .uc_post_image_overlay\n{\n  position:absolute;\n  top:0px;\n  left:0px;\n  height:100%;\n  width:100%;\n  transition:0.3s;\n}\n\n#uc_post_grid_elementor_8bc21c6 .uc_more_btn{\n\n  display:inline-block;\n  text-align:center;\n  text-decoration:none;\n  transition:0.3s;\n}\n\n.ue-grid-item-category a\n{\n  display:inline-block;\n  font-size:10px;\n  \n}\n\n.uc_post_title\n{\n  font-size:21px;\n}\n\n\n#uc_post_grid_elementor_8bc21c6 .ue_post_grid_item\n{\n  display:flex;\n  flex-direction:column;\n}\n\n#uc_post_grid_elementor_8bc21c6.uc_post_grid_style_one .uc_content{\n flex-grow:1;\n}\n\n#uc_post_grid_elementor_8bc21c6.uc_post_grid_style_one .uc_content > div\n{\n  height:100%;\n  display:flex;\n  flex-direction:column;\n}\n\n#uc_post_grid_elementor_8bc21c6 .uc_post_button\n{\n  margin-top:auto;\n}\n\n\n\n\n\n\n\n\n\n\n\n\n\n\n\n\n\n\n\n\n\n\n\n\n#uc_post_grid_elementor_8bc21c6 .ue-meta-data\n{\n  \n  display:flex;\n\n  flex-wrap: wrap;\n  line-height:1em;\n}\n\n#uc_post_grid_elementor_8bc21c6 .ue-grid-item-meta-data\n{\n      display:inline-flex;\n      align-items:center;\n}\n\n#uc_post_grid_elementor_8bc21c6 .ue-grid-item-meta-data a{\n  color:inherit;\n}\n\n.ue-grid-item-meta-data\n{\n  font-size:12px;\n}\n\n#uc_post_grid_elementor_8bc21c6 .ue-grid-item-meta-data-icon\n{\n  line-height:1em;\n}\n\n#uc_post_grid_elementor_8bc21c6 .ue-grid-item-meta-data-icon svg\n{\n  width:1em;\n  height:1em;\n}\n\n#uc_post_grid_elementor_8bc21c6 .ue-debug-meta\n{\n  padding:10px;\n  border:1px solid red;\n  position:relative;\n  line-height:1.5em;\n  font-size:11px;\n  width:100%;\n}\n\n#uc_post_grid_elementor_8bc21c6 .uc_btn_inner\n{\n  display:inline-flex;\n  align-items:center;\n}\n\n#uc_post_grid_elementor_8bc21c6 .uc_btn_inner svg\n{\n  width:1em;\n  height:1em;\n}\n\n\n\n\n\n\n\n\n\n\n\n\n<\/style>\n\n\t\t\t<div class=\"uc_post_grid_style_one\" id=\"uc_post_grid_elementor_8bc21c6\"  >\n\t\t<div class=\"uc_post_grid_style_one_wrap ue_post_grid uc-items-wrapper\">\n\t\t\t<div id=\"uc_post_grid_elementor_8bc21c6_item1\" class=\"uc_post_grid_style_one_item ue_post_grid_item ue-item\">\n  \n      <a class=\"uc_post_grid_style_one_image\" href='https:\/\/artapartamento.com\/it\/art-basel-miami-beach-2025\/' target=\"_self\">\n     <div class=\"uc_post_image\">\n     <img loading=\"lazy\" decoding=\"async\" src=\"https:\/\/artapartamento.com\/wp-content\/uploads\/2025\/12\/A_Invitacion_ArtBaselMiamiBeach-2025_Orestes-Hernandez-01.jpg.webp\"  alt=\"COPERTINA ART BASEL MIAMI BEACH\" width=\"1200\" height=\"800\">\n     <div class=\"uc_post_image_overlay\"><\/div>\n     <\/div>\n    <\/a>\n   \n  <div class=\"uc_content\">\n    <div>\n      \n             \n    \t        \t\t\t<div class=\"uc_post_title\"><a class=\"\" href='https:\/\/artapartamento.com\/it\/art-basel-miami-beach-2025\/' target=\"_self\"><div class=\"ue_p_title\">ART BASEL MIAMI BEACH, 2025<\/div><\/a><\/div>\n      \t  \t\n\t\t  \n      \t  <div class=\"ue-meta-data\">\n                        \n                        \n        \n\t\t\t\n                        \n                        \n                        \n                        \n            \t\t\t\n              \n            \n          <\/div>\n     \n     <div class=\"uc_post_text\">Ariamna Contino, Roberto Diago, Diana Fonseca, Orestes Hern\u00e1ndez, Miki Leal <br><br>5-7 dicembre 2025<\/div>     \t<\/div>\n  <\/div>\n<\/div>\n<div id=\"uc_post_grid_elementor_8bc21c6_item2\" class=\"uc_post_grid_style_one_item ue_post_grid_item ue-item\">\n  \n      <a class=\"uc_post_grid_style_one_image\" href='https:\/\/artapartamento.com\/it\/frieze-london-2025\/' target=\"_self\">\n     <div class=\"uc_post_image\">\n     <img loading=\"lazy\" decoding=\"async\" src=\"https:\/\/artapartamento.com\/wp-content\/uploads\/2025\/10\/A_Invitacion_Frieze-London-2025_01.jpg.webp\"  alt=\"FRIEZE LONDRA 2025\" width=\"1200\" height=\"800\">\n     <div class=\"uc_post_image_overlay\"><\/div>\n     <\/div>\n    <\/a>\n   \n  <div class=\"uc_content\">\n    <div>\n      \n             \n    \t        \t\t\t<div class=\"uc_post_title\"><a class=\"\" href='https:\/\/artapartamento.com\/it\/frieze-london-2025\/' target=\"_self\"><div class=\"ue_p_title\">FRIEZE LONDON, 2025<\/div><\/a><\/div>\n      \t  \t\n\t\t  \n      \t  <div class=\"ue-meta-data\">\n                        \n                        \n        \n\t\t\t\n                        \n                        \n                        \n                        \n            \t\t\t\n              \n            \n          <\/div>\n     \n     <div class=\"uc_post_text\">Ariamna Contino e Alex Hern\u00e1ndez <br><br>15 - 19 ottobre 2025<\/div>     \t<\/div>\n  <\/div>\n<\/div>\n<div id=\"uc_post_grid_elementor_8bc21c6_item3\" class=\"uc_post_grid_style_one_item ue_post_grid_item ue-item\">\n  \n      <a class=\"uc_post_grid_style_one_image\" href='https:\/\/artapartamento.com\/it\/untitled-art-houston-2025\/' target=\"_self\">\n     <div class=\"uc_post_image\">\n     <img loading=\"lazy\" decoding=\"async\" src=\"https:\/\/artapartamento.com\/wp-content\/uploads\/2025\/10\/A_Invitacion_UH2025_Reynier-Leyva-Novo_02.jpg.webp\"  alt=\"Arte senza titolo Houston\" width=\"1200\" height=\"800\">\n     <div class=\"uc_post_image_overlay\"><\/div>\n     <\/div>\n    <\/a>\n   \n  <div class=\"uc_content\">\n    <div>\n      \n             \n    \t        \t\t\t<div class=\"uc_post_title\"><a class=\"\" href='https:\/\/artapartamento.com\/it\/untitled-art-houston-2025\/' target=\"_self\"><div class=\"ue_p_title\">Arte senza titolo Houston, 2025<\/div><\/a><\/div>\n      \t  \t\n\t\t  \n      \t  <div class=\"ue-meta-data\">\n                        \n                        \n        \n\t\t\t\n                        \n                        \n                        \n                        \n            \t\t\t\n              \n            \n          <\/div>\n     \n     <div class=\"uc_post_text\">Roberto Diago, Miki Leal, Reynier Leyva Novo <br><br><br><br>\n19 - 21 settembre 2025<\/div>     \t<\/div>\n  <\/div>\n<\/div>\n<div id=\"uc_post_grid_elementor_8bc21c6_item4\" class=\"uc_post_grid_style_one_item ue_post_grid_item ue-item\">\n  \n      <a class=\"uc_post_grid_style_one_image\" href='https:\/\/artapartamento.com\/it\/the-armory-show-2025\/' target=\"_self\">\n     <div class=\"uc_post_image\">\n     <img loading=\"lazy\" decoding=\"async\" src=\"https:\/\/artapartamento.com\/wp-content\/uploads\/2025\/09\/A_Invitacion_TheArmoryShow2025-01.jpg.webp\"  alt=\"La mostra Armory 2025\" width=\"1200\" height=\"800\">\n     <div class=\"uc_post_image_overlay\"><\/div>\n     <\/div>\n    <\/a>\n   \n  <div class=\"uc_content\">\n    <div>\n      \n             \n    \t        \t\t\t<div class=\"uc_post_title\"><a class=\"\" href='https:\/\/artapartamento.com\/it\/the-armory-show-2025\/' target=\"_self\"><div class=\"ue_p_title\">Mostra Armory, 2025<\/div><\/a><\/div>\n      \t  \t\n\t\t  \n      \t  <div class=\"ue-meta-data\">\n                        \n                        \n        \n\t\t\t\n                        \n                        \n                        \n                        \n            \t\t\t\n              \n            \n          <\/div>\n     \n     <div class=\"uc_post_text\">Roberto Diago <br><br><br><br>\n5 - 7 settembre 2025<\/div>     \t<\/div>\n  <\/div>\n<\/div>\n<div id=\"uc_post_grid_elementor_8bc21c6_item5\" class=\"uc_post_grid_style_one_item ue_post_grid_item ue-item\">\n  \n      <a class=\"uc_post_grid_style_one_image\" href='https:\/\/artapartamento.com\/it\/the-aspen-art-fair\/' target=\"_self\">\n     <div class=\"uc_post_image\">\n     <img loading=\"lazy\" decoding=\"async\" src=\"https:\/\/artapartamento.com\/wp-content\/uploads\/2025\/08\/A_Invitacion_TheAspenArtFair2025_Carlos-Garaicoa.jpg.webp\"  alt=\"La Fiera d&#039;arte di Aspen 2025\" width=\"1200\" height=\"800\">\n     <div class=\"uc_post_image_overlay\"><\/div>\n     <\/div>\n    <\/a>\n   \n  <div class=\"uc_content\">\n    <div>\n      \n             \n    \t        \t\t\t<div class=\"uc_post_title\"><a class=\"\" href='https:\/\/artapartamento.com\/it\/the-aspen-art-fair\/' target=\"_self\"><div class=\"ue_p_title\">LA FIERA D'ARTE DI ASPEN, 2025<\/div><\/a><\/div>\n      \t  \t\n\t\t  \n      \t  <div class=\"ue-meta-data\">\n                        \n                        \n        \n\t\t\t\n                        \n                        \n                        \n                        \n            \t\t\t\n              \n            \n          <\/div>\n     \n     <div class=\"uc_post_text\">Eloy Arribas, Jos\u00e9 Bedia, Ariamna Contino, Roberto Diago, Carlos Garaicoa, Miki Leal <br><br><br>\n29 luglio - 2 agosto 2025<\/div>     \t<\/div>\n  <\/div>\n<\/div>\n<div id=\"uc_post_grid_elementor_8bc21c6_item6\" class=\"uc_post_grid_style_one_item ue_post_grid_item ue-item\">\n  \n      <a class=\"uc_post_grid_style_one_image\" href='https:\/\/artapartamento.com\/it\/arcolisboa\/' target=\"_self\">\n     <div class=\"uc_post_image\">\n     <img loading=\"lazy\" decoding=\"async\" src=\"https:\/\/artapartamento.com\/wp-content\/uploads\/2025\/06\/El-Apartamento_Invitacion_ARCOlisboa2025-7-scaled.jpg.webp\"  alt=\"ARCOlisboa\" width=\"2560\" height=\"1711\">\n     <div class=\"uc_post_image_overlay\"><\/div>\n     <\/div>\n    <\/a>\n   \n  <div class=\"uc_content\">\n    <div>\n      \n             \n    \t        \t\t\t<div class=\"uc_post_title\"><a class=\"\" href='https:\/\/artapartamento.com\/it\/arcolisboa\/' target=\"_self\"><div class=\"ue_p_title\">ARCOlisbona, 2025<\/div><\/a><\/div>\n      \t  \t\n\t\t  \n      \t  <div class=\"ue-meta-data\">\n                        \n                        \n        \n\t\t\t\n                        \n                        \n                        \n                        \n            \t\t\t\n              \n            \n          <\/div>\n     \n     <div class=\"uc_post_text\">Miki Leal <br><br><br><br>\n29 maggio - 1\u00b0 giugno 2025<\/div>     \t<\/div>\n  <\/div>\n<\/div>\n<div id=\"uc_post_grid_elementor_8bc21c6_item7\" class=\"uc_post_grid_style_one_item ue_post_grid_item ue-item\">\n  \n      <a class=\"uc_post_grid_style_one_image\" href='https:\/\/artapartamento.com\/it\/nada-new-york\/' target=\"_self\">\n     <div class=\"uc_post_image\">\n     <img loading=\"lazy\" decoding=\"async\" src=\"https:\/\/artapartamento.com\/wp-content\/uploads\/2025\/06\/A_Invitacion_NADA-NY-2025-E.jpg.webp\"  alt=\"NADA NEW YORK\" width=\"1200\" height=\"800\">\n     <div class=\"uc_post_image_overlay\"><\/div>\n     <\/div>\n    <\/a>\n   \n  <div class=\"uc_content\">\n    <div>\n      \n             \n    \t        \t\t\t<div class=\"uc_post_title\"><a class=\"\" href='https:\/\/artapartamento.com\/it\/nada-new-york\/' target=\"_self\"><div class=\"ue_p_title\">NADA New York<\/div><\/a><\/div>\n      \t  \t\n\t\t  \n      \t  <div class=\"ue-meta-data\">\n                        \n                        \n        \n\t\t\t\n                        \n                        \n                        \n                        \n            \t\t\t\n              \n            \n          <\/div>\n     \n     <div class=\"uc_post_text\">Eloy Arribas <br><br><br><br>\n7 - 11 maggio 2025<\/div>     \t<\/div>\n  <\/div>\n<\/div>\n<div id=\"uc_post_grid_elementor_8bc21c6_item8\" class=\"uc_post_grid_style_one_item ue_post_grid_item ue-item\">\n  \n      <a class=\"uc_post_grid_style_one_image\" href='https:\/\/artapartamento.com\/it\/ferias\/arcomadrid-2025\/' target=\"_self\">\n     <div class=\"uc_post_image\">\n     <img loading=\"lazy\" decoding=\"async\" src=\"https:\/\/artapartamento.com\/wp-content\/uploads\/2025\/03\/A_Invitacion_ARCOmadrid25_Jose-Bedia.jpg.webp\"  alt=\"Arcomadrid 2025\" width=\"1200\" height=\"800\">\n     <div class=\"uc_post_image_overlay\"><\/div>\n     <\/div>\n    <\/a>\n   \n  <div class=\"uc_content\">\n    <div>\n      \n             \n    \t        \t\t\t<div class=\"uc_post_title\"><a class=\"\" href='https:\/\/artapartamento.com\/it\/ferias\/arcomadrid-2025\/' target=\"_self\"><div class=\"ue_p_title\">ARCOmadrid, 2025<\/div><\/a><\/div>\n      \t  \t\n\t\t  \n      \t  <div class=\"ue-meta-data\">\n                        \n                        \n        \n\t\t\t\n                        \n                        \n                        \n                        \n            \t\t\t\n              \n            \n          <\/div>\n     \n     <div class=\"uc_post_text\">Jos\u00e9 Bedia - Los Brav\u00fa - Ariamna Contino - Roberto Diago - Leandro Feal - Diana Fonseca - Alex Hern\u00e1ndez y Ariamna Contino - Miki Leal - Eduardo Ponju\u00e1n - Reynier Leyva Novo <br><br>\n6 - 10 marzo 2025\n<\/div>     \t<\/div>\n  <\/div>\n<\/div>\n<div id=\"uc_post_grid_elementor_8bc21c6_item9\" class=\"uc_post_grid_style_one_item ue_post_grid_item ue-item\">\n  \n      <a class=\"uc_post_grid_style_one_image\" href='https:\/\/artapartamento.com\/it\/ferias\/felix-art-fair-2025\/' target=\"_self\">\n     <div class=\"uc_post_image\">\n     <img loading=\"lazy\" decoding=\"async\" src=\"https:\/\/artapartamento.com\/wp-content\/uploads\/2025\/03\/A_Invitacion_FelixArtFair2025.jpg.webp\"  alt=\"Fiera d&#039;arte Felix 2025\" width=\"1200\" height=\"800\">\n     <div class=\"uc_post_image_overlay\"><\/div>\n     <\/div>\n    <\/a>\n   \n  <div class=\"uc_content\">\n    <div>\n      \n             \n    \t        \t\t\t<div class=\"uc_post_title\"><a class=\"\" href='https:\/\/artapartamento.com\/it\/ferias\/felix-art-fair-2025\/' target=\"_self\"><div class=\"ue_p_title\">Felix Art Fair, 2025<\/div><\/a><\/div>\n      \t  \t\n\t\t  \n      \t  <div class=\"ue-meta-data\">\n                        \n                        \n        \n\t\t\t\n                        \n                        \n                        \n                        \n            \t\t\t\n              \n            \n          <\/div>\n     \n     <div class=\"uc_post_text\">Eloy Arribas - Ariamna Contino - Arl\u00e9s del R\u00edo - Roberto Diago - Carlos Garaicoa - Roc\u00edo Garc\u00eda - Diana Fonseca - Los Brav\u00fa - Nacho Mart\u00edn Silva <br><br>\n19 - 23 febbraio 2025\n<\/div>     \t<\/div>\n  <\/div>\n<\/div>\n\n\t\t<\/div>\n\t<\/div>\n\n\n\n  <div id=\"uc_post_grid_elementor_8bc21c6_empty_message\" class=\"ue-no-posts-found\"  style=\"display:none\" >Nessun post trovato<\/div>\n\n\n\t\t\t<!-- end Post Grid -->\t\t\t\t<\/div>\n\t\t\t\t<\/div>\n\t\t\t\t<\/div>\n\t\t<div class=\"elementor-element elementor-element-076868d e-con-full e-flex e-con e-parent\" data-id=\"076868d\" data-element_type=\"container\" data-e-type=\"container\" data-settings=\"{&quot;background_background&quot;:&quot;classic&quot;}\">\n\t\t\t\t<div class=\"elementor-element elementor-element-e42fd64 elementor-invisible elementor-widget elementor-widget-heading\" data-id=\"e42fd64\" data-element_type=\"widget\" data-e-type=\"widget\" data-settings=\"{&quot;_animation&quot;:&quot;fadeInUp&quot;}\" data-widget_type=\"heading.default\">\n\t\t\t\t<div class=\"elementor-widget-container\">\n\t\t\t\t\t<h2 class=\"elementor-heading-title elementor-size-default\">2024<\/h2>\t\t\t\t<\/div>\n\t\t\t\t<\/div>\n\t\t\t\t<div class=\"elementor-element elementor-element-b008b6a elementor-widget elementor-widget-ucaddon_post_grid\" data-id=\"b008b6a\" data-element_type=\"widget\" data-e-type=\"widget\" data-widget_type=\"ucaddon_post_grid.default\">\n\t\t\t\t<div class=\"elementor-widget-container\">\n\t\t\t\t\t<!-- start Post Grid -->\n\n\t\t\t<style type=\"text\/css\">\/* widget: Post Grid *\/\n\n\t\t\t\r\n@keyframes uc_post_grid_elementor_b008b6a__item-animation {\r\n  0% {\r\n                    \t\r\n        \t\t\t\t        \t\r\n    \t    opacity: 0;\r\n  }\r\n  100% {\r\n                        \r\n        \t            \r\n    \t\topacity: 1;\r\n  }\r\n}\r\n\t\t\t\r\n\t\t\t\r\n#uc_post_grid_elementor_b008b6a .ue-item{\r\n\topacity:0;\r\n}\r\n\r\n\r\n#uc_post_grid_elementor_b008b6a .uc-entrance-animate {\r\n  opacity:1;\r\n}\r\n\r\n#uc_post_grid_elementor_b008b6a .uc-entrance-animate {\r\n\tanimation: uc_post_grid_elementor_b008b6a__item-animation 0.8s cubic-bezier(0.470, 0.000, 0.745, 0.715) both;\r\n}\r\n\r\n\t\t\t\n\n#uc_post_grid_elementor_b008b6a.uc_post_grid_style_one .uc_post_grid_style_one_wrap {\n   display:grid;\n}\n\n\n#uc_post_grid_elementor_b008b6a .uc_post_grid_style_one_item\n{\n  overflow:hidden;\n  position:relative;\n}\n\n#uc_post_grid_elementor_b008b6a .uc_post_image\n{\n  transition:0.3s;\n  position:relative;\n  overflow:hidden;\n}\n\n#uc_post_grid_elementor_b008b6a .uc_post_image img\n{\n  width:100%;\n  display:block;\n  transition:0.3s;\n}\n\n\n\t#uc_post_grid_elementor_b008b6a .ue-item:hover .uc_post_image img\n    {\n      transform:scale(1.1,1.1);\n    }\n\t\n\n\n\n\n\n\n#uc_post_grid_elementor_b008b6a .uc_post_image_overlay\n{\n  position:absolute;\n  top:0px;\n  left:0px;\n  height:100%;\n  width:100%;\n  transition:0.3s;\n}\n\n#uc_post_grid_elementor_b008b6a .uc_more_btn{\n\n  display:inline-block;\n  text-align:center;\n  text-decoration:none;\n  transition:0.3s;\n}\n\n.ue-grid-item-category a\n{\n  display:inline-block;\n  font-size:10px;\n  \n}\n\n.uc_post_title\n{\n  font-size:21px;\n}\n\n\n#uc_post_grid_elementor_b008b6a .ue_post_grid_item\n{\n  display:flex;\n  flex-direction:column;\n}\n\n#uc_post_grid_elementor_b008b6a.uc_post_grid_style_one .uc_content{\n flex-grow:1;\n}\n\n#uc_post_grid_elementor_b008b6a.uc_post_grid_style_one .uc_content > div\n{\n  height:100%;\n  display:flex;\n  flex-direction:column;\n}\n\n#uc_post_grid_elementor_b008b6a .uc_post_button\n{\n  margin-top:auto;\n}\n\n\n\n\n\n\n\n\n\n\n\n\n\n\n\n\n\n\n\n\n\n\n\n\n#uc_post_grid_elementor_b008b6a .ue-meta-data\n{\n  \n  display:flex;\n\n  flex-wrap: wrap;\n  line-height:1em;\n}\n\n#uc_post_grid_elementor_b008b6a .ue-grid-item-meta-data\n{\n      display:inline-flex;\n      align-items:center;\n}\n\n#uc_post_grid_elementor_b008b6a .ue-grid-item-meta-data a{\n  color:inherit;\n}\n\n.ue-grid-item-meta-data\n{\n  font-size:12px;\n}\n\n#uc_post_grid_elementor_b008b6a .ue-grid-item-meta-data-icon\n{\n  line-height:1em;\n}\n\n#uc_post_grid_elementor_b008b6a .ue-grid-item-meta-data-icon svg\n{\n  width:1em;\n  height:1em;\n}\n\n#uc_post_grid_elementor_b008b6a .ue-debug-meta\n{\n  padding:10px;\n  border:1px solid red;\n  position:relative;\n  line-height:1.5em;\n  font-size:11px;\n  width:100%;\n}\n\n#uc_post_grid_elementor_b008b6a .uc_btn_inner\n{\n  display:inline-flex;\n  align-items:center;\n}\n\n#uc_post_grid_elementor_b008b6a .uc_btn_inner svg\n{\n  width:1em;\n  height:1em;\n}\n\n\n\n\n\n\n\n\n\n\n\n\n<\/style>\n\n\t\t\t<div class=\"uc_post_grid_style_one\" id=\"uc_post_grid_elementor_b008b6a\"  >\n\t\t<div class=\"uc_post_grid_style_one_wrap ue_post_grid uc-items-wrapper\">\n\t\t\t<div id=\"uc_post_grid_elementor_b008b6a_item1\" class=\"uc_post_grid_style_one_item ue_post_grid_item ue-item\">\n  \n      <a class=\"uc_post_grid_style_one_image\" href='https:\/\/artapartamento.com\/it\/ferias\/untitled-art-2024\/' target=\"_self\">\n     <div class=\"uc_post_image\">\n     <img loading=\"lazy\" decoding=\"async\" src=\"https:\/\/artapartamento.com\/wp-content\/uploads\/2025\/01\/Sin-titulo-1-scaled.jpg.webp\"  alt=\"Senza titolo Arte 2024\" width=\"2560\" height=\"1718\">\n     <div class=\"uc_post_image_overlay\"><\/div>\n     <\/div>\n    <\/a>\n   \n  <div class=\"uc_content\">\n    <div>\n      \n             \n    \t        \t\t\t<div class=\"uc_post_title\"><a class=\"\" href='https:\/\/artapartamento.com\/it\/ferias\/untitled-art-2024\/' target=\"_self\"><div class=\"ue_p_title\">Untitled Art, 2024<\/div><\/a><\/div>\n      \t  \t\n\t\t  \n      \t  <div class=\"ue-meta-data\">\n                        \n                        \n        \n\t\t\t\n                        \n                        \n                        \n                        \n            \t\t\t\n              \n            \n          <\/div>\n     \n     <div class=\"uc_post_text\">Eloy Arribas - Ariel Cabrera - Ariamna Contino - Roberto Diago - Carlos Garaicoa - Flavio Garciand\u00eda - Fuentesal Arenillas - Miki Leal - Los Brav\u00fa - Eduardo Ponju\u00e1n <br><br>\n4 - 8 dicembre 2024<\/div>     \t<\/div>\n  <\/div>\n<\/div>\n<div id=\"uc_post_grid_elementor_b008b6a_item2\" class=\"uc_post_grid_style_one_item ue_post_grid_item ue-item\">\n  \n      <a class=\"uc_post_grid_style_one_image\" href='https:\/\/artapartamento.com\/it\/ferias\/artissima-2024\/' target=\"_self\">\n     <div class=\"uc_post_image\">\n     <img loading=\"lazy\" decoding=\"async\" src=\"https:\/\/artapartamento.com\/wp-content\/uploads\/2024\/11\/A_Invitacion_Artissima-2024_01.jpg.webp\"  alt=\"Artissima\" width=\"1200\" height=\"800\">\n     <div class=\"uc_post_image_overlay\"><\/div>\n     <\/div>\n    <\/a>\n   \n  <div class=\"uc_content\">\n    <div>\n      \n             \n    \t        \t\t\t<div class=\"uc_post_title\"><a class=\"\" href='https:\/\/artapartamento.com\/it\/ferias\/artissima-2024\/' target=\"_self\"><div class=\"ue_p_title\">ARTISSIMA, 2024<\/div><\/a><\/div>\n      \t  \t\n\t\t  \n      \t  <div class=\"ue-meta-data\">\n                        \n                        \n        \n\t\t\t\n                        \n                        \n                        \n                        \n            \t\t\t\n              \n            \n          <\/div>\n     \n     <div class=\"uc_post_text\">Il Brav\u00f9 <br><br>1 - 3 novembre 2024<\/div>     \t<\/div>\n  <\/div>\n<\/div>\n<div id=\"uc_post_grid_elementor_b008b6a_item3\" class=\"uc_post_grid_style_one_item ue_post_grid_item ue-item\">\n  \n      <a class=\"uc_post_grid_style_one_image\" href='https:\/\/artapartamento.com\/it\/ferias\/frieze-london-2024\/' target=\"_self\">\n     <div class=\"uc_post_image\">\n     <img loading=\"lazy\" decoding=\"async\" src=\"https:\/\/artapartamento.com\/wp-content\/uploads\/2024\/10\/A_Invitacion_Frieze-London-2024_01.jpg.webp\"  alt=\"FRIEZE LONDRA\" width=\"1200\" height=\"800\">\n     <div class=\"uc_post_image_overlay\"><\/div>\n     <\/div>\n    <\/a>\n   \n  <div class=\"uc_content\">\n    <div>\n      \n             \n    \t        \t\t\t<div class=\"uc_post_title\"><a class=\"\" href='https:\/\/artapartamento.com\/it\/ferias\/frieze-london-2024\/' target=\"_self\"><div class=\"ue_p_title\">FRIEZE LONDON, 2024<\/div><\/a><\/div>\n      \t  \t\n\t\t  \n      \t  <div class=\"ue-meta-data\">\n                        \n                        \n        \n\t\t\t\n                        \n                        \n                        \n                        \n            \t\t\t\n              \n            \n          <\/div>\n     \n     <div class=\"uc_post_text\">Fuentesal Arenillas <br><br>9 - 13 ottobre 2024<\/div>     \t<\/div>\n  <\/div>\n<\/div>\n<div id=\"uc_post_grid_elementor_b008b6a_item4\" class=\"uc_post_grid_style_one_item ue_post_grid_item ue-item\">\n  \n      <a class=\"uc_post_grid_style_one_image\" href='https:\/\/artapartamento.com\/it\/ferias\/mira-art-fair-2024\/' target=\"_self\">\n     <div class=\"uc_post_image\">\n     <img loading=\"lazy\" decoding=\"async\" src=\"https:\/\/artapartamento.com\/wp-content\/uploads\/2024\/09\/A_Invitacion_MIRA2024_Alex-Hernandez.jpg.webp\"  alt=\"FIERA D&#039;ARTE DI MIRA\" width=\"1200\" height=\"800\">\n     <div class=\"uc_post_image_overlay\"><\/div>\n     <\/div>\n    <\/a>\n   \n  <div class=\"uc_content\">\n    <div>\n      \n             \n    \t        \t\t\t<div class=\"uc_post_title\"><a class=\"\" href='https:\/\/artapartamento.com\/it\/ferias\/mira-art-fair-2024\/' target=\"_self\"><div class=\"ue_p_title\">MIRA ART FAIR, 2024<\/div><\/a><\/div>\n      \t  \t\n\t\t  \n      \t  <div class=\"ue-meta-data\">\n                        \n                        \n        \n\t\t\t\n                        \n                        \n                        \n                        \n            \t\t\t\n              \n            \n          <\/div>\n     \n     <div class=\"uc_post_text\">Juan Carlos Alom - Ariel Cabrera - Roberto Diago - Diana Fonseca - Alex Hern\u00e1ndez - Pablo Linsambarth <br><br>18 - 22 settembre 2024<\/div>     \t<\/div>\n  <\/div>\n<\/div>\n<div id=\"uc_post_grid_elementor_b008b6a_item5\" class=\"uc_post_grid_style_one_item ue_post_grid_item ue-item\">\n  \n      <a class=\"uc_post_grid_style_one_image\" href='https:\/\/artapartamento.com\/it\/ferias\/the-armory-show-2024\/' target=\"_self\">\n     <div class=\"uc_post_image\">\n     <img loading=\"lazy\" decoding=\"async\" src=\"https:\/\/artapartamento.com\/wp-content\/uploads\/2024\/09\/A_Invitacion_TAS2024_Orestes-Hernandez-2.jpg.webp\"  alt=\"A_Invito_TAS2024_Orestes-Hernandez-2\" width=\"1200\" height=\"800\">\n     <div class=\"uc_post_image_overlay\"><\/div>\n     <\/div>\n    <\/a>\n   \n  <div class=\"uc_content\">\n    <div>\n      \n             \n    \t        \t\t\t<div class=\"uc_post_title\"><a class=\"\" href='https:\/\/artapartamento.com\/it\/ferias\/the-armory-show-2024\/' target=\"_self\"><div class=\"ue_p_title\">The Armory Show, 2024<\/div><\/a><\/div>\n      \t  \t\n\t\t  \n      \t  <div class=\"ue-meta-data\">\n                        \n                        \n        \n\t\t\t\n                        \n                        \n                        \n                        \n            \t\t\t\n              \n            \n          <\/div>\n     \n     <div class=\"uc_post_text\">Orestes Hern\u00e1ndez -Nacho Mart\u00edn Silva <br><br>\n6 - 8 settembre 2024<\/div>     \t<\/div>\n  <\/div>\n<\/div>\n<div id=\"uc_post_grid_elementor_b008b6a_item6\" class=\"uc_post_grid_style_one_item ue_post_grid_item ue-item\">\n  \n      <a class=\"uc_post_grid_style_one_image\" href='https:\/\/artapartamento.com\/it\/ferias\/the-aspen-art-fair-2024\/' target=\"_self\">\n     <div class=\"uc_post_image\">\n     <img loading=\"lazy\" decoding=\"async\" src=\"https:\/\/artapartamento.com\/wp-content\/uploads\/2024\/07\/A_Invitacion_AspenArtFair2024_Carlos-Garaicoa_2.jpg.webp\"  alt=\"A_Invito_AspenArtFair2024_Carlos-Garaicoa_2\" width=\"1500\" height=\"1133\">\n     <div class=\"uc_post_image_overlay\"><\/div>\n     <\/div>\n    <\/a>\n   \n  <div class=\"uc_content\">\n    <div>\n      \n             \n    \t        \t\t\t<div class=\"uc_post_title\"><a class=\"\" href='https:\/\/artapartamento.com\/it\/ferias\/the-aspen-art-fair-2024\/' target=\"_self\"><div class=\"ue_p_title\">The Aspen Art Fair, 2024<\/div><\/a><\/div>\n      \t  \t\n\t\t  \n      \t  <div class=\"ue-meta-data\">\n                        \n                        \n        \n\t\t\t\n                        \n                        \n                        \n                        \n            \t\t\t\n              \n            \n          <\/div>\n     \n     <div class=\"uc_post_text\">Ariamna Contino - Roberto Diago - Diana Fonseca - Carlos Garaicoa - Eduardo Ponju\u00e1n <br><br>\n29 luglio - 2 agosto 2024<\/div>     \t<\/div>\n  <\/div>\n<\/div>\n<div id=\"uc_post_grid_elementor_b008b6a_item7\" class=\"uc_post_grid_style_one_item ue_post_grid_item ue-item\">\n  \n      <a class=\"uc_post_grid_style_one_image\" href='https:\/\/artapartamento.com\/it\/ferias\/expo-chicago-2024\/' target=\"_self\">\n     <div class=\"uc_post_image\">\n     <img loading=\"lazy\" decoding=\"async\" src=\"https:\/\/artapartamento.com\/wp-content\/uploads\/2024\/04\/El-Apartamento_Invitacion_EXPO-CHGO-2024_2.jpg.webp\"  alt=\"Expo Chicago 2024\" width=\"1200\" height=\"800\">\n     <div class=\"uc_post_image_overlay\"><\/div>\n     <\/div>\n    <\/a>\n   \n  <div class=\"uc_content\">\n    <div>\n      \n             \n    \t        \t\t\t<div class=\"uc_post_title\"><a class=\"\" href='https:\/\/artapartamento.com\/it\/ferias\/expo-chicago-2024\/' target=\"_self\"><div class=\"ue_p_title\">EXPO CHICAGO, 2024<\/div><\/a><\/div>\n      \t  \t\n\t\t  \n      \t  <div class=\"ue-meta-data\">\n                        \n                        \n        \n\t\t\t\n                        \n                        \n                        \n                        \n            \t\t\t\n              \n            \n          <\/div>\n     \n     <div class=\"uc_post_text\">Ariel Cabrera<br><br>\n11 - 14 aprile 2024<\/div>     \t<\/div>\n  <\/div>\n<\/div>\n<div id=\"uc_post_grid_elementor_b008b6a_item8\" class=\"uc_post_grid_style_one_item ue_post_grid_item ue-item\">\n  \n      <a class=\"uc_post_grid_style_one_image\" href='https:\/\/artapartamento.com\/it\/ferias\/arcomadrid-2024\/' target=\"_self\">\n     <div class=\"uc_post_image\">\n     <img loading=\"lazy\" decoding=\"async\" src=\"https:\/\/artapartamento.com\/wp-content\/uploads\/2024\/03\/El-Apartamento_Invitacion_ARCOmadrid24_Ariamna-Contino.jpg.webp\"  alt=\"ARCOmadrid 2024\" width=\"1200\" height=\"802\">\n     <div class=\"uc_post_image_overlay\"><\/div>\n     <\/div>\n    <\/a>\n   \n  <div class=\"uc_content\">\n    <div>\n      \n             \n    \t        \t\t\t<div class=\"uc_post_title\"><a class=\"\" href='https:\/\/artapartamento.com\/it\/ferias\/arcomadrid-2024\/' target=\"_self\"><div class=\"ue_p_title\">ARCOmadrid, 2024<\/div><\/a><\/div>\n      \t  \t\n\t\t  \n      \t  <div class=\"ue-meta-data\">\n                        \n                        \n        \n\t\t\t\n                        \n                        \n                        \n                        \n            \t\t\t\n              \n            \n          <\/div>\n     \n     <div class=\"uc_post_text\">Alex Hern\u00e1ndez - Ariamna Contino - Eduardo Ponju\u00e1n - Nacho Mart\u00edn Silva - Ra\u00fal D\u00edaz Reyes - Reynier Leyva Novo - Roberto Diago - Diana Fonseca - Juan Carlos Alom - Los Brav\u00fa - Miki Leal - Pablo Linsambarth - Roc\u00edo Garc\u00eda<br><br>\n6 - 10 marzo 2024<\/div>     \t<\/div>\n  <\/div>\n<\/div>\n<div id=\"uc_post_grid_elementor_b008b6a_item9\" class=\"uc_post_grid_style_one_item ue_post_grid_item ue-item\">\n  \n      <a class=\"uc_post_grid_style_one_image\" href='https:\/\/artapartamento.com\/it\/ferias\/zona-maco-2024\/' target=\"_self\">\n     <div class=\"uc_post_image\">\n     <img loading=\"lazy\" decoding=\"async\" src=\"https:\/\/artapartamento.com\/wp-content\/uploads\/2024\/02\/A_Invitacion_ZonaMaco2024_Miki-Leal.jpg.webp\"  alt=\"Zona Maco 2024\" width=\"1200\" height=\"800\">\n     <div class=\"uc_post_image_overlay\"><\/div>\n     <\/div>\n    <\/a>\n   \n  <div class=\"uc_content\">\n    <div>\n      \n             \n    \t        \t\t\t<div class=\"uc_post_title\"><a class=\"\" href='https:\/\/artapartamento.com\/it\/ferias\/zona-maco-2024\/' target=\"_self\"><div class=\"ue_p_title\">ZONA MACO, 2024<\/div><\/a><\/div>\n      \t  \t\n\t\t  \n      \t  <div class=\"ue-meta-data\">\n                        \n                        \n        \n\t\t\t\n                        \n                        \n                        \n                        \n            \t\t\t\n              \n            \n          <\/div>\n     \n     <div class=\"uc_post_text\">Alex Hern\u00e1ndez - Ariamna Contino - Diana Fonseca - Eduardo Ponju\u00e1n - Flavio Garciand\u00eda - Fuentesal Arenillas - Luis Enrique L\u00f3pez-Ch\u00e1vez - Maikel Sotomayor - Miki Leal - Nacho Mart\u00edn Silva - Orestes Hern\u00e1ndez - Ra\u00fal Cordero - Ra\u00fal D\u00edaz Reyes - Roberto Diago <br><br>\n7-11 febbraio 2024<\/div>     \t<\/div>\n  <\/div>\n<\/div>\n\n\t\t<\/div>\n\t<\/div>\n\n\n\n  <div id=\"uc_post_grid_elementor_b008b6a_empty_message\" class=\"ue-no-posts-found\"  style=\"display:none\" >Nessun post trovato<\/div>\n\n\n\t\t\t<!-- end Post Grid -->\t\t\t\t<\/div>\n\t\t\t\t<\/div>\n\t\t\t\t<\/div>\n\t\t<div class=\"elementor-element elementor-element-8b2d0ba e-con-full e-flex e-con e-parent\" data-id=\"8b2d0ba\" data-element_type=\"container\" data-e-type=\"container\" data-settings=\"{&quot;background_background&quot;:&quot;classic&quot;}\">\n\t\t\t\t<div class=\"elementor-element elementor-element-3597002 elementor-invisible elementor-widget elementor-widget-heading\" data-id=\"3597002\" data-element_type=\"widget\" data-e-type=\"widget\" data-settings=\"{&quot;_animation&quot;:&quot;fadeInUp&quot;}\" data-widget_type=\"heading.default\">\n\t\t\t\t<div class=\"elementor-widget-container\">\n\t\t\t\t\t<h2 class=\"elementor-heading-title elementor-size-default\">2023<\/h2>\t\t\t\t<\/div>\n\t\t\t\t<\/div>\n\t\t\t\t<div class=\"elementor-element elementor-element-d1115ad elementor-widget elementor-widget-ucaddon_post_grid\" data-id=\"d1115ad\" data-element_type=\"widget\" data-e-type=\"widget\" data-widget_type=\"ucaddon_post_grid.default\">\n\t\t\t\t<div class=\"elementor-widget-container\">\n\t\t\t\t\t<!-- start Post Grid -->\n\n\t\t\t<style type=\"text\/css\">\/* widget: Post Grid *\/\n\n\t\t\t\r\n@keyframes uc_post_grid_elementor_d1115ad__item-animation {\r\n  0% {\r\n                    \t\r\n        \t\t\t\t        \t\r\n    \t    opacity: 0;\r\n  }\r\n  100% {\r\n                        \r\n        \t            \r\n    \t\topacity: 1;\r\n  }\r\n}\r\n\t\t\t\r\n\t\t\t\r\n#uc_post_grid_elementor_d1115ad .ue-item{\r\n\topacity:0;\r\n}\r\n\r\n\r\n#uc_post_grid_elementor_d1115ad .uc-entrance-animate {\r\n  opacity:1;\r\n}\r\n\r\n#uc_post_grid_elementor_d1115ad .uc-entrance-animate {\r\n\tanimation: uc_post_grid_elementor_d1115ad__item-animation 0.8s cubic-bezier(0.470, 0.000, 0.745, 0.715) both;\r\n}\r\n\r\n\t\t\t\n\n#uc_post_grid_elementor_d1115ad.uc_post_grid_style_one .uc_post_grid_style_one_wrap {\n   display:grid;\n}\n\n\n#uc_post_grid_elementor_d1115ad .uc_post_grid_style_one_item\n{\n  overflow:hidden;\n  position:relative;\n}\n\n#uc_post_grid_elementor_d1115ad .uc_post_image\n{\n  transition:0.3s;\n  position:relative;\n  overflow:hidden;\n}\n\n#uc_post_grid_elementor_d1115ad .uc_post_image img\n{\n  width:100%;\n  display:block;\n  transition:0.3s;\n}\n\n\n\t#uc_post_grid_elementor_d1115ad .ue-item:hover .uc_post_image img\n    {\n      transform:scale(1.1,1.1);\n    }\n\t\n\n\n\n\n\n\n#uc_post_grid_elementor_d1115ad .uc_post_image_overlay\n{\n  position:absolute;\n  top:0px;\n  left:0px;\n  height:100%;\n  width:100%;\n  transition:0.3s;\n}\n\n#uc_post_grid_elementor_d1115ad .uc_more_btn{\n\n  display:inline-block;\n  text-align:center;\n  text-decoration:none;\n  transition:0.3s;\n}\n\n.ue-grid-item-category a\n{\n  display:inline-block;\n  font-size:10px;\n  \n}\n\n.uc_post_title\n{\n  font-size:21px;\n}\n\n\n#uc_post_grid_elementor_d1115ad .ue_post_grid_item\n{\n  display:flex;\n  flex-direction:column;\n}\n\n#uc_post_grid_elementor_d1115ad.uc_post_grid_style_one .uc_content{\n flex-grow:1;\n}\n\n#uc_post_grid_elementor_d1115ad.uc_post_grid_style_one .uc_content > div\n{\n  height:100%;\n  display:flex;\n  flex-direction:column;\n}\n\n#uc_post_grid_elementor_d1115ad .uc_post_button\n{\n  margin-top:auto;\n}\n\n\n\n\n\n\n\n\n\n\n\n\n\n\n\n\n\n\n\n\n\n\n\n\n#uc_post_grid_elementor_d1115ad .ue-meta-data\n{\n  \n  display:flex;\n\n  flex-wrap: wrap;\n  line-height:1em;\n}\n\n#uc_post_grid_elementor_d1115ad .ue-grid-item-meta-data\n{\n      display:inline-flex;\n      align-items:center;\n}\n\n#uc_post_grid_elementor_d1115ad .ue-grid-item-meta-data a{\n  color:inherit;\n}\n\n.ue-grid-item-meta-data\n{\n  font-size:12px;\n}\n\n#uc_post_grid_elementor_d1115ad .ue-grid-item-meta-data-icon\n{\n  line-height:1em;\n}\n\n#uc_post_grid_elementor_d1115ad .ue-grid-item-meta-data-icon svg\n{\n  width:1em;\n  height:1em;\n}\n\n#uc_post_grid_elementor_d1115ad .ue-debug-meta\n{\n  padding:10px;\n  border:1px solid red;\n  position:relative;\n  line-height:1.5em;\n  font-size:11px;\n  width:100%;\n}\n\n#uc_post_grid_elementor_d1115ad .uc_btn_inner\n{\n  display:inline-flex;\n  align-items:center;\n}\n\n#uc_post_grid_elementor_d1115ad .uc_btn_inner svg\n{\n  width:1em;\n  height:1em;\n}\n\n\n\n\n\n<\/style>\n\n\t\t\t<div class=\"uc_post_grid_style_one\" id=\"uc_post_grid_elementor_d1115ad\"  >\n\t\t<div class=\"uc_post_grid_style_one_wrap ue_post_grid uc-items-wrapper\">\n\t\t\t<div id=\"uc_post_grid_elementor_d1115ad_item1\" class=\"uc_post_grid_style_one_item ue_post_grid_item ue-item\">\n  \n      <a class=\"uc_post_grid_style_one_image\" href='https:\/\/artapartamento.com\/it\/ferias\/untitled-art-2023\/' target=\"_self\">\n     <div class=\"uc_post_image\">\n     <img loading=\"lazy\" decoding=\"async\" src=\"https:\/\/artapartamento.com\/wp-content\/uploads\/2024\/01\/A_Invitacion_Untitled2023.jpg.webp\"  alt=\"Untitled Art, 2023\" width=\"1200\" height=\"905\">\n     <div class=\"uc_post_image_overlay\"><\/div>\n     <\/div>\n    <\/a>\n   \n  <div class=\"uc_content\">\n    <div>\n      \n             \n    \t        \t\t\t<div class=\"uc_post_title\"><a class=\"\" href='https:\/\/artapartamento.com\/it\/ferias\/untitled-art-2023\/' target=\"_self\"><div class=\"ue_p_title\">Untitled Art, 2023<\/div><\/a><\/div>\n      \t  \t\n\t\t  \n      \t  <div class=\"ue-meta-data\">\n                        \n                        \n        \n\t\t\t\n                        \n                        \n                        \n                        \n            \t\t\t\n              \n            \n          <\/div>\n     \n     <div class=\"uc_post_text\">Ariel Cabrera - Ariamna Contino - Roberto Diago - Ra\u00fal D\u00edaz Reyes - Diana Fonseca - Roc\u00edo Garc\u00eda - Orestes Hern\u00e1ndez - Miki Leal - Pablo Linsambarth - Los Brav\u00fa - Eduardo Ponju\u00e1n<br><br>\n6-10 dicembre 2023<\/div>     \t<\/div>\n  <\/div>\n<\/div>\n<div id=\"uc_post_grid_elementor_d1115ad_item2\" class=\"uc_post_grid_style_one_item ue_post_grid_item ue-item\">\n  \n      <a class=\"uc_post_grid_style_one_image\" href='https:\/\/artapartamento.com\/it\/ferias\/arco-madrid-2023\/' target=\"_self\">\n     <div class=\"uc_post_image\">\n     <img loading=\"lazy\" decoding=\"async\" src=\"https:\/\/artapartamento.com\/wp-content\/uploads\/2023\/11\/Arco-Madrid-2023.gif.webp\"  alt=\"Arco Madrid 2023\" width=\"450\" height=\"340\">\n     <div class=\"uc_post_image_overlay\"><\/div>\n     <\/div>\n    <\/a>\n   \n  <div class=\"uc_content\">\n    <div>\n      \n             \n    \t        \t\t\t<div class=\"uc_post_title\"><a class=\"\" href='https:\/\/artapartamento.com\/it\/ferias\/arco-madrid-2023\/' target=\"_self\"><div class=\"ue_p_title\">ArcoMadrid, 2023<\/div><\/a><\/div>\n      \t  \t\n\t\t  \n      \t  <div class=\"ue-meta-data\">\n                        \n                        \n        \n\t\t\t\n                        \n                        \n                        \n                        \n            \t\t\t\n              \n            \n          <\/div>\n     \n     <div class=\"uc_post_text\">Ariamna Contino - Diana Fonseca - Jos\u00e9 Manuel Mes\u00edas - Juan Carlos Alom - Leandro Feal - Levi Orta - Luis Enrique L\u00f3pez-Ch\u00e1vez - Nacho Mart\u00edn-Silva - Reynier Leyva Novo - Roberto Diago - Roc\u00edo Garc\u00eda - Yornel Mart\u00ednez<br><br>\n22 - 26 febbraio 2023<\/div>     \t<\/div>\n  <\/div>\n<\/div>\n\n\t\t<\/div>\n\t<\/div>\n\n\n\n  <div id=\"uc_post_grid_elementor_d1115ad_empty_message\" class=\"ue-no-posts-found\"  style=\"display:none\" >Nessun post trovato<\/div>\n\n\n\t\t\t<!-- end Post Grid -->\t\t\t\t<\/div>\n\t\t\t\t<\/div>\n\t\t\t\t<\/div>\n\t\t<div class=\"elementor-element elementor-element-1091857 e-con-full e-flex e-con e-parent\" data-id=\"1091857\" data-element_type=\"container\" data-e-type=\"container\" data-settings=\"{&quot;background_background&quot;:&quot;classic&quot;}\">\n\t\t\t\t<div class=\"elementor-element elementor-element-8fd7b7d elementor-invisible elementor-widget elementor-widget-heading\" data-id=\"8fd7b7d\" data-element_type=\"widget\" data-e-type=\"widget\" data-settings=\"{&quot;_animation&quot;:&quot;fadeInUp&quot;}\" data-widget_type=\"heading.default\">\n\t\t\t\t<div class=\"elementor-widget-container\">\n\t\t\t\t\t<h2 class=\"elementor-heading-title elementor-size-default\">2022<\/h2>\t\t\t\t<\/div>\n\t\t\t\t<\/div>\n\t\t\t\t<div class=\"elementor-element elementor-element-ad87b46 elementor-widget elementor-widget-ucaddon_post_grid\" data-id=\"ad87b46\" data-element_type=\"widget\" data-e-type=\"widget\" data-widget_type=\"ucaddon_post_grid.default\">\n\t\t\t\t<div class=\"elementor-widget-container\">\n\t\t\t\t\t<!-- start Post Grid -->\n\n\t\t\t<style type=\"text\/css\">\/* widget: Post Grid *\/\n\n\t\t\t\r\n@keyframes uc_post_grid_elementor_ad87b46__item-animation {\r\n  0% {\r\n                    \t\r\n        \t\t\t\t        \t\r\n    \t    opacity: 0;\r\n  }\r\n  100% {\r\n                        \r\n        \t            \r\n    \t\topacity: 1;\r\n  }\r\n}\r\n\t\t\t\r\n\t\t\t\r\n#uc_post_grid_elementor_ad87b46 .ue-item{\r\n\topacity:0;\r\n}\r\n\r\n\r\n#uc_post_grid_elementor_ad87b46 .uc-entrance-animate {\r\n  opacity:1;\r\n}\r\n\r\n#uc_post_grid_elementor_ad87b46 .uc-entrance-animate {\r\n\tanimation: uc_post_grid_elementor_ad87b46__item-animation 0.8s cubic-bezier(0.470, 0.000, 0.745, 0.715) both;\r\n}\r\n\r\n\t\t\t\n\n#uc_post_grid_elementor_ad87b46.uc_post_grid_style_one .uc_post_grid_style_one_wrap {\n   display:grid;\n}\n\n\n#uc_post_grid_elementor_ad87b46 .uc_post_grid_style_one_item\n{\n  overflow:hidden;\n  position:relative;\n}\n\n#uc_post_grid_elementor_ad87b46 .uc_post_image\n{\n  transition:0.3s;\n  position:relative;\n  overflow:hidden;\n}\n\n#uc_post_grid_elementor_ad87b46 .uc_post_image img\n{\n  width:100%;\n  display:block;\n  transition:0.3s;\n}\n\n\n\t#uc_post_grid_elementor_ad87b46 .ue-item:hover .uc_post_image img\n    {\n      transform:scale(1.1,1.1);\n    }\n\t\n\n\n\n\n\n\n#uc_post_grid_elementor_ad87b46 .uc_post_image_overlay\n{\n  position:absolute;\n  top:0px;\n  left:0px;\n  height:100%;\n  width:100%;\n  transition:0.3s;\n}\n\n#uc_post_grid_elementor_ad87b46 .uc_more_btn{\n\n  display:inline-block;\n  text-align:center;\n  text-decoration:none;\n  transition:0.3s;\n}\n\n.ue-grid-item-category a\n{\n  display:inline-block;\n  font-size:10px;\n  \n}\n\n.uc_post_title\n{\n  font-size:21px;\n}\n\n\n#uc_post_grid_elementor_ad87b46 .ue_post_grid_item\n{\n  display:flex;\n  flex-direction:column;\n}\n\n#uc_post_grid_elementor_ad87b46.uc_post_grid_style_one .uc_content{\n flex-grow:1;\n}\n\n#uc_post_grid_elementor_ad87b46.uc_post_grid_style_one .uc_content > div\n{\n  height:100%;\n  display:flex;\n  flex-direction:column;\n}\n\n#uc_post_grid_elementor_ad87b46 .uc_post_button\n{\n  margin-top:auto;\n}\n\n\n\n\n\n\n\n\n\n\n\n\n\n\n\n\n\n\n\n\n\n\n\n\n#uc_post_grid_elementor_ad87b46 .ue-meta-data\n{\n  \n  display:flex;\n\n  flex-wrap: wrap;\n  line-height:1em;\n}\n\n#uc_post_grid_elementor_ad87b46 .ue-grid-item-meta-data\n{\n      display:inline-flex;\n      align-items:center;\n}\n\n#uc_post_grid_elementor_ad87b46 .ue-grid-item-meta-data a{\n  color:inherit;\n}\n\n.ue-grid-item-meta-data\n{\n  font-size:12px;\n}\n\n#uc_post_grid_elementor_ad87b46 .ue-grid-item-meta-data-icon\n{\n  line-height:1em;\n}\n\n#uc_post_grid_elementor_ad87b46 .ue-grid-item-meta-data-icon svg\n{\n  width:1em;\n  height:1em;\n}\n\n#uc_post_grid_elementor_ad87b46 .ue-debug-meta\n{\n  padding:10px;\n  border:1px solid red;\n  position:relative;\n  line-height:1.5em;\n  font-size:11px;\n  width:100%;\n}\n\n#uc_post_grid_elementor_ad87b46 .uc_btn_inner\n{\n  display:inline-flex;\n  align-items:center;\n}\n\n#uc_post_grid_elementor_ad87b46 .uc_btn_inner svg\n{\n  width:1em;\n  height:1em;\n}\n\n\n\n\n\n\n\n\n\n<\/style>\n\n\t\t\t<div class=\"uc_post_grid_style_one\" id=\"uc_post_grid_elementor_ad87b46\"  >\n\t\t<div class=\"uc_post_grid_style_one_wrap ue_post_grid uc-items-wrapper\">\n\t\t\t<div id=\"uc_post_grid_elementor_ad87b46_item1\" class=\"uc_post_grid_style_one_item ue_post_grid_item ue-item\">\n  \n      <a class=\"uc_post_grid_style_one_image\" href='https:\/\/artapartamento.com\/it\/ferias\/untitled-2022\/' target=\"_self\">\n     <div class=\"uc_post_image\">\n     <img loading=\"lazy\" decoding=\"async\" src=\"https:\/\/artapartamento.com\/wp-content\/uploads\/2023\/11\/Untitled-2022.jpeg.webp\"  alt=\"Senza titolo 2022\" width=\"450\" height=\"340\">\n     <div class=\"uc_post_image_overlay\"><\/div>\n     <\/div>\n    <\/a>\n   \n  <div class=\"uc_content\">\n    <div>\n      \n             \n    \t        \t\t\t<div class=\"uc_post_title\"><a class=\"\" href='https:\/\/artapartamento.com\/it\/ferias\/untitled-2022\/' target=\"_self\"><div class=\"ue_p_title\">Untitled, 2022<\/div><\/a><\/div>\n      \t  \t\n\t\t  \n      \t  <div class=\"ue-meta-data\">\n                        \n                        \n        \n\t\t\t\n                        \n                        \n                        \n                        \n            \t\t\t\n              \n            \n          <\/div>\n     \n     <div class=\"uc_post_text\">Alex Hern\u00e1ndez - Ariamna Contino - Ariel Cabrera - Diana Fonseca - Eduardo Ponju\u00e1n - Flavio Garciand\u00eda - Juan Carlos Alom - Nacho Mart\u00edn-Silva - Orestes Hern\u00e1ndez - Ra\u00fal Cordero - Reynier Leyva Novo - Roberto Diago - Roc\u00edo Garc\u00eda<br><br>\n28 novembre - 3 dicembre 2022<\/div>     \t<\/div>\n  <\/div>\n<\/div>\n<div id=\"uc_post_grid_elementor_ad87b46_item2\" class=\"uc_post_grid_style_one_item ue_post_grid_item ue-item\">\n  \n      <a class=\"uc_post_grid_style_one_image\" href='https:\/\/artapartamento.com\/it\/ferias\/the-armory-show-2022\/' target=\"_self\">\n     <div class=\"uc_post_image\">\n     <img loading=\"lazy\" decoding=\"async\" src=\"https:\/\/artapartamento.com\/wp-content\/uploads\/2023\/11\/The-Army-Show-2022.jpeg.webp\"  alt=\"Il Salone dell&#039;Esercito 2022\" width=\"450\" height=\"340\">\n     <div class=\"uc_post_image_overlay\"><\/div>\n     <\/div>\n    <\/a>\n   \n  <div class=\"uc_content\">\n    <div>\n      \n             \n    \t        \t\t\t<div class=\"uc_post_title\"><a class=\"\" href='https:\/\/artapartamento.com\/it\/ferias\/the-armory-show-2022\/' target=\"_self\"><div class=\"ue_p_title\">The Armory Show, 2022<\/div><\/a><\/div>\n      \t  \t\n\t\t  \n      \t  <div class=\"ue-meta-data\">\n                        \n                        \n        \n\t\t\t\n                        \n                        \n                        \n                        \n            \t\t\t\n              \n            \n          <\/div>\n     \n     <div class=\"uc_post_text\">Reynier Leyva Novo<br><br>\n9 - 11 settembre 2022<\/div>     \t<\/div>\n  <\/div>\n<\/div>\n<div id=\"uc_post_grid_elementor_ad87b46_item3\" class=\"uc_post_grid_style_one_item ue_post_grid_item ue-item\">\n  \n      <a class=\"uc_post_grid_style_one_image\" href='https:\/\/artapartamento.com\/it\/ferias\/liste-art-fair-basel-2022\/' target=\"_self\">\n     <div class=\"uc_post_image\">\n     <img loading=\"lazy\" decoding=\"async\" src=\"https:\/\/artapartamento.com\/wp-content\/uploads\/2023\/11\/Liste-01.jpeg.webp\"  alt=\"Elenco 2022\" width=\"450\" height=\"340\">\n     <div class=\"uc_post_image_overlay\"><\/div>\n     <\/div>\n    <\/a>\n   \n  <div class=\"uc_content\">\n    <div>\n      \n             \n    \t        \t\t\t<div class=\"uc_post_title\"><a class=\"\" href='https:\/\/artapartamento.com\/it\/ferias\/liste-art-fair-basel-2022\/' target=\"_self\"><div class=\"ue_p_title\">Liste - Art Fair Basel, 2022<\/div><\/a><\/div>\n      \t  \t\n\t\t  \n      \t  <div class=\"ue-meta-data\">\n                        \n                        \n        \n\t\t\t\n                        \n                        \n                        \n                        \n            \t\t\t\n              \n            \n          <\/div>\n     \n     <div class=\"uc_post_text\">Nacho Mart\u00edn-Silva - Orestes Hern\u00e1ndez<br><br>\n\n13 - 19 giugno 2022<\/div>     \t<\/div>\n  <\/div>\n<\/div>\n<div id=\"uc_post_grid_elementor_ad87b46_item4\" class=\"uc_post_grid_style_one_item ue_post_grid_item ue-item\">\n  \n      <a class=\"uc_post_grid_style_one_image\" href='https:\/\/artapartamento.com\/it\/ferias\/future-fair-2022\/' target=\"_self\">\n     <div class=\"uc_post_image\">\n     <img loading=\"lazy\" decoding=\"async\" src=\"https:\/\/artapartamento.com\/wp-content\/uploads\/2023\/11\/Future-Fair.jpeg.webp\"  alt=\"Fiera del futuro\" width=\"450\" height=\"340\">\n     <div class=\"uc_post_image_overlay\"><\/div>\n     <\/div>\n    <\/a>\n   \n  <div class=\"uc_content\">\n    <div>\n      \n             \n    \t        \t\t\t<div class=\"uc_post_title\"><a class=\"\" href='https:\/\/artapartamento.com\/it\/ferias\/future-fair-2022\/' target=\"_self\"><div class=\"ue_p_title\">Future Fair, 2022<\/div><\/a><\/div>\n      \t  \t\n\t\t  \n      \t  <div class=\"ue-meta-data\">\n                        \n                        \n        \n\t\t\t\n                        \n                        \n                        \n                        \n            \t\t\t\n              \n            \n          <\/div>\n     \n     <div class=\"uc_post_text\">Ariamna Contino - Ariel Cabrera - Diana Fonseca - Eduardo Ponju\u00e1n - Juan Carlos Alom - Orestes Hern\u00e1ndez<br><br>\n\n5-7 maggio 2022<\/div>     \t<\/div>\n  <\/div>\n<\/div>\n<div id=\"uc_post_grid_elementor_ad87b46_item5\" class=\"uc_post_grid_style_one_item ue_post_grid_item ue-item\">\n  \n      <a class=\"uc_post_grid_style_one_image\" href='https:\/\/artapartamento.com\/it\/ferias\/art-brussels-2022\/' target=\"_self\">\n     <div class=\"uc_post_image\">\n     <img loading=\"lazy\" decoding=\"async\" src=\"https:\/\/artapartamento.com\/wp-content\/uploads\/2023\/11\/Art-Brussels-01.jpeg.webp\"  alt=\"Arte Bruxelles\" width=\"450\" height=\"340\">\n     <div class=\"uc_post_image_overlay\"><\/div>\n     <\/div>\n    <\/a>\n   \n  <div class=\"uc_content\">\n    <div>\n      \n             \n    \t        \t\t\t<div class=\"uc_post_title\"><a class=\"\" href='https:\/\/artapartamento.com\/it\/ferias\/art-brussels-2022\/' target=\"_self\"><div class=\"ue_p_title\">Art Brussels, 2022<\/div><\/a><\/div>\n      \t  \t\n\t\t  \n      \t  <div class=\"ue-meta-data\">\n                        \n                        \n        \n\t\t\t\n                        \n                        \n                        \n                        \n            \t\t\t\n              \n            \n          <\/div>\n     \n     <div class=\"uc_post_text\">Ariamna Contino - Diana Fonseca - Nacho Mart\u00edn-Silva - Orestes Hern\u00e1ndez<br><br>\n\n28 aprile - 1\u00b0 maggio 2022<\/div>     \t<\/div>\n  <\/div>\n<\/div>\n<div id=\"uc_post_grid_elementor_ad87b46_item6\" class=\"uc_post_grid_style_one_item ue_post_grid_item ue-item\">\n  \n      <a class=\"uc_post_grid_style_one_image\" href='https:\/\/artapartamento.com\/it\/ferias\/arco-madrid-2022\/' target=\"_self\">\n     <div class=\"uc_post_image\">\n     <img loading=\"lazy\" decoding=\"async\" src=\"https:\/\/artapartamento.com\/wp-content\/uploads\/2023\/11\/Arco-Madrid-2022.gif.webp\"  alt=\"Arco di Madrid 2022\" width=\"450\" height=\"340\">\n     <div class=\"uc_post_image_overlay\"><\/div>\n     <\/div>\n    <\/a>\n   \n  <div class=\"uc_content\">\n    <div>\n      \n             \n    \t        \t\t\t<div class=\"uc_post_title\"><a class=\"\" href='https:\/\/artapartamento.com\/it\/ferias\/arco-madrid-2022\/' target=\"_self\"><div class=\"ue_p_title\">ARCOmadrid 2022<\/div><\/a><\/div>\n      \t  \t\n\t\t  \n      \t  <div class=\"ue-meta-data\">\n                        \n                        \n        \n\t\t\t\n                        \n                        \n                        \n                        \n            \t\t\t\n              \n            \n          <\/div>\n     \n     <div class=\"uc_post_text\">Alex Hern\u00e1ndez - Ariamna Contino - Diana Fonseca - Eduardo Ponju\u00e1n - Jos\u00e9 Manuel Mes\u00edas - Juan Carlos Alom - L\u00e1zaro Saavedra - Nacho Mart\u00edn-Silva - Orestes Hern\u00e1ndez - Reynier Leyva Novo - Roc\u00edo Garc\u00eda<br><br>\n\n23 - 27 febbraio 2022<\/div>     \t<\/div>\n  <\/div>\n<\/div>\n\n\t\t<\/div>\n\t<\/div>\n\n\n\n  <div id=\"uc_post_grid_elementor_ad87b46_empty_message\" class=\"ue-no-posts-found\"  style=\"display:none\" >Nessun post trovato<\/div>\n\n\n\t\t\t<!-- end Post Grid -->\t\t\t\t<\/div>\n\t\t\t\t<\/div>\n\t\t\t\t<\/div>\n\t\t<div class=\"elementor-element elementor-element-4c49ef2 e-con-full e-flex e-con e-parent\" data-id=\"4c49ef2\" data-element_type=\"container\" data-e-type=\"container\" data-settings=\"{&quot;background_background&quot;:&quot;classic&quot;}\">\n\t\t\t\t<div class=\"elementor-element elementor-element-a55c2ad elementor-invisible elementor-widget elementor-widget-heading\" data-id=\"a55c2ad\" data-element_type=\"widget\" data-e-type=\"widget\" data-settings=\"{&quot;_animation&quot;:&quot;fadeInUp&quot;}\" data-widget_type=\"heading.default\">\n\t\t\t\t<div class=\"elementor-widget-container\">\n\t\t\t\t\t<h2 class=\"elementor-heading-title elementor-size-default\">2021<\/h2>\t\t\t\t<\/div>\n\t\t\t\t<\/div>\n\t\t\t\t<div class=\"elementor-element elementor-element-66ef071 elementor-widget elementor-widget-ucaddon_post_grid\" data-id=\"66ef071\" data-element_type=\"widget\" data-e-type=\"widget\" data-widget_type=\"ucaddon_post_grid.default\">\n\t\t\t\t<div class=\"elementor-widget-container\">\n\t\t\t\t\t<!-- start Post Grid -->\n\n\t\t\t<style type=\"text\/css\">\/* widget: Post Grid *\/\n\n\t\t\t\r\n@keyframes uc_post_grid_elementor_66ef071__item-animation {\r\n  0% {\r\n                    \t\r\n        \t\t\t\t        \t\r\n    \t    opacity: 0;\r\n  }\r\n  100% {\r\n                        \r\n        \t            \r\n    \t\topacity: 1;\r\n  }\r\n}\r\n\t\t\t\r\n\t\t\t\r\n#uc_post_grid_elementor_66ef071 .ue-item{\r\n\topacity:0;\r\n}\r\n\r\n\r\n#uc_post_grid_elementor_66ef071 .uc-entrance-animate {\r\n  opacity:1;\r\n}\r\n\r\n#uc_post_grid_elementor_66ef071 .uc-entrance-animate {\r\n\tanimation: uc_post_grid_elementor_66ef071__item-animation 0.8s cubic-bezier(0.470, 0.000, 0.745, 0.715) both;\r\n}\r\n\r\n\t\t\t\n\n#uc_post_grid_elementor_66ef071.uc_post_grid_style_one .uc_post_grid_style_one_wrap {\n   display:grid;\n}\n\n\n#uc_post_grid_elementor_66ef071 .uc_post_grid_style_one_item\n{\n  overflow:hidden;\n  position:relative;\n}\n\n#uc_post_grid_elementor_66ef071 .uc_post_image\n{\n  transition:0.3s;\n  position:relative;\n  overflow:hidden;\n}\n\n#uc_post_grid_elementor_66ef071 .uc_post_image img\n{\n  width:100%;\n  display:block;\n  transition:0.3s;\n}\n\n\n\t#uc_post_grid_elementor_66ef071 .ue-item:hover .uc_post_image img\n    {\n      transform:scale(1.1,1.1);\n    }\n\t\n\n\n\n\n\n\n#uc_post_grid_elementor_66ef071 .uc_post_image_overlay\n{\n  position:absolute;\n  top:0px;\n  left:0px;\n  height:100%;\n  width:100%;\n  transition:0.3s;\n}\n\n#uc_post_grid_elementor_66ef071 .uc_more_btn{\n\n  display:inline-block;\n  text-align:center;\n  text-decoration:none;\n  transition:0.3s;\n}\n\n.ue-grid-item-category a\n{\n  display:inline-block;\n  font-size:10px;\n  \n}\n\n.uc_post_title\n{\n  font-size:21px;\n}\n\n\n#uc_post_grid_elementor_66ef071 .ue_post_grid_item\n{\n  display:flex;\n  flex-direction:column;\n}\n\n#uc_post_grid_elementor_66ef071.uc_post_grid_style_one .uc_content{\n flex-grow:1;\n}\n\n#uc_post_grid_elementor_66ef071.uc_post_grid_style_one .uc_content > div\n{\n  height:100%;\n  display:flex;\n  flex-direction:column;\n}\n\n#uc_post_grid_elementor_66ef071 .uc_post_button\n{\n  margin-top:auto;\n}\n\n\n\n\n\n\n\n\n\n\n\n\n\n\n\n\n\n\n\n\n\n\n\n\n#uc_post_grid_elementor_66ef071 .ue-meta-data\n{\n  \n  display:flex;\n\n  flex-wrap: wrap;\n  line-height:1em;\n}\n\n#uc_post_grid_elementor_66ef071 .ue-grid-item-meta-data\n{\n      display:inline-flex;\n      align-items:center;\n}\n\n#uc_post_grid_elementor_66ef071 .ue-grid-item-meta-data a{\n  color:inherit;\n}\n\n.ue-grid-item-meta-data\n{\n  font-size:12px;\n}\n\n#uc_post_grid_elementor_66ef071 .ue-grid-item-meta-data-icon\n{\n  line-height:1em;\n}\n\n#uc_post_grid_elementor_66ef071 .ue-grid-item-meta-data-icon svg\n{\n  width:1em;\n  height:1em;\n}\n\n#uc_post_grid_elementor_66ef071 .ue-debug-meta\n{\n  padding:10px;\n  border:1px solid red;\n  position:relative;\n  line-height:1.5em;\n  font-size:11px;\n  width:100%;\n}\n\n#uc_post_grid_elementor_66ef071 .uc_btn_inner\n{\n  display:inline-flex;\n  align-items:center;\n}\n\n#uc_post_grid_elementor_66ef071 .uc_btn_inner svg\n{\n  width:1em;\n  height:1em;\n}\n\n\n\n\n\n\n\n<\/style>\n\n\t\t\t<div class=\"uc_post_grid_style_one\" id=\"uc_post_grid_elementor_66ef071\"  >\n\t\t<div class=\"uc_post_grid_style_one_wrap ue_post_grid uc-items-wrapper\">\n\t\t\t<div id=\"uc_post_grid_elementor_66ef071_item1\" class=\"uc_post_grid_style_one_item ue_post_grid_item ue-item\">\n  \n      <a class=\"uc_post_grid_style_one_image\" href='https:\/\/artapartamento.com\/it\/ferias\/untitled-2021\/' target=\"_self\">\n     <div class=\"uc_post_image\">\n     <img loading=\"lazy\" decoding=\"async\" src=\"https:\/\/artapartamento.com\/wp-content\/uploads\/2023\/11\/Untitled-2021.jpeg.webp\"  alt=\"Senza titolo 2021\" width=\"450\" height=\"340\">\n     <div class=\"uc_post_image_overlay\"><\/div>\n     <\/div>\n    <\/a>\n   \n  <div class=\"uc_content\">\n    <div>\n      \n             \n    \t        \t\t\t<div class=\"uc_post_title\"><a class=\"\" href='https:\/\/artapartamento.com\/it\/ferias\/untitled-2021\/' target=\"_self\"><div class=\"ue_p_title\">Untitled, 2021<\/div><\/a><\/div>\n      \t  \t\n\t\t  \n      \t  <div class=\"ue-meta-data\">\n                        \n                        \n        \n\t\t\t\n                        \n                        \n                        \n                        \n            \t\t\t\n              \n            \n          <\/div>\n     \n     <div class=\"uc_post_text\">Ariamna Contino - Ariel Cabrera - Diana Fonseca - Eduardo Ponju\u00e1n - Nacho Mart\u00edn-Silva - Orestes Hern\u00e1ndez - Reynier Leyva Novo<br><br>\n\n29 novembre - 4 dicembre 2021<\/div>     \t<\/div>\n  <\/div>\n<\/div>\n<div id=\"uc_post_grid_elementor_66ef071_item2\" class=\"uc_post_grid_style_one_item ue_post_grid_item ue-item\">\n  \n      <a class=\"uc_post_grid_style_one_image\" href='https:\/\/artapartamento.com\/it\/ferias\/liste-art-fair-basel-2021\/' target=\"_self\">\n     <div class=\"uc_post_image\">\n     <img loading=\"lazy\" decoding=\"async\" src=\"https:\/\/artapartamento.com\/wp-content\/uploads\/2023\/11\/Liste-2021.jpeg.webp\"  alt=\"Elenco 2021\" width=\"450\" height=\"340\">\n     <div class=\"uc_post_image_overlay\"><\/div>\n     <\/div>\n    <\/a>\n   \n  <div class=\"uc_content\">\n    <div>\n      \n             \n    \t        \t\t\t<div class=\"uc_post_title\"><a class=\"\" href='https:\/\/artapartamento.com\/it\/ferias\/liste-art-fair-basel-2021\/' target=\"_self\"><div class=\"ue_p_title\">Liste - Art Fair Basel, 2021<\/div><\/a><\/div>\n      \t  \t\n\t\t  \n      \t  <div class=\"ue-meta-data\">\n                        \n                        \n        \n\t\t\t\n                        \n                        \n                        \n                        \n            \t\t\t\n              \n            \n          <\/div>\n     \n     <div class=\"uc_post_text\">Ariamna Contino <br><br>\n\n20 - 26 settembre 2021<\/div>     \t<\/div>\n  <\/div>\n<\/div>\n<div id=\"uc_post_grid_elementor_66ef071_item3\" class=\"uc_post_grid_style_one_item ue_post_grid_item ue-item\">\n  \n      <a class=\"uc_post_grid_style_one_image\" href='https:\/\/artapartamento.com\/it\/ferias\/arco-madrid-2021\/' target=\"_self\">\n     <div class=\"uc_post_image\">\n     <img loading=\"lazy\" decoding=\"async\" src=\"https:\/\/artapartamento.com\/wp-content\/uploads\/2023\/11\/Arco-2021.jpeg.webp\"  alt=\"Arco 2021\" width=\"450\" height=\"340\">\n     <div class=\"uc_post_image_overlay\"><\/div>\n     <\/div>\n    <\/a>\n   \n  <div class=\"uc_content\">\n    <div>\n      \n             \n    \t        \t\t\t<div class=\"uc_post_title\"><a class=\"\" href='https:\/\/artapartamento.com\/it\/ferias\/arco-madrid-2021\/' target=\"_self\"><div class=\"ue_p_title\">ARCOmadrid, 2021<\/div><\/a><\/div>\n      \t  \t\n\t\t  \n      \t  <div class=\"ue-meta-data\">\n                        \n                        \n        \n\t\t\t\n                        \n                        \n                        \n                        \n            \t\t\t\n              \n            \n          <\/div>\n     \n     <div class=\"uc_post_text\">Ariel Cabrera - Lester Alvarez - Nacho Mart\u00edn-Silva - Orestes Hern\u00e1ndez - Reynier Leyva Novo<br><br>\n\n7 - 11 luglio 2021<\/div>     \t<\/div>\n  <\/div>\n<\/div>\n<div id=\"uc_post_grid_elementor_66ef071_item4\" class=\"uc_post_grid_style_one_item ue_post_grid_item ue-item\">\n  \n      <a class=\"uc_post_grid_style_one_image\" href='https:\/\/artapartamento.com\/it\/ferias\/south-south\/' target=\"_self\">\n     <div class=\"uc_post_image\">\n     <img loading=\"lazy\" decoding=\"async\" src=\"https:\/\/artapartamento.com\/wp-content\/uploads\/2023\/11\/South-South.jpeg.webp\"  alt=\"South South\" width=\"450\" height=\"340\">\n     <div class=\"uc_post_image_overlay\"><\/div>\n     <\/div>\n    <\/a>\n   \n  <div class=\"uc_content\">\n    <div>\n      \n             \n    \t        \t\t\t<div class=\"uc_post_title\"><a class=\"\" href='https:\/\/artapartamento.com\/it\/ferias\/south-south\/' target=\"_self\"><div class=\"ue_p_title\">South South<\/div><\/a><\/div>\n      \t  \t\n\t\t  \n      \t  <div class=\"ue-meta-data\">\n                        \n                        \n        \n\t\t\t\n                        \n                        \n                        \n                        \n            \t\t\t\n              \n            \n          <\/div>\n     \n     <div class=\"uc_post_text\">Diana Fonseca - Eduardo Ponju\u00e1n - Reynier Leyva Novo<br><br>\n\n24 febbraio - 7 marzo 2021<\/div>     \t<\/div>\n  <\/div>\n<\/div>\n\n\t\t<\/div>\n\t<\/div>\n\n\n\n  <div id=\"uc_post_grid_elementor_66ef071_empty_message\" class=\"ue-no-posts-found\"  style=\"display:none\" >Nessun post trovato<\/div>\n\n\n\t\t\t<!-- end Post Grid -->\t\t\t\t<\/div>\n\t\t\t\t<\/div>\n\t\t\t\t<\/div>\n\t\t<div class=\"elementor-element elementor-element-13c5c75 e-con-full e-flex e-con e-parent\" data-id=\"13c5c75\" data-element_type=\"container\" data-e-type=\"container\" data-settings=\"{&quot;background_background&quot;:&quot;classic&quot;}\">\n\t\t\t\t<div class=\"elementor-element elementor-element-01c5046 elementor-invisible elementor-widget elementor-widget-heading\" data-id=\"01c5046\" data-element_type=\"widget\" data-e-type=\"widget\" data-settings=\"{&quot;_animation&quot;:&quot;fadeInUp&quot;}\" data-widget_type=\"heading.default\">\n\t\t\t\t<div class=\"elementor-widget-container\">\n\t\t\t\t\t<h2 class=\"elementor-heading-title elementor-size-default\">2020<\/h2>\t\t\t\t<\/div>\n\t\t\t\t<\/div>\n\t\t\t\t<div class=\"elementor-element elementor-element-d3a3fd8 elementor-widget elementor-widget-ucaddon_post_grid\" data-id=\"d3a3fd8\" data-element_type=\"widget\" data-e-type=\"widget\" data-widget_type=\"ucaddon_post_grid.default\">\n\t\t\t\t<div class=\"elementor-widget-container\">\n\t\t\t\t\t<!-- start Post Grid -->\n\n\t\t\t<style type=\"text\/css\">\/* widget: Post Grid *\/\n\n\t\t\t\r\n@keyframes uc_post_grid_elementor_d3a3fd8__item-animation {\r\n  0% {\r\n                    \t\r\n        \t\t\t\t        \t\r\n    \t    opacity: 0;\r\n  }\r\n  100% {\r\n                        \r\n        \t            \r\n    \t\topacity: 1;\r\n  }\r\n}\r\n\t\t\t\r\n\t\t\t\r\n#uc_post_grid_elementor_d3a3fd8 .ue-item{\r\n\topacity:0;\r\n}\r\n\r\n\r\n#uc_post_grid_elementor_d3a3fd8 .uc-entrance-animate {\r\n  opacity:1;\r\n}\r\n\r\n#uc_post_grid_elementor_d3a3fd8 .uc-entrance-animate {\r\n\tanimation: uc_post_grid_elementor_d3a3fd8__item-animation 0.8s cubic-bezier(0.470, 0.000, 0.745, 0.715) both;\r\n}\r\n\r\n\t\t\t\n\n#uc_post_grid_elementor_d3a3fd8.uc_post_grid_style_one .uc_post_grid_style_one_wrap {\n   display:grid;\n}\n\n\n#uc_post_grid_elementor_d3a3fd8 .uc_post_grid_style_one_item\n{\n  overflow:hidden;\n  position:relative;\n}\n\n#uc_post_grid_elementor_d3a3fd8 .uc_post_image\n{\n  transition:0.3s;\n  position:relative;\n  overflow:hidden;\n}\n\n#uc_post_grid_elementor_d3a3fd8 .uc_post_image img\n{\n  width:100%;\n  display:block;\n  transition:0.3s;\n}\n\n\n\t#uc_post_grid_elementor_d3a3fd8 .ue-item:hover .uc_post_image img\n    {\n      transform:scale(1.1,1.1);\n    }\n\t\n\n\n\n\n\n\n#uc_post_grid_elementor_d3a3fd8 .uc_post_image_overlay\n{\n  position:absolute;\n  top:0px;\n  left:0px;\n  height:100%;\n  width:100%;\n  transition:0.3s;\n}\n\n#uc_post_grid_elementor_d3a3fd8 .uc_more_btn{\n\n  display:inline-block;\n  text-align:center;\n  text-decoration:none;\n  transition:0.3s;\n}\n\n.ue-grid-item-category a\n{\n  display:inline-block;\n  font-size:10px;\n  \n}\n\n.uc_post_title\n{\n  font-size:21px;\n}\n\n\n#uc_post_grid_elementor_d3a3fd8 .ue_post_grid_item\n{\n  display:flex;\n  flex-direction:column;\n}\n\n#uc_post_grid_elementor_d3a3fd8.uc_post_grid_style_one .uc_content{\n flex-grow:1;\n}\n\n#uc_post_grid_elementor_d3a3fd8.uc_post_grid_style_one .uc_content > div\n{\n  height:100%;\n  display:flex;\n  flex-direction:column;\n}\n\n#uc_post_grid_elementor_d3a3fd8 .uc_post_button\n{\n  margin-top:auto;\n}\n\n\n\n\n\n\n\n\n\n\n\n\n\n\n\n\n\n\n\n\n\n\n\n\n#uc_post_grid_elementor_d3a3fd8 .ue-meta-data\n{\n  \n  display:flex;\n\n  flex-wrap: wrap;\n  line-height:1em;\n}\n\n#uc_post_grid_elementor_d3a3fd8 .ue-grid-item-meta-data\n{\n      display:inline-flex;\n      align-items:center;\n}\n\n#uc_post_grid_elementor_d3a3fd8 .ue-grid-item-meta-data a{\n  color:inherit;\n}\n\n.ue-grid-item-meta-data\n{\n  font-size:12px;\n}\n\n#uc_post_grid_elementor_d3a3fd8 .ue-grid-item-meta-data-icon\n{\n  line-height:1em;\n}\n\n#uc_post_grid_elementor_d3a3fd8 .ue-grid-item-meta-data-icon svg\n{\n  width:1em;\n  height:1em;\n}\n\n#uc_post_grid_elementor_d3a3fd8 .ue-debug-meta\n{\n  padding:10px;\n  border:1px solid red;\n  position:relative;\n  line-height:1.5em;\n  font-size:11px;\n  width:100%;\n}\n\n#uc_post_grid_elementor_d3a3fd8 .uc_btn_inner\n{\n  display:inline-flex;\n  align-items:center;\n}\n\n#uc_post_grid_elementor_d3a3fd8 .uc_btn_inner svg\n{\n  width:1em;\n  height:1em;\n}\n\n\n\n\n\n\n\n<\/style>\n\n\t\t\t<div class=\"uc_post_grid_style_one\" id=\"uc_post_grid_elementor_d3a3fd8\"  >\n\t\t<div class=\"uc_post_grid_style_one_wrap ue_post_grid uc-items-wrapper\">\n\t\t\t<div id=\"uc_post_grid_elementor_d3a3fd8_item1\" class=\"uc_post_grid_style_one_item ue_post_grid_item ue-item\">\n  \n      <a class=\"uc_post_grid_style_one_image\" href='https:\/\/artapartamento.com\/it\/ferias\/untitled-online\/' target=\"_self\">\n     <div class=\"uc_post_image\">\n     <img loading=\"lazy\" decoding=\"async\" src=\"https:\/\/artapartamento.com\/wp-content\/uploads\/2023\/11\/Untitled-01-1.jpeg.webp\"  alt=\"Senza titolo online\" width=\"450\" height=\"340\">\n     <div class=\"uc_post_image_overlay\"><\/div>\n     <\/div>\n    <\/a>\n   \n  <div class=\"uc_content\">\n    <div>\n      \n             \n    \t        \t\t\t<div class=\"uc_post_title\"><a class=\"\" href='https:\/\/artapartamento.com\/it\/ferias\/untitled-online\/' target=\"_self\"><div class=\"ue_p_title\">Untitled Online<\/div><\/a><\/div>\n      \t  \t\n\t\t  \n      \t  <div class=\"ue-meta-data\">\n                        \n                        \n        \n\t\t\t\n                        \n                        \n                        \n                        \n            \t\t\t\n              \n            \n          <\/div>\n     \n     <div class=\"uc_post_text\">Eduardo Ponju\u00e1n - Reynier Leyva Novo - Roc\u00edo Garc\u00eda<br><br>\n\n31 luglio - 2 agosto 2020\n<\/div>     \t<\/div>\n  <\/div>\n<\/div>\n<div id=\"uc_post_grid_elementor_d3a3fd8_item2\" class=\"uc_post_grid_style_one_item ue_post_grid_item ue-item\">\n  \n      <a class=\"uc_post_grid_style_one_image\" href='https:\/\/artapartamento.com\/it\/ferias\/future-fair-online\/' target=\"_self\">\n     <div class=\"uc_post_image\">\n     <img loading=\"lazy\" decoding=\"async\" src=\"https:\/\/artapartamento.com\/wp-content\/uploads\/2023\/11\/Future-Fair-Online-2020.webp\"  alt=\"Fiera del futuro online 2020\" width=\"1500\" height=\"1133\">\n     <div class=\"uc_post_image_overlay\"><\/div>\n     <\/div>\n    <\/a>\n   \n  <div class=\"uc_content\">\n    <div>\n      \n             \n    \t        \t\t\t<div class=\"uc_post_title\"><a class=\"\" href='https:\/\/artapartamento.com\/it\/ferias\/future-fair-online\/' target=\"_self\"><div class=\"ue_p_title\">Future Fair Online<\/div><\/a><\/div>\n      \t  \t\n\t\t  \n      \t  <div class=\"ue-meta-data\">\n                        \n                        \n        \n\t\t\t\n                        \n                        \n                        \n                        \n            \t\t\t\n              \n            \n          <\/div>\n     \n     <div class=\"uc_post_text\">Ariel Cabrera - Ariamna Contino - Leandro Feal - Diana Fonseca - Orestes Hern\u00e1ndez - Reynier Leyva Novo <br><br>\n\n6 maggio - 6 giugno 2020<\/div>     \t<\/div>\n  <\/div>\n<\/div>\n<div id=\"uc_post_grid_elementor_d3a3fd8_item3\" class=\"uc_post_grid_style_one_item ue_post_grid_item ue-item\">\n  \n      <a class=\"uc_post_grid_style_one_image\" href='https:\/\/artapartamento.com\/it\/ferias\/the-armory-show-2020\/' target=\"_self\">\n     <div class=\"uc_post_image\">\n     <img loading=\"lazy\" decoding=\"async\" src=\"https:\/\/artapartamento.com\/wp-content\/uploads\/2023\/11\/The-Armory-Show-2020.webp\"  alt=\"The Armory Show 2020\" width=\"1500\" height=\"1133\">\n     <div class=\"uc_post_image_overlay\"><\/div>\n     <\/div>\n    <\/a>\n   \n  <div class=\"uc_content\">\n    <div>\n      \n             \n    \t        \t\t\t<div class=\"uc_post_title\"><a class=\"\" href='https:\/\/artapartamento.com\/it\/ferias\/the-armory-show-2020\/' target=\"_self\"><div class=\"ue_p_title\">The Armory Show 2020<\/div><\/a><\/div>\n      \t  \t\n\t\t  \n      \t  <div class=\"ue-meta-data\">\n                        \n                        \n        \n\t\t\t\n                        \n                        \n                        \n                        \n            \t\t\t\n              \n            \n          <\/div>\n     \n     <div class=\"uc_post_text\">Arles del Rio<br><br>\n\n5 - 8 marzo 2020<\/div>     \t<\/div>\n  <\/div>\n<\/div>\n<div id=\"uc_post_grid_elementor_d3a3fd8_item4\" class=\"uc_post_grid_style_one_item ue_post_grid_item ue-item\">\n  \n      <a class=\"uc_post_grid_style_one_image\" href='https:\/\/artapartamento.com\/it\/ferias\/arco-madrid-2020\/' target=\"_self\">\n     <div class=\"uc_post_image\">\n     <img loading=\"lazy\" decoding=\"async\" src=\"https:\/\/artapartamento.com\/wp-content\/uploads\/2023\/11\/Arco-2020.webp\"  alt=\"Arco 2020\" width=\"1500\" height=\"1133\">\n     <div class=\"uc_post_image_overlay\"><\/div>\n     <\/div>\n    <\/a>\n   \n  <div class=\"uc_content\">\n    <div>\n      \n             \n    \t        \t\t\t<div class=\"uc_post_title\"><a class=\"\" href='https:\/\/artapartamento.com\/it\/ferias\/arco-madrid-2020\/' target=\"_self\"><div class=\"ue_p_title\">ARCOmadrid 2020<\/div><\/a><\/div>\n      \t  \t\n\t\t  \n      \t  <div class=\"ue-meta-data\">\n                        \n                        \n        \n\t\t\t\n                        \n                        \n                        \n                        \n            \t\t\t\n              \n            \n          <\/div>\n     \n     <div class=\"uc_post_text\">Alex Hern\u00e1ndez - Ariamna Contino - Diana Fonseca - Ezequiel Su\u00e1rez - Leandro Feal - Levi Orta - Orestes Hern\u00e1ndez - Reynier Leyva Novo<br><br>\n\n26 febbraio - 1\u00b0 marzo 2020<\/div>     \t<\/div>\n  <\/div>\n<\/div>\n\n\t\t<\/div>\n\t<\/div>\n\n\n\n  <div id=\"uc_post_grid_elementor_d3a3fd8_empty_message\" class=\"ue-no-posts-found\"  style=\"display:none\" >Nessun post trovato<\/div>\n\n\n\t\t\t<!-- end Post Grid -->\t\t\t\t<\/div>\n\t\t\t\t<\/div>\n\t\t\t\t<\/div>\n\t\t<div class=\"elementor-element elementor-element-21f0169 e-con-full e-flex e-con e-parent\" data-id=\"21f0169\" data-element_type=\"container\" data-e-type=\"container\" data-settings=\"{&quot;background_background&quot;:&quot;classic&quot;}\">\n\t\t\t\t<div class=\"elementor-element elementor-element-145a83d elementor-invisible elementor-widget elementor-widget-heading\" data-id=\"145a83d\" data-element_type=\"widget\" data-e-type=\"widget\" data-settings=\"{&quot;_animation&quot;:&quot;fadeInUp&quot;}\" data-widget_type=\"heading.default\">\n\t\t\t\t<div class=\"elementor-widget-container\">\n\t\t\t\t\t<h2 class=\"elementor-heading-title elementor-size-default\">2019<\/h2>\t\t\t\t<\/div>\n\t\t\t\t<\/div>\n\t\t\t\t<div class=\"elementor-element elementor-element-7d99509 elementor-widget elementor-widget-ucaddon_post_grid\" data-id=\"7d99509\" data-element_type=\"widget\" data-e-type=\"widget\" data-widget_type=\"ucaddon_post_grid.default\">\n\t\t\t\t<div class=\"elementor-widget-container\">\n\t\t\t\t\t<!-- start Post Grid -->\n\n\t\t\t<style type=\"text\/css\">\/* widget: Post Grid *\/\n\n\t\t\t\r\n@keyframes uc_post_grid_elementor_7d99509__item-animation {\r\n  0% {\r\n                    \t\r\n        \t\t\t\t        \t\r\n    \t    opacity: 0;\r\n  }\r\n  100% {\r\n                        \r\n        \t            \r\n    \t\topacity: 1;\r\n  }\r\n}\r\n\t\t\t\r\n\t\t\t\r\n#uc_post_grid_elementor_7d99509 .ue-item{\r\n\topacity:0;\r\n}\r\n\r\n\r\n#uc_post_grid_elementor_7d99509 .uc-entrance-animate {\r\n  opacity:1;\r\n}\r\n\r\n#uc_post_grid_elementor_7d99509 .uc-entrance-animate {\r\n\tanimation: uc_post_grid_elementor_7d99509__item-animation 0.8s cubic-bezier(0.470, 0.000, 0.745, 0.715) both;\r\n}\r\n\r\n\t\t\t\n\n#uc_post_grid_elementor_7d99509.uc_post_grid_style_one .uc_post_grid_style_one_wrap {\n   display:grid;\n}\n\n\n#uc_post_grid_elementor_7d99509 .uc_post_grid_style_one_item\n{\n  overflow:hidden;\n  position:relative;\n}\n\n#uc_post_grid_elementor_7d99509 .uc_post_image\n{\n  transition:0.3s;\n  position:relative;\n  overflow:hidden;\n}\n\n#uc_post_grid_elementor_7d99509 .uc_post_image img\n{\n  width:100%;\n  display:block;\n  transition:0.3s;\n}\n\n\n\t#uc_post_grid_elementor_7d99509 .ue-item:hover .uc_post_image img\n    {\n      transform:scale(1.1,1.1);\n    }\n\t\n\n\n\n\n\n\n#uc_post_grid_elementor_7d99509 .uc_post_image_overlay\n{\n  position:absolute;\n  top:0px;\n  left:0px;\n  height:100%;\n  width:100%;\n  transition:0.3s;\n}\n\n#uc_post_grid_elementor_7d99509 .uc_more_btn{\n\n  display:inline-block;\n  text-align:center;\n  text-decoration:none;\n  transition:0.3s;\n}\n\n.ue-grid-item-category a\n{\n  display:inline-block;\n  font-size:10px;\n  \n}\n\n.uc_post_title\n{\n  font-size:21px;\n}\n\n\n#uc_post_grid_elementor_7d99509 .ue_post_grid_item\n{\n  display:flex;\n  flex-direction:column;\n}\n\n#uc_post_grid_elementor_7d99509.uc_post_grid_style_one .uc_content{\n flex-grow:1;\n}\n\n#uc_post_grid_elementor_7d99509.uc_post_grid_style_one .uc_content > div\n{\n  height:100%;\n  display:flex;\n  flex-direction:column;\n}\n\n#uc_post_grid_elementor_7d99509 .uc_post_button\n{\n  margin-top:auto;\n}\n\n\n\n\n\n\n\n\n\n\n\n\n\n\n\n\n\n\n\n\n\n\n\n\n#uc_post_grid_elementor_7d99509 .ue-meta-data\n{\n  \n  display:flex;\n\n  flex-wrap: wrap;\n  line-height:1em;\n}\n\n#uc_post_grid_elementor_7d99509 .ue-grid-item-meta-data\n{\n      display:inline-flex;\n      align-items:center;\n}\n\n#uc_post_grid_elementor_7d99509 .ue-grid-item-meta-data a{\n  color:inherit;\n}\n\n.ue-grid-item-meta-data\n{\n  font-size:12px;\n}\n\n#uc_post_grid_elementor_7d99509 .ue-grid-item-meta-data-icon\n{\n  line-height:1em;\n}\n\n#uc_post_grid_elementor_7d99509 .ue-grid-item-meta-data-icon svg\n{\n  width:1em;\n  height:1em;\n}\n\n#uc_post_grid_elementor_7d99509 .ue-debug-meta\n{\n  padding:10px;\n  border:1px solid red;\n  position:relative;\n  line-height:1.5em;\n  font-size:11px;\n  width:100%;\n}\n\n#uc_post_grid_elementor_7d99509 .uc_btn_inner\n{\n  display:inline-flex;\n  align-items:center;\n}\n\n#uc_post_grid_elementor_7d99509 .uc_btn_inner svg\n{\n  width:1em;\n  height:1em;\n}\n\n\n\n\n\n\n\n\n\n<\/style>\n\n\t\t\t<div class=\"uc_post_grid_style_one\" id=\"uc_post_grid_elementor_7d99509\"  >\n\t\t<div class=\"uc_post_grid_style_one_wrap ue_post_grid uc-items-wrapper\">\n\t\t\t<div id=\"uc_post_grid_elementor_7d99509_item1\" class=\"uc_post_grid_style_one_item ue_post_grid_item ue-item\">\n  \n      <a class=\"uc_post_grid_style_one_image\" href='https:\/\/artapartamento.com\/it\/ferias\/untitled-2019\/' target=\"_self\">\n     <div class=\"uc_post_image\">\n     <img loading=\"lazy\" decoding=\"async\" src=\"https:\/\/artapartamento.com\/wp-content\/uploads\/2023\/11\/Untitled-2019.webp\"  alt=\"Untitled 2019\" width=\"1500\" height=\"1133\">\n     <div class=\"uc_post_image_overlay\"><\/div>\n     <\/div>\n    <\/a>\n   \n  <div class=\"uc_content\">\n    <div>\n      \n             \n    \t        \t\t\t<div class=\"uc_post_title\"><a class=\"\" href='https:\/\/artapartamento.com\/it\/ferias\/untitled-2019\/' target=\"_self\"><div class=\"ue_p_title\">Untitled 2019<\/div><\/a><\/div>\n      \t  \t\n\t\t  \n      \t  <div class=\"ue-meta-data\">\n                        \n                        \n        \n\t\t\t\n                        \n                        \n                        \n                        \n            \t\t\t\n              \n            \n          <\/div>\n     \n     <div class=\"uc_post_text\">Ariel Cabrera - Arl\u00e9s del R\u00edo - Orestes Hern\u00e1ndez - Osvaldo Gonz\u00e1lez Aguiar\n\n<br><br>\n4 - 8 dicembre 2019<\/div>     \t<\/div>\n  <\/div>\n<\/div>\n<div id=\"uc_post_grid_elementor_7d99509_item2\" class=\"uc_post_grid_style_one_item ue_post_grid_item ue-item\">\n  \n      <a class=\"uc_post_grid_style_one_image\" href='https:\/\/artapartamento.com\/it\/ferias\/expo-chicago-2019\/' target=\"_self\">\n     <div class=\"uc_post_image\">\n     <img loading=\"lazy\" decoding=\"async\" src=\"https:\/\/artapartamento.com\/wp-content\/uploads\/2023\/11\/Expo-Chicago-01.webp\"  alt=\"Expo Chicago 2019\" width=\"1500\" height=\"1133\">\n     <div class=\"uc_post_image_overlay\"><\/div>\n     <\/div>\n    <\/a>\n   \n  <div class=\"uc_content\">\n    <div>\n      \n             \n    \t        \t\t\t<div class=\"uc_post_title\"><a class=\"\" href='https:\/\/artapartamento.com\/it\/ferias\/expo-chicago-2019\/' target=\"_self\"><div class=\"ue_p_title\">Expo Chicago 2019<\/div><\/a><\/div>\n      \t  \t\n\t\t  \n      \t  <div class=\"ue-meta-data\">\n                        \n                        \n        \n\t\t\t\n                        \n                        \n                        \n                        \n            \t\t\t\n              \n            \n          <\/div>\n     \n     <div class=\"uc_post_text\">Arl\u00e9s del R\u00edo - Diana Fonseca<br><br>\n\n19 - 22 settembre 2019<\/div>     \t<\/div>\n  <\/div>\n<\/div>\n<div id=\"uc_post_grid_elementor_7d99509_item3\" class=\"uc_post_grid_style_one_item ue_post_grid_item ue-item\">\n  \n      <a class=\"uc_post_grid_style_one_image\" href='https:\/\/artapartamento.com\/it\/ferias\/liste-art-fair-basel\/' target=\"_self\">\n     <div class=\"uc_post_image\">\n     <img loading=\"lazy\" decoding=\"async\" src=\"https:\/\/artapartamento.com\/wp-content\/uploads\/2023\/11\/Liste-01-1.webp\"  alt=\"Elenco 2019\" width=\"1500\" height=\"1133\">\n     <div class=\"uc_post_image_overlay\"><\/div>\n     <\/div>\n    <\/a>\n   \n  <div class=\"uc_content\">\n    <div>\n      \n             \n    \t        \t\t\t<div class=\"uc_post_title\"><a class=\"\" href='https:\/\/artapartamento.com\/it\/ferias\/liste-art-fair-basel\/' target=\"_self\"><div class=\"ue_p_title\">Liste - Art Fair Basel, 2019<\/div><\/a><\/div>\n      \t  \t\n\t\t  \n      \t  <div class=\"ue-meta-data\">\n                        \n                        \n        \n\t\t\t\n                        \n                        \n                        \n                        \n            \t\t\t\n              \n            \n          <\/div>\n     \n     <div class=\"uc_post_text\">Leandro Feal - Reynier Leyva Novo - Yornel Mart\u00ednez\n\n<br><br>\n10 - 16 giugno 2019<\/div>     \t<\/div>\n  <\/div>\n<\/div>\n<div id=\"uc_post_grid_elementor_7d99509_item4\" class=\"uc_post_grid_style_one_item ue_post_grid_item ue-item\">\n  \n      <a class=\"uc_post_grid_style_one_image\" href='https:\/\/artapartamento.com\/it\/ferias\/arco-madrid-2019\/' target=\"_self\">\n     <div class=\"uc_post_image\">\n     <img loading=\"lazy\" decoding=\"async\" src=\"https:\/\/artapartamento.com\/wp-content\/uploads\/2023\/11\/Arco-2019.webp\"  alt=\"Arco 2019\" width=\"1500\" height=\"1133\">\n     <div class=\"uc_post_image_overlay\"><\/div>\n     <\/div>\n    <\/a>\n   \n  <div class=\"uc_content\">\n    <div>\n      \n             \n    \t        \t\t\t<div class=\"uc_post_title\"><a class=\"\" href='https:\/\/artapartamento.com\/it\/ferias\/arco-madrid-2019\/' target=\"_self\"><div class=\"ue_p_title\">ARCOmadrid, 2019<\/div><\/a><\/div>\n      \t  \t\n\t\t  \n      \t  <div class=\"ue-meta-data\">\n                        \n                        \n        \n\t\t\t\n                        \n                        \n                        \n                        \n            \t\t\t\n              \n            \n          <\/div>\n     \n     <div class=\"uc_post_text\">Diana Fonseca - Juan Carlos Alom - Reynier Leyva Novo - Yaima Carrazana - Yornel Mart\u00ednez<br><br>\n\n27 - 3 marzo 2019<\/div>     \t<\/div>\n  <\/div>\n<\/div>\n<div id=\"uc_post_grid_elementor_7d99509_item5\" class=\"uc_post_grid_style_one_item ue_post_grid_item ue-item\">\n  \n      <a class=\"uc_post_grid_style_one_image\" href='https:\/\/artapartamento.com\/it\/ferias\/the-armory-show-2019\/' target=\"_self\">\n     <div class=\"uc_post_image\">\n     <img loading=\"lazy\" decoding=\"async\" src=\"https:\/\/artapartamento.com\/wp-content\/uploads\/2023\/11\/The-harmory-show-01.webp\"  alt=\"Lo spettacolo di harmory 2019\" width=\"1500\" height=\"1133\">\n     <div class=\"uc_post_image_overlay\"><\/div>\n     <\/div>\n    <\/a>\n   \n  <div class=\"uc_content\">\n    <div>\n      \n             \n    \t        \t\t\t<div class=\"uc_post_title\"><a class=\"\" href='https:\/\/artapartamento.com\/it\/ferias\/the-armory-show-2019\/' target=\"_self\"><div class=\"ue_p_title\">The Armory Show, 2019<\/div><\/a><\/div>\n      \t  \t\n\t\t  \n      \t  <div class=\"ue-meta-data\">\n                        \n                        \n        \n\t\t\t\n                        \n                        \n                        \n                        \n            \t\t\t\n              \n            \n          <\/div>\n     \n     <div class=\"uc_post_text\">Eduardo Ponju\u00e1n\n\n<br><br>\n7 - 10 marzo 2019<\/div>     \t<\/div>\n  <\/div>\n<\/div>\n<div id=\"uc_post_grid_elementor_7d99509_item6\" class=\"uc_post_grid_style_one_item ue_post_grid_item ue-item\">\n  \n      <a class=\"uc_post_grid_style_one_image\" href='https:\/\/artapartamento.com\/it\/ferias\/zonamaco-mexico-arte-contemporaneo\/' target=\"_self\">\n     <div class=\"uc_post_image\">\n     <img loading=\"lazy\" decoding=\"async\" src=\"https:\/\/artapartamento.com\/wp-content\/uploads\/2023\/11\/Zonamaco-01.webp\"  alt=\"Zonamaco 2019\" width=\"1500\" height=\"1133\">\n     <div class=\"uc_post_image_overlay\"><\/div>\n     <\/div>\n    <\/a>\n   \n  <div class=\"uc_content\">\n    <div>\n      \n             \n    \t        \t\t\t<div class=\"uc_post_title\"><a class=\"\" href='https:\/\/artapartamento.com\/it\/ferias\/zonamaco-mexico-arte-contemporaneo\/' target=\"_self\"><div class=\"ue_p_title\">Zonamaco M\u00e9xico - Arte Contempor\u00e1neo<\/div><\/a><\/div>\n      \t  \t\n\t\t  \n      \t  <div class=\"ue-meta-data\">\n                        \n                        \n        \n\t\t\t\n                        \n                        \n                        \n                        \n            \t\t\t\n              \n            \n          <\/div>\n     \n     <div class=\"uc_post_text\">Reynier Leyva Novo<br><br>\n\n6-10 febbraio 2019<\/div>     \t<\/div>\n  <\/div>\n<\/div>\n\n\t\t<\/div>\n\t<\/div>\n\n\n\n  <div id=\"uc_post_grid_elementor_7d99509_empty_message\" class=\"ue-no-posts-found\"  style=\"display:none\" >Nessun post trovato<\/div>\n\n\n\t\t\t<!-- end Post Grid -->\t\t\t\t<\/div>\n\t\t\t\t<\/div>\n\t\t\t\t<\/div>\n\t\t<div class=\"elementor-element elementor-element-74b6989 e-con-full e-flex e-con e-parent\" data-id=\"74b6989\" data-element_type=\"container\" data-e-type=\"container\" data-settings=\"{&quot;background_background&quot;:&quot;classic&quot;}\">\n\t\t\t\t<div class=\"elementor-element elementor-element-2e14678 elementor-invisible elementor-widget elementor-widget-heading\" data-id=\"2e14678\" data-element_type=\"widget\" data-e-type=\"widget\" data-settings=\"{&quot;_animation&quot;:&quot;fadeInUp&quot;}\" data-widget_type=\"heading.default\">\n\t\t\t\t<div class=\"elementor-widget-container\">\n\t\t\t\t\t<h2 class=\"elementor-heading-title elementor-size-default\">2018<\/h2>\t\t\t\t<\/div>\n\t\t\t\t<\/div>\n\t\t\t\t<div class=\"elementor-element elementor-element-11a3fa9 elementor-widget elementor-widget-ucaddon_post_grid\" data-id=\"11a3fa9\" data-element_type=\"widget\" data-e-type=\"widget\" data-widget_type=\"ucaddon_post_grid.default\">\n\t\t\t\t<div class=\"elementor-widget-container\">\n\t\t\t\t\t<!-- start Post Grid -->\n\n\t\t\t<style type=\"text\/css\">\/* widget: Post Grid *\/\n\n\t\t\t\r\n@keyframes uc_post_grid_elementor_11a3fa9__item-animation {\r\n  0% {\r\n                    \t\r\n        \t\t\t\t        \t\r\n    \t    opacity: 0;\r\n  }\r\n  100% {\r\n                        \r\n        \t            \r\n    \t\topacity: 1;\r\n  }\r\n}\r\n\t\t\t\r\n\t\t\t\r\n#uc_post_grid_elementor_11a3fa9 .ue-item{\r\n\topacity:0;\r\n}\r\n\r\n\r\n#uc_post_grid_elementor_11a3fa9 .uc-entrance-animate {\r\n  opacity:1;\r\n}\r\n\r\n#uc_post_grid_elementor_11a3fa9 .uc-entrance-animate {\r\n\tanimation: uc_post_grid_elementor_11a3fa9__item-animation 0.8s cubic-bezier(0.470, 0.000, 0.745, 0.715) both;\r\n}\r\n\r\n\t\t\t\n\n#uc_post_grid_elementor_11a3fa9.uc_post_grid_style_one .uc_post_grid_style_one_wrap {\n   display:grid;\n}\n\n\n#uc_post_grid_elementor_11a3fa9 .uc_post_grid_style_one_item\n{\n  overflow:hidden;\n  position:relative;\n}\n\n#uc_post_grid_elementor_11a3fa9 .uc_post_image\n{\n  transition:0.3s;\n  position:relative;\n  overflow:hidden;\n}\n\n#uc_post_grid_elementor_11a3fa9 .uc_post_image img\n{\n  width:100%;\n  display:block;\n  transition:0.3s;\n}\n\n\n\t#uc_post_grid_elementor_11a3fa9 .ue-item:hover .uc_post_image img\n    {\n      transform:scale(1.1,1.1);\n    }\n\t\n\n\n\n\n\n\n#uc_post_grid_elementor_11a3fa9 .uc_post_image_overlay\n{\n  position:absolute;\n  top:0px;\n  left:0px;\n  height:100%;\n  width:100%;\n  transition:0.3s;\n}\n\n#uc_post_grid_elementor_11a3fa9 .uc_more_btn{\n\n  display:inline-block;\n  text-align:center;\n  text-decoration:none;\n  transition:0.3s;\n}\n\n.ue-grid-item-category a\n{\n  display:inline-block;\n  font-size:10px;\n  \n}\n\n.uc_post_title\n{\n  font-size:21px;\n}\n\n\n#uc_post_grid_elementor_11a3fa9 .ue_post_grid_item\n{\n  display:flex;\n  flex-direction:column;\n}\n\n#uc_post_grid_elementor_11a3fa9.uc_post_grid_style_one .uc_content{\n flex-grow:1;\n}\n\n#uc_post_grid_elementor_11a3fa9.uc_post_grid_style_one .uc_content > div\n{\n  height:100%;\n  display:flex;\n  flex-direction:column;\n}\n\n#uc_post_grid_elementor_11a3fa9 .uc_post_button\n{\n  margin-top:auto;\n}\n\n\n\n\n\n\n\n\n\n\n\n\n\n\n\n\n\n\n\n\n\n\n\n\n#uc_post_grid_elementor_11a3fa9 .ue-meta-data\n{\n  \n  display:flex;\n\n  flex-wrap: wrap;\n  line-height:1em;\n}\n\n#uc_post_grid_elementor_11a3fa9 .ue-grid-item-meta-data\n{\n      display:inline-flex;\n      align-items:center;\n}\n\n#uc_post_grid_elementor_11a3fa9 .ue-grid-item-meta-data a{\n  color:inherit;\n}\n\n.ue-grid-item-meta-data\n{\n  font-size:12px;\n}\n\n#uc_post_grid_elementor_11a3fa9 .ue-grid-item-meta-data-icon\n{\n  line-height:1em;\n}\n\n#uc_post_grid_elementor_11a3fa9 .ue-grid-item-meta-data-icon svg\n{\n  width:1em;\n  height:1em;\n}\n\n#uc_post_grid_elementor_11a3fa9 .ue-debug-meta\n{\n  padding:10px;\n  border:1px solid red;\n  position:relative;\n  line-height:1.5em;\n  font-size:11px;\n  width:100%;\n}\n\n#uc_post_grid_elementor_11a3fa9 .uc_btn_inner\n{\n  display:inline-flex;\n  align-items:center;\n}\n\n#uc_post_grid_elementor_11a3fa9 .uc_btn_inner svg\n{\n  width:1em;\n  height:1em;\n}\n\n\n\n\n\n\n<\/style>\n\n\t\t\t<div class=\"uc_post_grid_style_one\" id=\"uc_post_grid_elementor_11a3fa9\"  >\n\t\t<div class=\"uc_post_grid_style_one_wrap ue_post_grid uc-items-wrapper\">\n\t\t\t<div id=\"uc_post_grid_elementor_11a3fa9_item1\" class=\"uc_post_grid_style_one_item ue_post_grid_item ue-item\">\n  \n      <a class=\"uc_post_grid_style_one_image\" href='https:\/\/artapartamento.com\/it\/ferias\/untitled-2018\/' target=\"_self\">\n     <div class=\"uc_post_image\">\n     <img loading=\"lazy\" decoding=\"async\" src=\"https:\/\/artapartamento.com\/wp-content\/uploads\/2023\/11\/Untitled-2018.webp\"  alt=\"Untitled 2018\" width=\"1500\" height=\"1133\">\n     <div class=\"uc_post_image_overlay\"><\/div>\n     <\/div>\n    <\/a>\n   \n  <div class=\"uc_content\">\n    <div>\n      \n             \n    \t        \t\t\t<div class=\"uc_post_title\"><a class=\"\" href='https:\/\/artapartamento.com\/it\/ferias\/untitled-2018\/' target=\"_self\"><div class=\"ue_p_title\">Untitled 2018<\/div><\/a><\/div>\n      \t  \t\n\t\t  \n      \t  <div class=\"ue-meta-data\">\n                        \n                        \n        \n\t\t\t\n                        \n                        \n                        \n                        \n            \t\t\t\n              \n            \n          <\/div>\n     \n     <div class=\"uc_post_text\">Arl\u00e9s del R\u00edo - Diana Fonseca - Leandro Feal - Luis Enrique L\u00f3pez-Ch\u00e1vez - Orestes Hern\u00e1ndez - Reynier Leyva Novo<br><br>\n\n5 - 9 dicembre 2018<\/div>     \t<\/div>\n  <\/div>\n<\/div>\n<div id=\"uc_post_grid_elementor_11a3fa9_item2\" class=\"uc_post_grid_style_one_item ue_post_grid_item ue-item\">\n  \n      <a class=\"uc_post_grid_style_one_image\" href='https:\/\/artapartamento.com\/it\/ferias\/liste-art-fair-basel-2018\/' target=\"_self\">\n     <div class=\"uc_post_image\">\n     <img loading=\"lazy\" decoding=\"async\" src=\"https:\/\/artapartamento.com\/wp-content\/uploads\/2023\/11\/Liste-2018.webp\"  alt=\"Lista 2018\" width=\"1500\" height=\"1133\">\n     <div class=\"uc_post_image_overlay\"><\/div>\n     <\/div>\n    <\/a>\n   \n  <div class=\"uc_content\">\n    <div>\n      \n             \n    \t        \t\t\t<div class=\"uc_post_title\"><a class=\"\" href='https:\/\/artapartamento.com\/it\/ferias\/liste-art-fair-basel-2018\/' target=\"_self\"><div class=\"ue_p_title\">Liste - Art Fair Basel 2018<\/div><\/a><\/div>\n      \t  \t\n\t\t  \n      \t  <div class=\"ue-meta-data\">\n                        \n                        \n        \n\t\t\t\n                        \n                        \n                        \n                        \n            \t\t\t\n              \n            \n          <\/div>\n     \n     <div class=\"uc_post_text\">Diana Fonseca - Reynier Leyva Novo<br><br>\n\n11 - 17 giugno 2018<\/div>     \t<\/div>\n  <\/div>\n<\/div>\n<div id=\"uc_post_grid_elementor_11a3fa9_item3\" class=\"uc_post_grid_style_one_item ue_post_grid_item ue-item\">\n  \n      <a class=\"uc_post_grid_style_one_image\" href='https:\/\/artapartamento.com\/it\/ferias\/the-harmony-show-2018\/' target=\"_self\">\n     <div class=\"uc_post_image\">\n     <img loading=\"lazy\" decoding=\"async\" src=\"https:\/\/artapartamento.com\/wp-content\/uploads\/2023\/11\/The-harmony-show-2018.webp\"  alt=\"Lo spettacolo dell&#039;armonia 2018\" width=\"1500\" height=\"1133\">\n     <div class=\"uc_post_image_overlay\"><\/div>\n     <\/div>\n    <\/a>\n   \n  <div class=\"uc_content\">\n    <div>\n      \n             \n    \t        \t\t\t<div class=\"uc_post_title\"><a class=\"\" href='https:\/\/artapartamento.com\/it\/ferias\/the-harmony-show-2018\/' target=\"_self\"><div class=\"ue_p_title\">Mostra Armory, 2018<\/div><\/a><\/div>\n      \t  \t\n\t\t  \n      \t  <div class=\"ue-meta-data\">\n                        \n                        \n        \n\t\t\t\n                        \n                        \n                        \n                        \n            \t\t\t\n              \n            \n          <\/div>\n     \n     <div class=\"uc_post_text\">Reynier Leyva Novo<br><br>\n8 - 11 marzo 2018<\/div>     \t<\/div>\n  <\/div>\n<\/div>\n\n\t\t<\/div>\n\t<\/div>\n\n\n\n  <div id=\"uc_post_grid_elementor_11a3fa9_empty_message\" class=\"ue-no-posts-found\"  style=\"display:none\" >Nessun post trovato<\/div>\n\n\n\t\t\t<!-- end Post Grid -->\t\t\t\t<\/div>\n\t\t\t\t<\/div>\n\t\t\t\t<\/div>\n\t\t<div class=\"elementor-element elementor-element-f6b86a3 e-con-full e-flex e-con e-parent\" data-id=\"f6b86a3\" data-element_type=\"container\" data-e-type=\"container\" data-settings=\"{&quot;background_background&quot;:&quot;classic&quot;}\">\n\t\t\t\t<div class=\"elementor-element elementor-element-626d144 elementor-invisible elementor-widget elementor-widget-heading\" data-id=\"626d144\" data-element_type=\"widget\" data-e-type=\"widget\" data-settings=\"{&quot;_animation&quot;:&quot;fadeInUp&quot;}\" data-widget_type=\"heading.default\">\n\t\t\t\t<div class=\"elementor-widget-container\">\n\t\t\t\t\t<h2 class=\"elementor-heading-title elementor-size-default\">2017<\/h2>\t\t\t\t<\/div>\n\t\t\t\t<\/div>\n\t\t\t\t<div class=\"elementor-element elementor-element-07d8e72 elementor-widget elementor-widget-ucaddon_post_grid\" data-id=\"07d8e72\" data-element_type=\"widget\" data-e-type=\"widget\" data-widget_type=\"ucaddon_post_grid.default\">\n\t\t\t\t<div class=\"elementor-widget-container\">\n\t\t\t\t\t<!-- start Post Grid -->\n\n\t\t\t<style type=\"text\/css\">\/* widget: Post Grid *\/\n\n\t\t\t\r\n@keyframes uc_post_grid_elementor_07d8e72__item-animation {\r\n  0% {\r\n                    \t\r\n        \t\t\t\t        \t\r\n    \t    opacity: 0;\r\n  }\r\n  100% {\r\n                        \r\n        \t            \r\n    \t\topacity: 1;\r\n  }\r\n}\r\n\t\t\t\r\n\t\t\t\r\n#uc_post_grid_elementor_07d8e72 .ue-item{\r\n\topacity:0;\r\n}\r\n\r\n\r\n#uc_post_grid_elementor_07d8e72 .uc-entrance-animate {\r\n  opacity:1;\r\n}\r\n\r\n#uc_post_grid_elementor_07d8e72 .uc-entrance-animate {\r\n\tanimation: uc_post_grid_elementor_07d8e72__item-animation 0.8s cubic-bezier(0.470, 0.000, 0.745, 0.715) both;\r\n}\r\n\r\n\t\t\t\n\n#uc_post_grid_elementor_07d8e72.uc_post_grid_style_one .uc_post_grid_style_one_wrap {\n   display:grid;\n}\n\n\n#uc_post_grid_elementor_07d8e72 .uc_post_grid_style_one_item\n{\n  overflow:hidden;\n  position:relative;\n}\n\n#uc_post_grid_elementor_07d8e72 .uc_post_image\n{\n  transition:0.3s;\n  position:relative;\n  overflow:hidden;\n}\n\n#uc_post_grid_elementor_07d8e72 .uc_post_image img\n{\n  width:100%;\n  display:block;\n  transition:0.3s;\n}\n\n\n\t#uc_post_grid_elementor_07d8e72 .ue-item:hover .uc_post_image img\n    {\n      transform:scale(1.1,1.1);\n    }\n\t\n\n\n\n\n\n\n#uc_post_grid_elementor_07d8e72 .uc_post_image_overlay\n{\n  position:absolute;\n  top:0px;\n  left:0px;\n  height:100%;\n  width:100%;\n  transition:0.3s;\n}\n\n#uc_post_grid_elementor_07d8e72 .uc_more_btn{\n\n  display:inline-block;\n  text-align:center;\n  text-decoration:none;\n  transition:0.3s;\n}\n\n.ue-grid-item-category a\n{\n  display:inline-block;\n  font-size:10px;\n  \n}\n\n.uc_post_title\n{\n  font-size:21px;\n}\n\n\n#uc_post_grid_elementor_07d8e72 .ue_post_grid_item\n{\n  display:flex;\n  flex-direction:column;\n}\n\n#uc_post_grid_elementor_07d8e72.uc_post_grid_style_one .uc_content{\n flex-grow:1;\n}\n\n#uc_post_grid_elementor_07d8e72.uc_post_grid_style_one .uc_content > div\n{\n  height:100%;\n  display:flex;\n  flex-direction:column;\n}\n\n#uc_post_grid_elementor_07d8e72 .uc_post_button\n{\n  margin-top:auto;\n}\n\n\n\n\n\n\n\n\n\n\n\n\n\n\n\n\n\n\n\n\n\n\n\n\n#uc_post_grid_elementor_07d8e72 .ue-meta-data\n{\n  \n  display:flex;\n\n  flex-wrap: wrap;\n  line-height:1em;\n}\n\n#uc_post_grid_elementor_07d8e72 .ue-grid-item-meta-data\n{\n      display:inline-flex;\n      align-items:center;\n}\n\n#uc_post_grid_elementor_07d8e72 .ue-grid-item-meta-data a{\n  color:inherit;\n}\n\n.ue-grid-item-meta-data\n{\n  font-size:12px;\n}\n\n#uc_post_grid_elementor_07d8e72 .ue-grid-item-meta-data-icon\n{\n  line-height:1em;\n}\n\n#uc_post_grid_elementor_07d8e72 .ue-grid-item-meta-data-icon svg\n{\n  width:1em;\n  height:1em;\n}\n\n#uc_post_grid_elementor_07d8e72 .ue-debug-meta\n{\n  padding:10px;\n  border:1px solid red;\n  position:relative;\n  line-height:1.5em;\n  font-size:11px;\n  width:100%;\n}\n\n#uc_post_grid_elementor_07d8e72 .uc_btn_inner\n{\n  display:inline-flex;\n  align-items:center;\n}\n\n#uc_post_grid_elementor_07d8e72 .uc_btn_inner svg\n{\n  width:1em;\n  height:1em;\n}\n\n\n\n\n\n\n\n\n<\/style>\n\n\t\t\t<div class=\"uc_post_grid_style_one\" id=\"uc_post_grid_elementor_07d8e72\"  >\n\t\t<div class=\"uc_post_grid_style_one_wrap ue_post_grid uc-items-wrapper\">\n\t\t\t<div id=\"uc_post_grid_elementor_07d8e72_item1\" class=\"uc_post_grid_style_one_item ue_post_grid_item ue-item\">\n  \n      <a class=\"uc_post_grid_style_one_image\" href='https:\/\/artapartamento.com\/it\/ferias\/untitled-2017\/' target=\"_self\">\n     <div class=\"uc_post_image\">\n     <img loading=\"lazy\" decoding=\"async\" src=\"https:\/\/artapartamento.com\/wp-content\/uploads\/2023\/11\/Untitled-2017.webp\"  alt=\"Untitled 2017\" width=\"1500\" height=\"1133\">\n     <div class=\"uc_post_image_overlay\"><\/div>\n     <\/div>\n    <\/a>\n   \n  <div class=\"uc_content\">\n    <div>\n      \n             \n    \t        \t\t\t<div class=\"uc_post_title\"><a class=\"\" href='https:\/\/artapartamento.com\/it\/ferias\/untitled-2017\/' target=\"_self\"><div class=\"ue_p_title\">Untitled 2017<\/div><\/a><\/div>\n      \t  \t\n\t\t  \n      \t  <div class=\"ue-meta-data\">\n                        \n                        \n        \n\t\t\t\n                        \n                        \n                        \n                        \n            \t\t\t\n              \n            \n          <\/div>\n     \n     <div class=\"uc_post_text\">Diana Fonseca - Eduardo Ponju\u00e1n - Reynier Leyva Novo<br><br>\n\n5 - 10 dicembre 2017<\/div>     \t<\/div>\n  <\/div>\n<\/div>\n<div id=\"uc_post_grid_elementor_07d8e72_item2\" class=\"uc_post_grid_style_one_item ue_post_grid_item ue-item\">\n  \n      <a class=\"uc_post_grid_style_one_image\" href='https:\/\/artapartamento.com\/it\/ferias\/artbo-2017\/' target=\"_self\">\n     <div class=\"uc_post_image\">\n     <img loading=\"lazy\" decoding=\"async\" src=\"https:\/\/artapartamento.com\/wp-content\/uploads\/2023\/11\/ARTBO-2017.webp\"  alt=\"ARTBO 2017\" width=\"1500\" height=\"1133\">\n     <div class=\"uc_post_image_overlay\"><\/div>\n     <\/div>\n    <\/a>\n   \n  <div class=\"uc_content\">\n    <div>\n      \n             \n    \t        \t\t\t<div class=\"uc_post_title\"><a class=\"\" href='https:\/\/artapartamento.com\/it\/ferias\/artbo-2017\/' target=\"_self\"><div class=\"ue_p_title\">ARTBO 2017<\/div><\/a><\/div>\n      \t  \t\n\t\t  \n      \t  <div class=\"ue-meta-data\">\n                        \n                        \n        \n\t\t\t\n                        \n                        \n                        \n                        \n            \t\t\t\n              \n            \n          <\/div>\n     \n     <div class=\"uc_post_text\">Reynier Leyva Novo<br><br>\n26 - 29 ottobre 2017\n<\/div>     \t<\/div>\n  <\/div>\n<\/div>\n<div id=\"uc_post_grid_elementor_07d8e72_item3\" class=\"uc_post_grid_style_one_item ue_post_grid_item ue-item\">\n  \n      <a class=\"uc_post_grid_style_one_image\" href='https:\/\/artapartamento.com\/it\/ferias\/parc-2017\/' target=\"_self\">\n     <div class=\"uc_post_image\">\n     <img loading=\"lazy\" decoding=\"async\" src=\"https:\/\/artapartamento.com\/wp-content\/uploads\/2023\/11\/PARC-2017.jpeg.webp\"  alt=\"PARC 2017\" width=\"450\" height=\"340\">\n     <div class=\"uc_post_image_overlay\"><\/div>\n     <\/div>\n    <\/a>\n   \n  <div class=\"uc_content\">\n    <div>\n      \n             \n    \t        \t\t\t<div class=\"uc_post_title\"><a class=\"\" href='https:\/\/artapartamento.com\/it\/ferias\/parc-2017\/' target=\"_self\"><div class=\"ue_p_title\">PARC 2017<\/div><\/a><\/div>\n      \t  \t\n\t\t  \n      \t  <div class=\"ue-meta-data\">\n                        \n                        \n        \n\t\t\t\n                        \n                        \n                        \n                        \n            \t\t\t\n              \n            \n          <\/div>\n     \n     <div class=\"uc_post_text\">jorge&amp;larry - Lester Alvarez\n<br><br>\n20 - 23 aprile 2017<\/div>     \t<\/div>\n  <\/div>\n<\/div>\n<div id=\"uc_post_grid_elementor_07d8e72_item4\" class=\"uc_post_grid_style_one_item ue_post_grid_item ue-item\">\n  \n      <a class=\"uc_post_grid_style_one_image\" href='https:\/\/artapartamento.com\/it\/ferias\/the-armory-show-2017\/' target=\"_self\">\n     <div class=\"uc_post_image\">\n     <img loading=\"lazy\" decoding=\"async\" src=\"https:\/\/artapartamento.com\/wp-content\/uploads\/2023\/11\/The-harmory-show-2017.webp\"  alt=\"La mostra dell&#039;armeria 2017\" width=\"1500\" height=\"1133\">\n     <div class=\"uc_post_image_overlay\"><\/div>\n     <\/div>\n    <\/a>\n   \n  <div class=\"uc_content\">\n    <div>\n      \n             \n    \t        \t\t\t<div class=\"uc_post_title\"><a class=\"\" href='https:\/\/artapartamento.com\/it\/ferias\/the-armory-show-2017\/' target=\"_self\"><div class=\"ue_p_title\">The Armory Show 2017<\/div><\/a><\/div>\n      \t  \t\n\t\t  \n      \t  <div class=\"ue-meta-data\">\n                        \n                        \n        \n\t\t\t\n                        \n                        \n                        \n                        \n            \t\t\t\n              \n            \n          <\/div>\n     \n     <div class=\"uc_post_text\">Diana Fonseca<br><br>\n2 - 5 marzo 2017<\/div>     \t<\/div>\n  <\/div>\n<\/div>\n<div id=\"uc_post_grid_elementor_07d8e72_item5\" class=\"uc_post_grid_style_one_item ue_post_grid_item ue-item\">\n  \n      <a class=\"uc_post_grid_style_one_image\" href='https:\/\/artapartamento.com\/it\/ferias\/arco-madrid-2017\/' target=\"_self\">\n     <div class=\"uc_post_image\">\n     <img loading=\"lazy\" decoding=\"async\" src=\"https:\/\/artapartamento.com\/wp-content\/uploads\/2023\/11\/ARCO-2017.webp\"  alt=\"ARCO 2017\" width=\"1500\" height=\"1133\">\n     <div class=\"uc_post_image_overlay\"><\/div>\n     <\/div>\n    <\/a>\n   \n  <div class=\"uc_content\">\n    <div>\n      \n             \n    \t        \t\t\t<div class=\"uc_post_title\"><a class=\"\" href='https:\/\/artapartamento.com\/it\/ferias\/arco-madrid-2017\/' target=\"_self\"><div class=\"ue_p_title\">ARCOmadrid, 2017<\/div><\/a><\/div>\n      \t  \t\n\t\t  \n      \t  <div class=\"ue-meta-data\">\n                        \n                        \n        \n\t\t\t\n                        \n                        \n                        \n                        \n            \t\t\t\n              \n            \n          <\/div>\n     \n     <div class=\"uc_post_text\">Reynier Leyva Novo - Yornel Mart\u00ednez<br><br>\n22 - 26 febbraio 2017<\/div>     \t<\/div>\n  <\/div>\n<\/div>\n\n\t\t<\/div>\n\t<\/div>\n\n\n\n  <div id=\"uc_post_grid_elementor_07d8e72_empty_message\" class=\"ue-no-posts-found\"  style=\"display:none\" >Nessun post trovato<\/div>\n\n\n\t\t\t<!-- end Post Grid -->\t\t\t\t<\/div>\n\t\t\t\t<\/div>\n\t\t\t\t<\/div>\n\t\t<div class=\"elementor-element elementor-element-67480e7 e-con-full e-flex e-con e-parent\" data-id=\"67480e7\" data-element_type=\"container\" data-e-type=\"container\" data-settings=\"{&quot;background_background&quot;:&quot;classic&quot;}\">\n\t\t\t\t<div class=\"elementor-element elementor-element-3796c4b elementor-invisible elementor-widget elementor-widget-heading\" data-id=\"3796c4b\" data-element_type=\"widget\" data-e-type=\"widget\" data-settings=\"{&quot;_animation&quot;:&quot;fadeInUp&quot;}\" data-widget_type=\"heading.default\">\n\t\t\t\t<div class=\"elementor-widget-container\">\n\t\t\t\t\t<h2 class=\"elementor-heading-title elementor-size-default\">2016<\/h2>\t\t\t\t<\/div>\n\t\t\t\t<\/div>\n\t\t\t\t<div class=\"elementor-element elementor-element-ea04e17 elementor-widget elementor-widget-ucaddon_post_grid\" data-id=\"ea04e17\" data-element_type=\"widget\" data-e-type=\"widget\" data-widget_type=\"ucaddon_post_grid.default\">\n\t\t\t\t<div class=\"elementor-widget-container\">\n\t\t\t\t\t<!-- start Post Grid -->\n\n\t\t\t<style type=\"text\/css\">\/* widget: Post Grid *\/\n\n\t\t\t\r\n@keyframes uc_post_grid_elementor_ea04e17__item-animation {\r\n  0% {\r\n                    \t\r\n        \t\t\t\t        \t\r\n    \t    opacity: 0;\r\n  }\r\n  100% {\r\n                        \r\n        \t            \r\n    \t\topacity: 1;\r\n  }\r\n}\r\n\t\t\t\r\n\t\t\t\r\n#uc_post_grid_elementor_ea04e17 .ue-item{\r\n\topacity:0;\r\n}\r\n\r\n\r\n#uc_post_grid_elementor_ea04e17 .uc-entrance-animate {\r\n  opacity:1;\r\n}\r\n\r\n#uc_post_grid_elementor_ea04e17 .uc-entrance-animate {\r\n\tanimation: uc_post_grid_elementor_ea04e17__item-animation 0.8s cubic-bezier(0.470, 0.000, 0.745, 0.715) both;\r\n}\r\n\r\n\t\t\t\n\n#uc_post_grid_elementor_ea04e17.uc_post_grid_style_one .uc_post_grid_style_one_wrap {\n   display:grid;\n}\n\n\n#uc_post_grid_elementor_ea04e17 .uc_post_grid_style_one_item\n{\n  overflow:hidden;\n  position:relative;\n}\n\n#uc_post_grid_elementor_ea04e17 .uc_post_image\n{\n  transition:0.3s;\n  position:relative;\n  overflow:hidden;\n}\n\n#uc_post_grid_elementor_ea04e17 .uc_post_image img\n{\n  width:100%;\n  display:block;\n  transition:0.3s;\n}\n\n\n\t#uc_post_grid_elementor_ea04e17 .ue-item:hover .uc_post_image img\n    {\n      transform:scale(1.1,1.1);\n    }\n\t\n\n\n\n\n\n\n#uc_post_grid_elementor_ea04e17 .uc_post_image_overlay\n{\n  position:absolute;\n  top:0px;\n  left:0px;\n  height:100%;\n  width:100%;\n  transition:0.3s;\n}\n\n#uc_post_grid_elementor_ea04e17 .uc_more_btn{\n\n  display:inline-block;\n  text-align:center;\n  text-decoration:none;\n  transition:0.3s;\n}\n\n.ue-grid-item-category a\n{\n  display:inline-block;\n  font-size:10px;\n  \n}\n\n.uc_post_title\n{\n  font-size:21px;\n}\n\n\n#uc_post_grid_elementor_ea04e17 .ue_post_grid_item\n{\n  display:flex;\n  flex-direction:column;\n}\n\n#uc_post_grid_elementor_ea04e17.uc_post_grid_style_one .uc_content{\n flex-grow:1;\n}\n\n#uc_post_grid_elementor_ea04e17.uc_post_grid_style_one .uc_content > div\n{\n  height:100%;\n  display:flex;\n  flex-direction:column;\n}\n\n#uc_post_grid_elementor_ea04e17 .uc_post_button\n{\n  margin-top:auto;\n}\n\n\n\n\n\n\n\n\n\n\n\n\n\n\n\n\n\n\n\n\n\n\n\n\n#uc_post_grid_elementor_ea04e17 .ue-meta-data\n{\n  \n  display:flex;\n\n  flex-wrap: wrap;\n  line-height:1em;\n}\n\n#uc_post_grid_elementor_ea04e17 .ue-grid-item-meta-data\n{\n      display:inline-flex;\n      align-items:center;\n}\n\n#uc_post_grid_elementor_ea04e17 .ue-grid-item-meta-data a{\n  color:inherit;\n}\n\n.ue-grid-item-meta-data\n{\n  font-size:12px;\n}\n\n#uc_post_grid_elementor_ea04e17 .ue-grid-item-meta-data-icon\n{\n  line-height:1em;\n}\n\n#uc_post_grid_elementor_ea04e17 .ue-grid-item-meta-data-icon svg\n{\n  width:1em;\n  height:1em;\n}\n\n#uc_post_grid_elementor_ea04e17 .ue-debug-meta\n{\n  padding:10px;\n  border:1px solid red;\n  position:relative;\n  line-height:1.5em;\n  font-size:11px;\n  width:100%;\n}\n\n#uc_post_grid_elementor_ea04e17 .uc_btn_inner\n{\n  display:inline-flex;\n  align-items:center;\n}\n\n#uc_post_grid_elementor_ea04e17 .uc_btn_inner svg\n{\n  width:1em;\n  height:1em;\n}\n\n\n\n\n\n<\/style>\n\n\t\t\t<div class=\"uc_post_grid_style_one\" id=\"uc_post_grid_elementor_ea04e17\"  >\n\t\t<div class=\"uc_post_grid_style_one_wrap ue_post_grid uc-items-wrapper\">\n\t\t\t<div id=\"uc_post_grid_elementor_ea04e17_item1\" class=\"uc_post_grid_style_one_item ue_post_grid_item ue-item\">\n  \n      <a class=\"uc_post_grid_style_one_image\" href='https:\/\/artapartamento.com\/it\/ferias\/artbo-2016\/' target=\"_self\">\n     <div class=\"uc_post_image\">\n     <img loading=\"lazy\" decoding=\"async\" src=\"https:\/\/artapartamento.com\/wp-content\/uploads\/2023\/11\/ARTBO-2016.webp\"  alt=\"ARTBO 2016\" width=\"1500\" height=\"1133\">\n     <div class=\"uc_post_image_overlay\"><\/div>\n     <\/div>\n    <\/a>\n   \n  <div class=\"uc_content\">\n    <div>\n      \n             \n    \t        \t\t\t<div class=\"uc_post_title\"><a class=\"\" href='https:\/\/artapartamento.com\/it\/ferias\/artbo-2016\/' target=\"_self\"><div class=\"ue_p_title\">ARTBO 2016<\/div><\/a><\/div>\n      \t  \t\n\t\t  \n      \t  <div class=\"ue-meta-data\">\n                        \n                        \n        \n\t\t\t\n                        \n                        \n                        \n                        \n            \t\t\t\n              \n            \n          <\/div>\n     \n     <div class=\"uc_post_text\">Diana Fonseca - Ezequiel Su\u00e1rez - Juan Carlos Alom - Yornel Mart\u00ednez<br><br>\n27 - 30 ottobre 2016<\/div>     \t<\/div>\n  <\/div>\n<\/div>\n<div id=\"uc_post_grid_elementor_ea04e17_item2\" class=\"uc_post_grid_style_one_item ue_post_grid_item ue-item\">\n  \n      <a class=\"uc_post_grid_style_one_image\" href='https:\/\/artapartamento.com\/it\/ferias\/swab-barcelona-2015\/' target=\"_self\">\n     <div class=\"uc_post_image\">\n     <img loading=\"lazy\" decoding=\"async\" src=\"https:\/\/artapartamento.com\/wp-content\/uploads\/2023\/11\/AWAB-2015.webp\"  alt=\"AWAB 2015\" width=\"1500\" height=\"1133\">\n     <div class=\"uc_post_image_overlay\"><\/div>\n     <\/div>\n    <\/a>\n   \n  <div class=\"uc_content\">\n    <div>\n      \n             \n    \t        \t\t\t<div class=\"uc_post_title\"><a class=\"\" href='https:\/\/artapartamento.com\/it\/ferias\/swab-barcelona-2015\/' target=\"_self\"><div class=\"ue_p_title\">SWAB Barcellona 2015<\/div><\/a><\/div>\n      \t  \t\n\t\t  \n      \t  <div class=\"ue-meta-data\">\n                        \n                        \n        \n\t\t\t\n                        \n                        \n                        \n                        \n            \t\t\t\n              \n            \n          <\/div>\n     \n     <div class=\"uc_post_text\">Yornel Martinez<br><br>\n01 - 04 ottobre 2015<\/div>     \t<\/div>\n  <\/div>\n<\/div>\n\n\t\t<\/div>\n\t<\/div>\n\n\n\n  <div id=\"uc_post_grid_elementor_ea04e17_empty_message\" class=\"ue-no-posts-found\"  style=\"display:none\" >Nessun post trovato<\/div>\n\n\n\t\t\t<!-- end Post Grid -->\t\t\t\t<\/div>\n\t\t\t\t<\/div>\n\t\t\t\t<\/div>\n\t\t\t\t<\/div>","protected":false},"excerpt":{"rendered":"<p>Arte contemporanea<\/p>","protected":false},"author":1,"featured_media":5684,"parent":0,"menu_order":0,"comment_status":"closed","ping_status":"closed","template":"","meta":{"_acf_changed":false,"footnotes":"","_links_to":"","_links_to_target":""},"categories":[],"tags":[],"class_list":["post-27","page","type-page","status-publish","has-post-thumbnail","hentry","post","post-with-thumbnail","post-with-thumbnail-large"],"acf":[],"aioseo_notices":[],"_links":{"self":[{"href":"https:\/\/artapartamento.com\/it\/wp-json\/wp\/v2\/pages\/27","targetHints":{"allow":["GET"]}}],"collection":[{"href":"https:\/\/artapartamento.com\/it\/wp-json\/wp\/v2\/pages"}],"about":[{"href":"https:\/\/artapartamento.com\/it\/wp-json\/wp\/v2\/types\/page"}],"author":[{"embeddable":true,"href":"https:\/\/artapartamento.com\/it\/wp-json\/wp\/v2\/users\/1"}],"replies":[{"embeddable":true,"href":"https:\/\/artapartamento.com\/it\/wp-json\/wp\/v2\/comments?post=27"}],"version-history":[{"count":0,"href":"https:\/\/artapartamento.com\/it\/wp-json\/wp\/v2\/pages\/27\/revisions"}],"wp:featuredmedia":[{"embeddable":true,"href":"https:\/\/artapartamento.com\/it\/wp-json\/wp\/v2\/media\/5684"}],"wp:attachment":[{"href":"https:\/\/artapartamento.com\/it\/wp-json\/wp\/v2\/media?parent=27"}],"wp:term":[{"taxonomy":"category","embeddable":true,"href":"https:\/\/artapartamento.com\/it\/wp-json\/wp\/v2\/categories?post=27"},{"taxonomy":"post_tag","embeddable":true,"href":"https:\/\/artapartamento.com\/it\/wp-json\/wp\/v2\/tags?post=27"}],"curies":[{"name":"wp","href":"https:\/\/api.w.org\/{rel}","templated":true}]}}