{"id":4337,"date":"2023-10-27T15:55:51","date_gmt":"2023-10-27T13:55:51","guid":{"rendered":"https:\/\/artapartamento.com\/?page_id=4337"},"modified":"2024-01-15T16:11:38","modified_gmt":"2024-01-15T15:11:38","slug":"lester-alvarez","status":"publish","type":"page","link":"https:\/\/artapartamento.com\/en\/artistas\/lester-alvarez\/","title":{"rendered":"Lester Alvarez"},"content":{"rendered":"\t\t<div data-elementor-type=\"wp-page\" data-elementor-id=\"4337\" class=\"elementor elementor-4337\" data-elementor-post-type=\"page\">\n\t\t\t\t<div class=\"elementor-element elementor-element-747999da e-con-full e-flex e-con e-parent\" data-id=\"747999da\" data-element_type=\"container\" data-e-type=\"container\" data-settings=\"{&quot;background_background&quot;:&quot;classic&quot;}\">\n\t\t<div class=\"elementor-element elementor-element-7d0eaf69 e-con-full e-flex e-con e-child\" data-id=\"7d0eaf69\" data-element_type=\"container\" data-e-type=\"container\">\n\t\t\t\t<div class=\"elementor-element elementor-element-4fe656c0 elementor-invisible elementor-widget elementor-widget-heading\" data-id=\"4fe656c0\" data-element_type=\"widget\" data-e-type=\"widget\" data-settings=\"{&quot;_animation&quot;:&quot;fadeInUp&quot;}\" data-widget_type=\"heading.default\">\n\t\t\t\t<div class=\"elementor-widget-container\">\n\t\t\t\t\t<h2 class=\"elementor-heading-title elementor-size-default\">Lester \u00c1lvarez<\/h2>\t\t\t\t<\/div>\n\t\t\t\t<\/div>\n\t\t\t\t<\/div>\n\t\t\t\t<\/div>\n\t\t<div class=\"elementor-element elementor-element-5cb6a3e2 e-con-full e-flex e-con e-parent\" data-id=\"5cb6a3e2\" data-element_type=\"container\" data-e-type=\"container\" data-settings=\"{&quot;background_background&quot;:&quot;classic&quot;}\">\n\t\t\t\t<div class=\"elementor-element elementor-element-66fb99d0 animated-slow elementor-invisible elementor-widget elementor-widget-image\" data-id=\"66fb99d0\" data-element_type=\"widget\" data-e-type=\"widget\" data-settings=\"{&quot;_animation&quot;:&quot;fadeInUp&quot;}\" data-widget_type=\"image.default\">\n\t\t\t\t<div class=\"elementor-widget-container\">\n\t\t\t\t\t\t\t\t\t\t\t\t\t\t\t<img fetchpriority=\"high\" decoding=\"async\" width=\"1500\" height=\"985\" src=\"https:\/\/artapartamento.com\/wp-content\/uploads\/2023\/10\/Lester-Alvarez-1.webp\" class=\"attachment-full size-full wp-image-4339\" alt=\"Lester \u00c1lvarez\" srcset=\"https:\/\/artapartamento.com\/wp-content\/uploads\/2023\/10\/Lester-Alvarez-1.webp 1500w, https:\/\/artapartamento.com\/wp-content\/uploads\/2023\/10\/Lester-Alvarez-1-300x197.webp 300w, https:\/\/artapartamento.com\/wp-content\/uploads\/2023\/10\/Lester-Alvarez-1-1024x672.webp 1024w, https:\/\/artapartamento.com\/wp-content\/uploads\/2023\/10\/Lester-Alvarez-1-768x504.webp 768w, https:\/\/artapartamento.com\/wp-content\/uploads\/2023\/10\/Lester-Alvarez-1-18x12.webp 18w\" sizes=\"(max-width: 1500px) 100vw, 1500px\" \/>\t\t\t\t\t\t\t\t\t\t\t\t\t\t\t<\/div>\n\t\t\t\t<\/div>\n\t\t\t\t<\/div>\n\t\t<div class=\"elementor-element elementor-element-7addb0a8 e-con-full e-flex e-con e-parent\" data-id=\"7addb0a8\" data-element_type=\"container\" data-e-type=\"container\" data-settings=\"{&quot;background_background&quot;:&quot;classic&quot;}\">\n\t\t<div class=\"elementor-element elementor-element-79b81ffe elementor-hidden-mobile e-flex e-con-boxed e-con e-child\" data-id=\"79b81ffe\" data-element_type=\"container\" data-e-type=\"container\">\n\t\t\t\t\t<div class=\"e-con-inner\">\n\t\t\t\t<div class=\"elementor-element elementor-element-2440de18 elementor-widget elementor-widget-image\" data-id=\"2440de18\" data-element_type=\"widget\" data-e-type=\"widget\" data-settings=\"{&quot;motion_fx_motion_fx_scrolling&quot;:&quot;yes&quot;,&quot;motion_fx_translateX_effect&quot;:&quot;yes&quot;,&quot;motion_fx_translateX_direction&quot;:&quot;negative&quot;,&quot;motion_fx_translateX_speed&quot;:{&quot;unit&quot;:&quot;px&quot;,&quot;size&quot;:1.5,&quot;sizes&quot;:[]},&quot;motion_fx_translateX_affectedRange&quot;:{&quot;unit&quot;:&quot;%&quot;,&quot;size&quot;:&quot;&quot;,&quot;sizes&quot;:{&quot;start&quot;:0,&quot;end&quot;:50}},&quot;motion_fx_devices&quot;:[&quot;desktop&quot;],&quot;sticky&quot;:&quot;top&quot;,&quot;sticky_on&quot;:[&quot;desktop&quot;],&quot;sticky_parent&quot;:&quot;yes&quot;,&quot;sticky_offset&quot;:100,&quot;sticky_offset_tablet&quot;:70,&quot;sticky_effects_offset&quot;:0,&quot;sticky_anchor_link_offset&quot;:0}\" data-widget_type=\"image.default\">\n\t\t\t\t<div class=\"elementor-widget-container\">\n\t\t\t\t\t\t\t\t\t\t\t\t\t\t\t<img decoding=\"async\" width=\"720\" height=\"720\" src=\"https:\/\/artapartamento.com\/wp-content\/uploads\/2023\/10\/Lester-Alvarez-1024x1024.webp\" class=\"attachment-large size-large wp-image-4338\" alt=\"Lester \u00c1lvarez\" srcset=\"https:\/\/artapartamento.com\/wp-content\/uploads\/2023\/10\/Lester-Alvarez-1024x1024.webp 1024w, https:\/\/artapartamento.com\/wp-content\/uploads\/2023\/10\/Lester-Alvarez-300x300.webp 300w, https:\/\/artapartamento.com\/wp-content\/uploads\/2023\/10\/Lester-Alvarez-150x150.webp 150w, https:\/\/artapartamento.com\/wp-content\/uploads\/2023\/10\/Lester-Alvarez-768x768.webp 768w, https:\/\/artapartamento.com\/wp-content\/uploads\/2023\/10\/Lester-Alvarez-12x12.webp 12w, https:\/\/artapartamento.com\/wp-content\/uploads\/2023\/10\/Lester-Alvarez.webp 1500w\" sizes=\"(max-width: 720px) 100vw, 720px\" \/>\t\t\t\t\t\t\t\t\t\t\t\t\t\t\t<\/div>\n\t\t\t\t<\/div>\n\t\t\t\t\t<\/div>\n\t\t\t\t<\/div>\n\t\t<div class=\"elementor-element elementor-element-2180f8c0 e-flex e-con-boxed e-con e-child\" data-id=\"2180f8c0\" data-element_type=\"container\" data-e-type=\"container\">\n\t\t\t\t\t<div class=\"e-con-inner\">\n\t\t\t\t<div class=\"elementor-element elementor-element-776807a2 elementor-widget__width-inherit elementor-invisible elementor-widget elementor-widget-heading\" data-id=\"776807a2\" data-element_type=\"widget\" data-e-type=\"widget\" data-settings=\"{&quot;_animation&quot;:&quot;fadeIn&quot;}\" data-widget_type=\"heading.default\">\n\t\t\t\t<div class=\"elementor-widget-container\">\n\t\t\t\t\t<h2 class=\"elementor-heading-title elementor-size-default\">Camag\u00fcey, Cuba, 1984<\/h2>\t\t\t\t<\/div>\n\t\t\t\t<\/div>\n\t\t\t\t<div class=\"elementor-element elementor-element-601e16e elementor-invisible elementor-widget elementor-widget-text-editor\" data-id=\"601e16e\" data-element_type=\"widget\" data-e-type=\"widget\" data-settings=\"{&quot;_animation&quot;:&quot;fadeIn&quot;}\" data-widget_type=\"text-editor.default\">\n\t\t\t\t<div class=\"elementor-widget-container\">\n\t\t\t\t\t\t\t\t\t<div>La obra m\u00e1s temprana de Lester \u00c1lvarez (Camag\u00fcey, Cuba, 1984) se encuentra atravesada por un sentido muy peculiar de la introspecci\u00f3n. Sus piezas, ya fuesen pinturas, objetos, videos o instalaciones, ser\u00edan deudoras de un simbolismo de herencia occidental. Ambas cuestiones volver\u00edan su trabajo tremendamente comedido y silencioso, una suerte de ensayo sobre lo existencial. Con posterioridad, sin embargo, Lester ha ido incorporando una variable contextual que ancla su discurso en un territorio mucho m\u00e1s inmediato, a saber, el de la Cuba de hoy y sus problem\u00e1ticas m\u00e1s apremiantes. A ello habr\u00eda que sumar un inter\u00e9s colaborativo creciente, sobre todo con personas y espacios vulnerados.<\/div><div>\u00a0<\/div><div>Lester terminar\u00eda sus estudios superiores en el Instituto Superior de Arte (ISA) en el 2011. A partir de ese momento comienza a desarrollar una carrera como creador que le ha ofrecido la posibilidad de exponer en solitario y de participar de numerosos proyectos colectivos. Entre sus muestras personales m\u00e1s sobresalientes se hallan: \u201cLa verdadera noche\u201d (Bipersonal con Jos\u00e9 Ram\u00f3n Ais), en Azkuna Zentroa, Bilbao, Espa\u00f1a; \u201cEstado de silencio\u201d, realizada en El Apartamento y \u201cLa mano generosa\u201d en la galer\u00eda Servando, ambas en La Habana, Cuba. Por otro lado, tenemos sus exhibiciones colectivas, entre ellas: \u201c\u00c1nima. De la excepci\u00f3n a la memoria\u201d, Centro Cultural Centeya, Buenos Aires, Argentina; \u201cIllness Has a Colour\u201d (Colateral a la XIII Bienal de La Habana), El Apartamento \u2013 Estudio 50, La Habana, Cuba; \u201cEl silencio que precede la tormenta\u201d, Parque Hist\u00f3rico Militar Morro-Caba\u00f1a, La Habana, Cuba; \u201cLa parte maldita\u201d, Embajada de Noruega en Cuba e \u201cIsole\u201d, Centro Cultural de Padru, Cerde\u00f1a, Italia.<\/div><div>\u00a0<\/div><div>Su obra ha sido merecedora de lauros como la Residencia Vita Activa, otorgada por el Instituto Internacional de Artivismo Hannah Arendt (INSTAR). La Habana, Cuba; el Premio Next Generation, de la Prince Claus Fund, La Habana, Cuba; la Beca Tengo Fr\u00edo Artist Group, del Emerson College en Inglaterra y el primer premio en la IX Bienal Internacional de Pintura ISOLE, Cerde\u00f1a, Italia. En la actualidad se encuentra cursando el M\u00e1ster en Archivo cinematogr\u00e1fico y audiovisual, en El\u00edas Querejeta Zine Eskola, Pa\u00eds Vasco, Espa\u00f1a.<\/div>\t\t\t\t\t\t\t\t<\/div>\n\t\t\t\t<\/div>\n\t\t\t\t<div class=\"elementor-element elementor-element-57f0f26b elementor-hidden-desktop elementor-hidden-tablet elementor-widget elementor-widget-image\" data-id=\"57f0f26b\" data-element_type=\"widget\" data-e-type=\"widget\" data-widget_type=\"image.default\">\n\t\t\t\t<div class=\"elementor-widget-container\">\n\t\t\t\t\t\t\t\t\t\t\t\t\t\t\t<img decoding=\"async\" width=\"720\" height=\"720\" src=\"https:\/\/artapartamento.com\/wp-content\/uploads\/2023\/10\/Lester-Alvarez-1024x1024.webp\" class=\"attachment-large size-large wp-image-4338\" alt=\"Lester \u00c1lvarez\" srcset=\"https:\/\/artapartamento.com\/wp-content\/uploads\/2023\/10\/Lester-Alvarez-1024x1024.webp 1024w, https:\/\/artapartamento.com\/wp-content\/uploads\/2023\/10\/Lester-Alvarez-300x300.webp 300w, https:\/\/artapartamento.com\/wp-content\/uploads\/2023\/10\/Lester-Alvarez-150x150.webp 150w, https:\/\/artapartamento.com\/wp-content\/uploads\/2023\/10\/Lester-Alvarez-768x768.webp 768w, https:\/\/artapartamento.com\/wp-content\/uploads\/2023\/10\/Lester-Alvarez-12x12.webp 12w, https:\/\/artapartamento.com\/wp-content\/uploads\/2023\/10\/Lester-Alvarez.webp 1500w\" sizes=\"(max-width: 720px) 100vw, 720px\" \/>\t\t\t\t\t\t\t\t\t\t\t\t\t\t\t<\/div>\n\t\t\t\t<\/div>\n\t\t\t\t\t<\/div>\n\t\t\t\t<\/div>\n\t\t\t\t<\/div>\n\t\t<div class=\"elementor-element elementor-element-13ff50a6 e-con-full e-flex e-con e-parent\" data-id=\"13ff50a6\" data-element_type=\"container\" data-e-type=\"container\" data-settings=\"{&quot;background_background&quot;:&quot;classic&quot;}\">\n\t\t<div class=\"elementor-element elementor-element-107a5207 e-con-full e-flex e-con e-child\" data-id=\"107a5207\" data-element_type=\"container\" data-e-type=\"container\" data-settings=\"{&quot;background_background&quot;:&quot;classic&quot;}\">\n\t\t\t\t<div class=\"elementor-element elementor-element-31ed1118 elementor-widget elementor-widget-n-accordion\" data-id=\"31ed1118\" data-element_type=\"widget\" data-e-type=\"widget\" data-settings=\"{&quot;default_state&quot;:&quot;all_collapsed&quot;,&quot;max_items_expended&quot;:&quot;one&quot;,&quot;n_accordion_animation_duration&quot;:{&quot;unit&quot;:&quot;ms&quot;,&quot;size&quot;:400,&quot;sizes&quot;:[]}}\" data-widget_type=\"nested-accordion.default\">\n\t\t\t\t<div class=\"elementor-widget-container\">\n\t\t\t\t\t\t\t<div class=\"e-n-accordion\" aria-label=\"Accordion. Open links with Enter or Space, close with Escape, and navigate with Arrow Keys\">\n\t\t\t\t\t\t<details id=\"e-n-accordion-item-8370\" class=\"e-n-accordion-item\" >\n\t\t\t\t<summary class=\"e-n-accordion-item-title\" data-accordion-index=\"1\" tabindex=\"0\" aria-expanded=\"false\" aria-controls=\"e-n-accordion-item-8370\" >\n\t\t\t\t\t<span class='e-n-accordion-item-title-header'><div class=\"e-n-accordion-item-title-text\"> \t\t<div data-elementor-type=\"section\" data-elementor-id=\"1527\" class=\"elementor elementor-1527\" data-elementor-post-type=\"elementor_library\">\n\t\t\t<div class=\"elementor-element elementor-element-60a4aa5 e-flex e-con-boxed e-con e-parent\" data-id=\"60a4aa5\" data-element_type=\"container\" data-e-type=\"container\">\n\t\t\t\t\t<div class=\"e-con-inner\">\n\t\t\t\t<div class=\"elementor-element elementor-element-5c677b7 elementor-align-center btn-oculta elementor-widget elementor-widget-button\" data-id=\"5c677b7\" data-element_type=\"widget\" data-e-type=\"widget\" data-widget_type=\"button.default\">\n\t\t\t\t<div class=\"elementor-widget-container\">\n\t\t\t\t\t\t\t\t\t<div class=\"elementor-button-wrapper\">\n\t\t\t\t\t<a class=\"elementor-button elementor-button-link elementor-size-sm\" href=\"#\">\n\t\t\t\t\t\t<span class=\"elementor-button-content-wrapper\">\n\t\t\t\t\t\t\t\t\t<span class=\"elementor-button-text\">biograf\u00eda completa<\/span>\n\t\t\t\t\t<\/span>\n\t\t\t\t\t<\/a>\n\t\t\t\t<\/div>\n\t\t\t\t\t\t\t\t<\/div>\n\t\t\t\t<\/div>\n\t\t\t\t\t<\/div>\n\t\t\t\t<\/div>\n\t\t\t\t<\/div>\n\t\t <\/div><\/span>\n\t\t\t\t\t\t\t\t\t<\/summary>\n\t\t\t\t<div role=\"region\" aria-labelledby=\"e-n-accordion-item-8370\" class=\"elementor-element elementor-element-5ca7b35 e-con-full e-flex e-con e-child\" data-id=\"5ca7b35\" data-element_type=\"container\" data-e-type=\"container\">\n\t\t\t\t<div class=\"elementor-element elementor-element-1251671f elementor-widget__width-inherit elementor-widget elementor-widget-heading\" data-id=\"1251671f\" data-element_type=\"widget\" data-e-type=\"widget\" data-widget_type=\"heading.default\">\n\t\t\t\t<div class=\"elementor-widget-container\">\n\t\t\t\t\t<h2 class=\"elementor-heading-title elementor-size-default\">curr\u00edculum<\/h2>\t\t\t\t<\/div>\n\t\t\t\t<\/div>\n\t\t<div role=\"region\" aria-labelledby=\"e-n-accordion-item-8370\" class=\"elementor-element elementor-element-6702dee5 e-flex e-con-boxed e-con e-child\" data-id=\"6702dee5\" data-element_type=\"container\" data-e-type=\"container\">\n\t\t\t\t\t<div class=\"e-con-inner\">\n\t\t<div role=\"region\" aria-labelledby=\"e-n-accordion-item-8370\" class=\"elementor-element elementor-element-4c25f5b e-flex e-con-boxed e-con e-child\" data-id=\"4c25f5b\" data-element_type=\"container\" data-e-type=\"container\">\n\t\t\t\t\t<div class=\"e-con-inner\">\n\t\t\t\t<div class=\"elementor-element elementor-element-3d2b9635 elementor-widget__width-inherit elementor-widget elementor-widget-heading\" data-id=\"3d2b9635\" data-element_type=\"widget\" data-e-type=\"widget\" data-widget_type=\"heading.default\">\n\t\t\t\t<div class=\"elementor-widget-container\">\n\t\t\t\t\t<h2 class=\"elementor-heading-title elementor-size-default\">estudios<\/h2>\t\t\t\t<\/div>\n\t\t\t\t<\/div>\n\t\t\t\t\t<\/div>\n\t\t\t\t<\/div>\n\t\t<div role=\"region\" aria-labelledby=\"e-n-accordion-item-8370\" class=\"elementor-element elementor-element-cd55b8c e-flex e-con-boxed e-con e-child\" data-id=\"cd55b8c\" data-element_type=\"container\" data-e-type=\"container\">\n\t\t\t\t\t<div class=\"e-con-inner\">\n\t\t\t\t<div class=\"elementor-element elementor-element-6db9b30c elementor-widget elementor-widget-text-editor\" data-id=\"6db9b30c\" data-element_type=\"widget\" data-e-type=\"widget\" data-widget_type=\"text-editor.default\">\n\t\t\t\t<div class=\"elementor-widget-container\">\n\t\t\t\t\t\t\t\t\t<div><b>2019-2020<\/b>\u00a0<\/div><div>M\u00e1ster en\u00a0<a target=\"\" rel=\"\">Archivo cinematogr\u00e1fico y audiovisual, El\u00edas Querejeta Zine Eskola, Tabakalera. Pa\u00eds Vasco, Espa\u00f1a. \u00a0<\/a><\/div><div><b>2011<\/b>\u00a0<\/div><div>Facultad de Artes Pl\u00e1sticas del Instituto Superior de Arte (ISA). La Habana, Cuba.<\/div><div><b>2004<\/b>\u00a0<\/div><div>Academia Provincial de Artes Pl\u00e1sticas de Camag\u00fcey. Camag\u00fcey, Cuba. \u00a0<\/div>\t\t\t\t\t\t\t\t<\/div>\n\t\t\t\t<\/div>\n\t\t\t\t\t<\/div>\n\t\t\t\t<\/div>\n\t\t\t\t\t<\/div>\n\t\t\t\t<\/div>\n\t\t<div role=\"region\" aria-labelledby=\"e-n-accordion-item-8370\" class=\"elementor-element elementor-element-12c0ade e-flex e-con-boxed e-con e-child\" data-id=\"12c0ade\" data-element_type=\"container\" data-e-type=\"container\">\n\t\t\t\t\t<div class=\"e-con-inner\">\n\t\t<div role=\"region\" aria-labelledby=\"e-n-accordion-item-8370\" class=\"elementor-element elementor-element-523f045b e-flex e-con-boxed e-con e-child\" data-id=\"523f045b\" data-element_type=\"container\" data-e-type=\"container\">\n\t\t\t\t\t<div class=\"e-con-inner\">\n\t\t\t\t<div class=\"elementor-element elementor-element-3cc23220 elementor-widget__width-inherit elementor-widget elementor-widget-heading\" data-id=\"3cc23220\" data-element_type=\"widget\" data-e-type=\"widget\" data-widget_type=\"heading.default\">\n\t\t\t\t<div class=\"elementor-widget-container\">\n\t\t\t\t\t<h2 class=\"elementor-heading-title elementor-size-default\">exposiciones personales<\/h2>\t\t\t\t<\/div>\n\t\t\t\t<\/div>\n\t\t\t\t\t<\/div>\n\t\t\t\t<\/div>\n\t\t<div role=\"region\" aria-labelledby=\"e-n-accordion-item-8370\" class=\"elementor-element elementor-element-53804ab7 e-flex e-con-boxed e-con e-child\" data-id=\"53804ab7\" data-element_type=\"container\" data-e-type=\"container\">\n\t\t\t\t\t<div class=\"e-con-inner\">\n\t\t\t\t<div class=\"elementor-element elementor-element-4cc9cd23 elementor-widget elementor-widget-text-editor\" data-id=\"4cc9cd23\" data-element_type=\"widget\" data-e-type=\"widget\" data-widget_type=\"text-editor.default\">\n\t\t\t\t<div class=\"elementor-widget-container\">\n\t\t\t\t\t\t\t\t\t<div><b>2019<\/b><i><br \/><\/i><\/div><div><i>La verdadera noche<\/i>\u00a0(Bipersonal con Jos\u00e9 Ram\u00f3n Ais), Azkuna Zentroa. Bilbao, Espa\u00f1a.<\/div><div><b>2018<\/b><i><br \/><\/i><\/div><div><i>Esperando al arquitecto<\/i>\u00a0(Bipersonal con Ezequiel O. Su\u00e1rez), A veces Espacio de arte. La Habana, Cuba.<b><br \/><\/b><\/div><div><b>2016<\/b><i><br \/><\/i><\/div><div><i>Estado de silencio,<\/i>\u00a0El Apartamento. La Habana, Cuba.<\/div><div><b>2015<\/b><i><br \/>La mano generosa,\u00a0<\/i>Galer\u00eda Servando. La Habana, Cuba.<b><br \/>2013<\/b><i><br \/>Viaje a Cuba de Thomas Merton<\/i>, Galer\u00eda Luz y Oficios, Centro Provincial de Artes Pl\u00e1sticas y Dise\u00f1o. La Habana, Cuba.<b><br \/>2011<\/b><i><br \/>Figulina,\u00a0<\/i>Instituto Superior de Arte (ISA). La Habana, Cuba.<br \/><b>2009<br \/><\/b><i>Inventario<\/i>, Fundaci\u00f3n Ludwig de Cuba. La Habana, Cuba.<br \/><b>2004<\/b><br \/><i>La habitaci\u00f3n creciente<\/i>, casa del artista. Camag\u00fcey, Cuba.\u00a0<b>\u00a0<\/b><\/div>\t\t\t\t\t\t\t\t<\/div>\n\t\t\t\t<\/div>\n\t\t\t\t\t<\/div>\n\t\t\t\t<\/div>\n\t\t\t\t\t<\/div>\n\t\t\t\t<\/div>\n\t\t<div role=\"region\" aria-labelledby=\"e-n-accordion-item-8370\" class=\"elementor-element elementor-element-8d638f2 e-flex e-con-boxed e-con e-child\" data-id=\"8d638f2\" data-element_type=\"container\" data-e-type=\"container\">\n\t\t\t\t\t<div class=\"e-con-inner\">\n\t\t<div role=\"region\" aria-labelledby=\"e-n-accordion-item-8370\" class=\"elementor-element elementor-element-d8e32bb e-flex e-con-boxed e-con e-child\" data-id=\"d8e32bb\" data-element_type=\"container\" data-e-type=\"container\">\n\t\t\t\t\t<div class=\"e-con-inner\">\n\t\t\t\t<div class=\"elementor-element elementor-element-864a99a elementor-widget__width-inherit elementor-widget elementor-widget-heading\" data-id=\"864a99a\" data-element_type=\"widget\" data-e-type=\"widget\" data-widget_type=\"heading.default\">\n\t\t\t\t<div class=\"elementor-widget-container\">\n\t\t\t\t\t<h2 class=\"elementor-heading-title elementor-size-default\">exposiciones colectivas<\/h2>\t\t\t\t<\/div>\n\t\t\t\t<\/div>\n\t\t\t\t\t<\/div>\n\t\t\t\t<\/div>\n\t\t<div role=\"region\" aria-labelledby=\"e-n-accordion-item-8370\" class=\"elementor-element elementor-element-dae17f0 e-flex e-con-boxed e-con e-child\" data-id=\"dae17f0\" data-element_type=\"container\" data-e-type=\"container\">\n\t\t\t\t\t<div class=\"e-con-inner\">\n\t\t\t\t<div class=\"elementor-element elementor-element-928a219 elementor-widget elementor-widget-text-editor\" data-id=\"928a219\" data-element_type=\"widget\" data-e-type=\"widget\" data-widget_type=\"text-editor.default\">\n\t\t\t\t<div class=\"elementor-widget-container\">\n\t\t\t\t\t\t\t\t\t<div><b>2019<\/b><a target=\"\" rel=\"\"><i><br \/><\/i><\/a><\/div><div><a target=\"\" rel=\"\"><i>\u00c1nima. De la excepci\u00f3n a la memoria<\/i><\/a>, Centro Cultural Centeya. Buenos Aires, Argentina.<\/div><div><i>Illness Has a Colour<\/i>. Colateral a la<i>\u00a0<\/i>XIII Bienal de La Habana. El Apartamento \u2013 Estudio 50. La Habana, Cuba.<i><br \/><\/i><\/div><div><i>De un fan\u00e1tico de Rockefeller a un disc\u00edpulo de Kruchev (Historias contadas por artistas),\u00a0<\/i>residencia privada. La Habana Cuba.<b><br \/><\/b><\/div><div><b>2018<\/b><i><br \/><\/i><\/div><div><i>Bodies Mades<\/i><i>\u00a0<\/i><i>\/Cuerpos hechos,\u00a0<\/i>Arsenal Habana. La Habana, Cuba.<\/div><div><i>Momentos de claridad,\u00a0<\/i>Centro de Desarrollo de las Artes Visuales (CDAV). La Habana, Cuba.<\/div><div><b>2017<\/b><br \/><i>Atalaya,\u00a0<\/i>Galer\u00eda Taller Gorr\u00eda-El Apartamento. La Habana, Cuba.<i><br \/>Un ensayo de colaboraci\u00f3n<\/i>. VI Sal\u00f3n de Arte Cubano Contempor\u00e1neo. Centro de Desarrollo de las Artes Visuales (CDAV). La Habana, Cuba.<i><br \/>Vida quieta<\/i>, Centro de Desarrollo de las Artes Visuales (CDAV). La Habana, Cuba.<br \/><i>Herbaria<\/i>, Centro de Desarrollo de las Artes Visuales (CDAV). Havana, Cuba.<i><br \/><\/i>Feria de Arte Contempor\u00e1neo PArC 2017<i>,\u00a0<\/i>Museo de Arte Contempor\u00e1neo de Lima. Lima, Per\u00fa.<i><br \/>1957 Chevy Apparition,<\/i><b>\u00a0<\/b>Market Gallery. Glasgow, Reino Unido.<b><br \/>2016<\/b><i><br \/>Las horas perdidas, Artista x Artista,\u00a0<\/i>Estudio Carlos Garaicoa.<i>\u00a0<\/i>La Habana, Cuba.<i><\/i><b><br \/>2015<\/b><i><br \/>\u00c1nima: pre\u00e1mbulo 1<\/i>, Residencia Zona Ibsen. La Habana, Cuba.<i><br \/>Pulso<\/i>. Colateral a la XII Bienal de La Habana, Galer\u00eda L. La Habana, Cuba. \u00a0<i><br \/>2009-Deriva-2013<\/i>. Colateral a la XII Bienal de La Habana, Centro Cultural F\u00e9lix Varela. La Habana, Cuba. \u00a0<i><br \/>Karaoke<\/i>. Colateral a la XII Bienal de La Habana, Proyecto El Apartamento. La Habana, Cuba.<i><br \/>El silencio que precede la tormenta<\/i>. Colateral a la XII Bienal de La Habana, Parque Hist\u00f3rico Militar Morro-Caba\u00f1a. La Habana, Cuba.<i><br \/>El juguete rabioso.<\/i>\u00a0Fucina des artistas. La Habana, Cuba.<br \/><b>2014<\/b><br \/><i>x \u2018l 2<\/i>. 6to Sal\u00f3n de Arte Cubano Contempor\u00e1neo, Centro de Desarrollo de las Artes Visuales (CDAV). La Habana, Cuba.<i><br \/>Pan y Circo<\/i>, Instituto Superior de Arte (ISA). La Habana, Cuba.<i><br \/>En este lugar, en este momento\u2026<\/i><i>\u00a0<\/i>Galer\u00eda Servando. La Habana, Cuba.<br \/><b>2013<\/b><i><br \/>La parte maldita<\/i>, Embajada de Noruega en Cuba. La Habana, Cuba.<i><br \/>Flujos e Influencias<\/i>, Centro Cultural Santa B\u00e1rbara. Estocolmo, Suecia.<b><br \/>2012<\/b><i><br \/>Zone<\/i>. Colateral a la XI Bienal de La Habana, Casa de la Comedia. La Habana, Cuba.<i><br \/>Heavy and Happy painters<\/i>. Colateral a la XI Bienal de La Habana, Fortaleza San Carlos de La Caba\u00f1a. La Habana, Cuba.<b><br \/>2011<\/b><i><br \/>Isole<\/i>, Centro Cultural de Padru. Cerde\u00f1a, Italia.<br \/><i>No es la ausencia<\/i>, Pabell\u00f3n Cuba. La Habana, Cuba.<i><br \/>Las puntas de la rosa<\/i>, Centro de Desarrollo de las\u00a0 Artes Visuales (CDAV). La Habana, Cuba.<i><br \/>Dosis<\/i>, Consejo Provincial de Artes Pl\u00e1sticas de Camag\u00fcey. Camag\u00fcey, Cuba.<b><br \/>2010<\/b><br \/><i>Ex Indumentis<\/i>, Iglesia de El Carmelo. La Habana, Cuba.\u00a0<i>Pintura Pensada<\/i>, Proyecto ARTE+, Casa de la Cultura de Plaza. La Habana, Cuba.<br \/><i>Par\u00e1bolas del agua<\/i>, Hanson Street Project Space, Wasps Artists\u2019 Studios. Glasgow, Escocia.<i><br \/>Quinto d\u00eda,\u00a0<\/i>Iglesia del Rosario. La Habana, Cuba.<i><br \/>Bomba,<\/i>\u00a0Centro de Arte Contempor\u00e1neo Wifredo Lam. La Habana, Cuba.<i><br \/>Esporas<\/i>, Pabell\u00f3n Cuba. La Habana, Cuba.<b><br \/>2009<\/b><i><br \/>Hogar provisional,\u00a0<\/i>Galer\u00eda Habana. La Habana, Cuba.<b><br \/>2008<\/b><i><br \/>Tambi\u00e9n<\/i>, espacio alternativo. La Habana, Cuba.\u00a0<i>Referencias territoriales<\/i>, Muelle # 3 Avenida del Puerto. La Habana, Cuba.<i><br \/>2\/5<\/i>, Instituto Superior de Arte (ISA). La Habana, Cuba.<br \/><b>2007<\/b><i><br \/>1\/5,\u00a0<\/i>Instituto Superior de Arte (ISA). La Habana, Cuba.\u00a0<i>Situaci\u00f3n construida,<\/i>\u00a0Instituto Superior de Arte (ISA). La Habana, Cuba.<\/div>\t\t\t\t\t\t\t\t<\/div>\n\t\t\t\t<\/div>\n\t\t\t\t\t<\/div>\n\t\t\t\t<\/div>\n\t\t\t\t\t<\/div>\n\t\t\t\t<\/div>\n\t\t\t\t<\/div>\n\t\t\t\t\t<\/details>\n\t\t\t\t\t<\/div>\n\t\t\t\t\t\t<\/div>\n\t\t\t\t<\/div>\n\t\t\t\t<\/div>\n\t\t\t\t<\/div>\n\t\t<div class=\"elementor-element elementor-element-14a5e91b e-con-full e-flex e-con e-parent\" data-id=\"14a5e91b\" data-element_type=\"container\" data-e-type=\"container\" data-settings=\"{&quot;background_background&quot;:&quot;classic&quot;}\">\n\t\t\t\t<div class=\"elementor-element elementor-element-227cdba7 elementor-invisible elementor-widget elementor-widget-heading\" data-id=\"227cdba7\" data-element_type=\"widget\" data-e-type=\"widget\" data-settings=\"{&quot;_animation&quot;:&quot;fadeInUp&quot;}\" data-widget_type=\"heading.default\">\n\t\t\t\t<div class=\"elementor-widget-container\">\n\t\t\t\t\t<h2 class=\"elementor-heading-title elementor-size-default\">obras<\/h2>\t\t\t\t<\/div>\n\t\t\t\t<\/div>\n\t\t\t\t<\/div>\n\t\t<div class=\"elementor-element elementor-element-c876537 e-con-full e-flex e-con e-parent\" data-id=\"c876537\" data-element_type=\"container\" data-e-type=\"container\" data-settings=\"{&quot;background_background&quot;:&quot;classic&quot;}\">\n\t\t<div class=\"elementor-element elementor-element-48006e25 e-flex e-con-boxed elementor-invisible e-con e-child\" data-id=\"48006e25\" data-element_type=\"container\" data-e-type=\"container\" data-settings=\"{&quot;animation&quot;:&quot;fadeInUp&quot;}\">\n\t\t\t\t\t<div class=\"e-con-inner\">\n\t\t\t\t<div class=\"elementor-element elementor-element-9c32e59 elementor-widget elementor-widget-image\" data-id=\"9c32e59\" data-element_type=\"widget\" data-e-type=\"widget\" data-widget_type=\"image.default\">\n\t\t\t\t<div class=\"elementor-widget-container\">\n\t\t\t\t\t\t\t\t\t\t\t\t\t\t\t\t<a href=\"https:\/\/artapartamento.com\/wp-content\/uploads\/2023\/10\/estado-de-silencio-01.webp\" data-elementor-open-lightbox=\"yes\" data-e-action-hash=\"#elementor-action%3Aaction%3Dlightbox%26settings%3DeyJpZCI6NDE5MSwidXJsIjoiaHR0cHM6XC9cL2FydGFwYXJ0YW1lbnRvLmNvbVwvd3AtY29udGVudFwvdXBsb2Fkc1wvMjAyM1wvMTBcL2VzdGFkby1kZS1zaWxlbmNpby0wMS53ZWJwIn0%3D\">\n\t\t\t\t\t\t\t<img decoding=\"async\" width=\"698\" height=\"1024\" src=\"https:\/\/artapartamento.com\/wp-content\/uploads\/2023\/10\/estado-de-silencio-01-698x1024.webp\" class=\"attachment-large size-large wp-image-4191\" alt=\"Lester Alvarez\" srcset=\"https:\/\/artapartamento.com\/wp-content\/uploads\/2023\/10\/estado-de-silencio-01-698x1024.webp 698w, https:\/\/artapartamento.com\/wp-content\/uploads\/2023\/10\/estado-de-silencio-01-205x300.webp 205w, https:\/\/artapartamento.com\/wp-content\/uploads\/2023\/10\/estado-de-silencio-01-768x1126.webp 768w, https:\/\/artapartamento.com\/wp-content\/uploads\/2023\/10\/estado-de-silencio-01-1047x1536.webp 1047w, https:\/\/artapartamento.com\/wp-content\/uploads\/2023\/10\/estado-de-silencio-01-1396x2048.webp 1396w, https:\/\/artapartamento.com\/wp-content\/uploads\/2023\/10\/estado-de-silencio-01-8x12.webp 8w, https:\/\/artapartamento.com\/wp-content\/uploads\/2023\/10\/estado-de-silencio-01.webp 1500w\" sizes=\"(max-width: 698px) 100vw, 698px\" \/>\t\t\t\t\t\t\t\t<\/a>\n\t\t\t\t\t\t\t\t\t\t\t\t\t\t\t<\/div>\n\t\t\t\t<\/div>\n\t\t\t\t<div class=\"elementor-element elementor-element-e3cfbe8 elementor-hidden-desktop elementor-hidden-tablet elementor-widget elementor-widget-text-editor\" data-id=\"e3cfbe8\" data-element_type=\"widget\" data-e-type=\"widget\" data-widget_type=\"text-editor.default\">\n\t\t\t\t<div class=\"elementor-widget-container\">\n\t\t\t\t\t\t\t\t\t<p>La Maleza: Alcanfor, 2015-2016<br \/>Tallado y pirograbado en madera recuperada<br \/>18,8 x 11,8 x 2,8 cm<br \/>Ed. 1\/3 + 2 P\/A<\/p>\t\t\t\t\t\t\t\t<\/div>\n\t\t\t\t<\/div>\n\t\t\t\t\t<\/div>\n\t\t\t\t<\/div>\n\t\t<div class=\"elementor-element elementor-element-3c7d6655 e-flex e-con-boxed elementor-invisible e-con e-child\" data-id=\"3c7d6655\" data-element_type=\"container\" data-e-type=\"container\" data-settings=\"{&quot;animation&quot;:&quot;fadeInUp&quot;}\">\n\t\t\t\t\t<div class=\"e-con-inner\">\n\t\t\t\t<div class=\"elementor-element elementor-element-1dcf15ad elementor-widget elementor-widget-image\" data-id=\"1dcf15ad\" data-element_type=\"widget\" data-e-type=\"widget\" data-widget_type=\"image.default\">\n\t\t\t\t<div class=\"elementor-widget-container\">\n\t\t\t\t\t\t\t\t\t\t\t\t\t\t\t\t<a href=\"https:\/\/artapartamento.com\/wp-content\/uploads\/2023\/10\/estado-de-silencio-05.webp\" data-elementor-open-lightbox=\"yes\" data-e-action-hash=\"#elementor-action%3Aaction%3Dlightbox%26settings%3DeyJpZCI6NDE5NSwidXJsIjoiaHR0cHM6XC9cL2FydGFwYXJ0YW1lbnRvLmNvbVwvd3AtY29udGVudFwvdXBsb2Fkc1wvMjAyM1wvMTBcL2VzdGFkby1kZS1zaWxlbmNpby0wNS53ZWJwIn0%3D\">\n\t\t\t\t\t\t\t<img loading=\"lazy\" decoding=\"async\" width=\"677\" height=\"1024\" src=\"https:\/\/artapartamento.com\/wp-content\/uploads\/2023\/10\/estado-de-silencio-05-677x1024.webp\" class=\"attachment-large size-large wp-image-4195\" alt=\"Lester Alvarez\" srcset=\"https:\/\/artapartamento.com\/wp-content\/uploads\/2023\/10\/estado-de-silencio-05-677x1024.webp 677w, https:\/\/artapartamento.com\/wp-content\/uploads\/2023\/10\/estado-de-silencio-05-198x300.webp 198w, https:\/\/artapartamento.com\/wp-content\/uploads\/2023\/10\/estado-de-silencio-05-768x1162.webp 768w, https:\/\/artapartamento.com\/wp-content\/uploads\/2023\/10\/estado-de-silencio-05-1015x1536.webp 1015w, https:\/\/artapartamento.com\/wp-content\/uploads\/2023\/10\/estado-de-silencio-05-1353x2048.webp 1353w, https:\/\/artapartamento.com\/wp-content\/uploads\/2023\/10\/estado-de-silencio-05-8x12.webp 8w, https:\/\/artapartamento.com\/wp-content\/uploads\/2023\/10\/estado-de-silencio-05.webp 1500w\" sizes=\"(max-width: 677px) 100vw, 677px\" \/>\t\t\t\t\t\t\t\t<\/a>\n\t\t\t\t\t\t\t\t\t\t\t\t\t\t\t<\/div>\n\t\t\t\t<\/div>\n\t\t\t\t<div class=\"elementor-element elementor-element-49cc5d5b elementor-hidden-desktop elementor-hidden-tablet elementor-widget elementor-widget-text-editor\" data-id=\"49cc5d5b\" data-element_type=\"widget\" data-e-type=\"widget\" data-widget_type=\"text-editor.default\">\n\t\t\t\t<div class=\"elementor-widget-container\">\n\t\t\t\t\t\t\t\t\t<p>La Maleza: Gram\u00e1tica de la libertad, 2015-2016<br \/>Tallado y pirograbado en madera recuperada<br \/>23,2 x 15,8 x 2,5 cm<br \/>Ed. 1\/3 + 2 P\/A<\/p>\t\t\t\t\t\t\t\t<\/div>\n\t\t\t\t<\/div>\n\t\t\t\t\t<\/div>\n\t\t\t\t<\/div>\n\t\t<div class=\"elementor-element elementor-element-3d593728 e-flex e-con-boxed elementor-invisible e-con e-child\" data-id=\"3d593728\" data-element_type=\"container\" data-e-type=\"container\" data-settings=\"{&quot;animation&quot;:&quot;fadeInUp&quot;}\">\n\t\t\t\t\t<div class=\"e-con-inner\">\n\t\t\t\t<div class=\"elementor-element elementor-element-6ed89f35 elementor-widget elementor-widget-image\" data-id=\"6ed89f35\" data-element_type=\"widget\" data-e-type=\"widget\" data-widget_type=\"image.default\">\n\t\t\t\t<div class=\"elementor-widget-container\">\n\t\t\t\t\t\t\t\t\t\t\t\t\t\t\t\t<a href=\"https:\/\/artapartamento.com\/wp-content\/uploads\/2023\/10\/estado-de-silencio-10.webp\" data-elementor-open-lightbox=\"yes\" data-e-action-hash=\"#elementor-action%3Aaction%3Dlightbox%26settings%3DeyJpZCI6NDIwMCwidXJsIjoiaHR0cHM6XC9cL2FydGFwYXJ0YW1lbnRvLmNvbVwvd3AtY29udGVudFwvdXBsb2Fkc1wvMjAyM1wvMTBcL2VzdGFkby1kZS1zaWxlbmNpby0xMC53ZWJwIn0%3D\">\n\t\t\t\t\t\t\t<img loading=\"lazy\" decoding=\"async\" width=\"683\" height=\"1024\" src=\"https:\/\/artapartamento.com\/wp-content\/uploads\/2023\/10\/estado-de-silencio-10-683x1024.webp\" class=\"attachment-large size-large wp-image-4200\" alt=\"Lester Alvarez\" srcset=\"https:\/\/artapartamento.com\/wp-content\/uploads\/2023\/10\/estado-de-silencio-10-683x1024.webp 683w, https:\/\/artapartamento.com\/wp-content\/uploads\/2023\/10\/estado-de-silencio-10-200x300.webp 200w, https:\/\/artapartamento.com\/wp-content\/uploads\/2023\/10\/estado-de-silencio-10-768x1152.webp 768w, https:\/\/artapartamento.com\/wp-content\/uploads\/2023\/10\/estado-de-silencio-10-1024x1536.webp 1024w, https:\/\/artapartamento.com\/wp-content\/uploads\/2023\/10\/estado-de-silencio-10-1365x2048.webp 1365w, https:\/\/artapartamento.com\/wp-content\/uploads\/2023\/10\/estado-de-silencio-10-8x12.webp 8w, https:\/\/artapartamento.com\/wp-content\/uploads\/2023\/10\/estado-de-silencio-10.webp 1500w\" sizes=\"(max-width: 683px) 100vw, 683px\" \/>\t\t\t\t\t\t\t\t<\/a>\n\t\t\t\t\t\t\t\t\t\t\t\t\t\t\t<\/div>\n\t\t\t\t<\/div>\n\t\t\t\t<div class=\"elementor-element elementor-element-660c04b8 elementor-hidden-desktop elementor-hidden-tablet elementor-widget elementor-widget-text-editor\" data-id=\"660c04b8\" data-element_type=\"widget\" data-e-type=\"widget\" data-widget_type=\"text-editor.default\">\n\t\t\t\t<div class=\"elementor-widget-container\">\n\t\t\t\t\t\t\t\t\t<p>La Maleza: La herida en el madero, 2015-2016<br \/>Tallado y pirograbado en madera recuperada<br \/>31,8 x 22,5 x 2 cm<br \/>Ed. 1\/3 + 2 P\/A<\/p>\t\t\t\t\t\t\t\t<\/div>\n\t\t\t\t<\/div>\n\t\t\t\t\t<\/div>\n\t\t\t\t<\/div>\n\t\t\t\t<\/div>\n\t\t<div class=\"elementor-element elementor-element-31f3b1d0 e-con-full elementor-hidden-mobile e-flex e-con e-parent\" data-id=\"31f3b1d0\" data-element_type=\"container\" data-e-type=\"container\" data-settings=\"{&quot;background_background&quot;:&quot;classic&quot;}\">\n\t\t<div class=\"elementor-element elementor-element-405f448f e-flex e-con-boxed elementor-invisible e-con e-child\" data-id=\"405f448f\" data-element_type=\"container\" data-e-type=\"container\" data-settings=\"{&quot;animation&quot;:&quot;fadeIn&quot;}\">\n\t\t\t\t\t<div class=\"e-con-inner\">\n\t\t\t\t<div class=\"elementor-element elementor-element-63e3c15d elementor-widget elementor-widget-text-editor\" data-id=\"63e3c15d\" data-element_type=\"widget\" data-e-type=\"widget\" data-widget_type=\"text-editor.default\">\n\t\t\t\t<div class=\"elementor-widget-container\">\n\t\t\t\t\t\t\t\t\t<p>La Maleza: Alcanfor, 2015-2016<br \/>Tallado y pirograbado en madera recuperada<br \/>18,8 x 11,8 x 2,8 cm<br \/>Ed. 1\/3 + 2 P\/A<\/p>\t\t\t\t\t\t\t\t<\/div>\n\t\t\t\t<\/div>\n\t\t\t\t\t<\/div>\n\t\t\t\t<\/div>\n\t\t<div class=\"elementor-element elementor-element-6deddec7 e-flex e-con-boxed elementor-invisible e-con e-child\" data-id=\"6deddec7\" data-element_type=\"container\" data-e-type=\"container\" data-settings=\"{&quot;animation&quot;:&quot;fadeIn&quot;}\">\n\t\t\t\t\t<div class=\"e-con-inner\">\n\t\t\t\t<div class=\"elementor-element elementor-element-1d50a43a elementor-widget elementor-widget-text-editor\" data-id=\"1d50a43a\" data-element_type=\"widget\" data-e-type=\"widget\" data-widget_type=\"text-editor.default\">\n\t\t\t\t<div class=\"elementor-widget-container\">\n\t\t\t\t\t\t\t\t\t<p>La Maleza: Gram\u00e1tica de la libertad, 2015-2016<br \/>Tallado y pirograbado en madera recuperada<br \/>23,2 x 15,8 x 2,5 cm<br \/>Ed. 1\/3 + 2 P\/A<\/p>\t\t\t\t\t\t\t\t<\/div>\n\t\t\t\t<\/div>\n\t\t\t\t\t<\/div>\n\t\t\t\t<\/div>\n\t\t<div class=\"elementor-element elementor-element-4a6940d0 e-flex e-con-boxed elementor-invisible e-con e-child\" data-id=\"4a6940d0\" data-element_type=\"container\" data-e-type=\"container\" data-settings=\"{&quot;animation&quot;:&quot;fadeIn&quot;}\">\n\t\t\t\t\t<div class=\"e-con-inner\">\n\t\t\t\t<div class=\"elementor-element elementor-element-462c96ae elementor-widget elementor-widget-text-editor\" data-id=\"462c96ae\" data-element_type=\"widget\" data-e-type=\"widget\" data-widget_type=\"text-editor.default\">\n\t\t\t\t<div class=\"elementor-widget-container\">\n\t\t\t\t\t\t\t\t\t<p>La Maleza: La herida en el madero, 2015-2016<br \/>Tallado y pirograbado en madera recuperada<br \/>31,8 x 22,5 x 2 cm<br \/>Ed. 1\/3 + 2 P\/A<\/p>\t\t\t\t\t\t\t\t<\/div>\n\t\t\t\t<\/div>\n\t\t\t\t\t<\/div>\n\t\t\t\t<\/div>\n\t\t\t\t<\/div>\n\t\t\t\t<\/div>\n\t\t","protected":false},"excerpt":{"rendered":"<p>Lester \u00c1lvarez Camag\u00fcey, Cuba, 1984 La obra m\u00e1s temprana de Lester \u00c1lvarez (Camag\u00fcey, Cuba, 1984) se encuentra atravesada por un sentido muy peculiar de la introspecci\u00f3n. Sus piezas, ya fuesen pinturas, objetos, videos o instalaciones, ser\u00edan deudoras de un simbolismo de herencia occidental. Ambas cuestiones volver\u00edan su trabajo tremendamente comedido y silencioso, una suerte de [&hellip;]<\/p>\n","protected":false},"author":1,"featured_media":4339,"parent":23,"menu_order":0,"comment_status":"closed","ping_status":"closed","template":"","meta":{"_acf_changed":false,"footnotes":"","_links_to":"","_links_to_target":""},"categories":[67],"tags":[],"class_list":["post-4337","page","type-page","status-publish","has-post-thumbnail","hentry","category-colaborador","post","post-with-thumbnail","post-with-thumbnail-large"],"acf":[],"aioseo_notices":[],"_links":{"self":[{"href":"https:\/\/artapartamento.com\/en\/wp-json\/wp\/v2\/pages\/4337","targetHints":{"allow":["GET"]}}],"collection":[{"href":"https:\/\/artapartamento.com\/en\/wp-json\/wp\/v2\/pages"}],"about":[{"href":"https:\/\/artapartamento.com\/en\/wp-json\/wp\/v2\/types\/page"}],"author":[{"embeddable":true,"href":"https:\/\/artapartamento.com\/en\/wp-json\/wp\/v2\/users\/1"}],"replies":[{"embeddable":true,"href":"https:\/\/artapartamento.com\/en\/wp-json\/wp\/v2\/comments?post=4337"}],"version-history":[{"count":0,"href":"https:\/\/artapartamento.com\/en\/wp-json\/wp\/v2\/pages\/4337\/revisions"}],"up":[{"embeddable":true,"href":"https:\/\/artapartamento.com\/en\/wp-json\/wp\/v2\/pages\/23"}],"wp:featuredmedia":[{"embeddable":true,"href":"https:\/\/artapartamento.com\/en\/wp-json\/wp\/v2\/media\/4339"}],"wp:attachment":[{"href":"https:\/\/artapartamento.com\/en\/wp-json\/wp\/v2\/media?parent=4337"}],"wp:term":[{"taxonomy":"category","embeddable":true,"href":"https:\/\/artapartamento.com\/en\/wp-json\/wp\/v2\/categories?post=4337"},{"taxonomy":"post_tag","embeddable":true,"href":"https:\/\/artapartamento.com\/en\/wp-json\/wp\/v2\/tags?post=4337"}],"curies":[{"name":"wp","href":"https:\/\/api.w.org\/{rel}","templated":true}]}}