{"id":3199,"date":"2023-10-13T17:11:52","date_gmt":"2023-10-13T15:11:52","guid":{"rendered":"https:\/\/artapartamento.com\/?page_id=3199"},"modified":"2025-03-22T13:38:57","modified_gmt":"2025-03-22T12:38:57","slug":"diana-fonseca","status":"publish","type":"page","link":"https:\/\/artapartamento.com\/en\/artistas\/diana-fonseca\/","title":{"rendered":"Diana Fonseca"},"content":{"rendered":"\t\t<div data-elementor-type=\"wp-page\" data-elementor-id=\"3199\" class=\"elementor elementor-3199\" data-elementor-post-type=\"page\">\n\t\t\t\t<div class=\"elementor-element elementor-element-8b256de e-con-full e-flex e-con e-parent\" data-id=\"8b256de\" data-element_type=\"container\" data-e-type=\"container\" data-settings=\"{&quot;background_background&quot;:&quot;classic&quot;}\">\n\t\t<div class=\"elementor-element elementor-element-3dd80ada e-con-full e-flex e-con e-child\" data-id=\"3dd80ada\" data-element_type=\"container\" data-e-type=\"container\">\n\t\t\t\t<div class=\"elementor-element elementor-element-4391b1bc elementor-invisible elementor-widget elementor-widget-heading\" data-id=\"4391b1bc\" data-element_type=\"widget\" data-e-type=\"widget\" data-settings=\"{&quot;_animation&quot;:&quot;fadeInUp&quot;}\" data-widget_type=\"heading.default\">\n\t\t\t\t<div class=\"elementor-widget-container\">\n\t\t\t\t\t<h2 class=\"elementor-heading-title elementor-size-default\">Diana Fonseca<\/h2>\t\t\t\t<\/div>\n\t\t\t\t<\/div>\n\t\t\t\t<\/div>\n\t\t\t\t<\/div>\n\t\t<div class=\"elementor-element elementor-element-62ddb71 e-con-full e-flex e-con e-parent\" data-id=\"62ddb71\" data-element_type=\"container\" data-e-type=\"container\" data-settings=\"{&quot;background_background&quot;:&quot;classic&quot;}\">\n\t\t\t\t<div class=\"elementor-element elementor-element-4d3e11f2 animated-slow elementor-invisible elementor-widget elementor-widget-image\" data-id=\"4d3e11f2\" data-element_type=\"widget\" data-e-type=\"widget\" data-settings=\"{&quot;_animation&quot;:&quot;fadeInUp&quot;}\" data-widget_type=\"image.default\">\n\t\t\t\t<div class=\"elementor-widget-container\">\n\t\t\t\t\t\t\t\t\t\t\t\t\t\t\t<img fetchpriority=\"high\" decoding=\"async\" width=\"1500\" height=\"869\" src=\"https:\/\/artapartamento.com\/wp-content\/uploads\/2024\/01\/3.Diana-Fonseca.png.webp\" class=\"attachment-full size-full wp-image-8148\" alt=\"Diana Fonseca\" srcset=\"https:\/\/artapartamento.com\/wp-content\/uploads\/2024\/01\/3.Diana-Fonseca.png.webp 1500w, https:\/\/artapartamento.com\/wp-content\/uploads\/2024\/01\/3.Diana-Fonseca-300x174.png.webp 300w, https:\/\/artapartamento.com\/wp-content\/uploads\/2024\/01\/3.Diana-Fonseca-1024x593.png.webp 1024w, https:\/\/artapartamento.com\/wp-content\/uploads\/2024\/01\/3.Diana-Fonseca-768x445.png.webp 768w, https:\/\/artapartamento.com\/wp-content\/uploads\/2024\/01\/3.Diana-Fonseca-18x10.png.webp 18w\" sizes=\"(max-width: 1500px) 100vw, 1500px\" \/>\t\t\t\t\t\t\t\t\t\t\t\t\t\t\t<\/div>\n\t\t\t\t<\/div>\n\t\t\t\t<\/div>\n\t\t<div class=\"elementor-element elementor-element-35667059 e-con-full e-flex e-con e-parent\" data-id=\"35667059\" data-element_type=\"container\" data-e-type=\"container\" data-settings=\"{&quot;background_background&quot;:&quot;classic&quot;}\">\n\t\t<div class=\"elementor-element elementor-element-564f4993 elementor-hidden-mobile e-flex e-con-boxed e-con e-child\" data-id=\"564f4993\" data-element_type=\"container\" data-e-type=\"container\">\n\t\t\t\t\t<div class=\"e-con-inner\">\n\t\t\t\t<div class=\"elementor-element elementor-element-61be1b94 elementor-widget elementor-widget-image\" data-id=\"61be1b94\" data-element_type=\"widget\" data-e-type=\"widget\" data-settings=\"{&quot;motion_fx_motion_fx_scrolling&quot;:&quot;yes&quot;,&quot;motion_fx_translateX_effect&quot;:&quot;yes&quot;,&quot;motion_fx_translateX_direction&quot;:&quot;negative&quot;,&quot;motion_fx_translateX_speed&quot;:{&quot;unit&quot;:&quot;px&quot;,&quot;size&quot;:1.5,&quot;sizes&quot;:[]},&quot;motion_fx_translateX_affectedRange&quot;:{&quot;unit&quot;:&quot;%&quot;,&quot;size&quot;:&quot;&quot;,&quot;sizes&quot;:{&quot;start&quot;:0,&quot;end&quot;:50}},&quot;motion_fx_devices&quot;:[&quot;desktop&quot;],&quot;sticky&quot;:&quot;top&quot;,&quot;sticky_on&quot;:[&quot;desktop&quot;],&quot;sticky_parent&quot;:&quot;yes&quot;,&quot;sticky_offset&quot;:100,&quot;sticky_offset_tablet&quot;:70,&quot;sticky_effects_offset&quot;:0,&quot;sticky_anchor_link_offset&quot;:0}\" data-widget_type=\"image.default\">\n\t\t\t\t<div class=\"elementor-widget-container\">\n\t\t\t\t\t\t\t\t\t\t\t\t\t\t\t<img decoding=\"async\" width=\"720\" height=\"612\" src=\"https:\/\/artapartamento.com\/wp-content\/uploads\/2024\/01\/Diana-Fonseca-_-RETRATO_2023_2-1024x870.jpg.webp\" class=\"attachment-large size-large wp-image-7934\" alt=\"Diana Fonseca\" srcset=\"https:\/\/artapartamento.com\/wp-content\/uploads\/2024\/01\/Diana-Fonseca-_-RETRATO_2023_2-1024x870.jpg.webp 1024w, https:\/\/artapartamento.com\/wp-content\/uploads\/2024\/01\/Diana-Fonseca-_-RETRATO_2023_2-300x255.jpg.webp 300w, https:\/\/artapartamento.com\/wp-content\/uploads\/2024\/01\/Diana-Fonseca-_-RETRATO_2023_2-768x653.jpg.webp 768w, https:\/\/artapartamento.com\/wp-content\/uploads\/2024\/01\/Diana-Fonseca-_-RETRATO_2023_2-14x12.jpg.webp 14w, https:\/\/artapartamento.com\/wp-content\/uploads\/2024\/01\/Diana-Fonseca-_-RETRATO_2023_2.jpg.webp 1058w\" sizes=\"(max-width: 720px) 100vw, 720px\" \/>\t\t\t\t\t\t\t\t\t\t\t\t\t\t\t<\/div>\n\t\t\t\t<\/div>\n\t\t\t\t\t<\/div>\n\t\t\t\t<\/div>\n\t\t<div class=\"elementor-element elementor-element-639fcef e-flex e-con-boxed e-con e-child\" data-id=\"639fcef\" data-element_type=\"container\" data-e-type=\"container\">\n\t\t\t\t\t<div class=\"e-con-inner\">\n\t\t\t\t<div class=\"elementor-element elementor-element-979d0de elementor-widget__width-inherit elementor-invisible elementor-widget elementor-widget-heading\" data-id=\"979d0de\" data-element_type=\"widget\" data-e-type=\"widget\" data-settings=\"{&quot;_animation&quot;:&quot;fadeIn&quot;}\" data-widget_type=\"heading.default\">\n\t\t\t\t<div class=\"elementor-widget-container\">\n\t\t\t\t\t<h2 class=\"elementor-heading-title elementor-size-default\">La Habana, Cuba, 1978<\/h2>\t\t\t\t<\/div>\n\t\t\t\t<\/div>\n\t\t\t\t<div class=\"elementor-element elementor-element-5ccd2e73 elementor-invisible elementor-widget elementor-widget-text-editor\" data-id=\"5ccd2e73\" data-element_type=\"widget\" data-e-type=\"widget\" data-settings=\"{&quot;_animation&quot;:&quot;fadeIn&quot;}\" data-widget_type=\"text-editor.default\">\n\t\t\t\t<div class=\"elementor-widget-container\">\n\t\t\t\t\t\t\t\t\t<p>Diana Fonseca es una artista avocada al desmontaje, casi obsesivo, de las cosas simples y los sucesos cotidianos que le rodean. Quiz\u00e1 por ello, o debido a la propensi\u00f3n l\u00edrica de su obra, atrapa im\u00e1genes variadas de la realidad y las interconecta a partir de discursos que hablan de la vida contempor\u00e1nea y su saturaci\u00f3n visual; del vac\u00edo y la banalidad.<\/p><div>Graduada del Instituto Superior de Arte (ISA), en el a\u00f1o 2005, Diana constituye una de las artistas contempor\u00e1neas cubanas m\u00e1s interesantes y gestuales. Ha realizado numerosas exposiciones personales dentro y fuera de la isla. Entre sus proyectos individuales de mayor inter\u00e9s destacan \u201cCara a cara\u201d, bipersonal con Jacques Villegl\u00e9 en la Brownstone Foundation, Paris, Francia; \u201cDiana Fonseca\u201d, en la Sean Kelly Gallery de New York, Estados Unidos; \u201cViaje a la semilla\u201d, de conjunto con Aim\u00e9e Garc\u00eda en Factor\u00eda Habana; y \u201cExtra\u00f1a verdad\u201d, en El Apartamento, ambas en La Habana, Cuba. Su obra ha sido incluida, asimismo, en exposiciones colectivas de la relevancia de \u201cLandlord Colors: On Art, Economy, and Materiality\u201d, en Cranbrook Art Museum de Michigan, USA; \u201cIllness has a Colour\u201d, colateral a la XIII Bienal de La Habana y realizada en Estudio 50; \u201cThe Cuban Matrix\u201d (Torrence Art Museum, Los Angeles, Estados Unidos), \u201cWild Noise\u201d (Bronx Museum of the Arts, New York, Estados Unidos), \u201cFireflies in the Night\u201d (Stravos Niarchos Foundation Cultural Center, Atenas, Grecias), y \u201cTranshumance, Beyond Cuban Horizons\u201d (CAB Art Center, Bruselas, B\u00e9lgica). Asimismo, es notable su participaci\u00f3n en ferias art\u00edsticas de reconocido prestigio: ArtBo, The Armory Show, Untitled Art Fair, ARCO Madrid, Expo Chicago y LISTE Art Fair Basel.<\/div><div>\u00a0<\/div><div>En el a\u00f1o 2015 fue galardonada con el Premio de adquisici\u00f3n EFG Bank &amp; ArtNexus, Bogot\u00e1, Colombia. Tambi\u00e9n ha sido merecedora de la residencia Cast Research, Melbourne, Australia (2016) y JustMad en Asturias, Espa\u00f1a (2017).<\/div>\t\t\t\t\t\t\t\t<\/div>\n\t\t\t\t<\/div>\n\t\t\t\t<div class=\"elementor-element elementor-element-8cc0398 elementor-hidden-desktop elementor-hidden-tablet elementor-widget elementor-widget-image\" data-id=\"8cc0398\" data-element_type=\"widget\" data-e-type=\"widget\" data-widget_type=\"image.default\">\n\t\t\t\t<div class=\"elementor-widget-container\">\n\t\t\t\t\t\t\t\t\t\t\t\t\t\t\t<img decoding=\"async\" width=\"720\" height=\"612\" src=\"https:\/\/artapartamento.com\/wp-content\/uploads\/2024\/01\/Diana-Fonseca-_-RETRATO_2023_2-1024x870.jpg.webp\" class=\"attachment-large size-large wp-image-7934\" alt=\"Diana Fonseca\" srcset=\"https:\/\/artapartamento.com\/wp-content\/uploads\/2024\/01\/Diana-Fonseca-_-RETRATO_2023_2-1024x870.jpg.webp 1024w, https:\/\/artapartamento.com\/wp-content\/uploads\/2024\/01\/Diana-Fonseca-_-RETRATO_2023_2-300x255.jpg.webp 300w, https:\/\/artapartamento.com\/wp-content\/uploads\/2024\/01\/Diana-Fonseca-_-RETRATO_2023_2-768x653.jpg.webp 768w, https:\/\/artapartamento.com\/wp-content\/uploads\/2024\/01\/Diana-Fonseca-_-RETRATO_2023_2-14x12.jpg.webp 14w, https:\/\/artapartamento.com\/wp-content\/uploads\/2024\/01\/Diana-Fonseca-_-RETRATO_2023_2.jpg.webp 1058w\" sizes=\"(max-width: 720px) 100vw, 720px\" \/>\t\t\t\t\t\t\t\t\t\t\t\t\t\t\t<\/div>\n\t\t\t\t<\/div>\n\t\t\t\t\t<\/div>\n\t\t\t\t<\/div>\n\t\t\t\t<\/div>\n\t\t<div class=\"elementor-element elementor-element-41b05623 e-con-full e-flex e-con e-parent\" data-id=\"41b05623\" data-element_type=\"container\" data-e-type=\"container\" data-settings=\"{&quot;background_background&quot;:&quot;classic&quot;}\">\n\t\t<div class=\"elementor-element elementor-element-c73237d e-con-full e-flex e-con e-child\" data-id=\"c73237d\" data-element_type=\"container\" data-e-type=\"container\" data-settings=\"{&quot;background_background&quot;:&quot;classic&quot;}\">\n\t\t\t\t<div class=\"elementor-element elementor-element-53564947 elementor-widget elementor-widget-n-accordion\" data-id=\"53564947\" data-element_type=\"widget\" data-e-type=\"widget\" data-settings=\"{&quot;default_state&quot;:&quot;all_collapsed&quot;,&quot;max_items_expended&quot;:&quot;one&quot;,&quot;n_accordion_animation_duration&quot;:{&quot;unit&quot;:&quot;ms&quot;,&quot;size&quot;:400,&quot;sizes&quot;:[]}}\" data-widget_type=\"nested-accordion.default\">\n\t\t\t\t<div class=\"elementor-widget-container\">\n\t\t\t\t\t\t\t<div class=\"e-n-accordion\" aria-label=\"Accordion. Open links with Enter or Space, close with Escape, and navigate with Arrow Keys\">\n\t\t\t\t\t\t<details id=\"e-n-accordion-item-1390\" class=\"e-n-accordion-item\" >\n\t\t\t\t<summary class=\"e-n-accordion-item-title\" data-accordion-index=\"1\" tabindex=\"0\" aria-expanded=\"false\" aria-controls=\"e-n-accordion-item-1390\" >\n\t\t\t\t\t<span class='e-n-accordion-item-title-header'><div class=\"e-n-accordion-item-title-text\"> \t\t<div data-elementor-type=\"section\" data-elementor-id=\"1527\" class=\"elementor elementor-1527\" data-elementor-post-type=\"elementor_library\">\n\t\t\t<div class=\"elementor-element elementor-element-60a4aa5 e-flex e-con-boxed e-con e-parent\" data-id=\"60a4aa5\" data-element_type=\"container\" data-e-type=\"container\">\n\t\t\t\t\t<div class=\"e-con-inner\">\n\t\t\t\t<div class=\"elementor-element elementor-element-5c677b7 elementor-align-center btn-oculta elementor-widget elementor-widget-button\" data-id=\"5c677b7\" data-element_type=\"widget\" data-e-type=\"widget\" data-widget_type=\"button.default\">\n\t\t\t\t<div class=\"elementor-widget-container\">\n\t\t\t\t\t\t\t\t\t<div class=\"elementor-button-wrapper\">\n\t\t\t\t\t<a class=\"elementor-button elementor-button-link elementor-size-sm\" href=\"#\">\n\t\t\t\t\t\t<span class=\"elementor-button-content-wrapper\">\n\t\t\t\t\t\t\t\t\t<span class=\"elementor-button-text\">biograf\u00eda completa<\/span>\n\t\t\t\t\t<\/span>\n\t\t\t\t\t<\/a>\n\t\t\t\t<\/div>\n\t\t\t\t\t\t\t\t<\/div>\n\t\t\t\t<\/div>\n\t\t\t\t\t<\/div>\n\t\t\t\t<\/div>\n\t\t\t\t<\/div>\n\t\t <\/div><\/span>\n\t\t\t\t\t\t\t\t\t<\/summary>\n\t\t\t\t<div role=\"region\" aria-labelledby=\"e-n-accordion-item-1390\" class=\"elementor-element elementor-element-6cde3fac e-con-full e-flex e-con e-child\" data-id=\"6cde3fac\" data-element_type=\"container\" data-e-type=\"container\">\n\t\t\t\t<div class=\"elementor-element elementor-element-5a7c4f57 elementor-widget__width-inherit elementor-widget elementor-widget-heading\" data-id=\"5a7c4f57\" data-element_type=\"widget\" data-e-type=\"widget\" data-widget_type=\"heading.default\">\n\t\t\t\t<div class=\"elementor-widget-container\">\n\t\t\t\t\t<h2 class=\"elementor-heading-title elementor-size-default\">curr\u00edculum<\/h2>\t\t\t\t<\/div>\n\t\t\t\t<\/div>\n\t\t<div role=\"region\" aria-labelledby=\"e-n-accordion-item-1390\" class=\"elementor-element elementor-element-2c14b3b4 e-flex e-con-boxed e-con e-child\" data-id=\"2c14b3b4\" data-element_type=\"container\" data-e-type=\"container\">\n\t\t\t\t\t<div class=\"e-con-inner\">\n\t\t<div role=\"region\" aria-labelledby=\"e-n-accordion-item-1390\" class=\"elementor-element elementor-element-6d7ee369 e-flex e-con-boxed e-con e-child\" data-id=\"6d7ee369\" data-element_type=\"container\" data-e-type=\"container\">\n\t\t\t\t\t<div class=\"e-con-inner\">\n\t\t\t\t<div class=\"elementor-element elementor-element-39fb3c8c elementor-widget__width-inherit elementor-widget elementor-widget-heading\" data-id=\"39fb3c8c\" data-element_type=\"widget\" data-e-type=\"widget\" data-widget_type=\"heading.default\">\n\t\t\t\t<div class=\"elementor-widget-container\">\n\t\t\t\t\t<h2 class=\"elementor-heading-title elementor-size-default\">estudios<\/h2>\t\t\t\t<\/div>\n\t\t\t\t<\/div>\n\t\t\t\t\t<\/div>\n\t\t\t\t<\/div>\n\t\t<div role=\"region\" aria-labelledby=\"e-n-accordion-item-1390\" class=\"elementor-element elementor-element-719081fb e-flex e-con-boxed e-con e-child\" data-id=\"719081fb\" data-element_type=\"container\" data-e-type=\"container\">\n\t\t\t\t\t<div class=\"e-con-inner\">\n\t\t\t\t<div class=\"elementor-element elementor-element-284a756e elementor-widget elementor-widget-text-editor\" data-id=\"284a756e\" data-element_type=\"widget\" data-e-type=\"widget\" data-widget_type=\"text-editor.default\">\n\t\t\t\t<div class=\"elementor-widget-container\">\n\t\t\t\t\t\t\t\t\t<p><b>2005<\/b>\u00a0\u00a0\u00a0<br \/>Instituto Superior de Arte (ISA), La Habana. \u00a0\u00a0\u00a0<br \/><b>2000<\/b><br \/>Academia de Bellas Artes de San Alejandro, La Habana.\u00a0<b>\u00a0<\/b><\/p>\t\t\t\t\t\t\t\t<\/div>\n\t\t\t\t<\/div>\n\t\t\t\t\t<\/div>\n\t\t\t\t<\/div>\n\t\t\t\t\t<\/div>\n\t\t\t\t<\/div>\n\t\t<div role=\"region\" aria-labelledby=\"e-n-accordion-item-1390\" class=\"elementor-element elementor-element-55d17b6a e-flex e-con-boxed e-con e-child\" data-id=\"55d17b6a\" data-element_type=\"container\" data-e-type=\"container\">\n\t\t\t\t\t<div class=\"e-con-inner\">\n\t\t<div role=\"region\" aria-labelledby=\"e-n-accordion-item-1390\" class=\"elementor-element elementor-element-5e4ed080 e-con-full e-flex e-con e-child\" data-id=\"5e4ed080\" data-element_type=\"container\" data-e-type=\"container\">\n\t\t\t\t<div class=\"elementor-element elementor-element-7d0eaa3f elementor-widget__width-inherit elementor-widget elementor-widget-heading\" data-id=\"7d0eaa3f\" data-element_type=\"widget\" data-e-type=\"widget\" data-widget_type=\"heading.default\">\n\t\t\t\t<div class=\"elementor-widget-container\">\n\t\t\t\t\t<h2 class=\"elementor-heading-title elementor-size-default\">exposiciones personales<\/h2>\t\t\t\t<\/div>\n\t\t\t\t<\/div>\n\t\t\t\t<\/div>\n\t\t<div role=\"region\" aria-labelledby=\"e-n-accordion-item-1390\" class=\"elementor-element elementor-element-2880fce9 e-flex e-con-boxed e-con e-child\" data-id=\"2880fce9\" data-element_type=\"container\" data-e-type=\"container\">\n\t\t\t\t\t<div class=\"e-con-inner\">\n\t\t\t\t<div class=\"elementor-element elementor-element-2f8bc41d elementor-widget elementor-widget-text-editor\" data-id=\"2f8bc41d\" data-element_type=\"widget\" data-e-type=\"widget\" data-widget_type=\"text-editor.default\">\n\t\t\t\t<div class=\"elementor-widget-container\">\n\t\t\t\t\t\t\t\t\t<div><div><b>2023<\/b><\/div><div><i>Mi mundo como objeto, Max Estrella, Madrid, Espa\u00f1a.<\/i>.<\/div><b>2019<\/b><\/div><div><i>Cara a cara<\/i>\u00a0(Muestra bipersonal con Jacques Villegl\u00e9), Brownstone Foundation. Par\u00eds, Francia.<b><br \/><\/b><\/div><div><b>2018<\/b><\/div><div><i>Buena Vista. Art Contemporain \u00e0 Cuba<\/i>, Fondation Cl\u00e9ment. Le Fran\u00e7ois, Martinica.<\/div><div>LISTE &#8211; Art Fair Basel 2018 (Proyecto bipersonal con Reynier Leyva Novo). (Con El Apartamento, La Habana, Cuba). Basel, Suiza.<\/div><div><i>Viaje a la semilla<\/i>\u00a0(Muestra bipersonal con Aim\u00e9e Garc\u00eda), Factor\u00eda Habana. La Habana, Cuba.<b><br \/>2017<\/b><br \/>Presentaci\u00f3n personal en The Armory Show 2017 (Con El Apartamento, La Habana, Cuba). New York, Estados Unidos.<b><br \/>2016<\/b><br \/><i>Extra\u00f1a verdad,<\/i>\u00a0El Apartamento. La Habana, Cuba.<br \/><i>Diana Fonseca,\u00a0<\/i>Sean Kelly Gallery. Nueva York, USA.<br \/><b>2015<\/b><br \/><i>La raz\u00f3n de lo irreal<\/i>, Galer\u00eda Villa Manuela. La Habana, Cuba.<br \/><b>2012\u00a0\u00a0\u00a0\u00a0\u00a0\u00a0<\/b><br \/><i>Made in my\u00a0 mind,\u00a0<\/i>Centro de Desarrollo de las\u00a0 Artes Pl\u00e1sticas, La Habana, Cuba.\u00a0\u00a0\u00a0<br \/><b>2005<\/b>\u00a0\u00a0\u00a0\u00a0\u00a0<br \/><i>Jard\u00edn<\/i>, Graduaci\u00f3n del Instituto Superior de Arte, Fundaci\u00f3n Ludwig, La Habana, Cuba.<br \/><b>2000<\/b>\u00a0\u00a0\u00a0\u00a0\u00a0<br \/><i>A contra luz<\/i>,\u00a0 Graduaci\u00f3n de La Academia de Bellas Artes, San Alejandro, La Habana, Cuba.\u00a0<b>\u00a0<\/b><\/div>\t\t\t\t\t\t\t\t<\/div>\n\t\t\t\t<\/div>\n\t\t\t\t\t<\/div>\n\t\t\t\t<\/div>\n\t\t\t\t\t<\/div>\n\t\t\t\t<\/div>\n\t\t<div role=\"region\" aria-labelledby=\"e-n-accordion-item-1390\" class=\"elementor-element elementor-element-17a7b2f e-flex e-con-boxed e-con e-child\" data-id=\"17a7b2f\" data-element_type=\"container\" data-e-type=\"container\">\n\t\t\t\t\t<div class=\"e-con-inner\">\n\t\t<div role=\"region\" aria-labelledby=\"e-n-accordion-item-1390\" class=\"elementor-element elementor-element-e0283d5 e-con-full e-flex e-con e-child\" data-id=\"e0283d5\" data-element_type=\"container\" data-e-type=\"container\">\n\t\t\t\t<div class=\"elementor-element elementor-element-4ee2f08 elementor-widget__width-inherit elementor-widget elementor-widget-heading\" data-id=\"4ee2f08\" data-element_type=\"widget\" data-e-type=\"widget\" data-widget_type=\"heading.default\">\n\t\t\t\t<div class=\"elementor-widget-container\">\n\t\t\t\t\t<h2 class=\"elementor-heading-title elementor-size-default\">exposiciones colectivas<\/h2>\t\t\t\t<\/div>\n\t\t\t\t<\/div>\n\t\t\t\t<\/div>\n\t\t<div role=\"region\" aria-labelledby=\"e-n-accordion-item-1390\" class=\"elementor-element elementor-element-9c6f7f4 e-flex e-con-boxed e-con e-child\" data-id=\"9c6f7f4\" data-element_type=\"container\" data-e-type=\"container\">\n\t\t\t\t\t<div class=\"e-con-inner\">\n\t\t\t\t<div class=\"elementor-element elementor-element-1811b31 elementor-widget elementor-widget-text-editor\" data-id=\"1811b31\" data-element_type=\"widget\" data-e-type=\"widget\" data-widget_type=\"text-editor.default\">\n\t\t\t\t<div class=\"elementor-widget-container\">\n\t\t\t\t\t\t\t\t\t<p class=\"p1\"><strong>2024<\/strong>\n <br>\n\nKal\u00e9idoscopes \u2013 Cuba: Regards Contemporains<\/span><\/em>, Galleria Continua, Les Moulins, Francia.<br>\n<strong>2023<\/strong> <br>\n\n<em><span class=\"s1\">Women in Tuscany<\/span><\/em>, Art of the Treasure Hunt, Florencia, Italia.<br>\n\n<strong>2022<\/strong> <br>\n\n<em><span class=\"s1\">In the Mind\u2019s Eye: Landscapes of Cuba<\/span><\/em>, Patricia &amp; Phillip Frost Art Museum, Florida International University, Miami, EE. UU.<br>\n\n<em>You Know Who You Are: Recent Acquisitions of Cuban Art from the Jorge M. P\u00e9rez Collection<\/em><\/span><\/em>, El Espacio 23, Miami, EE. UU.\n\n <br>\n<strong>2021<\/strong> <br> <em><span class=\"s1\">La Promenade<\/span><\/em>, Vallois, Par\u00eds, Francia. <br>\n\n<strong>2019<\/strong> <br>\n\n<em><span class=\"s1\">La Magdalena de Proust: Antropocentrismo Cotidiano<\/span><\/em>, Galer\u00eda Max Estrella, Madrid, Espa\u00f1a. <br>\n\n<em><span class=\"s1\">Landlord Colors: On Art, Economy, and Materiality<\/span><\/em>, Cranbrook Art Museum, Bloomfield Hills, M\u00edchigan, EE. UU.\n <br>\n\n<em><span class=\"s1\">Prophecies for the Second Machine Age<\/span><\/em>, Kadist Video Library, San Francisco, EE. UU. <br>\n\n\n<em><span class=\"s1\">Bienal Industrial de los Urales de Arte Contempor\u00e1neo<\/span><\/em>, Mosc\u00fa, Rusia. <br>\n\n<em><span class=\"s1\">HB<\/span><\/em>, Teatro Alicia Alonso (evento colateral a la XIII Bienal de La Habana), La Habana, Cuba. <br>\n\n<em><span class=\"s1\">Illness has a color<\/span>,<\/em> Estudio 50 (evento colateral a la XIII Bienal de La Habana), La Habana, Cuba. <br>\n\n<em><span class=\"s1\">El circuito del arte cubano<\/span><\/em>, El Apartamento (evento colateral a la XIII Bienal de La Habana), La Habana, Cuba. <br>\n\n<strong>2018<\/strong>, <br>\n\n<em><span class=\"s1\">Edifice, Complex, Visionary, Structure<\/span>,<\/em> Sean Kelly Gallery, Nueva York, EE. UU. <br>\n\n<strong>2017<\/strong> <br>\n\n<em><span class=\"s1\">Atalaya<\/span><\/em>, El Apartamento \u2013 Galer\u00eda Taller Gorr\u00eda, La Habana, Cuba. <br>\n\n<em><span class=\"s1\">The Cuban Matrix<\/span>,<\/em> Torrence Art Museum, Los \u00c1ngeles, EE. UU. <br>\n\n<em><span class=\"s1\">Wild Noise<\/span><\/em>, Bronx Museum of the Arts, Nueva York, EE. UU. <br>\n\n<strong>2016<\/strong> <br>\n\n<em><span class=\"s1\">Un.bound Narrative<\/span><\/em>, CAM Louise Wells Cameron Art Museum, Wilmington, EE. UU. <br>\n\n<em><span class=\"s1\">Fireflies in the Night<\/span><\/em>, Centro Cultural de la Fundaci\u00f3n Stravos Niarchos (SNFCC), Atenas, Grecia. <br>\n\n<em><span class=\"s1\">La madre de todas las artes<\/span><\/em>, Centro de Arte Wifredo Lam, La Habana, Cuba. <br>\n\n<em><span class=\"s1\">Transhumance, Beyond Cuban Horizons<\/span><\/em>, CAB Art Center, Bruselas, B\u00e9lgica. <br>\n\n<strong>2015<\/strong> <br>\n\n<em><span class=\"s1\">By the Book<\/span>,<\/em> Sean Kelly Gallery, Nueva York, EE. UU. <br>\n\n<em><span class=\"s1\">Proyecto Alto Riesgo<\/span><\/em>, Parque John Lennon (evento colateral a la XII Bienal de La Habana), La Habana, Cuba.<br>\n\n<em><span class=\"s1\">Sin oficios ni beneficios<\/span><\/em>, Galer\u00eda La Moderna (evento colateral a la XII Bienal de La Habana), La Habana, Cuba.<br>\n\n<em> <span class=\"s1\">Six Six Contemporary Art<\/span><\/em>, (evento colateral a la XII Bienal de La Habana), La Habana, Cuba.<br>\n\n<strong>2014<\/strong>,<br>\n\n<em><span class=\"s1\">Dilated Biography, Contemporary Cuban Narratives<\/span>,<\/em> School of the Museum of Fine Arts, Boston, EE. UU.<br>\n\n<strong>2012<\/strong><br>\n\n<em><span class=\"s1\">Herejes del vac\u00edo<\/span><\/em>, Galer\u00eda Habana, La Habana, Cuba.<br>\n\n<strong>2011<\/strong><br>\n\n<em><span class=\"s1\">Influencias Inside, Arte Cubano Contempor\u00e1neo<\/span><\/em>, National Hispanic Cultural Center, Nuevo M\u00e9xico, EE. UU.<br>\n\n<em><span class=\"s1\">Sprai. Kubanische Kunst<\/span><\/em>, Hochhaus Hansa, Dortmund, Alemania.<br>\n\n<em><span class=\"s1\">Friendly Pakeoven<\/span><\/em>, E105 Studio Art Land.21, Bonn, Alemania.<br>\n\n<strong>2010<\/strong><br>\n\n<em><span class=\"s1\">Parables of the Water<\/span><\/em>, Hanson Street Project Space, Wasps Artists\u2019 Studios, Glasgow, Escocia.<br>\n\n<strong>2008<\/strong><br>\n\n<em><span class=\"s1\">V Sal\u00f3n de Arte Cubano Contempor\u00e1neo<\/span><\/em>, Centro de Desarrollo de las Artes Visuales (CDAV), La Habana, Cuba.<br>\n\n<em><span class=\"s1\">Globalizados<\/span><\/em>, Festival Internacional de Cultura de Boyac\u00e1, Tunja, Colombia.<br>\n\n<em><span class=\"s1\">Mujeres<\/span><\/em>, Galer\u00eda Habana, Z\u00farich, Suiza.<br>\n\n<em> <span class=\"s1\">State of Exchange<\/span>,<\/em> INIVA, Londres, Inglaterra.<br>\n\nEndurance<\/span><\/em>, VIVID, Birmingham, Inglaterra.<br>\n\n<em><span class=\"s1\">Arboleda, el cuerpo es cuerpo<\/span>,<\/em> Festival Internacional de Arte Contempor\u00e1neo Jes\u00fas Gallardo, Guanajuato, M\u00e9xico.<br>\n\n<strong>2006<\/strong><br>\n\n<em><span class=\"s1\">Sal\u00f3n de Arte Digital<\/span><\/em>, Centro Pablo de la Torriente Brau, La Habana, Cuba.<br>\n\n<em><span class=\"s1\">Enjoy, 3rd edition<\/span><\/em>, Centro Cultural Jardines de La Tropical (evento colateral a la IX Bienal de La Habana), La Habana, Cuba.<br>\n\n<em><span class=\"s1\">Hjertebank<\/span><\/em>, National Museum of Art, Design and Architecture, Oslo, Noruega.<br>\n\n<em><span class=\"s1\">Trans it<\/span><\/em>, Centro Provincial de Artes Pl\u00e1sticas y Dise\u00f1o Luz y Oficios, La Habana, Cuba.<br>\n\n<span class=\"s2\"><strong>2005<\/strong><\/span><br>\n\n<em>Osnabr\u00fcck, European Media Art Festival<\/em><span class=\"s2\">, Berl\u00edn, Alemania.<\/span><br>\n\n<em><strong>2004<\/strong><\/em><br>\n\n<em><span class=\"s1\">Por nuestra cuenta y riesgo<\/span><\/em>, Galer\u00eda Luis de Soto, Facultad de Artes y Letras de la Universidad de La Habana, La Habana, Cuba.<br>\n\n<em><span class=\"s1\">New Yo<\/span><\/em>, Centro Provincial de Artes Pl\u00e1sticas y Dise\u00f1o Luz y Oficios, La Habana, Cuba.<br>\n\n<strong>2002<\/strong><br>\n\n<em><span class=\"s1\">Llega y pon<\/span><\/em>, (evento colateral al III Sal\u00f3n de Arte Cubano Contempor\u00e1neo), Instituto Superior de Arte (ISA), La Habana, Cuba.<\/p>\t\t\t\t\t\t\t\t<\/div>\n\t\t\t\t<\/div>\n\t\t\t\t\t<\/div>\n\t\t\t\t<\/div>\n\t\t\t\t\t<\/div>\n\t\t\t\t<\/div>\n\t\t<div role=\"region\" aria-labelledby=\"e-n-accordion-item-1390\" class=\"elementor-element elementor-element-847faa1 e-flex e-con-boxed e-con e-child\" data-id=\"847faa1\" data-element_type=\"container\" data-e-type=\"container\">\n\t\t\t\t\t<div class=\"e-con-inner\">\n\t\t<div role=\"region\" aria-labelledby=\"e-n-accordion-item-1390\" class=\"elementor-element elementor-element-383cd46 e-con-full e-flex e-con e-child\" data-id=\"383cd46\" data-element_type=\"container\" data-e-type=\"container\">\n\t\t\t\t<div class=\"elementor-element elementor-element-bb45a42 elementor-widget__width-inherit elementor-widget elementor-widget-heading\" data-id=\"bb45a42\" data-element_type=\"widget\" data-e-type=\"widget\" data-widget_type=\"heading.default\">\n\t\t\t\t<div class=\"elementor-widget-container\">\n\t\t\t\t\t<h2 class=\"elementor-heading-title elementor-size-default\">premios y becas<\/h2>\t\t\t\t<\/div>\n\t\t\t\t<\/div>\n\t\t\t\t<\/div>\n\t\t<div role=\"region\" aria-labelledby=\"e-n-accordion-item-1390\" class=\"elementor-element elementor-element-54dfbbb e-flex e-con-boxed e-con e-child\" data-id=\"54dfbbb\" data-element_type=\"container\" data-e-type=\"container\">\n\t\t\t\t\t<div class=\"e-con-inner\">\n\t\t\t\t<div class=\"elementor-element elementor-element-a7b1ca3 elementor-widget elementor-widget-text-editor\" data-id=\"a7b1ca3\" data-element_type=\"widget\" data-e-type=\"widget\" data-widget_type=\"text-editor.default\">\n\t\t\t\t<div class=\"elementor-widget-container\">\n\t\t\t\t\t\t\t\t\t<p style=\"font-weight: 400;\"><strong>2019<\/strong><br>Gilbert Brownstone Foundation Residency , Paris, Francia.<br>\n\n<strong>2017<\/strong> <br>\nResidencia JustMad, Asturias, Espa\u00f1a.<br>\n\n<strong>2016<\/strong><br> Cast Research, Melbourne, Australia.\n\n<br><strong>2015<\/strong><br> Acquisition Award EFG Bank &amp; ArtNexus, Bogot\u00e1, Colombia.<br>\n\n<strong>2008<\/strong><br>\nBatiscafo Residence, Triangle Art Trus, Hivos Foundation, Reino Unido.<br>\n<strong>2004<\/strong><br>\n\n1st Prize, Festival Imago 2004, Factultad de Comunicaci\u00f3n Audiovisual, Instituto Superior de Arte ISA, La Habana, Cuba.<\/p>\t\t\t\t\t\t\t\t<\/div>\n\t\t\t\t<\/div>\n\t\t\t\t\t<\/div>\n\t\t\t\t<\/div>\n\t\t\t\t\t<\/div>\n\t\t\t\t<\/div>\n\t\t<div role=\"region\" aria-labelledby=\"e-n-accordion-item-1390\" class=\"elementor-element elementor-element-6d60bab e-flex e-con-boxed e-con e-child\" data-id=\"6d60bab\" data-element_type=\"container\" data-e-type=\"container\">\n\t\t\t\t\t<div class=\"e-con-inner\">\n\t\t<div role=\"region\" aria-labelledby=\"e-n-accordion-item-1390\" class=\"elementor-element elementor-element-cadfa4c e-con-full e-flex e-con e-child\" data-id=\"cadfa4c\" data-element_type=\"container\" data-e-type=\"container\">\n\t\t\t\t<div class=\"elementor-element elementor-element-681cbe7 elementor-widget__width-inherit elementor-widget elementor-widget-heading\" data-id=\"681cbe7\" data-element_type=\"widget\" data-e-type=\"widget\" data-widget_type=\"heading.default\">\n\t\t\t\t<div class=\"elementor-widget-container\">\n\t\t\t\t\t<h2 class=\"elementor-heading-title elementor-size-default\">colecciones<\/h2>\t\t\t\t<\/div>\n\t\t\t\t<\/div>\n\t\t\t\t<\/div>\n\t\t<div role=\"region\" aria-labelledby=\"e-n-accordion-item-1390\" class=\"elementor-element elementor-element-a99bf8d e-flex e-con-boxed e-con e-child\" data-id=\"a99bf8d\" data-element_type=\"container\" data-e-type=\"container\">\n\t\t\t\t\t<div class=\"e-con-inner\">\n\t\t\t\t<div class=\"elementor-element elementor-element-6c55d47 elementor-widget elementor-widget-text-editor\" data-id=\"6c55d47\" data-element_type=\"widget\" data-e-type=\"widget\" data-widget_type=\"text-editor.default\">\n\t\t\t\t<div class=\"elementor-widget-container\">\n\t\t\t\t\t\t\t\t\t<em>Fundaci\u00f3n Mar\u00eda Cristina Masaveu<\/em>, Madrid, Espa\u00f1a.<br>\n\n<em>KADIST Foundation<\/em>, San Francisco, USA.<br>\n\n<em>Foundation Jean Boghosian<\/em>, Bruselas, B\u00e9lgica.<br>\n\n<em>CAB Art Center<\/em> Bruselas, Belgium.<br>\n\n<em>Galila Barzilai Collection<\/em>, Bruselas, B\u00e9lgica.<br>\n\n<em>Colecci\u00f3n Isabel y Agust\u00edn Coppel<\/em>, Ciudad de M\u00e9xico, M\u00e9xico.<br>\n\n<em>EFG Bank &amp; ArtNexus<\/em>, Bogot\u00e1, Colombia.<br>\n\n<em>Rolf Hoffman Collection<\/em>, Oslo, Noruega.<br>\n\n<em>Bronx Museum of the Arts<\/em>, New York, USA.<br>\n\n<em>Duncan Collection<\/em>, Nebraska, USA.<br>\n\n<em>Museum of Contemporary Art of North Carolina<\/em>, Carolina del Norte, USA.<br>\n\n<em>Ella Cisneros Collection<\/em>, Miami, USA.<br>\n\n<em>Margulies Collection,<\/em> Miami, USA.<br>\n\n<em>The Francis H. Williams Collection<\/em>, Wellesley, USA.<br>\n\nDavis Museum, Wellesley College, Wellesley, Massachusetts, USA.<br>\n\nJorge P\u00e9rez\u00b4s (Art Museum from Miami founder) private collection, Miami, USA.<br>\n\nGilbert Brownstone Foundation, Par\u00eds, Francia.<br>\t\t\t\t\t\t\t\t<\/div>\n\t\t\t\t<\/div>\n\t\t\t\t\t<\/div>\n\t\t\t\t<\/div>\n\t\t\t\t\t<\/div>\n\t\t\t\t<\/div>\n\t\t\t\t<\/div>\n\t\t\t\t\t<\/details>\n\t\t\t\t\t<\/div>\n\t\t\t\t\t\t<\/div>\n\t\t\t\t<\/div>\n\t\t\t\t<\/div>\n\t\t\t\t<\/div>\n\t\t<div class=\"elementor-element elementor-element-25100855 e-con-full e-flex e-con e-parent\" data-id=\"25100855\" data-element_type=\"container\" data-e-type=\"container\" data-settings=\"{&quot;background_background&quot;:&quot;classic&quot;}\">\n\t\t\t\t<div class=\"elementor-element elementor-element-7ec08411 elementor-invisible elementor-widget elementor-widget-heading\" data-id=\"7ec08411\" data-element_type=\"widget\" data-e-type=\"widget\" data-settings=\"{&quot;_animation&quot;:&quot;fadeInUp&quot;}\" data-widget_type=\"heading.default\">\n\t\t\t\t<div class=\"elementor-widget-container\">\n\t\t\t\t\t<h2 class=\"elementor-heading-title elementor-size-default\">obras<\/h2>\t\t\t\t<\/div>\n\t\t\t\t<\/div>\n\t\t\t\t<\/div>\n\t\t<div class=\"elementor-element elementor-element-8678a90 e-con-full e-flex e-con e-parent\" data-id=\"8678a90\" data-element_type=\"container\" data-e-type=\"container\" data-settings=\"{&quot;background_background&quot;:&quot;classic&quot;}\">\n\t\t<div class=\"elementor-element elementor-element-47bc477 e-flex e-con-boxed elementor-invisible e-con e-child\" data-id=\"47bc477\" data-element_type=\"container\" data-e-type=\"container\" data-settings=\"{&quot;animation&quot;:&quot;fadeInUp&quot;}\">\n\t\t\t\t\t<div class=\"e-con-inner\">\n\t\t\t\t<div class=\"elementor-element elementor-element-53f03b2 elementor-widget elementor-widget-image\" data-id=\"53f03b2\" data-element_type=\"widget\" data-e-type=\"widget\" data-widget_type=\"image.default\">\n\t\t\t\t<div class=\"elementor-widget-container\">\n\t\t\t\t\t\t\t\t\t\t\t\t\t\t\t\t<a href=\"https:\/\/artapartamento.com\/wp-content\/uploads\/2023\/10\/Off-Season-4.webp\" data-elementor-open-lightbox=\"yes\" data-e-action-hash=\"#elementor-action%3Aaction%3Dlightbox%26settings%3DeyJpZCI6MjYwMCwidXJsIjoiaHR0cHM6XC9cL2FydGFwYXJ0YW1lbnRvLmNvbVwvd3AtY29udGVudFwvdXBsb2Fkc1wvMjAyM1wvMTBcL09mZi1TZWFzb24tNC53ZWJwIn0%3D\">\n\t\t\t\t\t\t\t<img decoding=\"async\" width=\"720\" height=\"861\" src=\"https:\/\/artapartamento.com\/wp-content\/uploads\/2023\/10\/Off-Season-4-856x1024.webp\" class=\"elementor-animation-grow attachment-large size-large wp-image-2600\" alt=\"Diana Fonseca\" srcset=\"https:\/\/artapartamento.com\/wp-content\/uploads\/2023\/10\/Off-Season-4-856x1024.webp 856w, https:\/\/artapartamento.com\/wp-content\/uploads\/2023\/10\/Off-Season-4-251x300.webp 251w, https:\/\/artapartamento.com\/wp-content\/uploads\/2023\/10\/Off-Season-4-768x919.webp 768w, https:\/\/artapartamento.com\/wp-content\/uploads\/2023\/10\/Off-Season-4-1284x1536.webp 1284w, https:\/\/artapartamento.com\/wp-content\/uploads\/2023\/10\/Off-Season-4-10x12.webp 10w, https:\/\/artapartamento.com\/wp-content\/uploads\/2023\/10\/Off-Season-4.webp 1500w\" sizes=\"(max-width: 720px) 100vw, 720px\" \/>\t\t\t\t\t\t\t\t<\/a>\n\t\t\t\t\t\t\t\t\t\t\t\t\t\t\t<\/div>\n\t\t\t\t<\/div>\n\t\t\t\t<div class=\"elementor-element elementor-element-599f249 elementor-hidden-desktop elementor-hidden-tablet elementor-widget elementor-widget-text-editor\" data-id=\"599f249\" data-element_type=\"widget\" data-e-type=\"widget\" data-widget_type=\"text-editor.default\">\n\t\t\t\t<div class=\"elementor-widget-container\">\n\t\t\t\t\t\t\t\t\t<p>Diana Fonseca<br \/>La libertad de la impermanencia, 2017<br \/>Libros intervenidos \/ Dimensiones variables<br \/>Ed. de 3<\/p>\t\t\t\t\t\t\t\t<\/div>\n\t\t\t\t<\/div>\n\t\t\t\t\t<\/div>\n\t\t\t\t<\/div>\n\t\t<div class=\"elementor-element elementor-element-a95a977 e-flex e-con-boxed elementor-invisible e-con e-child\" data-id=\"a95a977\" data-element_type=\"container\" data-e-type=\"container\" data-settings=\"{&quot;animation&quot;:&quot;fadeInUp&quot;}\">\n\t\t\t\t\t<div class=\"e-con-inner\">\n\t\t\t\t<div class=\"elementor-element elementor-element-6d189f2 elementor-widget elementor-widget-image\" data-id=\"6d189f2\" data-element_type=\"widget\" data-e-type=\"widget\" data-widget_type=\"image.default\">\n\t\t\t\t<div class=\"elementor-widget-container\">\n\t\t\t\t\t\t\t\t\t\t\t\t\t\t\t\t<a href=\"https:\/\/artapartamento.com\/artistas\/diana-fonseca\/sin-titulo-de-la-serie-degradacion-2\/\">\n\t\t\t\t\t\t\t<img loading=\"lazy\" decoding=\"async\" width=\"720\" height=\"720\" src=\"https:\/\/artapartamento.com\/wp-content\/uploads\/2024\/07\/IMG_1316-1024x1024.jpg.webp\" class=\"elementor-animation-grow attachment-large size-large wp-image-12306\" alt=\"Diana Fonseca\" srcset=\"https:\/\/artapartamento.com\/wp-content\/uploads\/2024\/07\/IMG_1316-1024x1024.jpg.webp 1024w, https:\/\/artapartamento.com\/wp-content\/uploads\/2024\/07\/IMG_1316-300x300.jpg.webp 300w, https:\/\/artapartamento.com\/wp-content\/uploads\/2024\/07\/IMG_1316-150x150.jpg.webp 150w, https:\/\/artapartamento.com\/wp-content\/uploads\/2024\/07\/IMG_1316-768x768.jpg.webp 768w, https:\/\/artapartamento.com\/wp-content\/uploads\/2024\/07\/IMG_1316-1536x1536.jpg.webp 1536w, https:\/\/artapartamento.com\/wp-content\/uploads\/2024\/07\/IMG_1316-2048x2048.jpg.webp 2048w, https:\/\/artapartamento.com\/wp-content\/uploads\/2024\/07\/IMG_1316-12x12.jpg.webp 12w\" sizes=\"(max-width: 720px) 100vw, 720px\" \/>\t\t\t\t\t\t\t\t<\/a>\n\t\t\t\t\t\t\t\t\t\t\t\t\t\t\t<\/div>\n\t\t\t\t<\/div>\n\t\t\t\t<div class=\"elementor-element elementor-element-cbe3fd6 elementor-hidden-desktop elementor-hidden-tablet elementor-widget elementor-widget-text-editor\" data-id=\"cbe3fd6\" data-element_type=\"widget\" data-e-type=\"widget\" data-widget_type=\"text-editor.default\">\n\t\t\t\t<div class=\"elementor-widget-container\">\n\t\t\t\t\t\t\t\t\t<p>Diana Fonseca<br \/>Sin t\u00edtulo, de la serie Degradaci\u00f3n, 2023<br \/>Fragmentos de pintura de exteriores sobre madera<br \/>100 x 100 cm (39.4 x 39.4 in)<\/p>\t\t\t\t\t\t\t\t<\/div>\n\t\t\t\t<\/div>\n\t\t\t\t\t<\/div>\n\t\t\t\t<\/div>\n\t\t<div class=\"elementor-element elementor-element-6d4e0d5 e-flex e-con-boxed elementor-invisible e-con e-child\" data-id=\"6d4e0d5\" data-element_type=\"container\" data-e-type=\"container\" data-settings=\"{&quot;animation&quot;:&quot;fadeInUp&quot;}\">\n\t\t\t\t\t<div class=\"e-con-inner\">\n\t\t\t\t<div class=\"elementor-element elementor-element-c684e98 elementor-widget elementor-widget-image\" data-id=\"c684e98\" data-element_type=\"widget\" data-e-type=\"widget\" data-widget_type=\"image.default\">\n\t\t\t\t<div class=\"elementor-widget-container\">\n\t\t\t\t\t\t\t\t\t\t\t\t\t\t\t\t<a href=\"https:\/\/artapartamento.com\/wp-content\/uploads\/2023\/10\/Off-Season-6.webp\" data-elementor-open-lightbox=\"yes\" data-e-action-hash=\"#elementor-action%3Aaction%3Dlightbox%26settings%3DeyJpZCI6MjYwMiwidXJsIjoiaHR0cHM6XC9cL2FydGFwYXJ0YW1lbnRvLmNvbVwvd3AtY29udGVudFwvdXBsb2Fkc1wvMjAyM1wvMTBcL09mZi1TZWFzb24tNi53ZWJwIn0%3D\">\n\t\t\t\t\t\t\t<img loading=\"lazy\" decoding=\"async\" width=\"720\" height=\"541\" src=\"https:\/\/artapartamento.com\/wp-content\/uploads\/2023\/10\/Off-Season-6-1024x769.webp\" class=\"elementor-animation-grow attachment-large size-large wp-image-2602\" alt=\"Diana Fonseca\" srcset=\"https:\/\/artapartamento.com\/wp-content\/uploads\/2023\/10\/Off-Season-6-1024x769.webp 1024w, https:\/\/artapartamento.com\/wp-content\/uploads\/2023\/10\/Off-Season-6-300x225.webp 300w, https:\/\/artapartamento.com\/wp-content\/uploads\/2023\/10\/Off-Season-6-768x577.webp 768w, https:\/\/artapartamento.com\/wp-content\/uploads\/2023\/10\/Off-Season-6-16x12.webp 16w, https:\/\/artapartamento.com\/wp-content\/uploads\/2023\/10\/Off-Season-6.webp 1500w\" sizes=\"(max-width: 720px) 100vw, 720px\" \/>\t\t\t\t\t\t\t\t<\/a>\n\t\t\t\t\t\t\t\t\t\t\t\t\t\t\t<\/div>\n\t\t\t\t<\/div>\n\t\t\t\t<div class=\"elementor-element elementor-element-4a13e20 elementor-hidden-desktop elementor-hidden-tablet elementor-widget elementor-widget-text-editor\" data-id=\"4a13e20\" data-element_type=\"widget\" data-e-type=\"widget\" data-widget_type=\"text-editor.default\">\n\t\t\t\t<div class=\"elementor-widget-container\">\n\t\t\t\t\t\t\t\t\t<p>Diana Fonseca<br \/>Dibujo, 2017<br \/>Mixta sobre cartulina<br \/>55 x 40 cm<\/p>\t\t\t\t\t\t\t\t<\/div>\n\t\t\t\t<\/div>\n\t\t\t\t\t<\/div>\n\t\t\t\t<\/div>\n\t\t\t\t<\/div>\n\t\t<div class=\"elementor-element elementor-element-7607a42 e-con-full elementor-hidden-mobile e-flex e-con e-parent\" data-id=\"7607a42\" data-element_type=\"container\" data-e-type=\"container\" data-settings=\"{&quot;background_background&quot;:&quot;classic&quot;}\">\n\t\t<div class=\"elementor-element elementor-element-d333d20 e-flex e-con-boxed elementor-invisible e-con e-child\" data-id=\"d333d20\" data-element_type=\"container\" data-e-type=\"container\" data-settings=\"{&quot;animation&quot;:&quot;fadeIn&quot;}\">\n\t\t\t\t\t<div class=\"e-con-inner\">\n\t\t\t\t<div class=\"elementor-element elementor-element-8855dc5 elementor-widget elementor-widget-text-editor\" data-id=\"8855dc5\" data-element_type=\"widget\" data-e-type=\"widget\" data-widget_type=\"text-editor.default\">\n\t\t\t\t<div class=\"elementor-widget-container\">\n\t\t\t\t\t\t\t\t\t<p>Diana Fonseca<br \/>La libertad de la impermanencia, 2017<br \/>Libros intervenidos \/ Dimensiones variables<br \/>Ed. de 3<\/p>\t\t\t\t\t\t\t\t<\/div>\n\t\t\t\t<\/div>\n\t\t\t\t\t<\/div>\n\t\t\t\t<\/div>\n\t\t<div class=\"elementor-element elementor-element-b5013fd e-flex e-con-boxed elementor-invisible e-con e-child\" data-id=\"b5013fd\" data-element_type=\"container\" data-e-type=\"container\" data-settings=\"{&quot;animation&quot;:&quot;fadeIn&quot;}\">\n\t\t\t\t\t<div class=\"e-con-inner\">\n\t\t\t\t<div class=\"elementor-element elementor-element-079abe7 elementor-widget elementor-widget-text-editor\" data-id=\"079abe7\" data-element_type=\"widget\" data-e-type=\"widget\" data-widget_type=\"text-editor.default\">\n\t\t\t\t<div class=\"elementor-widget-container\">\n\t\t\t\t\t\t\t\t\t<p>Diana Fonseca<br \/>Sin t\u00edtulo, de la serie Degradaci\u00f3n, 2023<br \/>Fragmentos de pintura de exteriores sobre madera<br \/>100 x 100 cm (39.4 x 39.4 in)<\/p>\t\t\t\t\t\t\t\t<\/div>\n\t\t\t\t<\/div>\n\t\t\t\t\t<\/div>\n\t\t\t\t<\/div>\n\t\t<div class=\"elementor-element elementor-element-3877a91 e-flex e-con-boxed elementor-invisible e-con e-child\" data-id=\"3877a91\" data-element_type=\"container\" data-e-type=\"container\" data-settings=\"{&quot;animation&quot;:&quot;fadeIn&quot;}\">\n\t\t\t\t\t<div class=\"e-con-inner\">\n\t\t\t\t<div class=\"elementor-element elementor-element-bb71a90 elementor-widget elementor-widget-text-editor\" data-id=\"bb71a90\" data-element_type=\"widget\" data-e-type=\"widget\" data-widget_type=\"text-editor.default\">\n\t\t\t\t<div class=\"elementor-widget-container\">\n\t\t\t\t\t\t\t\t\t<p>Diana Fonseca<br \/>Dibujo, 2017<br \/>Mixta sobre cartulina<br \/>55 x 40 cm<\/p>\t\t\t\t\t\t\t\t<\/div>\n\t\t\t\t<\/div>\n\t\t\t\t\t<\/div>\n\t\t\t\t<\/div>\n\t\t\t\t<\/div>\n\t\t<div class=\"elementor-element elementor-element-347f14a e-con-full e-flex e-con e-parent\" data-id=\"347f14a\" data-element_type=\"container\" data-e-type=\"container\" data-settings=\"{&quot;background_background&quot;:&quot;classic&quot;}\">\n\t\t<div class=\"elementor-element elementor-element-98d28ee e-flex e-con-boxed elementor-invisible e-con e-child\" data-id=\"98d28ee\" data-element_type=\"container\" data-e-type=\"container\" data-settings=\"{&quot;animation&quot;:&quot;fadeInUp&quot;}\">\n\t\t\t\t\t<div class=\"e-con-inner\">\n\t\t\t\t<div class=\"elementor-element elementor-element-8576705 elementor-widget elementor-widget-image\" data-id=\"8576705\" data-element_type=\"widget\" data-e-type=\"widget\" data-widget_type=\"image.default\">\n\t\t\t\t<div class=\"elementor-widget-container\">\n\t\t\t\t\t\t\t\t\t\t\t\t\t\t\t\t<a href=\"https:\/\/artapartamento.com\/wp-content\/uploads\/2023\/10\/Off-Season-7.webp\" data-elementor-open-lightbox=\"yes\" data-e-action-hash=\"#elementor-action%3Aaction%3Dlightbox%26settings%3DeyJpZCI6MjYwMywidXJsIjoiaHR0cHM6XC9cL2FydGFwYXJ0YW1lbnRvLmNvbVwvd3AtY29udGVudFwvdXBsb2Fkc1wvMjAyM1wvMTBcL09mZi1TZWFzb24tNy53ZWJwIn0%3D\">\n\t\t\t\t\t\t\t<img loading=\"lazy\" decoding=\"async\" width=\"720\" height=\"546\" src=\"https:\/\/artapartamento.com\/wp-content\/uploads\/2023\/10\/Off-Season-7-1024x776.webp\" class=\"elementor-animation-grow attachment-large size-large wp-image-2603\" alt=\"Diana Fonseca\" srcset=\"https:\/\/artapartamento.com\/wp-content\/uploads\/2023\/10\/Off-Season-7-1024x776.webp 1024w, https:\/\/artapartamento.com\/wp-content\/uploads\/2023\/10\/Off-Season-7-300x227.webp 300w, https:\/\/artapartamento.com\/wp-content\/uploads\/2023\/10\/Off-Season-7-768x582.webp 768w, https:\/\/artapartamento.com\/wp-content\/uploads\/2023\/10\/Off-Season-7-16x12.webp 16w, https:\/\/artapartamento.com\/wp-content\/uploads\/2023\/10\/Off-Season-7.webp 1500w\" sizes=\"(max-width: 720px) 100vw, 720px\" \/>\t\t\t\t\t\t\t\t<\/a>\n\t\t\t\t\t\t\t\t\t\t\t\t\t\t\t<\/div>\n\t\t\t\t<\/div>\n\t\t\t\t<div class=\"elementor-element elementor-element-90aa95e elementor-hidden-desktop elementor-hidden-tablet elementor-widget elementor-widget-text-editor\" data-id=\"90aa95e\" data-element_type=\"widget\" data-e-type=\"widget\" data-widget_type=\"text-editor.default\">\n\t\t\t\t<div class=\"elementor-widget-container\">\n\t\t\t\t\t\t\t\t\t<p>Diana Fonseca<br \/>Dibujo, 2017<br \/>Mixta sobre cartulina<br \/>40 x 55 cm<\/p>\t\t\t\t\t\t\t\t<\/div>\n\t\t\t\t<\/div>\n\t\t\t\t\t<\/div>\n\t\t\t\t<\/div>\n\t\t<div class=\"elementor-element elementor-element-56bbf49 e-flex e-con-boxed elementor-invisible e-con e-child\" data-id=\"56bbf49\" data-element_type=\"container\" data-e-type=\"container\" data-settings=\"{&quot;animation&quot;:&quot;fadeInUp&quot;}\">\n\t\t\t\t\t<div class=\"e-con-inner\">\n\t\t\t\t<div class=\"elementor-element elementor-element-cf5e148 elementor-widget elementor-widget-image\" data-id=\"cf5e148\" data-element_type=\"widget\" data-e-type=\"widget\" data-widget_type=\"image.default\">\n\t\t\t\t<div class=\"elementor-widget-container\">\n\t\t\t\t\t\t\t\t\t\t\t\t\t\t\t\t<a href=\"https:\/\/artapartamento.com\/wp-content\/uploads\/2023\/10\/del-laberinto-se-sale-por-un-costado-01-scaled.webp\" data-elementor-open-lightbox=\"yes\" data-e-action-hash=\"#elementor-action%3Aaction%3Dlightbox%26settings%3DeyJpZCI6MzE1MiwidXJsIjoiaHR0cHM6XC9cL2FydGFwYXJ0YW1lbnRvLmNvbVwvd3AtY29udGVudFwvdXBsb2Fkc1wvMjAyM1wvMTBcL2RlbC1sYWJlcmludG8tc2Utc2FsZS1wb3ItdW4tY29zdGFkby0wMS1zY2FsZWQud2VicCJ9\">\n\t\t\t\t\t\t\t<img loading=\"lazy\" decoding=\"async\" width=\"1401\" height=\"2560\" src=\"https:\/\/artapartamento.com\/wp-content\/uploads\/2023\/10\/del-laberinto-se-sale-por-un-costado-01-scaled.webp\" class=\"elementor-animation-grow attachment-full size-full wp-image-3152\" alt=\"Diana Fonseca\" srcset=\"https:\/\/artapartamento.com\/wp-content\/uploads\/2023\/10\/del-laberinto-se-sale-por-un-costado-01-scaled.webp 1401w, https:\/\/artapartamento.com\/wp-content\/uploads\/2023\/10\/del-laberinto-se-sale-por-un-costado-01-164x300.webp 164w, https:\/\/artapartamento.com\/wp-content\/uploads\/2023\/10\/del-laberinto-se-sale-por-un-costado-01-560x1024.webp 560w, https:\/\/artapartamento.com\/wp-content\/uploads\/2023\/10\/del-laberinto-se-sale-por-un-costado-01-768x1403.webp 768w, https:\/\/artapartamento.com\/wp-content\/uploads\/2023\/10\/del-laberinto-se-sale-por-un-costado-01-841x1536.webp 841w, https:\/\/artapartamento.com\/wp-content\/uploads\/2023\/10\/del-laberinto-se-sale-por-un-costado-01-1121x2048.webp 1121w, https:\/\/artapartamento.com\/wp-content\/uploads\/2023\/10\/del-laberinto-se-sale-por-un-costado-01-7x12.webp 7w\" sizes=\"(max-width: 1401px) 100vw, 1401px\" \/>\t\t\t\t\t\t\t\t<\/a>\n\t\t\t\t\t\t\t\t\t\t\t\t\t\t\t<\/div>\n\t\t\t\t<\/div>\n\t\t\t\t<div class=\"elementor-element elementor-element-a8e25fa elementor-hidden-desktop elementor-hidden-tablet elementor-widget elementor-widget-text-editor\" data-id=\"a8e25fa\" data-element_type=\"widget\" data-e-type=\"widget\" data-widget_type=\"text-editor.default\">\n\t\t\t\t<div class=\"elementor-widget-container\">\n\t\t\t\t\t\t\t\t\tDiana Fonseca<br>\nDesierto, 2015<br>\nNTSC, color\n08:03 min<br>\nEd. 2\/5 + 2 P\/A\nVideo still\t\t\t\t\t\t\t\t<\/div>\n\t\t\t\t<\/div>\n\t\t\t\t\t<\/div>\n\t\t\t\t<\/div>\n\t\t<div class=\"elementor-element elementor-element-5092090 e-flex e-con-boxed elementor-invisible e-con e-child\" data-id=\"5092090\" data-element_type=\"container\" data-e-type=\"container\" data-settings=\"{&quot;animation&quot;:&quot;fadeInUp&quot;}\">\n\t\t\t\t\t<div class=\"e-con-inner\">\n\t\t\t\t<div class=\"elementor-element elementor-element-b2f4bbb elementor-widget elementor-widget-image\" data-id=\"b2f4bbb\" data-element_type=\"widget\" data-e-type=\"widget\" data-widget_type=\"image.default\">\n\t\t\t\t<div class=\"elementor-widget-container\">\n\t\t\t\t\t\t\t\t\t\t\t\t\t\t\t\t<a href=\"https:\/\/artapartamento.com\/wp-content\/uploads\/2023\/10\/del-laberinto-se-sale-por-un-costado-12-scaled.webp\" data-elementor-open-lightbox=\"yes\" data-e-action-hash=\"#elementor-action%3Aaction%3Dlightbox%26settings%3DeyJpZCI6MzE2MywidXJsIjoiaHR0cHM6XC9cL2FydGFwYXJ0YW1lbnRvLmNvbVwvd3AtY29udGVudFwvdXBsb2Fkc1wvMjAyM1wvMTBcL2RlbC1sYWJlcmludG8tc2Utc2FsZS1wb3ItdW4tY29zdGFkby0xMi1zY2FsZWQud2VicCJ9\">\n\t\t\t\t\t\t\t<img loading=\"lazy\" decoding=\"async\" width=\"1196\" height=\"2560\" src=\"https:\/\/artapartamento.com\/wp-content\/uploads\/2023\/10\/del-laberinto-se-sale-por-un-costado-12-scaled.webp\" class=\"elementor-animation-grow attachment-full size-full wp-image-3163\" alt=\"Diana Fonseca\" srcset=\"https:\/\/artapartamento.com\/wp-content\/uploads\/2023\/10\/del-laberinto-se-sale-por-un-costado-12-scaled.webp 1196w, https:\/\/artapartamento.com\/wp-content\/uploads\/2023\/10\/del-laberinto-se-sale-por-un-costado-12-140x300.webp 140w, https:\/\/artapartamento.com\/wp-content\/uploads\/2023\/10\/del-laberinto-se-sale-por-un-costado-12-479x1024.webp 479w, https:\/\/artapartamento.com\/wp-content\/uploads\/2023\/10\/del-laberinto-se-sale-por-un-costado-12-768x1644.webp 768w, https:\/\/artapartamento.com\/wp-content\/uploads\/2023\/10\/del-laberinto-se-sale-por-un-costado-12-718x1536.webp 718w, https:\/\/artapartamento.com\/wp-content\/uploads\/2023\/10\/del-laberinto-se-sale-por-un-costado-12-957x2048.webp 957w, https:\/\/artapartamento.com\/wp-content\/uploads\/2023\/10\/del-laberinto-se-sale-por-un-costado-12-6x12.webp 6w\" sizes=\"(max-width: 1196px) 100vw, 1196px\" \/>\t\t\t\t\t\t\t\t<\/a>\n\t\t\t\t\t\t\t\t\t\t\t\t\t\t\t<\/div>\n\t\t\t\t<\/div>\n\t\t\t\t<div class=\"elementor-element elementor-element-8b7d08a elementor-hidden-desktop elementor-hidden-tablet elementor-widget elementor-widget-text-editor\" data-id=\"8b7d08a\" data-element_type=\"widget\" data-e-type=\"widget\" data-widget_type=\"text-editor.default\">\n\t\t\t\t<div class=\"elementor-widget-container\">\n\t\t\t\t\t\t\t\t\tDiana Fonseca<br>\nAusencia, 2015<br>\nNTSC, color\n05:17 min<br>\nEdici\u00f3n de 5 + 2 P\/A<br>\nAcqisition Award EFG Bank &#038; ArtNexus. Bogota, Colombia\t\t\t\t\t\t\t\t<\/div>\n\t\t\t\t<\/div>\n\t\t\t\t\t<\/div>\n\t\t\t\t<\/div>\n\t\t\t\t<\/div>\n\t\t<div class=\"elementor-element elementor-element-ff3daf5 e-con-full elementor-hidden-mobile e-flex e-con e-parent\" data-id=\"ff3daf5\" data-element_type=\"container\" data-e-type=\"container\" data-settings=\"{&quot;background_background&quot;:&quot;classic&quot;}\">\n\t\t<div class=\"elementor-element elementor-element-8476a5e e-flex e-con-boxed elementor-invisible e-con e-child\" data-id=\"8476a5e\" data-element_type=\"container\" data-e-type=\"container\" data-settings=\"{&quot;animation&quot;:&quot;fadeIn&quot;}\">\n\t\t\t\t\t<div class=\"e-con-inner\">\n\t\t\t\t<div class=\"elementor-element elementor-element-0d339ae elementor-widget elementor-widget-text-editor\" data-id=\"0d339ae\" data-element_type=\"widget\" data-e-type=\"widget\" data-widget_type=\"text-editor.default\">\n\t\t\t\t<div class=\"elementor-widget-container\">\n\t\t\t\t\t\t\t\t\t<p>Diana Fonseca<br \/>Dibujo, 2017<br \/>Mixta sobre cartulina<br \/>40 x 55 cm<\/p>\t\t\t\t\t\t\t\t<\/div>\n\t\t\t\t<\/div>\n\t\t\t\t\t<\/div>\n\t\t\t\t<\/div>\n\t\t<div class=\"elementor-element elementor-element-e2ea6cd e-flex e-con-boxed elementor-invisible e-con e-child\" data-id=\"e2ea6cd\" data-element_type=\"container\" data-e-type=\"container\" data-settings=\"{&quot;animation&quot;:&quot;fadeIn&quot;}\">\n\t\t\t\t\t<div class=\"e-con-inner\">\n\t\t\t\t<div class=\"elementor-element elementor-element-1530766 elementor-widget elementor-widget-text-editor\" data-id=\"1530766\" data-element_type=\"widget\" data-e-type=\"widget\" data-widget_type=\"text-editor.default\">\n\t\t\t\t<div class=\"elementor-widget-container\">\n\t\t\t\t\t\t\t\t\tDiana Fonseca<br>\nDesierto, 2015<br>\nNTSC, color\n08:03 min<br>\nEd. 2\/5 + 2 P\/A\nVideo still\t\t\t\t\t\t\t\t<\/div>\n\t\t\t\t<\/div>\n\t\t\t\t\t<\/div>\n\t\t\t\t<\/div>\n\t\t<div class=\"elementor-element elementor-element-c7ef88b e-flex e-con-boxed elementor-invisible e-con e-child\" data-id=\"c7ef88b\" data-element_type=\"container\" data-e-type=\"container\" data-settings=\"{&quot;animation&quot;:&quot;fadeIn&quot;}\">\n\t\t\t\t\t<div class=\"e-con-inner\">\n\t\t\t\t<div class=\"elementor-element elementor-element-a57f261 elementor-widget elementor-widget-text-editor\" data-id=\"a57f261\" data-element_type=\"widget\" data-e-type=\"widget\" data-widget_type=\"text-editor.default\">\n\t\t\t\t<div class=\"elementor-widget-container\">\n\t\t\t\t\t\t\t\t\tDiana Fonseca<br>\nAusencia, 2015<br>\nNTSC, color\n05:17 min<br>\nEdici\u00f3n de 5 + 2 P\/A<br>\nAcqisition Award EFG Bank &#038; ArtNexus. Bogota, Colombia\t\t\t\t\t\t\t\t<\/div>\n\t\t\t\t<\/div>\n\t\t\t\t\t<\/div>\n\t\t\t\t<\/div>\n\t\t\t\t<\/div>\n\t\t\t\t<\/div>\n\t\t","protected":false},"excerpt":{"rendered":"<p>Diana Fonseca La Habana, Cuba, 1978 Diana Fonseca es una artista avocada al desmontaje, casi obsesivo, de las cosas simples y los sucesos cotidianos que le rodean. Quiz\u00e1 por ello, o debido a la propensi\u00f3n l\u00edrica de su obra, atrapa im\u00e1genes variadas de la realidad y las interconecta a partir de discursos que hablan de [&hellip;]<\/p>\n","protected":false},"author":1,"featured_media":8027,"parent":23,"menu_order":0,"comment_status":"closed","ping_status":"closed","template":"","meta":{"_acf_changed":false,"footnotes":"","_links_to":"","_links_to_target":""},"categories":[20],"tags":[],"class_list":["post-3199","page","type-page","status-publish","has-post-thumbnail","hentry","category-artistas","post","post-with-thumbnail","post-with-thumbnail-large"],"acf":[],"aioseo_notices":[],"_links":{"self":[{"href":"https:\/\/artapartamento.com\/en\/wp-json\/wp\/v2\/pages\/3199","targetHints":{"allow":["GET"]}}],"collection":[{"href":"https:\/\/artapartamento.com\/en\/wp-json\/wp\/v2\/pages"}],"about":[{"href":"https:\/\/artapartamento.com\/en\/wp-json\/wp\/v2\/types\/page"}],"author":[{"embeddable":true,"href":"https:\/\/artapartamento.com\/en\/wp-json\/wp\/v2\/users\/1"}],"replies":[{"embeddable":true,"href":"https:\/\/artapartamento.com\/en\/wp-json\/wp\/v2\/comments?post=3199"}],"version-history":[{"count":0,"href":"https:\/\/artapartamento.com\/en\/wp-json\/wp\/v2\/pages\/3199\/revisions"}],"up":[{"embeddable":true,"href":"https:\/\/artapartamento.com\/en\/wp-json\/wp\/v2\/pages\/23"}],"wp:featuredmedia":[{"embeddable":true,"href":"https:\/\/artapartamento.com\/en\/wp-json\/wp\/v2\/media\/8027"}],"wp:attachment":[{"href":"https:\/\/artapartamento.com\/en\/wp-json\/wp\/v2\/media?parent=3199"}],"wp:term":[{"taxonomy":"category","embeddable":true,"href":"https:\/\/artapartamento.com\/en\/wp-json\/wp\/v2\/categories?post=3199"},{"taxonomy":"post_tag","embeddable":true,"href":"https:\/\/artapartamento.com\/en\/wp-json\/wp\/v2\/tags?post=3199"}],"curies":[{"name":"wp","href":"https:\/\/api.w.org\/{rel}","templated":true}]}}